{"id":89,"date":"2022-05-31T16:54:06","date_gmt":"2022-05-31T14:54:06","guid":{"rendered":"https:\/\/perso.imj-prg.fr\/danielle-gondard\/?page_id=89"},"modified":"2025-09-16T15:02:48","modified_gmt":"2025-09-16T13:02:48","slug":"memoire","status":"publish","type":"page","link":"https:\/\/perso.imj-prg.fr\/danielle-gondard\/memoire\/","title":{"rendered":"M\u00e9moire"},"content":{"rendered":"\n<h2 class=\"wp-block-heading\">El\u00e9ments de m\u00e9moire<\/h2>\n\n\n\n<p>\/<\/p>\n\n\n\n<p>\u00c9L\u00c9MENTS DE M\u00c9MOIRE<\/p>\n\n\n\n<p>Essai autobiographique<\/p>\n\n\n\n<p>DANIELLE GONDARD-COZETTE<\/p>\n\n\n\n<p><\/p>\n\n\n\n<p>Ce petit opuscule n&rsquo;est pas vraiment une biographie. Mais celle que mon amie Anne-Marie Blandeau, \u00e9pouse Charbonnel, \u00e9crit &#8211; nous f\u00fbmes ensemble \u00e0 l&rsquo;ENS Cachan &#8211; et qu&rsquo;elle me fait relire par chapitres a motiv\u00e9 mon envie d&rsquo;\u00e9crire ces quelques pages !<\/p>\n\n\n\n<p>Ce n&rsquo;est qu&rsquo;une petite autobiographie \u00e9clat\u00e9e en quelque sorte.<br>Que l&rsquo;on peut lire dans le d\u00e9sordre. Un peu dans l&rsquo;esprit des petits livres de Philippe Delerm, sans en avoir toutefois l&rsquo;universalit\u00e9, la qualit\u00e9 et le charme.<br>Ces pages relatent des moments qui ont marqu\u00e9 ma vie de math\u00e9maticienne, et son \u00e9criture ne sera pas lin\u00e9aire. J&rsquo;\u00e9crirai parfois deux pages sur un \u00e9pisode quand l&rsquo;envie me vient de m&rsquo;en souvenir.<br>Ainsi entre mi-f\u00e9vrier et mi-juillet 2021 je me suis \u00e9crit \u00e0 moi-m\u00eame cinquante petits \u00ab messages souvenirs \u00bb que j\u2019ai enfin rassembl\u00e9s et ordonn\u00e9s le 20 juillet 2021.<br>La forme est devenue d\u00e9finitive apr\u00e8s quelques corrections en septembre et octobre 2021.<\/p>\n\n\n\n<p>J&rsquo;ai choisi le titre \u00ab\u00a0El\u00e9ments de M\u00e9moire\u00a0\u00bb comme un clin d&rsquo;oeil amus\u00e9 mais modeste aux \u00ab\u00a0El\u00e9ments de Math\u00e9matiques\u00a0\u00bb de Bourbaki. Il n&rsquo;y aura pourtant pas beaucoup de math\u00e9matiques dans ce texte mais beaucoup de math\u00e9maticiens et quelques math\u00e9maticiennes.<br>La motivation et le support du texte seront toujours extrait de ma vie de math\u00e9maticienne.<\/p>\n\n\n\n<p>L\u2019\u00e9ventuel lecteur d\u00e9couvrira combien le m\u00e9tier de chercheur en math\u00e9matiques est vari\u00e9, passionnant et plein de voyages ou de rencontres.<br>J\u2019ai beaucoup aim\u00e9 cette vie tout \u00e0 la fois libre et exigeante, mais tr\u00e8s conviviale.<br>Puisse la lecture de ce petit texte susciter des vocations pour la recherche math\u00e9matique !<\/p>\n\n\n\n<pre class=\"wp-block-code\"><code>                                        Paris, 20 Octobre 2021<\/code><\/pre>\n\n\n\n<p><strong>POURQUOI LES MATH\u00c9MATIQUES ?<\/strong><\/p>\n\n\n\n<p>Au tout d\u00e9but il y a une histoire de voleurs ! J&rsquo;ai 8 ans et je suis en 8\u00e8me comme on dit alors, ce qui est le CM1 actuel. J&rsquo;ai une maitresse formidable dont j&rsquo;ai oubli\u00e9 le nom. C&rsquo;est au \u00ab\u00a0petit lyc\u00e9e\u00a0\u00bb du lyc\u00e9e de Saint Cloud, il y a surtout des gar\u00e7ons dans cette classe mais cela me convient bien. En effet je sors du Lyc\u00e9e Corneille de Rouen qui \u00e9tait un lyc\u00e9e de gar\u00e7ons o\u00f9 je fus admise par d\u00e9rogation \u2026 En 9\u00e8me j&rsquo;y avais un Ma\u00eetre, Monsieur Meunier, dont je me souviens tr\u00e8s bien et qui m&rsquo;avait attribu\u00e9 un \u00ab\u00a0bien en tout sauf en soin\u00a0\u00bb ! Je me souviens aussi avoir fait les quatre cents coups avec ces gar\u00e7ons et ador\u00e9 jouer \u00e0 la balle aux prisonniers et aux billes !<\/p>\n\n\n\n<p>Donc revenons \u00e0 Ali Baba et les quarante voleurs et au probl\u00e8me pos\u00e9. Ils ont planqu\u00e9 40 sacs de pi\u00e8ces d&rsquo;or dans une grotte, mais dans l&rsquo;un des sacs les pi\u00e8ces sont fausses et au lieu de peser 5,81g elles p\u00e8sent 4,81g \u2026 La question pos\u00e9e est \u00ab\u00a0comment faire pour identifier le sac de fausses pi\u00e8ces avec une seule pes\u00e9e ? \u00a0\u00bb .<br>Alors je propose on prend une pi\u00e8ce dans le premier sac, deux dans le deuxi\u00e8me, trois dans le troisi\u00e8me etc \u2026 jusqu&rsquo;\u00e0 40 dans le quaranti\u00e8me. Et on p\u00e8se le tout. Puis on regarde le poids qu&rsquo;on devrait obtenir si toutes les pi\u00e8ces \u00e9taient vraies. Le nombre de grammes en moins dans le total pes\u00e9 donne le num\u00e9ro du sac de fausses pi\u00e8ces. Evidemment \u00e0 cet \u00e2ge je me perds un peu dans le calcul \u00ab\u00a0\u00e0 la main\u00a0\u00bb du poids th\u00e9orique si toutes les pi\u00e8ces \u00e9taient vraies ; \u00e0 cette \u00e9poque je n&rsquo;ai pas de formule simple pour faire ce calcul !<br>Mais ma solution d&rsquo;indexation des sacs fait un peu de bruit dans le lyc\u00e9e o\u00f9 ma m\u00e8re est professeur d&rsquo;\u00e9ducation physique ! Elle fera des maths cette petite \u2026<\/p>\n\n\n\n<p>Je continue mes \u00e9tudes toujours au lyc\u00e9e de Saint Cloud mais cette fois dans le lyc\u00e9e de jeunes filles. L&rsquo;ambiance est sage et consciencieuse. A cette \u00e9poque il y avait encore un examen d&rsquo;entr\u00e9e en 6\u00e8me. Je me souviens toujours du titre de la dict\u00e9e, \u00ab\u00a0La bille\u00a0\u00bb, un extrait de \u00ab\u00a0Si le grain ne meurt \u2026\u00a0\u00bb d&rsquo;Andr\u00e9 Gide !<br>En 4\u00e8me et en 3\u00e8me mon professeur de math\u00e9matiques est une demoiselle qui aime la g\u00e9om\u00e9trie, celle qui demande de l&rsquo;imagination, des initiatives et des constructions auxiliaires afin de pouvoir utiliser des propri\u00e9t\u00e9s connues et arriver au but. J&rsquo;adore vraiment et cela me r\u00e9ussit bien. Je commence la s\u00e9rie des prix un peu en tout et des prix d&rsquo;excellence !<\/p>\n\n\n\n<p>En premi\u00e8re Mademoiselle Girard d\u00e9cide de m\u2019envoyer au concours g\u00e9n\u00e9ral de version latine. Sans doute parce que je traduis tr\u00e8s facilement S\u00e9n\u00e8que. Cet honneur m\u2019est indiff\u00e9rent et je fais le pont pour skier entre des vacances de P\u00e2ques et un 1er mai f\u00e9ri\u00e9. Puis je d\u00e9barque du train de nuit pour aller composer \u00e0 la Sorbonne !<br>Mais l\u2019anecdote n\u2019est pas sans importance, j\u2019ai constat\u00e9 au long de ma carri\u00e8re que beaucoup de math\u00e9maticien \u00e9taient all\u00e9s composer au concours g\u00e9n\u00e9ral de latin.<br>C\u2019est assez int\u00e9ressant de remarquer que le plus souvent les Analystes y \u00e9taient all\u00e9s en th\u00e8me latin et les Alg\u00e9bristes en version latine. Je suis Alg\u00e9briste, et vraiment en ce sens que je ne r\u00e9ussirai gu\u00e8re en Analyse !<\/p>\n\n\n\n<p>Enfin en terminale encore au lyc\u00e9e de Saint Cloud mes professeurs de Math\u00e9matiques (Madame Loubiat) et de Philosophie (Madame Canguilhem) veulent m&rsquo;envoyer l&rsquo;une en Math Sup faire des math\u00e9matiques, l&rsquo;autre en Hypokhagne pour faire plus tard de l&rsquo;\u00e9pist\u00e9mologie avec son mari le grand Canguilhem \u2026 Mes parents ne disent rien, c&rsquo;est moi qui choisis et ce sera la Math Sup. Car pour moi les maths c&rsquo;est plus facile que la philo ! Et puis surtout je crois que cela n&#8217;empi\u00e8te pas sur la vraie vie. Plus tard je verrai qu&rsquo;avec la recherche cela n&rsquo;est plus du tout exact \u2026 Les questions de recherche en cours vous poursuivent m\u00eame dans votre bain !<\/p>\n\n\n\n<p>Monsieur Brille, mari de mon professeur d\u2019espagnol, est professeur de math\u00e9matiques en SUP 1 \u00e0 Janson de Sailly et c\u2019est donc l\u00e0 que le bouche \u00e0 oreille m\u2019inscrit. Il n\u2019y avait point de dossiers ni de parcoursup \u00e0 l\u2019\u00e9poque !<\/p>\n\n\n\n<p><strong>EN PR\u00c9PA \u00c1 JANSON DE SAILLY<\/strong><\/p>\n\n\n\n<p>Mes ann\u00e9es pr\u00e9pa furent joyeuses et heureuses.<br>Peut-\u00eatre car inscrite \u00e0 Janson de Sailly je retrouvais l&rsquo;environnement de gar\u00e7ons qui fut le mien en primaire.<\/p>\n\n\n\n<p>La rentr\u00e9e scolaire 1963 me retrouve donc en Sup 1, 45 gar\u00e7ons et 2 filles !<br>Durant l&rsquo;\u00e9t\u00e9 j&rsquo;avais fait une r\u00e9action m\u00e9ning\u00e9e suppos\u00e9e virale qui m&rsquo;avait valu une descente nocturne en ambulance de Font Romeu \u00e0 Perpignan avec franchissements de gu\u00e9s ! A l&rsquo;arriv\u00e9e ponction lombaire, mais rien de grave finalement. Ou peut-\u00eatre l&rsquo;administration de grosses doses de p\u00e9nicilline et de p\u00e9nicilline retard avant le d\u00e9part par le m\u00e9decin d&rsquo;Odeillo avait-t-elle d\u00e9j\u00e0 \u00e9radiqu\u00e9 la chose ? Je passe deux semaines hospitalis\u00e9e en clinique et y avale Les Thibault de Roger Martin du Gard, presque deux tomes en pl\u00e9iade, c&rsquo;est un livre au programme de la math sup \u2026<br>Evidemment on a pr\u00e9venu mes professeurs, la pauvre petite il ne faut pas la surmener ; on avait m\u00eame failli ne pas m&rsquo;envoyer en pr\u00e9pa, mais j&rsquo;avais \u00e9nergiquement protest\u00e9. L&rsquo;autre fille c&rsquo;est Dominique Masse, elle abandonnera \u00e0 P\u00e2ques et je me retrouverai seule fille.<\/p>\n\n\n\n<p>A la rentr\u00e9e en math sup j&rsquo;exp\u00e9rimente ma premi\u00e8re discrimination : les anciens viennent dans la classe pour bizuter les nouveaux. Avec une quinzaine d&rsquo;autres taupins je m&rsquo;\u00e9chappe par la fen\u00eatre du fond et escalade les grilles de Janson pour me retrouver dans la petite rue en impasse juste derri\u00e8re. L&rsquo;apr\u00e8s-midi je suis convoqu\u00e9e chez le surveillant g\u00e9n\u00e9ral, mais moi et moi seule ! Le\u00e7on de morale sur les dangers encourus etc \u2026 je ne dis rien mais je trouve cela pas juste du tout !<\/p>\n\n\n\n<p>Nos professeurs sont Monsieur Brille en Math\u00e9matiques et Mademoiselle de Leiris &#8211; alias La baronne &#8211; en physique-chimie. Dans notre classe nous avons Patrick Merycer ; un jour notre professeur de math nous annonce \u00ab c\u2019est un grand jour Merycer a 15 ans aujourd\u2019hui \u00bb. Il sera normalien mais oblig\u00e9 de faire 5\/2 faute de d\u00e9rogation d\u2019\u00e2ge pour passer le concours de l\u2019ENS Ulm en 3\/2.<br>Mon bin\u00f4me de travaux pratiques c&rsquo;est Olivier Pironneau. Nous nous amusons bien durant ces TP. Olivier sera Polytechnicien, je le retrouverai comme coll\u00e8gue \u00e0 Paris 6 et il sera ensuite \u00e9lu \u00e0 l\u2019Acad\u00e9mie des Sciences. Je ne travaille que tr\u00e8s raisonnablement mais je m&rsquo;en sors tr\u00e8s bien, avec m\u00eame des prix en Physique et en Fran\u00e7ais, et un accessit en Math\u00e9matiques. Dans cette classe 2 int\u00e9greront Ulm (Merycer et Schwartz) et beaucoup seront polytechniciens (Cassou, Dujardin, Jannet, Laroque, Magnien, Marre, Pironneau, Porg\u00e8s, entre autres)<\/p>\n\n\n\n<p>Je passe donc en Math Sp\u00e9 X&rsquo;2, nous ne sommes plus qu&rsquo;une trentaine et toujours seulement deux filles, l&rsquo;autre est 5\/2, je ne la connaitrai gu\u00e8re.<br>Nos professeurs sont Messieurs Ecalle en math\u00e9matiques et Joly en physique-chimie. Je deviens meilleure en maths et moins bonne en physique-chimie \u2026 Mon niveau d\u00e9pend beaucoup de la qualit\u00e9 des professeurs !<br>Je suis beaucoup courtis\u00e9e par cette future \u00e9lite \u2026 Le plus tenace (ou le plus amoureux ?) Claude Gondard, un 5\/2, d\u00e9barque un soir chez moi \u00e0 Courbevoie sous pr\u00e9texte de r\u00e9pondre \u00e0 une question de la jeune 3\/2 sur un devoir ! Je finirai par l&rsquo;\u00e9pouser en Juillet 1967 \u2026<br>Je suis au premier rang bien s\u00fbr entre Daniel Andler (venu faire sa 5\/2 dans cette classe) et Didier Nordon. Le premier fera un rejet de la pr\u00e9pa et quittera en cours d\u2019ann\u00e9e, mais nous nous sommes retrouv\u00e9s \u00e0 des postes en universit\u00e9. Didier Nordon int\u00e8grera l\u2019ENS Cachan la m\u00eame ann\u00e9e que moi en 1966.<\/p>\n\n\n\n<p>En 3\/2 je suis admissible \u00e0 Cachan et admise \u00e0 Centrale Lyon. Mais je ne veux pas \u00eatre ing\u00e9nieur. Je veux \u00eatre professeur. Tout l&rsquo;\u00e9t\u00e9 Centrale m&rsquo;envoie des documents sur le ski club mais je r\u00e9siste \u00e0 la tentation.<br>Je m&rsquo;inscris aux IPES d&rsquo;Orsay que l&rsquo;admissibilit\u00e9 \u00e0 l\u2019ENS Cachan m&rsquo;offre. En 5\/2 \u00e0 Janson de Sailly je travaillerai seule sur le poly de Math 1 et r\u00e9ussirai l\u2019examen \u00e0 la facult\u00e9 d&rsquo;Orsay ; mais la dispense de TP reste un obstacle insurmontable pour r\u00e9ussir un examen de physique !<\/p>\n\n\n\n<p>Quand en 5\/2 je suis admissible en 1966 aux trois Ecole Normales Sup\u00e9rieures (S\u00e8vres, Fontenay et Cachan) mon professeur de math\u00e9matiques Monsieur Ecalle me dit \u00e0 l&rsquo;affichage de l&rsquo;ENS S\u00e8vres \u00ab\u00a0vous avez mis un cierge gros comme \u00e7a\u00a0\u00bb ! C&rsquo;est tr\u00e8s injuste car j&rsquo;ai la seconde note du concours de S\u00e8vres en alg\u00e8bre, et je suis m\u00eame en position d\u2019\u00eatre admise \u2026 Un oral d\u2019Alg\u00e8bre avec Jean Pierre Laffon qui s\u00e9duit par mon \u00e9crit s\u2019attend \u00e0 mieux, un autre d\u2019Analyse avec Paulette Lieberman assez moyen et surtout un 6 \u00e0 l\u2019oral de chimie me renverront \u00e0 la 39e place quand on en prend 26 ! C\u2019est vrai que Claude \u00e9tait d\u00e9j\u00e0 \u00e0 l\u2019X et que je sortais plus que je ne travaillais durant cette 5\/2, mais j\u2019avais tout de m\u00eame bien r\u00e9vis\u00e9 durant les vacances de P\u00e2ques. Dans cette classe il y avait plus de filles. Certaines auront aussi des postes \u00e0 l\u2019Universit\u00e9 plus tard, Jo\u00eblle Pichaud et Monique Pontier par exemple.<\/p>\n\n\n\n<p>Il me reste un souvenir mitig\u00e9 de ma sp\u00e9 quand m\u00eame. En f\u00e9vrier j&rsquo;\u00e9tais all\u00e9e au ski les 4 jours de vacances de l&rsquo;\u00e9poque. Le dernier jour grosse temp\u00eate, les perches s&rsquo;enroulent autour d&rsquo;un c\u00e2ble de t\u00e9l\u00e9ski, je rentre \u00e0 l&rsquo;Alpe d&rsquo;Huez \u00e0 pied par Huez contre le vent, parfois \u00e0 4 pattes en tirant mes skis ; d&rsquo;autres dorment dans les granges \u00e0 Villard Reculas. A l&rsquo;arriv\u00e9e l&rsquo;estafette de la gendarmerie attend les quelques naufrag\u00e9s et on me raccompagne au Chamois d&rsquo;or. Bien s\u00fbr on a rat\u00e9 le train pr\u00e9vu, ma m\u00e8re m&rsquo;accueille par une gifle pour \u00e9vacuer son stress et mon p\u00e8re trouve d&rsquo;autres couchettes. A l&rsquo;arriv\u00e9e \u00e0 Paris direct Janson de Sailly, je suis en fuseau bien sali et pas tr\u00e8s fraiche apr\u00e8s la nuit dans le train \u2026 Ecalle me fait passer au tableau. Evidemment ce n&rsquo;est pas brillant, je n&rsquo;ai pas travaill\u00e9 et je suis fatigu\u00e9e. Et il m&rsquo;administre un \u00ab\u00a0Mademoiselle Cozette \u00e7a ne vous r\u00e9ussit pas les vacances\u00a0\u00bb qui m&rsquo;est rest\u00e9 en m\u00e9moire \u2026<\/p>\n\n\n\n<p><br><strong>\u00c0 L\u2019\u00c9COLE NORMALE SUP\u00c9RIEURE DE CACHAN<\/strong><\/p>\n\n\n\n<p>A la rentr\u00e9e 1966 j\u2019ai int\u00e9gr\u00e9 ce qui s\u2019appelait l\u2019ENSET, avant de devenir l\u2019ENS Cachan puis l\u2019ENS Paris-Saclay.<\/p>\n\n\n\n<p>Mon amie Anne-Marie Blandeau de ma promotion a \u00e9pous\u00e9 Jean-Louis Charbonnel de la m\u00eame promotion de Polytechnique que mon mari Claude Gondard et elle a longuement parl\u00e9 dans sa biographie de cette \u00e9cole. Je n\u2019ai pas autant de souvenirs qu\u2019Anne-Marie et ils sont un peu diff\u00e9rents mais le cours intensif de topologie de 15 jours en pr\u00e9rentr\u00e9e par le professeur M\u00e9ny est un souvenir fort qui nous est commun.<\/p>\n\n\n\n<p>Lors de la rentr\u00e9e il m&rsquo;a fallu convaincre Francis Hirsch, le directeur des \u00e9tudes, que puisque j\u2019avais d\u00e9j\u00e0 obtenu Math 1 pendant ma pr\u00e9paration \u00e0 Janson de Sailly je pouvais bien suivre Math 2 comme les premiers class\u00e9s au concours et non MMP (M\u00e9thodes Math\u00e9matiques de la Physique).<br>Cette premi\u00e8re ann\u00e9e d\u2019\u00e9cole fut tr\u00e8s joyeuse, nous avons beaucoup fait la f\u00eate au quartier latin, mais nous avons tout de m\u00eame bien r\u00e9ussi nos \u00e9tudes.<br>Nous suivions le cursus \u00e0 l\u2019Universit\u00e9 d\u2019Orsay mais avions des compl\u00e9ments \u00e0 l\u2019\u00e9cole. Nous \u00e9tions plusieurs \u00e0 avoir des voitures pour aller \u00e0 Orsay le jour et \u00e0 Paris la nuit !<\/p>\n\n\n\n<p>L\u2019ann\u00e9e suivante j\u2019\u00e9tais mari\u00e9e &#8211; Claude avait d\u00fb pour ce faire demander l\u2019autorisation au Commandant de l\u2019Ecole Polytechnique &#8211; mais j\u2019\u00e9tais encore interne car Claude faisait son service militaire sur la Jeanne d\u2019Arc donc bien loin.<br>Cette ann\u00e9e 1967-1968 est rest\u00e9e dans l&rsquo;histoire avec les \u00e9v\u00e8nements de mai 1968. A l\u2019\u00e9cole il ne se passait plus rien et nous entendions les grenades lacrymog\u00e8nes depuis Cachan. J\u2019avoue humblement ne pas avoir manifest\u00e9, nous avons jou\u00e9 au ping-pong, fait des bombes \u00e0 eau que nous laissions tomber du 5\u00e8me, cuisin\u00e9 et festoy\u00e9 dans nos chambres faute de restauration collective. C\u2019\u00e9tait une vraie vie communautaire, chacune fournissait ce qu\u2019elle pouvait, ingr\u00e9dients, vaisselle et recettes !<\/p>\n\n\n\n<p>Tout \u00e9tait en gr\u00e8ve. Il n\u2019y avait plus d\u2019argent liquide, les banques \u00e9tant ferm\u00e9es ; plus de stations-service non plus, les \u00e9l\u00e8ves issues de province avaient des probl\u00e8mes pour rentrer dans leur famille.<br>Au bout de quelque temps je suis rentr\u00e9e chez mes parents \u00e0 Courbevoie pr\u00e8s de La D\u00e9fense. Un peu inconsciente je suis partie vers 2h du matin avec une voiture bien charg\u00e9e. Vers Neuilly je me suis fait arr\u00eater par la police et je garde un souvenir mitig\u00e9 de la mitraillette point\u00e9e sur moi quand j\u2019ai ouvert la fen\u00eatre !<\/p>\n\n\n\n<p>L\u2019internat n\u2019\u00e9tait pas mixte il y avait le b\u00e2timent F et le b\u00e2timent G, et les restaurants &#8211; l\u2019Universitaire et celui de l&rsquo;Ecole \u2013 \u00e9taient entre les deux.<br>Nous \u00e9tions log\u00e9es au 5\u00e8me \u00e9tage du b\u00e2timent F dans des chambres individuelles bien fonctionnelles avec un petit cabinet toilette. Les douches, les toilettes et la \u00ab tisanerie \u00bb \u00e9taient au milieu du couloir. Je me souviens qu\u2019au-dessus du b\u00e2timent F \u00e0 l\u2019extr\u00e9mit\u00e9 o\u00f9 nous habitions il y avait une sculpture-girouette, oeuvre de Raymond Subes qui grin\u00e7ait quand il y avait du vent.<br>Pour moi le petit d\u00e9jeuner est un repas essentiel, je ne sais pas m\u2019en passer\u2026 Donc ces lendemains de f\u00eates parisiennes je descendais au r\u00e9fectoire d\u00e9guster le caf\u00e9 et des tartines beurre &#8211; confiture. Mes fid\u00e8les amies n\u2019\u00e9taient pas toujours l\u00e0 et souvent je remontais une ou deux assiettes avec des tartines toutes pr\u00eates ! Nous avions toutes des bouilloires pour faire du th\u00e9 \u2026 ou m\u00eame des grogs !<\/p>\n\n\n\n<p>Le cursus classique de trois ann\u00e9es comportait licence \/ maitrise, la pr\u00e9paration du CAPET qui comportait un stage en situation dans un lyc\u00e9e, et un stage dit industriel que j\u2019ai fait, comme mon amie Anne-Marie, au GTES (service technique des engins sp\u00e9ciaux) \u00e0 Toulon. C\u2019\u00e9tait tr\u00e8s bien organis\u00e9 en \u00e9t\u00e9 car nos maris travaillaient aussi \u00e0 Toulon, et comme \u00e9pouses de militaires nous avions \u00e9t\u00e9 autoris\u00e9es \u00e0 int\u00e9grer cet endroit prot\u00e9g\u00e9.<br>Je me souviens qu\u2019il y avait un super laboratoire photographique pour suivre les trajectoires des engins et un centre de calcul \u00e9poustouflant pour l\u2019\u00e9poque.<br>J&rsquo;ai appris un peu de Fortran et programm\u00e9 avec des cartes perfor\u00e9es. En particulier j\u2019ai programm\u00e9 la formule de Stirling sur les factorielles. Dans un coin de mon bureau on peut surement retrouver des listings et des cartes datant de ce stage.<br>Les machines &#8211; des IBM je crois &#8211; \u00e9taient d&rsquo;\u00e9normes armoires ! Et il fallait faire attention \u00e0 ne pas d\u00e9sordonner nos cartes perfor\u00e9es que nous gardions en liasses avec des \u00e9lastiques !<\/p>\n\n\n\n<p>Mon exp\u00e9rience suivante pour l&rsquo;informatique fut dans les ann\u00e9es 1980 avec mon fils ain\u00e9 Gabriel et un petit Sinclair \u00e0 clavier \u00ab confiture \u00bb qui disposait de 1Ko et auquel on avait achet\u00e9 pour faire des jeux en basic une extension de 8Ko.<br>On sauvegardait les programmes sur une petit magn\u00e9tophone \u00e0 cassettes, et on jouait sur la micro t\u00e9l\u00e9vision cathodique familiale que nous avions en montagne \u2026 Le graphisme \u00e9tait r\u00e9duit mais c\u2019\u00e9tait amusant !<\/p>\n\n\n\n<p>Si on le souhaitait on pouvait passer l\u2019agr\u00e9gation, ce que beaucoup d\u2019entre nous ont fait. Nos promotions y ont eu de tr\u00e8s bons r\u00e9sultats. Pourtant la concurrence \u00e9tait rude puisque la plupart des \u00e9l\u00e8ves des ENS avaient boycott\u00e9 le concours l\u2019ann\u00e9e d\u2019avant en 1968 et le pr\u00e9sentaient en 1969.<br>C\u2019\u00e9tait une belle promotion la \u00ab 66 \u00bb et beaucoup ont eu une quatri\u00e8me ann\u00e9e pour commencer la recherche avec un Dipl\u00f4me d\u2019\u00c9tudes Approfondies dans un domaine de leur choix.<br>Je suis pour cela all\u00e9e \u00e0 Paris ; l\u2019Universit\u00e9 scientifique de Paris \u00e0 Jussieu s\u2019est apr\u00e8s scind\u00e9e en Paris VI et Paris VII suite aux \u00e9v\u00e9nements de 1968 !<br>J\u2019ai suivi un semestre d\u2019Arithm\u00e9tique des Corps avec Paulo Ribenboim, et un autre de Th\u00e9orie des Ensembles avec Jean-Louis Krivine. J\u2019\u00e9tais d\u00e9j\u00e0 partag\u00e9e par avance entre lles futures universit\u00e9s Paris VI et Paris VII \u2026<\/p>\n\n\n\n<p>Ensuite beaucoup parmi nous \u00e0 l\u2019ENS Cachan ont eu des carri\u00e8res universitaires ; je peux par exemple citer Dominique Dumont, Monique Jeanblanc, Maurice Margenstern, Maurice Mignotte, Didier Nordon, et bien sur mon amie Anne Marie Charbonnel.<br>J\u2019en oublie tr\u00e8s certainement \u2026 D\u2019autres sont all\u00e9es enseigner en classes pr\u00e9paratoires comme Vivianne Neveu \u00e9pouse Durand, ou en grande \u00e9cole comme Roger Mohr.<\/p>\n\n\n\n<p>Nous \u00e9tions une promotion d\u2019un peu plus de 25 ; nous avons d\u00e9j\u00e0 perdu pas mal de nos camarades, je crois que nous ne sommes plus que 19 \u00e0 \u00e9changer des nouvelles chaque d\u00e9but d\u2019ann\u00e9e.<\/p>\n\n\n\n<p><\/p>\n\n\n\n<p><strong>SKI-\u00c9TUDES<\/strong><\/p>\n\n\n\n<p><\/p>\n\n\n\n<p>J\u2019ai d\u00e9but\u00e9 le ski avant l\u2019\u00e2ge de 5 ans, j&rsquo;en ai toujours fait beaucoup, j\u2019en fais toujours beaucoup et ce fut une de mes grandes frustrations cette ann\u00e9e sans ski alpin \u00e0 cause de la Covid-19.<br>J&rsquo;ai appris \u00e0 skier et longtemps ski\u00e9 avec les \u00ab d\u2019huizats \u00bb \u00e0 l\u2019Alpe d&rsquo;Huez, Francoise Sarret, Odile et Fran\u00e7oise Seigle, les Cupillard, etc \u2026 C\u2019\u00e9tait de tr\u00e8s joyeuses bandes, de belles descentes et des soir\u00e9es dansantes !<br>C\u2019est ainsi que je fis mon 1er glacier de Sarenne avec une d\u00e9pose avion par Henri Giraud, le seul pilote \u00e0 s\u2019\u00eatre pos\u00e9 sur le Mont Blanc et sur le Mont Aiguille. Il nous a aussi emmen\u00e9s plusieurs fois sur le glacier de la Girose pour descendre les magnifiques vallons de la Meije. Maintenant un t\u00e9l\u00e9ph\u00e9rique permet de faire cela sans d\u00e9pose avion, lesquelles sont d\u2019ailleurs interdites de nos jours.<\/p>\n\n\n\n<p>J\u2019ai fait un peu de slalom, surtout du g\u00e9ant, parfois de la descente ou du sp\u00e9cial. J\u2019ai collectionn\u00e9 les coupes et les troph\u00e9es Ski-Open r\u00e9gionaux ou nationaux.<br>Nous \u00e9tions 5 femmes \u00e0 nous battre sur les courses de g\u00e9ant et trois d\u2019entre elles sont devenues monitrices de ski (Denise Laval, Mich\u00e8le Court et Marie-Sophie Brunet Debaisne). Marie de Pourtal\u00e8s courait avec nous,et sa fille Claire a plus tard fait de la comp\u00e9tition de haut niveau Mais ma m\u00e8re \u00e9tait professeur d\u2019\u00e9ducation physique, je savais qu\u2019exercer un m\u00e9tier passion et physique n\u2019\u00e9tait pas une bonne id\u00e9e sur le long terme. Mon fils ain\u00e9 Gabriel a rattrap\u00e9 cela en faisant beaucoup de comp\u00e9titions entre grandes \u00e9coles et en obtenant pendant ses \u00e9tudes son dipl\u00f4me national de moniteur ; il a parfois exerc\u00e9 ensuite durant les vacances scolaires.<\/p>\n\n\n\n<p>J\u2019avais aussi tent\u00e9 de faire de la comp\u00e9tition Universitaire vers 1966-1968 avec le PUC (Paris Universit\u00e9 Club). On s&rsquo;entrainait durement au stade Charlety. Cet entrainement mixte \u00e9tait si dur qu\u2019une fois en quittant le stade des courbatures imm\u00e9diates m\u2019emp\u00eachaient presque de descendre les escaliers du m\u00e9tro !<br>Je suis all\u00e9e par exemple \u00e0 des comp\u00e9titions universitaires \u00e0 Val d\u2019Is\u00e8re ce qui m\u2019a valu d\u2019\u00eatre class\u00e9e comme on dit. La vie en ENS laissait assez de libert\u00e9 pour s\u2019absenter parfois. Mais honn\u00eatement depuis Paris, \u00e0 cette \u00e9poque sans TGV, partir quelques jours avec deux paires de skis et tout le mat\u00e9riel c\u2019\u00e9tait vraiment tr\u00e8s dur !<\/p>\n\n\n\n<p>Je me suis alors content\u00e9e de faire les comp\u00e9titions \u00ab amateur \u00bb quand je s\u00e9journais en station. Mais j\u2019ai bien profit\u00e9 de mes ann\u00e9es d\u2019\u00e9tudes pour skier souvent \u2026<br>En 1968 je me suis \u00e9clips\u00e9e pour aller skier \u00e0 La Plagne avec mon mari. J\u2019y ai m\u00eame fait une \u00e9preuve de descente sans casque ! H\u00e9las il y avait un partiel au milieu du s\u00e9jour (je crois que c\u2019\u00e9tait sur le cours de Michel Demazure) et, consciencieuse quand m\u00eame, je suis venue le passer avec deux nuits de train cons\u00e9cutives.<br>C\u2019\u00e9tait une bonne id\u00e9e car ce partiel a fini par me donner l\u2019examen : nous \u00e9tions en 1968 \u2026<\/p>\n\n\n\n<p>En 1969-1970, ann\u00e9e du DEA o\u00f9 je suivais deux demi AEA &#8211; Ribenboim et Krivine &#8211; j\u2019ai m\u00eame abus\u00e9 je suis all\u00e9e deux fois \u00e0 l\u2019UCPA de Val d\u2019Is\u00e8re en s\u00e9chant des cours bien s\u00fbr. J\u2019ai \u00e9t\u00e9 tr\u00e8s choqu\u00e9e quand peu apr\u00e8s cela on a annonc\u00e9 l\u2019ensevelissement de la salle \u00e0 manger nord de l&rsquo;UCPA. Je ne m\u2019y sentais pourtant pas menac\u00e9e. J\u2019ai pens\u00e9 \u00e0 nos cuisiniers qui \u00e9taient de ce c\u00f4t\u00e9 du b\u00e2timent.<br>Plus tard dans l\u2019ann\u00e9e j\u2019avais programm\u00e9 un s\u00e9jour au ski avec Claude \u00e0 Tignes je crois. Or Paulo Ribenboim innovait : il faisait corriger notre examen par les \u00e9tudiants en redistribuant les copies dans le d\u00e9sordre\u2026<br>Bien ennuy\u00e9e je me suis excus\u00e9e par avance, et notre camarade de promotion Dominique Dumont qui suivait aussi ce cours a assur\u00e9 la chose pour moi et m\u2019a t\u00e9l\u00e9phon\u00e9 les r\u00e9sultats \u2026 Lui avait mention TB et moi B \u2026<\/p>\n\n\n\n<p>Longtemps plus tard ma r\u00e9putation de skieuse m\u2019a pr\u00e9c\u00e9d\u00e9e dans un colloque \u00e0 Aussois en plein hiver. J\u2019\u00e9tais venue en voiture &#8211; un tr\u00e8s petit 4&#215;4 Suzuki Samourai SJ410 g\u00e9nial sur la neige &#8211; depuis l\u2019Alpe d\u2019huez avec mon mat\u00e9riel de ski bien s\u00fbr.<br>J&rsquo;ai fait le taxi pour r\u00e9cup\u00e9rer les arrivants \u00e0 la gare, je crois que certains, surtout ceux qui venaient d\u2019un autre continent, ont \u00e9t\u00e9 \u00e9tonn\u00e9s par ce v\u00e9hicule si minuscule et si efficace \u2026<br>Ensuite Kristof Kurdyka qui organisait localement le colloque m\u2019a confi\u00e9 la charge de g\u00e9rer les matheux skieurs. Je fus donc monitrice de ski un mercredi apr\u00e8s-midi dans ma vie ! Je me souviens que dans le groupe des forts que j&#8217;emmenais un peu loin il y avait Ludwig Br\u00f6cker et Johanes Huismann.<br>Pour ce dernier le magasin qui louait le mat\u00e9riel n\u2019avait pas r\u00e9ussi \u00e0 trouver un casque assez grand ! Parfois je repense \u00e0 cela : j\u2019ai un petit-fils qui avant 10 ans avait d\u00e9j\u00e0 ce probl\u00e8me m\u00eame avec un casque adulte \u2026<\/p>\n\n\n\n<p><\/p>\n\n\n\n<p><strong>DE CACHAN \u00c0 L\u2019U.B.O.<\/strong><\/p>\n\n\n\n<p>L\u2019Universit\u00e9 de Bretagne Occidentale, anciennement nomm\u00e9e Universit\u00e9 de Brest, \u00e9tait une petite universit\u00e9, avec tous les inconv\u00e9nients que cela comporte. J&rsquo;ai \u00e9t\u00e9 nomm\u00e9e Assistante \u00e0 la rentr\u00e9e 1970, c&rsquo;\u00e9tait mon premier poste et j&rsquo;y suis rest\u00e9e six ann\u00e9es, de la rentr\u00e9e 1970 \u00e0 celle de 1976. Durant ces 6 ann\u00e9es \u00e0 l&rsquo;UBO j&rsquo;ai eu mon premier enfant qui est n\u00e9 fin juillet 1975, cela n&rsquo;a entra\u00een\u00e9 qu&rsquo;un cong\u00e9 de maternit\u00e9 tr\u00e8s th\u00e9orique pendant les vacances puisque l&rsquo;enseignement ne reprenait qu&rsquo;en Octobre \u00e0 cette \u00e9poque.<\/p>\n\n\n\n<p>Comme s\u00e9quelle locale importante des \u00e9v\u00e8nements de 1968 le d\u00e9partement de math\u00e9matique \u00e9tait physiquement coup\u00e9 en deux !<br>D\u2019un c\u00f4t\u00e9 les jeunes Ma\u00eetres de Conf\u00e9rences et les membres du Snesup pr\u00e8s de la biblioth\u00e8que, de l\u2019autre les vieux Professeurs et leurs poulains pr\u00e8s de l\u2019administration du d\u00e9partement et du pouvoir.<\/p>\n\n\n\n<p>Nous avions relativement peu de moyens, quelques mandarins tout puissants, et nous subissions l&rsquo;\u00e9loignement des activit\u00e9s de s\u00e9minaires parisiens et la pauvret\u00e9 de la biblioth\u00e8que. Y faire de la recherche n\u2019\u00e9tait pas chose facile. Je travaillais avec Pierre Samuel directeur de ma th\u00e8se de 3\u00e8me cycle, et je collaborais avec Paulo Ribenboim qui avait dirig\u00e9 mon DEA. Tout cela se faisait \u00e0 distance et par courrier postal \u00e0 cette \u00e9poque.<br>Si je m\u2019interrogeais sur un point de math\u00e9matiques et me d\u00e9cidais \u00e0 \u00e9crire \u00e0 Paulo Ribenboim pour poser la question, le temps de traverser l\u2019Atlantique, de stationner sur un bureau \u00e0 Queen\u2019s University, que Paulo \u00e9crive et envoie la r\u00e9ponse cela prenait bien un bon mois. Evidemment lorsque la lettre arrivait enfin j\u2019avais d\u00e9cid\u00e9 que la question \u00e9tait stupide ou mal pos\u00e9e, ou j\u2019avais trouv\u00e9 toute seule la r\u00e9ponse. C\u2019\u00e9tait finalement une bonne formation \u00e0 l\u2019autonomie.<\/p>\n\n\n\n<p>Mais ce n&rsquo;\u00e9tait pas tr\u00e8s facile il fallait faire venir des microfilms ou de mauvaises photocopies d\u2019articles, ou aller \u00e0 Paris se documenter \u00e0 l&rsquo;IHP, ce qui \u00e9tait finalement le plus efficace. J\u2019ai beaucoup fr\u00e9quent\u00e9 l\u2019IHP \u00e0 cette \u00e9poque. Il y avait un vieil ascenseur charmant mais tr\u00e8s tr\u00e8s lent qui montait au 4\u00e8me pour la biblioth\u00e8que.<br>L\u2019IHP sera totalement r\u00e9nov\u00e9 plus tard et le courant 110V chang\u00e9 en 220V ; la biblioth\u00e8que descendra au 1er \u00e9tage mais le nouvel ascenseur ne sera pas lui non plus tr\u00e8s rapide ! Il donne du temps pour r\u00e9fl\u00e9chir en allant au second \u2026<\/p>\n\n\n\n<p>J&rsquo;ai tout de m\u00eame poursuivi mes recherches sous la direction de Pierre Samuel et soutenu mon doctorat de 3\u00e8me cycle en janvier 1973 \u00e0 l&rsquo;Universit\u00e9 d&rsquo;Orsay.<br>En 1973 j&rsquo;ai publi\u00e9 deux notes aux CRAS (Comptes Rendus de l&rsquo;Acad\u00e9mie des Sciences) et deux articles au Bulletin des Sciences Math\u00e9matiques en 1974.<br>Cela m&rsquo;a permis d&rsquo;\u00eatre inscrite sur la LAFMA (Liste d&rsquo;Aptitude aux Fonctions de Ma\u00eetre-assistant). J\u2019ai alors n\u00e9goci\u00e9 d\u2019assurer les cours IREM d\u00e9laiss\u00e9s si j\u2019\u00e9tais bien nomm\u00e9e Ma\u00eetre-assistante. Cela a fonctionn\u00e9 j\u2019ai \u00e9t\u00e9 promue.<br>J\u2019avais quelques coll\u00e8gues avec lesquels parler de math\u00e9matiques, Pierre Le Bihan, Jean Marot, Yann Quentel\u2026 et j\u2019exposais parfois au s\u00e9minaire local d\u2019Alg\u00e8bre et G\u00e9om\u00e9trie.<\/p>\n\n\n\n<p>Ce fut la seule \u00e9poque o\u00f9 j\u2019ai eu un bureau individuel \u00e0 l\u2019Universit\u00e9. Par la suite \u00e0 Paris je partagerai d\u2019abord un bureau en 46-00 au 5\u00e8me avec Th\u00e9r\u00e9se Merlier et longtemps avec Thierry Coulhon, puis en 45-46, toujours au 5\u00e8me, et \u00e0 Chevaleret avec Fran\u00e7ois Bayen. Fran\u00e7ois Bayen d\u00e9c\u00e9dera brutalement en janvier 2008, nous ne nous connaissions que peu mais cela m\u2019a marqu\u00e9e. Au retour des vacances de No\u00ebl le bureau semblait attendre son retour. Des mois apr\u00e8s son fils Terence est venu trier et reprendre ses documents.<br>Au retour sur le campus Jussieu d\u00e9samiant\u00e9 et r\u00e9nov\u00e9 ce sera un grand bureau avec Marie-Jos\u00e9 Bertin, Odile Lecacheux et Michel Carpentier. Ce dernier sera malheureusement remplac\u00e9 par Jean-Michel Kantor d\u00e9cid\u00e9ment peu agr\u00e9able \u2026<\/p>\n\n\n\n<p>Le d\u00e9m\u00e9nagement entre les deux bureaux du 5\u00e8me \u00e0 Jussieu s\u2019est fait suite \u00e0 la cr\u00e9ation de l\u2019Institut de Math\u00e9matiques de Jussieu en 1994.<br>Ce f\u00fbt \u00e9pique\u2026 un jour nous avons trouv\u00e9 des cartons des d\u00e9m\u00e9nageurs bretons pli\u00e9s dans notre bureau. A nous de faire nos cartons ! J\u2019\u00e9tais l\u00e0 depuis presque 15 ans et mes documents \u00e9taient d\u00e9j\u00e0 bien poussi\u00e9reux. Nous avions en plus eu des fuites de la terrasse et il s\u2019\u00e9tait form\u00e9 des cristaux au sol certainement plein d\u2019amiante.<br>Ensuite peu apr\u00e8s, en 2000 je pense, pour laisser place aux travaux de d\u00e9samiantage, nous avons d\u00e9m\u00e9nag\u00e9 dans des locaux lou\u00e9s rue du Chevaleret dans la 13\u00e8me. Et cette fois nous avons eu interdiction de faire quoique ce soit ! On nous a envoy\u00e9 des ouvriers masqu\u00e9s en combinaison avec des soufflettes qui ont tout d\u00e9poussi\u00e9r\u00e9 et mis en carton. Nos documents n\u2019\u00e9taient plus tr\u00e8s poussi\u00e9reux puisque nous venions de les d\u00e9m\u00e9nager sans aucune protection \u2026<br>La gestion de ce probl\u00e8me d\u2019amiante \u00e0 Jussieu laisse perplexe. D\u00e9j\u00e0 dans un discours du 14 juillet Jacques Chirac avait d\u00e9clar\u00e9, en improvisant certainement, qu\u2019il n\u2019y aurait plus aucun \u00e9tudiant \u00e0 Jussieu \u00e0 No\u00ebl. C\u2019\u00e9tait m\u00e9connaitre le fonctionnement de laboratoires scientifiques. Jussieu n\u2019a \u00e9t\u00e9 compl\u00e8tement d\u00e9samiant\u00e9 que dans les ann\u00e9es 2010. Et except\u00e9 les doctorants et les post-docs, les \u00e9tudiants n\u2019ont jamais quitt\u00e9 le campus Jussieu !<\/p>\n\n\n\n<p>A Brest j&rsquo;\u00e9tais \u00e0 peine plus \u00e2g\u00e9e que certains de mes \u00e9tudiants. Cela s&rsquo;est bien pass\u00e9 mais en fait nous n&rsquo;avions gu\u00e8re eu de formation pour l&rsquo;enseignement, on apprend sur le tas. Durant mes \u00e9tudes \u00e0 Cachan j&rsquo;avais fait un stage dans un lyc\u00e9e qui m&rsquo;avait surtout permis de comprendre que pour faire des calculs exacts il faut aller doucement. Je ne suis gu\u00e8re patiente et ce trop de rapidit\u00e9 m&rsquo;a cout\u00e9 beaucoup d&rsquo;erreurs durant mes \u00e9tudes. Encore aujourd&rsquo;hui je plante souvent des machines par exc\u00e8s de rapidit\u00e9 \u2026<br>L&rsquo;ENS Cachan avait pourtant essay\u00e9 de faire quelque chose pour notre avenir de professeur : nous avions eu des \u00ab\u00a0cours\u00a0\u00bb sur la dynamique de groupe.<br>Cela nous avait laiss\u00e9s perplexes, nous trouvions que c&rsquo;\u00e9tait un peu ridicule \u2026 mais apr\u00e8s avoir enseign\u00e9 un certain temps je dois avouer qu&rsquo;effectivement c&rsquo;est quelque chose qui existe, des groupes peuvent \u00e9voluer bien ou mal en cours d&rsquo;ann\u00e9e.<br>C&rsquo;est difficile de deviner \u00e0 l\u2019avance comment \u00e9voluera un groupe, je n&rsquo;ai toujours pas compris ce qui provoque des \u00e9volutions favorables ou d\u00e9favorables.<\/p>\n\n\n\n<p>A Brest d\u00e8s le d\u00e9but de ma seconde ann\u00e9e on m&rsquo;a confi\u00e9 \u00e0 titre transitoire le gros amphi de 1\u00e8re ann\u00e9e de CBBG (Chimie, Biologie, Botanique, G\u00e9ologie).<br>C&rsquo;\u00e9tait juste pour quelques semaines, le temps que le professeur \u00ab\u00a0vide\u00a0\u00bb le cours dont il \u00e9tait charg\u00e9, avec la perspective de pouvoir demeurer \u00e0 Paris o\u00f9 il habitait et puisse reprendre cet amphi.<br>Il y avait beaucoup d&rsquo;\u00e9tudiants, peut \u00eatre 250, pas du tout passionn\u00e9s par les maths ! Alors leur pr\u00e9senter quelques \u00e9l\u00e9ments de th\u00e9orie des ensembles ou de logique, et des bases d&rsquo;Alg\u00e8bre et d&rsquo;Analyse \u00e9tait un challenge. Pour mes premiers cours j&rsquo;avais heureusement un micro sans fil comme \u00e0 la t\u00e9l\u00e9vision, cela me facilitait la t\u00e2che et je me suis vite adapt\u00e9e au fait que si on se tourne pour \u00e9crire au tableau il ne faut surtout pas \u00e9lever la voix sous peine de se faire sursauter.<br>Ensuite ce fut un micro \u00e0 tenir \u00e0 la main avec un fil, et cela devenait plus compliqu\u00e9, deux mains seulement pour le micro, la craie, le chiffon et les notes ; et bien s\u00fbr ce fil o\u00f9 il ne faut pas se prendre les pieds !<br>Enfin tout est tomb\u00e9 en panne sans doute et je n&rsquo;ai plus eu que ma voix ! Mais finalement une fois l&rsquo;exp\u00e9rience du cours en amphi d\u00e9j\u00e0 faite c&rsquo;\u00e9tait plut\u00f4t mieux.<br>Les cours en amphi c&rsquo;est aussi beaucoup plus fatigant physiquement, la puissance vocale n\u00e9cessaire demande beaucoup d&rsquo;\u00e9nergie. Apr\u00e8s 1h15 de cours il faut presque 2h pour r\u00e9cup\u00e9rer. Passionn\u00e9e d\u2019Op\u00e9ra je mesure bien l\u2019exploit physique, et pas seulement artistique, que repr\u00e9sente les prestations des chanteurs lyriques.<br>Un autre point d\u00e9licat est que dans un amphi les \u00e9tudiants sont loin et il est beaucoup plus difficile de suivre leurs r\u00e9actions. Je constaterai aussi plus tard \u00e0 Paris qu&rsquo;il faut beaucoup de vigilance en amphi pour naviguer entre deux \u00e9cueils : ennuyer les \u00e9tudiants si on est trop \u00e9l\u00e9mentaire ou trop lent, ou les larguer si on va trop vite ou trop loin !<\/p>\n\n\n\n<p>Il y avait \u00e0 Brest un IREM (Institut de Recherche sur l&rsquo;Enseignement des Math\u00e9matiques) qui avait la charge de faire la formation continue des professeurs certifi\u00e9s, en alternance chaque ann\u00e9e sur Brest et sur Quimper. J&rsquo;ai assur\u00e9 cela deux ann\u00e9es en 1974-1975 et 1975-1976.<\/p>\n\n\n\n<p>Ce fut une premi\u00e8re exp\u00e9rience d&rsquo;enseignement \u00e0 des adultes qui par ailleurs connaissaient toutes les ficelles du m\u00e9tier de professeur. Cela a certainement modifi\u00e9 ma mani\u00e8re d\u2019enseigner.<\/p>\n\n\n\n<p>C&rsquo;\u00e9tait aussi compliqu\u00e9 du fait que parmi ces certifi\u00e9s certains venaient d&rsquo;avoir le CAPES et d&rsquo;autres \u00e9taient \u00e0 deux ans de la retraite et s&rsquo;\u00e9taient inscrits pour b\u00e9n\u00e9ficier de la d\u00e9charge.<br>J&rsquo;\u00e9tais libre de mes choix d&rsquo;enseignement. J&rsquo;ai donc fait des chapitres courts sur 2-3 cours en partant d&rsquo;un niveau basique et en allant vers quelques pointes de recherche.<br>Et j&rsquo;ai souvent chang\u00e9 de sujet et de centre d&rsquo;int\u00e9r\u00eat. J&rsquo;ai fait un polycopi\u00e9 qui t\u00e9moigne de cette approche.<br>La seconde ann\u00e9e les cours \u00e9taient \u00e0 Quimper ; c&rsquo;\u00e9tait assez fatigant d&rsquo;aller en voiture le matin, d&rsquo;enseigner et d&rsquo;en revenir le soir. A Quimper j&rsquo;ai \u00e9t\u00e9 tr\u00e8s surprise le jour ou un enseignant \u00e2g\u00e9 a d\u00e9clar\u00e9 \u00e0 ses coll\u00e8gues \u00ab\u00a0Moi j&rsquo;ai deux chapitres d&rsquo;avance sur mes \u00e9l\u00e8ves\u00a0\u00bb ; comment passionner des \u00e9l\u00e8ves si on se contente d&rsquo;avoir deux chapitres d&rsquo;avance sur eux dans leur livre de classe \u2026<br>Il est clair que le probl\u00e8me des math\u00e9matiques dites modernes qui ont tant d\u00e9fray\u00e9 la chronique \u00e9tait d\u00fb en fait au manque de formation pr\u00e9alable des professeurs devant les enseigner !<\/p>\n\n\n\n<p>Quand j\u2019ai compris que mon mari quitterai Brest j\u2019ai consacr\u00e9 presque toute mon \u00e9nergie \u00e0 me faire nommer \u00e0 Paris. Le doyen d\u2019alors, Jean Querr\u00e9, me dira que j\u2019avais bien pouss\u00e9 mes pions mais que ce n\u2019\u00e9tait pas gentil pour la petite Universit\u00e9 qu\u2019\u00e9tait Brest.<\/p>\n\n\n\n<p><\/p>\n\n\n\n<p><strong>UNE CARRI\u00c8RE AVEC L\u2019AIDE DES HOMMES !<\/strong><\/p>\n\n\n\n<p>Le titre peut interpeller, mais forc\u00e9ment vu le peu de place qu\u2019occupent les femmes dans notre discipline, ils ont forc\u00e9ment jou\u00e9 un r\u00f4le important dans ma carri\u00e8re.<\/p>\n\n\n\n<p>Cela a commenc\u00e9 tr\u00e8s t\u00f4t par l\u2019aide de Claude mon mari<br>Mari\u00e9s en juillet 1967, nous nous sommes install\u00e9s en 1968-1969, j\u2019\u00e9tais encore \u00e0 l\u2019ENS Cachan et je pr\u00e9parais l\u2019agr\u00e9gation.<br>Ce fut difficile de quitter l&rsquo;assistance parentale et la vie de pacha dans une Ecole Normale Sup\u00e9rieure pour affronter \u00e0 la fois cette nouvelle vie matrimoniale et la pr\u00e9paration d\u2019un concours.<br>Nous avions achet\u00e9 un grand studio pr\u00e8s du Village Suisse et je me revois encore faisant des probl\u00e8mes dans l\u2019entr\u00e9e pendant que Claude dormait \u2026 Claude a bien support\u00e9 ma surcharge et mon incomp\u00e9tence de gestion mat\u00e9rielle de la maison, je lui en sais gr\u00e9.<br>Tout cela s\u2019est bien termin\u00e9 apr\u00e8s un oral brillant sur la planche d\u2019Alg\u00e8bre avec pour sujet \u00ab La notion d\u2019id\u00e9al \u00bb, je fus je crois 39\u00e9me, le m\u00eame rang que celui que j\u2019avais eu apr\u00e8s l\u2019oral au concours de S\u00e8vres, l\u2019Analyse n\u2019\u00e9tant pas mon fort. Je me souviens que dans le jury d\u2019alg\u00e8bre se trouvait une personne qui m\u2019avait autrefois \u00ab\u00a0descendue\u00a0\u00bb \u00e0 l&rsquo;oral de Fontenay sur une question de cours de g\u00e9om\u00e9trie tr\u00e8s \u00e9l\u00e9mentaire \u2026 Cela m\u2019avait donn\u00e9 une bonne d\u00e9charge d\u2019adr\u00e9naline et \u00e0 mesure que je la voyais en difficult\u00e9 pour tout noter, mon assurance s&rsquo;accroissait !<br>Longtemps apr\u00e8s j\u2019ai compris qu\u2019il s\u2019agissait d\u2019Huguette Delavault, avec laquelle j\u2019ai ensuite beaucoup travaill\u00e9 et appris \u00e0 l\u2019AFFDU, et qui est devenue une amie.<\/p>\n\n\n\n<p>Claude, ing\u00e9nieur du g\u00e9nie Maritime, voulait construire des bateaux. Le seul endroit o\u00f9 il y avait un arsenal et une universit\u00e9 \u00e9tait Brest. J\u2019ai donc postul\u00e9 sur un poste d\u2019assistante \u00e0 Brest et uniquement l\u00e0. Claude m\u2019a expliqu\u00e9 qu\u2019il ne suffisait pas de d\u00e9poser un dossier et qu\u2019il fallait que j\u2019y aille.<br>Il avait bien raison, je suis donc all\u00e9e \u00e0 Brest me pr\u00e9senter, rencontrer de futurs coll\u00e8gues et le doyen de l\u2019universit\u00e9 Jean Querr\u00e9 qui \u00e9tait math\u00e9maticien.<br>Et j\u2019ai \u00e9t\u00e9 nomm\u00e9e sans probl\u00e8me \u00e0 l\u2019Universit\u00e9 de Bretagne Occidentale \u00e0 la rentr\u00e9e 1970.<\/p>\n\n\n\n<p>En 1969-1970 en quatri\u00e8me ann\u00e9e \u00e0 Cachan je voulais faire de l\u2019Alg\u00e8bre.<br>Francis Hisch m\u2019a dissuad\u00e9e d\u2019aller chez Dubreil en me disant que plus personne ne voudrait de moi apr\u00e8s. Je me suis tourn\u00e9e vers la Th\u00e9orie Alg\u00e9brique des Nombres. Je pensais au cours de Pierre Samuel \u00e0 Paris 6.<br>Mais cette ann\u00e9e-l\u00e0 il \u00e9tait ailleurs, et c\u2019est Paulo Ribenboim, professeur invit\u00e9, qui faisait un cours d\u2019Arithm\u00e9tique des Corps. J\u2019ai fait mon m\u00e9moire de DEA avec lui et ce furent mes vrais d\u00e9buts de r\u00e9daction math\u00e9matique. Il m\u2019a appris l\u2019usage des biblioth\u00e8ques et bibliographies ainsi que les r\u00e8gles de r\u00e9daction.<\/p>\n\n\n\n<p>Paulo Ribenboim avait admis trois stagiaires de DEA qui ont r\u00e9dig\u00e9 des parties de son livre Arithm\u00e9tique des Corps paru chez Hermann dans la collection argent\u00e9e \u00ab M\u00e9thodes \u00bb. Il m\u2019avouera plus tard qu\u2019il s\u2019est d\u00e9cid\u00e9 \u00e0 me prendre en stage car j\u2019\u00e9tais venue le voir en fin de cours avec une jolie robe \u2026 En fait j\u2019enchainais apr\u00e8s le cours avec un f\u00eate de mariage \u2026 A quoi tient l\u2019orientation scientifique d\u2019un d\u00e9but de carri\u00e8re !<\/p>\n\n\n\n<p>Par la suite je lui ai propos\u00e9 de cosigner une note aux Comptes Rendus dont j\u2019avais eu l\u2019id\u00e9e et o\u00f9 j\u2019utilisais ses m\u00e9thodes. Et je fus convi\u00e9e \u00e0 une \u00ab\u00a0open house\u00a0\u00bb \u00e0 Kingston (Queen\u2019s University) en 1973, c\u2019\u00e9tait mon premier d\u00e9placement professionnel hors de France.<br>Nous avons ensuite collabor\u00e9 sur deux articles publi\u00e9s au Bulletin des Sciences Math\u00e9matiques en 1974 dont l\u2019initiative revenait pour l&rsquo;un \u00e0 lui et pour l&rsquo;autre \u00e0 moi. Je lui avais fait d\u00e9couvrir les charmes de la Th\u00e9orie des Mod\u00e8les et de son usage comme outil parfois puissant, ce qui lui avait plu. Malheureusement il a fini par tomber amoureux et j\u2019ai arr\u00eat\u00e9 de travailler avec lui, ce n\u2019\u00e9tait plus possible.<\/p>\n\n\n\n<p>A Brest j\u2019ai \u00e9t\u00e9 bien conseill\u00e9e par Pierre Le Bihan, un ancien de Cachan avec lequel je discutais souvent. Il m\u2019avait mise en garde sur les dangers de travailler avec mon directeur de th\u00e8se de 3\u00e8me cycle et m\u2019avait d\u00e9clar\u00e9 un jour \u00ab fais gaffe de ne pas d\u00e9tr\u00f4ner Madame F. qu\u2019on a surnomm\u00e9e les plus belles jambes de l\u2019alg\u00e8bre commutative \u00bb.<br>J\u2019ai fait gaffe, travaill\u00e9 \u00e0 distance et j\u2019ai eu confirmation par ailleurs que j\u2019avais bien fait de tenir compte du conseil de Pierre Le Bihan. Il m\u2019a aussi conseill\u00e9e au moment de demander la LAFMA (Liste d\u2019Aptitude aux Fonctions de Ma\u00eetre-Assistant). Enfin j\u2019ai ensuite eu son soutien pour obtenir un poste de Maitre-Assistante localement en n\u00e9gociant avec le d\u00e9partement l\u2019acceptation de faire les cours de formation continue de l\u2019IREM (Institut de Recherche pour l\u2019Enseignement des Math\u00e9matiques).<\/p>\n\n\n\n<p>Aux journ\u00e9es arithm\u00e9tiques de Caen j&rsquo;avais accept\u00e9 d\u2019aller d\u00e9jeuner avec Daniel Barski. Ce fut tr\u00e8s int\u00e9ressant ce t\u00eate-\u00e0-t\u00eate, il m\u2019a entre conseill\u00e9 de demander la LAES (Liste d\u2019Aptitude \u00e0 l&rsquo;Enseignement Sup\u00e9rieur), qui me permettrait d\u2019\u00eatre Charg\u00e9e de cours, me disant que j\u2019avais largement de quoi l\u2019obtenir sans probl\u00e8me. Je l&rsquo;ai \u00e9cout\u00e9 et il avait raison.<br>Les hommes peuvent heureusement \u00eatre des amis qui vous aident.<\/p>\n\n\n\n<p>Pour ma mobilit\u00e9 de Brest \u00e0 Paris 6 en 1976, c&rsquo;est Jean-Marc Deshouillers qui m\u2019avait encourag\u00e9e \u00e0 aller voir Roger Descombes au s\u00e9minaire parisien de Th\u00e9orie des Nombres. Celui-ci et Paul Malliavin, qui \u00e9tait un ami de Paulo Ribenboim, m\u2019ont bien soutenue en commission.<\/p>\n\n\n\n<p>A Paris suivant le conseil donn\u00e9 par Pierre Samuel quand je lui avait dit appr\u00e9cier l\u2019usage de la Th\u00e9orie des Mod\u00e8les, je fus voir un peu plus tard Gabriel Sabbagh, professeur dans l\u2019\u00e9quipe de Logique de Paris 7. Il a commenc\u00e9 par me demander un expos\u00e9 au S\u00e9minaire G\u00e9n\u00e9ral de Logique du Lundi.<br>En v\u00e9rit\u00e9 je l\u2019avais d\u00e9j\u00e0 crois\u00e9 dans un d\u00e9jeuner IREM \u00e0 Rennes apr\u00e8s mon doctorat de troisi\u00e8me cycle. Il m\u2019avait impressionn\u00e9e par sa connaissance de mon sujet de th\u00e8se.<br>Il m\u2019a \u00e9t\u00e9 d\u2019un pr\u00e9cieux conseil dans la suite de mes travaux et publications.<br>C\u2019est ainsi qu\u2019a commenc\u00e9 cette double appartenance : l\u2019\u00e9quipe de Th\u00e9orie des Nombres de Paris 6 et l\u2019\u00e9quipe de Logique de Paris 7.<\/p>\n\n\n\n<p>Dans les ann\u00e9es 1976-1980 j\u2019ai eu un trou dans ma recherche car j\u2019avais un jeune enfant n\u00e9 en 1975, et j\u2019habitais Brest, Amiens ou Lille tout en travaillant d\u00e9j\u00e0 \u00e0 Paris. C\u2019\u00e9tait infernal, j\u2019\u00e9tais \u00e9puis\u00e9e, mes documents d\u00e9m\u00e9nageaient en cartons que je n\u2019ouvrais pas, et passant ma vie dans le train je n\u2019avais aucune envie d\u2019aller en plus en congr\u00e8s.<\/p>\n\n\n\n<p>Mais la chance m\u2019a souri ! Don Dubois, professeur \u00e0 Albuquerque (USA) et organisateur d\u2019une session dans un colloque AMS \u00e0 San Francisco m\u2019a convi\u00e9e \u00e0 faire une conf\u00e9rence en 1981 au premier congr\u00e8s de G\u00e9om\u00e9trie R\u00e9elle.<br>Cela m\u2019a permis de repartir et de renouer avec le sujet et les coll\u00e8gues du domaine. Un second colloque \u00e0 Rennes en 1981 a confirm\u00e9 ce renouveau.<\/p>\n\n\n\n<p>A ce colloque de San Francisco j\u2019ai d\u00e9couvert dans une autre session une conf\u00e9rence (de Ron Brown je crois) qui parlait des ordres de niveau sup\u00e9rieur. C\u2018est l\u00e0 que j\u2019ai con\u00e7u le projet d\u2019un 17\u00e8me probl\u00e8me de Hilbert pour les puissances sup\u00e9rieures.<br>Il faudra attendre 1994 et pas mal d\u2019articles et de collaborations en cours de route pour que tout cela finisse par un article au Journal de Crelle, premier et c\u00e9l\u00e8bre journal de Math\u00e9matiques, un couronnement !<\/p>\n\n\n\n<p>Entre temps j\u2019ai travaill\u00e9 et pr\u00e9sent\u00e9 mon Doctorat d\u2019Etat effectu\u00e9 sous la direction de Gabriel Sabbagh. Nous avons v\u00e9cu une p\u00e9riode transitoire passant des secr\u00e9taires qui dactylographient nos articles \u00e0 l\u2019av\u00e8nement des ordinateurs qui changeaient tout.<br>Pierre Jarraud, encore un Pierre, m\u2019a initi\u00e9e \u00e0 l\u2019usage des ordinateurs et du traitement de texte scientifique Chiwriter.<br>Cela m\u2019a beaucoup aid\u00e9e, j\u2019ai une \u00e9criture manuscrite illisible, presque autant que celle de mon p\u00e8re dont j\u2019avais du mal \u00e0 d\u00e9chiffrer les cartes postales. Un peu comme celle Marie-Francoise Roy mais avec un autre design \u2026 En fait il me semble que si on pense trop vite la main ne suit pas la pens\u00e9e.<\/p>\n\n\n\n<p>Ensuite sous l\u2019impulsion d\u2019Odile Lecacheux, je suis pass\u00e9e \u00e0 Scientific Word, logiciel cher mais efficace, et enfin \u00e0 LaTeX, gratuit et performant, quand il a fallu fournir des fichiers .TeX pour publier ne serait-ce qu\u2019un r\u00e9sum\u00e9.<br>J&rsquo;avoue ne pas tout maitriser dans LaTeX mais suffisamment pour pour g\u00e9rer mes publications et mes expos\u00e9s avec \u00ab Beamer \u00bb .<br>Il est loin le temps des transparents \u00e9crits \u00e0 la main, puis de ceux imprim\u00e9s page par page \u00e0 partir de Chiwriter, ou encore de fichiers .pdf cr\u00e9\u00e9s avec Scientific Word \u2026<br>Nos conditions de travail ont beaucoup \u00e9volu\u00e9 depuis mes d\u00e9buts.<br>Maintenant on peut monter un colloque en un temps record.<\/p>\n\n\n\n<p>Plus tard encore d\u2019autres hommes ont influenc\u00e9 ma carri\u00e8re :<\/p>\n\n\n\n<ul class=\"wp-block-list\">\n<li>Gilles Christol m\u2019a en quelque sorte pass\u00e9 la main pour la vice-pr\u00e9sidence de la commission de sp\u00e9cialiste de Paris 6.<\/li>\n\n\n\n<li>Fran\u00e7ois Lucas m\u2019a sollicit\u00e9e pour entrer au CNU (Conseil National des Universit\u00e9s).<\/li>\n\n\n\n<li>Marc Chardin m\u2019a conseill\u00e9 de demander l\u2019\u00e9m\u00e9ritat que j\u2019ai effectivement bien obtenu.<\/li>\n<\/ul>\n\n\n\n<p>Je devrais bien s\u00fbr parler aussi de mes coauteurs Eberhard Becker, Murray Marshall, et des co-organisateurs de notre s\u00e9minaire \u00ab\u00a0Structures Alg\u00e9briques Ordonn\u00e9es \u00bb Fran\u00e7oise Delon et Max Dickmann mais ce sera fait ailleurs.<\/p>\n\n\n\n<p><\/p>\n\n\n\n<p><strong>PREMIERS COLLOQUES INTERNATIONAUX<\/strong><\/p>\n\n\n\n<p>Mon premier expos\u00e9 dans un colloque international fut \u00e0 Bordeaux.<br>A l\u2019\u00e9poque la g\u00e9om\u00e9trie r\u00e9elle se dissimulait au sein de la th\u00e9orie des nombres.<br>La raison en \u00e9tait que le grand Dieudonn\u00e9 avait d\u00e9clar\u00e9 qu\u2019on ne pourrait jamais rien faire en g\u00e9om\u00e9trie r\u00e9elle !<\/p>\n\n\n\n<p>Evidemment j\u2019\u00e9tais stress\u00e9e \u00e0 l\u2019id\u00e9e des questions qui pourraient m\u2019\u00eatre pos\u00e9es \u2026<br>Et Paulo Ribenboim, directeur de mon DEA et co-auteur, m\u2019avait sugg\u00e9r\u00e9 par avance la r\u00e9ponse classique aux questions embarrassantes \u00ab c\u2019est une question tr\u00e8s int\u00e9ressante, je ne sais pas y r\u00e9pondre mais je vais y r\u00e9fl\u00e9chir \u00bb.<br>Une autre \u00e9preuve fut lors d&rsquo;un petit d\u00e9jeuner, moment sacr\u00e9 pour moi mais o\u00f9 je ne suis gu\u00e8re performante. Mon voisin commen\u00e7a \u00e0 me parler de math\u00e9matiques en connaissant visiblement ce que j&rsquo;avais fait m\u00eame si je n\u2019avais pas encore expos\u00e9.<br>Moi je n\u2019avais aucune id\u00e9e de qui il \u00e9tait ! Et j\u2019\u00e9tais trop timide \u00e0 l\u2019\u00e9poque pour demander \u2026 J\u2019ai su apr\u00e8s que c\u2019\u00e9tait Yves Pourchet dont un r\u00e9sultat sur le 17\u00e8me probl\u00e8me de Hilbert venait de faire sensation dans le milieu : tout polyn\u00f4me de Q[X] d\u00e9fini positif sur Q est somme de 5 carr\u00e9s dans Q(X).<br>Enfin la derni\u00e8re aventure de ce colloque fut qu\u2019un math\u00e9maticien voulut aller diner en ville avec moi, je l\u2019ai \u00e9conduit en me disant occup\u00e9e et \u2026 nous nous sommes retrouv\u00e9s seuls dans le m\u00eame bus pour Bordeaux, le mensonge devenait flagrant ! Difficile d\u2019\u00eatre femme dans ce milieu masculin sans se faire d\u2019ennemis !<\/p>\n\n\n\n<p>Un autre colloque de th\u00e9orie des nombres en France dont je me souviens fut \u00e0 Luminy bien avant la cr\u00e9ation du CIRM.<br>Nous \u00e9tions tr\u00e8s nombreux et sommes bien s\u00fbr all\u00e9s voir les calanques d\u00e9j\u00e0.<br>Fait assez rare, sans doute faute de restaurant proche, il y eut une soir\u00e9e dansante ! Je d\u00e9couvris un cavalier fantastique en Jean-Marc Deshouillers. Nous \u00e9tions tous les deux tr\u00e8s heureux de danser. Il me raconta qu\u2019avec Francine chez eux parfois ils roulaient les tapis pour danser ! Jean-Marc est un camarade de promotion de mon mari et nous avons fini la soir\u00e9e par une marche au clair de lune jusqu\u2019au Belv\u00e9d\u00e8re.<br>Enfin je suis partie avant la fin du congr\u00e8s, \u00e0 l\u2019\u00e9poque j\u2019enseignais \u00e0 Brest et il n\u2019y avait point de TGV. Je fis un d\u00e9part remarqu\u00e9 \u2026 H\u00e9di Daboussi, qui aurait bien voulu savoir danser la veille et aimait mon nez retrouss\u00e9, m\u2019a hurl\u00e9 au travers du campus des \u00ab je t\u2019aime \u00bb m\u00e9morables et tr\u00e8s dr\u00f4les.<\/p>\n\n\n\n<p>Apr\u00e8s ma th\u00e8se de troisi\u00e8me cycle dirig\u00e9e par Pierre Samuel et soutenue \u00e0 Orsay, comme j\u2019avais d\u00e9couvert la puissance de certaines m\u00e9thodes de Th\u00e9orie des Mod\u00e8les, Pierre Samuel m\u2019a conseill\u00e9 de continuer avec Gabriel Sabbagh.<br>Il m\u2019avait aussi de mani\u00e8re pr\u00e9monitoire conseill\u00e9 d\u2019aller voir \u00e0 Grenoble Jean-Ren\u00e9 Joly qui avait un beau papier sur les sommes de puissances \u00e0 Acta Arithmetica.<br>Jean-Ren\u00e9 Joly ne s\u2019est pas int\u00e9ress\u00e9 \u00e0 mes travaux et moi je n\u2019ai pas vu ce que Pierre Samuel avait certainement en vue : les ordres de niveau sup\u00e9rieur.<br>Mais cela est venu \u00e0 moi autrement, longtemps apr\u00e8s, via l\u2019article de Harmann dans le Contemporary Mathematics 9 o\u00f9 j\u2019avais aussi un article apr\u00e8s le colloque de San Francisco de 1981, le premier \u00e0 ouvrir l\u2019\u00e8re de la G\u00e9om\u00e9trie Alg\u00e9brique R\u00e9elle.<\/p>\n\n\n\n<p>Grenoble fut un autre colloque international de th\u00e9orie des nombres. Curieusement nous avons eu deux sorties en montagne. A la premi\u00e8re j\u2019ai lou\u00e9 du mat\u00e9riel et fait du ski alpin avec Daniel Bertrand qui venait de sortir de l\u2019X. Mais le mat\u00e9riel lou\u00e9 et les pistes n\u2019\u00e9taient pas magnifiques pour moi. Alors \u00e0 la sortie suivante j\u2019ai opt\u00e9 pour ma premi\u00e8re exp\u00e9rience en ski de fond. La sortie \u00e9tait organis\u00e9e par les Bertrandias, des presque professionnels de la chose. Les paysages \u00e9taient magnifiques et je m\u2019en suis honorablement tir\u00e9e. Sauf pour le manque d\u2019exp\u00e9rience \u00e0 l\u2019arriv\u00e9e \u00e0 un col vent\u00e9 apr\u00e8s un bonne mont\u00e9e : j\u2019ai omis de me couvrir, regard\u00e9 la vue et pris froid !<br>Je relis ce texte le 28 septembre juste apr\u00e8s avoir appris que Jean-Paul et Fran\u00e7oise Bertrandias \u00e9taient d\u00e9c\u00e9d\u00e9s la semaine pr\u00e9c\u00e9dente dans un accident de voiture. Et ce souvenir de notre sortie en montagne devient plus \u00e9mouvant.<\/p>\n\n\n\n<p><\/p>\n\n\n\n<p><strong>LES TH\u00c9S MATH\u00c9MATIQUES<\/strong><\/p>\n\n\n\n<p>C&rsquo;est une sorte d&rsquo;institution les th\u00e9s de math\u00e9maticiens dans l&rsquo;apr\u00e8s-midi.<br>On y \u00e9change des id\u00e9es, des projets, des r\u00e9f\u00e9rences, des anecdotes et il s&rsquo;y d\u00e9marre souvent des recherches.<br>Bien s\u00fbr dans une salle o\u00f9 l&rsquo;on prend le th\u00e9, il doit y avoir des tableaux noirs, ou plus r\u00e9cemment blancs. Maintenant certains sortent parfois l&rsquo;ordinateur portable pour expliquer quelque chose de compliqu\u00e9.<\/p>\n\n\n\n<p>La premi\u00e8re fois o\u00f9 j&rsquo;ai d\u00e9couvert cette tradition c&rsquo;\u00e9tait dans un endroit parfait pour cela : au Bedford College \u00e0 Londres en 1973.<br>L\u00e0 on avait m\u00eame droit \u00e0 deux th\u00e9s chaque jour, un le matin et l&rsquo;autre l&rsquo;apr\u00e8s-midi !<br>Le lieu, une salle des professeurs toute habill\u00e9e de bois, \u00e9tait parfait pour cette c\u00e9r\u00e9monie anglaise.<\/p>\n\n\n\n<p>Ce qui peut para\u00eetre un moment mondain et futile est en fait essentiel \u00e0 la vie des math\u00e9maticiens. Nos exp\u00e9riences en quelque sorte se font dans nos \u00e9changes d&rsquo;id\u00e9es lors de rencontres. On peut y tester l&rsquo;int\u00e9r\u00eat d&rsquo;un projet, la solidit\u00e9 d&rsquo;une hypoth\u00e8se ou l&rsquo;avenir d&rsquo;un \u00e9tudiant.<\/p>\n\n\n\n<p>Les autres th\u00e9s tr\u00e8s r\u00e9guliers que j&rsquo;ai connu sont ceux de l&rsquo;IHP lors des trimestres recherche ou des colloques, et celui de Paris 6 qui pr\u00e9c\u00e8de toujours le colloquium mensuel du jeudi apr\u00e8s-midi. Ce dernier est maintenant am\u00e9lior\u00e9 \u00e0 l\u2019IMJ-PRG de petits fours de traiteur pour attirer les foules ! Bien s\u00fbr si on parle toujours du th\u00e9, il y aussi du caf\u00e9 et des jus de fruits. Mais \u00ab Le Th\u00e9 \u00bb est le terme officiel !<\/p>\n\n\n\n<p>A l&rsquo;Institut Newton \u00e0 Cambridge cela rev\u00eat une importance toute particuli\u00e8re. Surtout si l&rsquo;on a en t\u00eate le mauvais diner universitaire qui nous attend tr\u00e8s t\u00f4t dans le coll\u00e8ge anglais o\u00f9 l&rsquo;on est log\u00e9. Se gaver de cookies devient un mode de survie\u2026 Et \u00e9trangement l\u00e0-bas il y a m\u00eame des tableaux dans les toilettes, pour des besoins de partager des id\u00e9es sans d\u00e9lai ?<\/p>\n\n\n\n<p>Un souvenir de th\u00e9 qui m&rsquo;est commun avec Fran\u00e7oise Delon est celui o\u00f9 se rendait Krasner dont nous suivions \u00e0 l\u2019IHP le cours sur les valuations. Il quittait la salle pour aller au Th\u00e9 et revenait dans un d\u00e9lai assez ind\u00e9termin\u00e9 et souvent tr\u00e8s long, trop long m\u00eame et j\u2019ai fini par abandonner de suivre ses cours.<\/p>\n\n\n\n<p>Bien \u00e9videmment les pauses caf\u00e9 lors des colloques tiennent le m\u00eame r\u00f4le mais c&rsquo;est moins efficace car trop concern\u00e9 par les derniers expos\u00e9s auxquels on a assist\u00e9. Ce qui alors joue le m\u00eame r\u00f4le que les th\u00e9s ce sont les petits d\u00e9jeuner apr\u00e8s le travail nocturne du cerveau, et les bi\u00e8res ou les verres de vin du soir o\u00f9 l&rsquo;alcool d\u00e9sinhibe un peu et permet de lancer des pistes audacieuses.<\/p>\n\n\n\n<p><\/p>\n\n\n\n<p><strong>PREMI\u00c8RES MISSIONS \u00c0 L\u2019\u00c9TRANGER<\/strong><\/p>\n\n\n\n<p>En 1973 j\u2019ai \u00e9t\u00e9 invit\u00e9e \u00e0 passer un mois \u00e0 Queen\u2019s University \u00e0 Kingston en Ontario au Canada. C\u2019\u00e9tait pour travailler avec Paulo Ribenboim.<br>Nous avions un article en cours o\u00f9 je lui avais montr\u00e9 l\u2019usage possible de la Th\u00e9orie des Mod\u00e8les et en juillet 1973 nous avons initi\u00e9 un autre papier.<br>Les deux articles sont parus au Bulletin des Sciences Math\u00e9matiques en 1974.<br>Le second papier est r\u00e9apparu \u00e0 ma grande surprise dans un expos\u00e9 de Konrad Schmuedgen en 2006 dans un congr\u00e8s sur \u00ab Positive Polynomials \u00bb \u00e0 Banff (Canada).<br>Il a \u00e9t\u00e9 utilis\u00e9 et cit\u00e9 assez souvent apr\u00e8s cela. Chris Miller avait ensuite lors de ce congr\u00e8s donn\u00e9 une autre d\u00e9monstration, effective celle-l\u00e0, de notre r\u00e9sultat.<br>La recherche fondamentale a besoin du temps long pour progresser et \u00e9ventuellement avoir des applications.<br>Queen\u2019s University a \u00e9t\u00e9 mon plus long s\u00e9jour dans une universit\u00e9 \u00e9trang\u00e8re. Pourtant c\u2019est tr\u00e8s favorable pour travailler en recherche. Mais apr\u00e8s cela j\u2019avais un puis plusieurs enfants, et cela devenait difficile de s\u2019\u00e9loigner plus de 10-12 jours.<\/p>\n\n\n\n<p>A Kingston j\u2019\u00e9tais log\u00e9e \u00e0 la \u00ab Student Union \u00bb et j&rsquo;ai d\u00e9couvert la vie sur un campus d\u2019Am\u00e9rique du Nord. Depuis la boisson de packs de 50cl de lait aux d\u00e9jeuners \u00e0 la soulerie \u00e0 la bi\u00e8re des \u00e9tudiants le soir o\u00f9 ils alignaient les bouteilles.<br>J\u2019ai aussi profit\u00e9 des installations sportives. C\u2019est extraordinaire d\u2019arriver avec juste un cadenas pour demander mat\u00e9riel et serviette, se changer, faire du sport, se doucher et repartir pr\u00eate \u00e0 travailler en biblioth\u00e8que. Un jour j\u2019ai un peu parl\u00e9 avec la personne de l\u2019accueil du sport et elle a d\u00e9couvert que j\u2019\u00e9tais \u00ab fran\u00e7aise de France \u00bb ! Cela m\u2019\u00e9tait visiblement tr\u00e8s favorable !<\/p>\n\n\n\n<p>En semaine j\u2019ai parfois eu un v\u00e9lo pr\u00eat\u00e9 par un membre du d\u00e9partement de math\u00e9matiques. J\u2019ai support\u00e9 des moustiques que les moustiquaires n\u2019arr\u00eataient pas et parfois des orages dont un jour o\u00f9 j\u2019ai m\u00eame senti le champ \u00e9lectrique de la foudre qui a fait se dresser mes longs poils fins sur les bras, depuis je me m\u00e9fie.<\/p>\n\n\n\n<p>Aux week-ends je louais une voiture et j\u2019allais visiter Toronto, Qu\u00e9bec, Ottawa, et j\u2019ai m\u00eame fait une excursion aux USA.<br>Pour les USA vers les Thousand Islands, j\u2019avais une Ford galaxy immense, je portais une robe short, presque un maillot de bain, j\u2019\u00e9tais sans bagage avec juste un passeport et quelques dollars canadiens !<br>J\u2019\u00e9tais na\u00efve \u00e0 l\u2019\u00e9poque, et je me suis demand\u00e9e pourquoi \u00e0 la fronti\u00e8re on m\u2019interrogeait si longuement \u2026 mais je suis entr\u00e9e aux USA et revenue sans probl\u00e8me finalement.<\/p>\n\n\n\n<p>Quand je suis all\u00e9e pour deux jours \u00e0 Qu\u00e9bec je n\u2019avais rien r\u00e9serv\u00e9. Encore une inconscience ! L\u2019office du tourisme m\u2019a finalement indiqu\u00e9 une auberge de jeunesse en banlieue. J\u2019ai gar\u00e9 ma voiture un peu plus loin et suis arriv\u00e9e avec mon mini bagage. J\u2019ai pay\u00e9 50 cents pour un matelas de mousse dans une chambre commune et un petit d\u00e9jeuner.<br>J\u2019avais failli tricher sur mon \u00e2ge en remplissant le cahier, j\u2019avais 27 ans et tous les autres \u00e2ges \u00e9taient moins de 20.<br>Le matin il y avait la queue dans l\u2019escalier pour les toilettes. J\u2019ai craqu\u00e9, repris ma voiture et je suis all\u00e9e petit-d\u00e9jeuner et me laver dans les toilettes d\u2019un de ces tr\u00e8s grands h\u00f4tels au charme d\u00e9suet dont le Canada a le secret.<\/p>\n\n\n\n<p>Quand je suis all\u00e9e vers Ottawa je suis revenue en fl\u00e2nant vers les lacs et les for\u00eats. J\u2019ai cru que j\u2019allais y passer la nuit. Une voiture automatique cela descend bien un chemin de gravillons mais quand il faut remonter c\u2019est une autre histoire.<br>J\u2019ai finalement recul\u00e9 le long du lac, pris de l\u2019\u00e9lan pour que la voiture passe en seconde et je me suis sortie du pi\u00e8ge.<br>Il y avait probablement une mani\u00e8re de shunter la boite automatique mais on ne connait pas tout sur une voiture lou\u00e9e\u2026<\/p>\n\n\n\n<p>En fait j\u2019\u00e9tais partie deux mois avec comme \u00e0 mon habitude juste un bagage cabine. En juin avec Claude nous avions fait un superbe voyage au Mexique et ensuite j\u2019allais 5 semaines au Canada.<br>A Mexico nous avions aussi vu Paulo Ribenboim et j\u2019ai ador\u00e9 le b\u00e2timent de la biblioth\u00e8que de l&rsquo;Universit\u00e9. Nous avons emmen\u00e9 Paulo \u00e0 Teotihuacan et je dois avoir quelque part une photo de lui ravi en haut d\u2019une pyramide. Au retour j\u2019ai eu tr\u00e8s peur, Claude conduisait et \u00e0 un moment il n\u2019a pas r\u00e9alis\u00e9 que nous n\u2019\u00e9tions plus sur une voie d\u2019autoroute mais sur une route \u00e0 deux voies normales. Je lui ai fait part de cette remarque, il a pali mais nous n\u2019avons pas eu d\u2019accident.<\/p>\n\n\n\n<p>Il faut dire que Claude \u00e9tait fatigu\u00e9 par notre voyage. Il avait tellement maigri qu\u2019il avait achet\u00e9 une belle ceinture en tortue ! Et il a fini par me laisser dans le quartier \u00ab rose \u00bb pour aller faire du stand bye aupr\u00e8s d\u2019Air France et rentrer plus t\u00f4t.<br>Pour m\u2019occuper je suis alors all\u00e9e rendre visite \u00e0 Monsieur et Madame Brille, mes professeurs de math\u00e9matiques de Math Sup \u00e0 Janson et d\u2019espagnol du Lyc\u00e9e de Saint Cloud, car ils habitaient en vacances leur hacienda en grande banlieue de Mexico.<br>J\u2019ai pris un taxi et j\u2019ai laiss\u00e9 voir que je parlais un peu espagnol. Alors le chauffeur a commenc\u00e9 \u00e0 me demander si les petites fran\u00e7aises c\u2019\u00e9tait comme dans les films \u2026<br>J\u2019ai \u00e9t\u00e9 un peu inqui\u00e8te, mais je ne l\u2019ai pas montr\u00e9, j\u2019ai plut\u00f4t plaisant\u00e9 et je suis arriv\u00e9e \u00e0 bon port\u2026<\/p>\n\n\n\n<p><\/p>\n\n\n\n<p><strong>SUR LA GEN\u00c8SE DES TH\u00c8OR\u00c8MES<\/strong><\/p>\n\n\n\n<p>C&rsquo;est un ph\u00e9nom\u00e8ne assez myst\u00e9rieux o\u00f9 le subconscient joue certainement un grand r\u00f4le. Le moment o\u00f9 l&rsquo;on tient la clef de ce qu&rsquo;on pense \u00eatre un nouveau r\u00e9sultat est assez magique, c&rsquo;est un moment de grande joie.<br>Il a \u00e9t\u00e9 tr\u00e8s bien \u00e9voqu\u00e9 par Laurent Schwartz dans sa conf\u00e9rence de cl\u00f4ture du Congr\u00e8s Math\u00e9matique Junior.<br>Cela peut se passer n&rsquo;importe o\u00f9, et n&rsquo;importe quand, mais il y faut certainement beaucoup de travail pr\u00e9alable et aussi avoir d\u00e9velopp\u00e9 un grand int\u00e9r\u00eat pour un sujet qui m\u00fbrit tout seul dans son esprit.<br>Cela arrive comme une \u00e9vidence qui nous \u00e9tonne, car comment ne pas l&rsquo;avoir vue auparavant ? Mais en r\u00e9alit\u00e9 il y a eu un travail intellectuel inconscient et long qui a permis cette d\u00e9couverte.<\/p>\n\n\n\n<p>Je me souviens de ma premi\u00e8re trouvaille inattendue ; c&rsquo;\u00e9tait dans une couchette seconde en direction de Grenoble et du ski.<br>Cela a donn\u00e9 une extension du 17\u00e8me probl\u00e8me de Hilbert pour des corps admettant plusieurs ordres et une petite note aux Comptes Rendus de l&rsquo;Acad\u00e9mie des Sciences (CRAS Tome 278, 20\/08\/1973).<\/p>\n\n\n\n<p>En 1981 a germ\u00e9 pendant une conf\u00e9rence \u00e0 San Francisco l&rsquo;id\u00e9e d&rsquo;un 17\u00e8me probl\u00e8me de Hilbert au niveau sup\u00e9rieur, c\u2019est-\u00e0-dire pour des puissances sup\u00e9rieures. J\u2019avais alors parl\u00e9 durant le congr\u00e8s de ce projet \u00e0 Paulo Ribenboim qui m\u2019avait encourag\u00e9e mais aussi dit qu\u2019il y avait beaucoup de travail pour arriver \u00e0 cela ; en particulier \u00e9tudier en d\u00e9tail la th\u00e9orie des ordres de niveau sup\u00e9rieur et faire une Th\u00e9orie des Mod\u00e8les pour des corps munis de tels ordres. Cela donnera apr\u00e8s de nombreux travaux un tr\u00e8s bel article en 1994 au Journal de Crelle (450, 139-157) \u00e9crit en collaboration avec E. Becker, R. Berr et F. Delon.<\/p>\n\n\n\n<p>Je me souviens d&rsquo;une autre fois en 1984, c&rsquo;\u00e9tait environ un an apr\u00e8s la naissance de mon second fils Vincent, \u00e9puis\u00e9e j&rsquo;\u00e9tais partie me reposer \u00e0 Antibes dans l&rsquo;appartement r\u00e9cemment achet\u00e9 par mon p\u00e8re et ma belle-m\u00e8re. Cela avait commenc\u00e9 par une grosse d\u00e9charge d&rsquo;adr\u00e9naline quand l&rsquo;ascenseur n&rsquo;avait pas d\u00e9marr\u00e9 et que tout s&rsquo;\u00e9tait \u00e9teint dans un immeuble encore presque inoccup\u00e9. J&rsquo;avais r\u00e9ussi \u00e0 glisser des doigts et \u00e0 ouvrir la porte en prenant force sur une jambe appuy\u00e9e sur la paroi. Ouf !\u2026<br>Je devais ensuite rendre visite \u00e0 un oncle hospitalis\u00e9 \u00e0 Cannes, j&rsquo;ai commenc\u00e9 par me promener sur le port o\u00f9 une r\u00e9plique neuve d&rsquo;un ancien grand voilier attirait l&rsquo;attention ; un homme a engag\u00e9 la conversation en anglais, c&rsquo;\u00e9tait Hussein de Jordanie (\u00ab\u00a0I am King of Jordania\u00a0\u00bb (sic), et pas de doute vu les trois gardes du corps qui ne me quittaient pas des yeux et la belle auto qui l&rsquo;attendait \u2026). Il \u00e9tait intrigu\u00e9 par le bateau et aurait bien voulu m&#8217;embarquer au Palm Beach ! Je l&rsquo;ai quitt\u00e9 sur un \u00ab\u00a0Have a nice day\u00a0\u00bb qui m&rsquo;a mise en joie pour le reste de la journ\u00e9e.<br>Gourmande je suis all\u00e9e acheter des fruits confits pour mon oncle et des cl\u00e9mentines confites pour mon diner. J&rsquo;avais pass\u00e9 une belle journ\u00e9e et le soir sur la plage au coucher du soleil je d\u00e9gustais les cl\u00e9mentines quand l&rsquo;illumination est apparue sans pr\u00e9avis ; le r\u00f4le de certains \u00e9l\u00e9ments des corps selon que leur carr\u00e9 est ou n&rsquo;est pas une somme de puissances quatri\u00e8mes. La belle formule d\u00e9couverte plus tard sur le nombre de composantes connexes d&rsquo;une vari\u00e9t\u00e9 alg\u00e9brique r\u00e9elle lisse et non vide (1995 noy\u00e9e dans un article en anglais, et 2021 plus d\u00e9taill\u00e9e et en fran\u00e7ais) est l&rsquo;une des cons\u00e9quences de cette d\u00e9couverte.<\/p>\n\n\n\n<p>La derni\u00e8re fois dont je me souviens c&rsquo;\u00e9tait en 2020 pendant le confinement en montagne. A la poursuite de valuation fans abstraits depuis longtemps, j&rsquo;ai \u00e9t\u00e9 convaincue dans une balade sur des chemins fleuris que la notion de P-structure \u00e9tait \u00e0 revoir, d&rsquo;o\u00f9 m&rsquo;est venue l&rsquo;id\u00e9e d&rsquo;admissible P-structures \u00bb.<br>Le probl\u00e8me venait du fait que si les ordres sont des fans, et m\u00eame des valuation fans, les fans triviaux \u00e0 deux \u00e9l\u00e9ments semaient le d\u00e9sordre. Il fallait les \u00e9viter, Murray Marshall ne l&rsquo;avait pas fait dans sa d\u00e9finition de P-structure. Ce travail n&rsquo;est pas achev\u00e9 \u00e0 ce jour, j&rsquo;esp\u00e8re trouver un collaborateur int\u00e9ress\u00e9 par mon projet !<\/p>\n\n\n\n<p><\/p>\n\n\n\n<p><strong>ENSEIGNER \u00c0 PARIS VI<\/strong><\/p>\n\n\n\n<p>J\u2019ai \u00e9t\u00e9 nomm\u00e9e \u00e0 Paris VI \u00e0 la rentr\u00e9e 1976. J\u2019habitais encore Brest et mon ain\u00e9 Gabriel n\u00e9 fin juillet 1975 \u00e9tait encore tr\u00e8s petit. Heureusement mes beaux-parents et mes parents \u00e9taient parisiens et m\u2019accueillaient volontiers.<br>En 1978-1979 j\u2019ai habit\u00e9 Amiens et Gabriel est all\u00e9 \u00e0 la maternelle li\u00e9e au d\u00e9p\u00f4t SNCF de Longueau dont Claude \u00e9tait le directeur. Ce qui est assez dr\u00f4le c\u2019est que c\u2019est le poste qu\u2019a occup\u00e9 mon grand-p\u00e8re paternel en fin de carri\u00e8re.<br>Mon p\u00e8re aussi \u00e9tait cheminot apr\u00e8s avoir fait Sup Elec ; il s\u2019est occup\u00e9 en particulier de l&rsquo;\u00e9lectrification Paris-Rouen.<br>Puis ce fut Lille de 1978 \u00e0 1980 et Gabriel est all\u00e9 \u00e0 la maternelle Wycar ; la garderie ouvrait vers 6h le matin et fermait \u00e0 20h ! Claude, patron des ateliers d\u2019Hell\u00e8mes, avait un chauffeur et il pouvait ainsi d\u00e9poser et reprendre Gabriel \u00e0 ces heures matinales et tardives.<br>Je passais ma vie dans les trains, ce qui \u00e9tait en fait plus facile depuis Lille que depuis Amiens car il fallait changer \u00e0 Longueau et les trains \u00e9taient d\u00e9j\u00e0 charg\u00e9s.<br>Depuis Amiens je me souviens avoir parfois travaill\u00e9 assise par terre dans un couloir. Je groupais mes cours sur 2-3 jours mais j\u2019\u00e9tais ext\u00e9nu\u00e9e.<br>Mon enseignement et mon fils consommaient toute mon \u00e9nergie. Je n\u2019ai rien fait en recherche durant ces quatre ann\u00e9es de double domicile.<\/p>\n\n\n\n<p>Je serais bien en peine de d\u00e9crire dans le d\u00e9tail les enseignements que j\u2019ai fait entre 1976 et 2009 ! J\u2019y ai travaill\u00e9 avec beaucoup de professeurs dont Aribaud, Combes, Herv\u00e9, Kr\u00e9e, Marle, Peskine, Pisier, Smyrnelis, Varopoulos, Vauthier et bien d\u2019autres\u2026<br>J\u2019ai commenc\u00e9 par faire des travaux dirig\u00e9s en DEUG seconde ann\u00e9e MP, et en licence ou ma\u00eetrise de math\u00e9matiques, en particulier j\u2019ai enseign\u00e9 plusieurs fois Topologie et Fonctions de variable complexe.<br>En 1979-1981 j\u2019ai assur\u00e9 le certificat de Topologie par correspondance. C\u2019\u00e9tait beaucoup plus de travail qu\u2019un enseignement en pr\u00e9sentiel.<br>Puis j&rsquo;ai fait en 1992-2008 des cours magistraux en amphi en DEUG SCM 1\u00e8re ann\u00e9e, et ensuite en L1 modules LM 120 et 125.<br>A partir de 2004 j\u2019ai aussi travaill\u00e9 pour la formation continue dans un DIU dont je parlerai ailleurs.<\/p>\n\n\n\n<p>Quand j\u2019enseignais en premi\u00e8re ann\u00e9e, j\u2019avais l\u2019habitude de pr\u00e9senter plusieurs d\u00e9monstrations d\u2019un th\u00e9or\u00e8me ou plusieurs solutions pour un exercice.<br>In\u00e9vitablement ces \u00e9tudiants sortant de l\u2019enseignement secondaire demandaient \u00ab Quelle est la meilleure ? \u00ab<br>Syst\u00e9matiquement je leur disais que la meilleure \u00e9tait celle qu\u2019ils pr\u00e9f\u00e9raient\u2026 J\u2019essayais de casser la rigidit\u00e9 de l\u2019enseignement secondaire.<br>Dans des ann\u00e9es ult\u00e9rieures une de mes habitudes pour montrer la vivacit\u00e9 de la recherche en math\u00e9matiques \u00e9tait de leur faire une r\u00e8gle de 3.<br>Il y a en France (resp. dans le monde) environ 4 000 (resp. environ 40 000) chercheurs en math\u00e9matiques. En moyenne un math\u00e9maticien publie un article par an, c\u2019est \u00e9videmment tr\u00e8s variable, certains publient beaucoup plus, d\u2019autres beaucoup moins.<br>Dans un article publi\u00e9 dans une revue scientifique internationale il y a au moins un th\u00e9or\u00e8me profond. Un rapide calcul montre qu\u2019en France il s\u2019invente plus d&rsquo;une dizaine de bons th\u00e9or\u00e8mes par jour, jours f\u00e9ri\u00e9s inclus !<br>Apr\u00e8s les choses se compliquaient, ils voulaient un exemple de th\u00e9or\u00e8me et je leur parlerai parfois de mon article sur les Corps de Rolle.<br>Cet article pr\u00e9sente une axiomatisation des corps pour lesquels la propri\u00e9t\u00e9 bien connue de Rolle est vraie pour les polyn\u00f4mes.<br>Publi\u00e9 en fran\u00e7ais en 1989 \u00e0 Manuscripta Mathematica il est relativement peu connu, c\u2019est pourtant, esth\u00e9tiquement parlant, un tr\u00e8s beau r\u00e9sultat.<\/p>\n\n\n\n<p>Quand je suis arriv\u00e9e \u00e0 Paris une des premi\u00e8res choses qui m\u2019a frapp\u00e9e a \u00e9t\u00e9 le nombre d\u2019\u00e9tudiants d\u2019origine \u00e9trang\u00e8re. Nous sommes terre d\u2019accueil pour les \u00e9tudiants aussi. C\u2019\u00e9tait int\u00e9ressant de d\u00e9couvrir comment une civilisation et une \u00e9ducation \u00e9trang\u00e8re mod\u00e8lent diff\u00e9remment les individus.<br>Les \u00e9tudiants africains des ann\u00e9es 1980 \u00e9taient de culture tr\u00e8s orale, plut\u00f4t litt\u00e9raire ou juridique, ils parlaient beaucoup mais parfois sans justifier leurs affirmations.<br>Pas mal d\u2019ann\u00e9es apr\u00e8s cela avait beaucoup \u00e9volu\u00e9, tr\u00e8s certainement gr\u00e2ce aux collaborations internationales et aux programmes d\u2019\u00e9ducation mis en place par l&rsquo;UNESCO en Afrique.<br>Il y avait aussi des \u00e9tudiants hommes qui supportaient tr\u00e8s mal d\u2019avoir un professeur femme. C\u2019\u00e9tait tr\u00e8s nouveau pour moi, rien de pareil \u00e0 Brest !<br>Parfois certains venaient me voir en fin de cours sous pr\u00e9texte de poser des questions, mais en fait histoire de tenter de reprendre une certaine autorit\u00e9 !<br>J\u2019ai eu aussi des \u00e9l\u00e8ves de l\u2019ENS Fontenay, ce n\u2019\u00e9taient pas les plus agr\u00e9ables. Ils se pensaient tr\u00e8s forts, travaillaient un minimum et s\u00e9chaient souvent.<br>Par contre j\u2019ai beaucoup appr\u00e9ci\u00e9 les \u00e9tudiants de la section F dont je reparlerai plus tard. Ils \u00e9taient motiv\u00e9s, courageux au point de venir en cours de loin en skate ou en rollers quand il y avait gr\u00e8ve de transports.<br>Ces \u00e9tudiants \u00e9taient respectueux de leurs professeurs et reconnaissants de ce que nous essayions de faire pour les faire r\u00e9ussir.<\/p>\n\n\n\n<p>Quelques \u00e9tudiants particuliers sont rest\u00e9s dans mes souvenirs.<br>J\u2019ai eu un couple qui s\u2019\u00e9tait form\u00e9 en premi\u00e8re ann\u00e9e et qui \u00e9tait attachant. Ils habitaient le 5\u00e8me, je les croisais parfois et longtemps apr\u00e8s ils pouvaient s\u2019arr\u00eater pour me donner des nouvelles. Je crois que dans leurs d\u00e9buts la vie n\u2019\u00e9tait pas facile, je me souviens les avoir vu regarder l\u2019\u00e9talage de g\u00e2teaux place Contrescarpe et repartir sagement sans rien. Plus tard j\u2019ai appris que lui \u00e9tait en th\u00e8se.<br>Une autre ann\u00e9e j\u2019ai eu d\u2019autres personnalit\u00e9s remarquables.<br>Je me souviens d\u2019un monsieur \u00e2g\u00e9 qui \u00e9tait Ing\u00e9nieur des Mines et voulait se remettre \u00e0 niveau pour faire des math\u00e9matiques en retraite. Ce qui est dr\u00f4le c\u2019est que cette pr\u00e9sence a fait un peu \u00e9voluer mon langage durant les cours, il est devenu plus \u00e9l\u00e9gant, plus ch\u00e2ti\u00e9.<br>J\u2019ai eu aussi en cours une \u00e9tudiante qui \u00e9tait absolument magnifique, elle aurait pu faire la couverture de Vogue. Elle croquait des pommes vertes \u00e0 la pause\u2026<br>Elle travaillait bien mais un jour elle est revenue en cours avec un tr\u00e8s gros diamant \u00e0 la main gauche. Et elle a fini par dispara\u00eetre, mari\u00e9e sans doute. Quel dommage !<br>Je me rappelle aussi d\u2019un \u00e9tudiant qui avait un look de marin breton avec de longs cheveux blonds et qui habitait Etampes. Il travaillait bien, ne s\u00e9chait jamais et a tr\u00e8s bien r\u00e9ussi ses examens.<\/p>\n\n\n\n<p>A l\u2019\u00e9poque de la r\u00e9forme \u00ab Devaquet \u00bb j\u2019ai eu un vendredi matin la visite d\u2019un comit\u00e9 de gr\u00e8ve. Je leur avais donn\u00e9 10-15 mn pour s\u2019exprimer.<br>A un moment un \u00e9l\u00e8ve les a interrompus \u00ab Moi je n\u2019ai pas de probl\u00e8me, je suis bon, je travaille et j\u2019ai de l\u2019argent \u00bb ; que faire, que dire ? Rien et les laisser \u00e9changer\u2026<br>Au bout de 20-25 mn j\u2019ai propos\u00e9 que ceux qui voulaient continuer \u00e0 discuter aillent le faire dans le couloir et que ceux qui voulaient travailler restent en salle.<br>Aucun \u00e9tudiant n\u2019est sorti \u00e0 part le comit\u00e9 de gr\u00e8ve. D\u2019une certaine mani\u00e8re c\u2019\u00e9tait \u00e9logieux pour mon travail. Mais cela m\u2019a cout\u00e9 cher : le lundi mon bureau avait \u00e9t\u00e9 mis \u00e0 sac et les papiers macul\u00e9s de coca, caf\u00e9 ou autre. C\u2019est assez traumatisant ce viol de son espace de travail.<br>Plus tard j\u2019ai crois\u00e9 dans Jussieu l\u2019\u00e9tudiant qui avait fait la d\u00e9claration fracassante ci-dessus et \u2026 il \u00e9tait en uniforme d\u2019EOR, encore une audace provocante. C&rsquo;est le seul uniforme militaire crois\u00e9 en 50 ans \u00e0 Jussieu !<\/p>\n\n\n\n<p>Un autre \u00e9tudiant m\u00e9rite un paragraphe sp\u00e9cial. Constantin R. Il arrivait syst\u00e9matiquement avec 5-10mn de retard, mais il \u00e9tait beau comme un dieu et je l\u2019imaginais ayant pass\u00e9 la nuit en smoking blanc\u2026<br>Il travaillait bien, posait des questions intelligentes et ne laissait jamais passer quelque chose qu\u2019il n\u2019aurait pas compris. Ce devait \u00eatre en 1984 j\u2019attendais mon second fils Vincent dissimul\u00e9 sous des pulls un peu larges.<br>Deux ans plus tard je crois, il a fait irruption dans mon bureau. Il m\u2019a expliqu\u00e9 qu\u2019il avait s\u00e9ch\u00e9 tous les cours et qu\u2019il avait besoin de cours particuliers. Ce n\u2019\u00e9tait pas mon habitude d\u2019en donner mais je savais l\u2019\u00e9tudiant intelligent et que lui apprendre des math\u00e9matiques serait un plaisir. J\u2019ai donc accept\u00e9 !<br>J\u2019ai ainsi appris que c\u2019\u00e9tait le fils de l\u2019ambassadeur de Gr\u00e8ce (le smoking blanc n\u2019\u00e9tait pas loin), et que sa m\u00e8re \u00e9tait chercheur en physique au CNRS (l\u2019esprit scientifique venait de l\u00e0). Je lui ai donn\u00e9 beaucoup de cours, je ne les ai pas tous fait payer, car nous \u00e9tions devenus presque des amis, ou plut\u00f4t un peu comme une m\u00e8re et un fils sans avoir de diff\u00e9rend. Cela m\u2019a valu un beau cadeau : un grand et beau ch\u00e2le en lin de chez Dior.<br>Nous avons aussi parfois jou\u00e9 au tennis au Luxembourg o\u00f9 il avait un cr\u00e9neau, et au tennis club des cheminots o\u00f9 j\u2019avais mes entr\u00e9es par Claude. Il circulait dans une BMW \u00e0 plaque verte et conduisait un peu follement. Je me souviens sur un quai rive droite du 16e l\u2019avoir vu prendre la voie de bus \u00e0 contresens en franchissant la s\u00e9paration !<br>Nous avons aussi beaucoup bavard\u00e9 et beaucoup fl\u00e2n\u00e9 dans Paris. Il m\u2019a fait conna\u00eetre l\u2019existence de l&rsquo;Institut Arthur Vernes o\u00f9 il allait se faire examiner suite \u00e0 quelques-unes de ses frasques \u2026 J\u2019ai aussi d\u00e9couvert gr\u00e2ce \u00e0 lui le superbe magasin \u00ab\u00a0Il bisonte\u00a0\u00bb rue du cherche midi. J\u2019y ai achet\u00e9 plus tard un sac dont la fid\u00e9lit\u00e9 est telle qu\u2019il m\u2019accompagne encore aujourd\u2019hui plus de 25 ans apr\u00e8s.<br>Mais, il y avait aussi un mais, j&rsquo;avais donn\u00e9 mon num\u00e9ro de t\u00e9l\u00e9phone et il m\u2019appelait souvent et trop longuement. \u00ab\u00a0C\u2019est Constantin \u00bb me disait mon fils Gabriel d\u2019un air r\u00e9sign\u00e9 apr\u00e8s avoir d\u00e9croch\u00e9 \u2026<br>Apr\u00e8s cela je n\u2019ai plus jamais donn\u00e9 que des adresses e-mails dont les \u00e9tudiants n\u2019abusent pas !<\/p>\n\n\n\n<p><\/p>\n\n\n\n<p><strong>MATHS, METS ET VINS<\/strong><\/p>\n\n\n\n<p>Les math\u00e9maticiens sont souvent gourmands et gourmets. Lors de<br>l\u2019organisation de colloques il convient de veiller \u00e0 la qualit\u00e9 du<br>\u00ab\u00a0social dinner\u00a0\u00bb comme on dit ! J\u2019ai quelques beaux souvenirs.<\/p>\n\n\n\n<p>A San Francisco le guacamole de l\u2019Universit\u00e9 de Berkeley pour un<br>cocktail de l&rsquo;ICM 1986 est un souvenir tr\u00e8s gouteux.<br>Toujours \u00e0 Berkeley, mais au MSRI cette fois, les donuts de la pause<br>du lundi matin apport\u00e9s par une femme de l\u2019administration, sont carr\u00e9ment<br>fantastiques !<br>Et toujours \u00e0 Berkeley je me souviens d&rsquo;un diner tout \u00ab garlic \u00bb, m\u00eame<br>la glace au dessert, avec Max Dickmann le soir d\u2019une arriv\u00e9e sur<br>place. En fin de diner mes yeux se fermaient mais se coucher tard est le meilleur moyen de se mettre \u00e0 l\u2019heure locale !<br>Un jour je fus diner dans un restaurant r\u00e9put\u00e9 de Berkeley avec un<br>groupe de RAAG (Real Algebraic and Analytic Geometry) ; je me souviens<br>que Tomas Recio voulait commander un vin espagnol Rioja. J\u2019ai protest\u00e9<br>et j\u2019ai \u00e9t\u00e9 soutenue, alors nous avons pu boire un Zifandel parfait !<\/p>\n\n\n\n<p>Dans les diners m\u00e9morables il y a aussi celui de l&rsquo;ICM 2002 \u00e0 la maison<br>du peuple place Tiannamen : 3000 convives dans une seule salle pour un<br>diner chinois servi par une arm\u00e9e de serveurs impeccables dans leurs<br>uniformes. La collection des quelques 80 bus qui nous attendaient<br>devant n\u2019occupaient quasi pas d\u2019espace sur Tiannamen immense.<br>Mais en fait le meilleur diner fut la fondue chinoise d\u00e9couverte dans<br>un restaurant tr\u00e8s simple au milieu des Hutongs o\u00f9, avec Daniel Lascar,<br>sa femme et ma fille Alice, nous nous \u00e9tions perdus et avions faim !<br>Apr\u00e8s le diner un jeune \u00e9tudiant parlant anglais nous a aid\u00e9s \u00e0 sortir<br>des Hutongs. Et pour lui Paris c&rsquo;\u00e9tait le film d&rsquo;Am\u00e9lie Poulain !<br>A part cela avec Alice, le soir o\u00f9 nous avions une soir\u00e9e pr\u00e9vue par l\u2019ICM \u00e0<br>l&rsquo;Op\u00e9ra de P\u00e9kin nous sommes all\u00e9es d\u00e9guster un canard laqu\u00e9 dans le<br>restaurant r\u00e9put\u00e9 pour ce plat, et avant de reprendre le m\u00e9tro pour aller \u00e0<br>l&rsquo;Op\u00e9ra nous nous sommes chang\u00e9es dans les toilettes du restaurant !<\/p>\n\n\n\n<p>Au Chili \u00e0 Talca ce fut un cocktail \u00e0 l\u2019Universit\u00e9 avec le meilleur<br>Pisco jamais bu. De ce premier voyage au Chili en d\u00e9cembre 2002 j\u2019ai<br>rapport\u00e9 deux bouteilles de vin rouge extra (pour les r\u00e9veillons),<br>achet\u00e9es chez un analogue local de Lavinia ou Fauchon, et 3 kilos de<br>cerises achet\u00e9es au Mercado Central de Santiago. Tout cela a \u00e9t\u00e9 plus<br>appr\u00e9ci\u00e9 que mes puddings Fortnum et Mason rapport\u00e9s de Londres !<\/p>\n\n\n\n<p>Au Br\u00e9sil mon premier diner \u00ab Rodizio \u00bb, m\u00e9morable, fut \u00e0 Campinas en 2004 lors d\u2019une \u00e9cole d\u2019Alg\u00e8bre. Oh la bosse du bison quand elle est de qualit\u00e9 et juste<br>bien cuite, c\u2019est vraiment un r\u00e9gal. !<br>Par contre cot\u00e9 vins au Br\u00e9sil, il faut oublier le vin local. Je me<br>souviens d\u2019une exp\u00e9rience avec Ido Efrat, nous n\u2019avons pas r\u00e9ussi \u00e0 le<br>boire \u2026 Mais heureusement le Malbek argentin et le Carmenere chilien<br>ne sont pas loin pour l&rsquo;importation.<\/p>\n\n\n\n<p>Au Costa Rica en 2004, notre diner de colloque fut dans une plantation<br>de caf\u00e9. J&rsquo;ai oubli\u00e9 le menu mais ils nous ont servi un caf\u00e9 inou\u00ef sur<br>des tr\u00e9pieds \u00e0 chaussette individuels (cela se nomme \u00ab\u00a0Chorreador de<br>cafe\u00a0\u00bb). S\u00e9duite j&rsquo;ai achet\u00e9 sur place un tr\u00e9pied et tous les matins<br>que je passe \u00e0 l&rsquo;Alpe d&rsquo;Huez (une bonne centaine par an) je fais mon caf\u00e9<br>avec mon chorreador et je renouvelle les chaussettes en les achetant<br>chez Mariage Fr\u00e8res au Bon March\u00e9\u2026<\/p>\n\n\n\n<p>Il y a parfois de moins bons souvenirs gustatifs ; en 2009 \u00e0 Bedlevo en Pologne<br>nous avons eu choux, pommes de terre et saucisses pendant une semaine !<br>Mais le soir du diner social, \u00e0 peine am\u00e9lior\u00e9, il y a eu un concert improvis\u00e9,<br>Martin Ziegler sur un vieux piano a accompagn\u00e9 Katrin Tent qui<br>chantait des lieders. Un \u00e9tudiant tenait un halog\u00e8ne inclin\u00e9 pour<br>\u00e9clairer la partition. Ce fut un moment magique qui a tr\u00e8s largement<br>rattrap\u00e9 les repas insipides.<\/p>\n\n\n\n<p>En 2011 un colloque de logique se tint \u00e0 Koc University pr\u00e9s d&rsquo;Istanbul.<br>La soir\u00e9e festive fut un barbecue sur le pont d&rsquo;un bateau privatis\u00e9 qui a<br>descendu le Bosphore de jour et l&rsquo;a remont\u00e9 de nuit. C&rsquo;\u00e9tait la fin<br>du ramadan, sur de nombreux bateaux et dans les restaurants des rives<br>c&rsquo;\u00e9tait la f\u00eate. Je me souviens qu&rsquo;avec Zo\u00e9 Chatzidakis nous avons<br>m\u00eame fini par esquisser quelques pas de danse ! Au week-end suivant je suis rest\u00e9e \u00e0 Istanbul et avec Katrin Tent et son mari nous f\u00fbmes diner en terrasse avec un spectacle de musique et danse de derviches tourneurs.<\/p>\n\n\n\n<p>Une r\u00e9union O-minimalit\u00e9 se tient \u00e0 Lisbonne en Juillet 2013 \u00e0 l&rsquo;\u00e9poque des \u00ab\u00a0Caracoles\u00a0\u00bb, de petits escargots d\u00e9licieux servis partout.<br>Avec Max Dickmann nous travaillons \u00e0 notre projet de Colloque<br>au CIRM pour 2015 en d\u00e9gustant ces petites b\u00eates avec cerveza ou vino<br>verde ! La vie est belle et Lisbonne aussi \u2026<\/p>\n\n\n\n<p><\/p>\n\n\n\n<p><strong>ENSEMBLE(S)<\/strong><\/p>\n\n\n\n<p>\u00catre femme dans un milieu essentiellement masculin peut \u00eatre parfois compliqu\u00e9 \u2026<br>Un brillant professeur de Paris VI est b\u00eatement tomb\u00e9 amoureux de moi, il ira jusqu&rsquo;\u00e0 me dire qu&rsquo;il l&rsquo;est depuis l&rsquo;ICM 1978 \u00e0 Helsinki o\u00f9 je ne me souviens m\u00eame pas l&rsquo;avoir crois\u00e9 \u2026 Ce dont je me souviens pour Helsinki c&rsquo;est d&rsquo;avoir exp\u00e9riment\u00e9 la m\u00e9decine finlandaise pour une laryngite attrap\u00e9e \u00e0 force de nuits trop courtes en ao\u00fbt. L&rsquo;abaisse langue pass\u00e9 \u00e0 la flamme m&rsquo;a rappel\u00e9 mon \u00e9cole primaire, et je suis all\u00e9e 3 fois \u00e0 la pharmacie \u00e0 cause du temps n\u00e9cessaire au comptage des pilules d&rsquo;antibiotiques !<\/p>\n\n\n\n<p>Donc ce brillant math\u00e9maticien a postul\u00e9 et obtenu un poste \u00e0 Paris 6. Pas m\u00e9fiante j&rsquo;ai commenc\u00e9 par bavarder avec lui de math\u00e9matiques et de montagne, et j&rsquo;ai m\u00eame parfois d\u00e9jeun\u00e9 avec lui. Pour moi c&rsquo;\u00e9tait juste un coll\u00e8gue intelligent, mais lui y voyait une mani\u00e8re de m&rsquo;approcher.<br>Il a commenc\u00e9 \u00e0 d\u00e9barquer dans mon bureau sous des pr\u00e9textes vari\u00e9s. J&rsquo;ai vite compris que si mon t\u00e9l\u00e9phone sonnait et qu&rsquo;il n&rsquo;y avait personne au bout du fil il fallait que je me pr\u00e9cipite pour fermer mon verrou.<\/p>\n\n\n\n<p>Cela amusait beaucoup Thierry Coulhon et Th\u00e9r\u00e8se Merlier avec lesquels je partageais mon bureau et auxquels je racontais mes probl\u00e8mes de harc\u00e8lement.<br>Un jour les choses se sont termin\u00e9es chez Anne Durrande qui g\u00e9rait l&rsquo;UFR ; j&rsquo;avais choisi mon enseignement et mes horaires et il \u00e9tait intervenu pour que je travaille dans sa section. J&rsquo;ai violemment protest\u00e9 \u00e9videmment, et Anne, qui avait bien compris, m&rsquo;a laiss\u00e9 mon choix d&rsquo;enseignement initial.<\/p>\n\n\n\n<p>Inscrite \u00e0 un congr\u00e8s \u00e0 Catane, j&rsquo;ai mon billet pour Palerme et une r\u00e9servation de location de voiture, mais le matin du d\u00e9part mon fils Vincent a plus de 39 de fi\u00e8vre et des maux de t\u00eate, j&rsquo;annule mon d\u00e9part car Claude est d\u00e9j\u00e0 parti \u00e0 son bureau et impossible de laisser l&rsquo;enfant seul. Je fais les d\u00e9marches n\u00e9cessaires aux annulations et le soir je re\u00e7ois un appel anxieux du coll\u00e8gue amoureux. Pourquoi ne suis-je pas arriv\u00e9e \u00e0 Catane ? Je reste polie sans plus, mais comment a-t-il pu trouver mon num\u00e9ro de fixe priv\u00e9 ?<\/p>\n\n\n\n<p>Une autre fois je re\u00e7ois (une fois de plus) un message me proposant de d\u00e9jeuner \u00ab ensembles \u00bb. Je r\u00e9ponds que je ne suis pas libre, et que ensemble ne prend un S qu&rsquo;en math\u00e9matiques.<\/p>\n\n\n\n<p>H\u00e9las cela ne suffit pas. Il m&rsquo;envoie des lettres d\u00e9lirantes qui finissent au panier.<br>Je fais des courses dans le quartier d\u00e9j\u00e0 bien enceinte d&rsquo;Alice, en 1989 donc, et il me suit assidument, impossible d&rsquo;\u00eatre tranquille. Je me retourne lui dit de me laisser en paix et lui allonge une droite (j&rsquo;ai fait tout mon primaire avec des gar\u00e7ons !), puis je me r\u00e9fugie dans un immeuble. Mais rien n&rsquo;y fait le harc\u00e8lement se poursuit \u2026<\/p>\n\n\n\n<p>Jusqu&rsquo;au jour o\u00f9 je vois un papier affich\u00e9 sur sa porte \u00e0 l&rsquo;intention de ses coll\u00e8gues \u00ab\u00a0on d\u00e9jeune ensembles \u00e0 \u2026\u00a0\u00bb, je sors mon stylo et barre visiblement le S. Le papier reste l\u00e0 une bonne semaine, il doit \u00eatre en mission. Et miracle j&rsquo;ai enfin la paix ! Il ne m&rsquo;a plus jamais reparl\u00e9 !<br>Morale : une bonne humiliation est une m\u00e9thode efficace pour se d\u00e9barrasser des hommes qui vous importunent \u2026<\/p>\n\n\n\n<p><\/p>\n\n\n\n<p><strong>MAX DICKMANN<\/strong><\/p>\n\n\n\n<p>Ma fille Alice dit de Max que c&rsquo;est mon meilleur ami ! C&rsquo;\u2019est en tout cas plus qu&rsquo;un coll\u00e8gue. Et c&rsquo;est l&rsquo;un des trois coll\u00e8gues, avec Salma et Murray, qui sont venus \u00e0 la f\u00eate de mariage de mon ain\u00e9 et dans ma maison normande.<br>Parfois je dis en riant que j&rsquo;ai plus voyag\u00e9 avec lui qu&rsquo;avec ma famille.<br>Il serait plus facile de compter les missions \u00e0 l&rsquo;\u00e9tranger dont il n&rsquo;\u00e9tait pas que celles o\u00f9 il venait. C&rsquo;est un excellent compagnon de voyage, curieux d&rsquo;esprit et tr\u00e8s cultiv\u00e9. Il partage son savoir de fa\u00e7on claire, simple et \u00e0 propos.<br>Nous avons aussi en commun un go\u00fbt certain pour la table et aimons partager un bon repas ou d\u00e9couvrir un vin.<\/p>\n\n\n\n<p>Cela fait donc plus de 35 ans que nous travaillons ensemble et ce sans jamais aucun d\u00e9saccord. L&rsquo;organisation du s\u00e9minaire bien s\u00fbr \u00e0 laquelle nous r\u00e9fl\u00e9chissons parfois autour d&rsquo;une bi\u00e8re ou d&rsquo;un verre de vin. Nous travaillons aussi \u00e0 son \u00e9dition annuelle, je rassemble les documents et les organise, et Max v\u00e9rifie les textes.<br>Nous avons aussi collabor\u00e9 longuement pour le trimestre Borel\/IHP en 2005 et pour l&rsquo;organisation du colloque au CIRM des 30 ans du s\u00e9minaire en 2015.<\/p>\n\n\n\n<p>Max Dickmann connait beaucoup de math\u00e9maticiens, mais il y a aussi beaucoup d&rsquo;amis non matheux. Il est naturellement g\u00e9n\u00e9reux et h\u00e9berge souvent des coll\u00e8gues ou amis chez lui. Parfois on lui pr\u00eate des logements ici ou l\u00e0. Je vais relater quelques-uns de mes meilleurs souvenirs en d\u00e9placements professionnels.<\/p>\n\n\n\n<p>Je me souviens d&rsquo;une maison qui lui \u00e9tait pr\u00eat\u00e9e dans la pente de Berkeley avec une superbe terrasse. En remerciement entre deux conf\u00e9rences Max repeignait la balustrade de la terrasse.<br>Il y a organis\u00e9 un diner polyglotte, o\u00f9 nous changions sans arr\u00eat de langue, anglais, fran\u00e7ais, italien, allemand, espagnol. C&rsquo;\u00e9tait un choix pragmatique et instinctif : s&rsquo;exprimer facilement et \u00eatre compris le mieux possible de tous. Ce fut parfait.<br>Avec Francesca Aquistapace nous avions cuisin\u00e9 ce que nous pouvions avec des restes dans le frigidaire et cela a paru bon. Max nous avait dit en riant que les femmes avaient un art particulier pour tirer parti des restes \u2026<\/p>\n\n\n\n<p>Toujours \u00e0 Berkeley un jour o\u00f9 j&rsquo;avais lou\u00e9 une voiture, Avis m&rsquo;avait surclass\u00e9e de B \u00e0 un somptueux cabriolet m\u00e9tallis\u00e9 turquoise ! Max m&rsquo;a demand\u00e9 de l&#8217;emmener dans un magasin d&rsquo;Oakland pour acheter du mat\u00e9riel de p\u00eache pour lui et ses cousins argentins. Il m&rsquo;a guid\u00e9e dans ces banlieues compliqu\u00e9es et nous sommes arriv\u00e9s \u00e0 un grand magasin o\u00f9 le rayon p\u00eache \u00e9tait confin\u00e9 au fond du premier \u00e9tage. Le reste du magasin \u00e9tait consacr\u00e9 aux armes, toutes sortes d&rsquo;armes. C&rsquo;\u00e9tait terrifiant. Il y avait entre autres choses des armoires coffres, genre r\u00e9frig\u00e9rateur en noir, labellis\u00e9es Browning. Heureusement les essayages de tenues de p\u00eache par Max m&rsquo;ont bien d\u00e9tendue et il a trouv\u00e9 ce qu&rsquo;il cherchait.<br>A chaque fusillade de masse aux USA je repense \u00e0 mon \u00e9tonnement glac\u00e9 quand je suis entr\u00e9e dans ce magasin.<\/p>\n\n\n\n<p>Francesca Aquistapace et Fabrizio Broglia sont des math\u00e9maticiens de Pise. Ils y ont organis\u00e9 plusieurs colloques RAAG. Nous \u00e9tions souvent log\u00e9s dans un ancien monast\u00e8re transform\u00e9 en h\u00f4tel plein de charme. Il s&rsquo;agissait de l&rsquo;h\u00f4tel Santa Croce a Fossabanda : https:\/\/santa-croce-hotel-pisa.hotelmix.fr\/<br>Une fois je partais en avion pour Pise avec le m\u00eame vol Air France que Max.<br>Le vol a \u00e9t\u00e9 annul\u00e9, on nous proposait de partir le lendemain ou de passer par G\u00eanes le soir m\u00eame. Nous avons de concert choisi cette option. A G\u00eanes nous f\u00fbmes embarqu\u00e9s dans un bus pour Pise. A l&rsquo;arriv\u00e9e, vers 2h du matin, nous f\u00fbmes d\u00e9pos\u00e9s dans un a\u00e9roport d\u00e9sert, que faire ?<br>Nous avons vu un panneau avec un num\u00e9ro de taxis, j&rsquo;avais un t\u00e9l\u00e9phone mobile et Max parlait assez bien l&rsquo;italien, cette coop\u00e9ration nous a sauv\u00e9s !<\/p>\n\n\n\n<p>Une autre fois nous \u00e9tions en congr\u00e8s \u00e0 Ravello, c&rsquo;\u00e9tait je crois en l&rsquo;honneur des 60 ans de MacIntyre . L&rsquo;endroit est superbe et les environs sont int\u00e9ressants ; ma chambre avait terrasse et vue sur mer, c&rsquo;\u00e9tait idyllique.<br>Les conf\u00e9rences se tenaient dans une chapelle d\u00e9sacralis\u00e9e. Le programme avait m\u00e9nag\u00e9 de longues pauses d\u00e9jeuner. Cela permettait de descendre se baigner et de remonter la longue pente pleine de citronniers qui s\u00e9pare Ravello de la mer.<br>Deidre Haskell \u00e9tait venue avec son mari et leur petite Zo\u00e9. Lui s&rsquo;occupait de son adorable fille magnifiquement.<br>J&rsquo;avais lou\u00e9 une voiture en ces temps fastes, et Max avait un ami qui habitait dans la presqu&rsquo;ile de Sorrente. Nous sommes donc all\u00e9s lui rendre visite dans une maison superbe avec vue sur le golfe de Naples et le V\u00e9suve. Dans le jardin magnifique son ami nous a servi un poulpe inoubliable mitonn\u00e9 \u00e0 notre attention.<br>A un moment son ami nous a demand\u00e9 \u00ab\u00a0vous avez des enfants ? \u00ab\u00a0. Max a \u00e9l\u00e9gamment r\u00e9pondu \u00ab\u00a0Madame oui et moi non\u00a0\u00bb. Cela a clos parfaitement l&rsquo;ambiguit\u00e9 de la situation !<\/p>\n\n\n\n<p>Lors de ma premi\u00e8re mission au Chili pour un colloque organis\u00e9 par Ricardo Baeza, professeur \u00e0 l&rsquo;Universit\u00e9 de Talca, notre r\u00e9union commen\u00e7ait \u00e0 Talca et se poursuivait \u00e0 Pucon pr\u00e8s du volcan Villarica o\u00f9 un bus de l&rsquo;universit\u00e9 de Talca nous avait emmen\u00e9s. Nous voulions escalader le volcan et avions tout pr\u00e9vu, mais le temps s&rsquo;est g\u00e2t\u00e9 et nous avons finalement fait sous la pluie une magnifique promenade dans la for\u00eat primaire en la terminant dans des bains thermaux. Claus Scheiderer faisait partie de cette excursion m\u00e9morable. Max a ensuite aid\u00e9 Claus \u00e0 r\u00e9server un vol pour le sud de la Patagonie, car Claus voulait randonner seul dans le parc Torre del Paine. Je me souviens avoir alors pris une photo de Claus qui m&rsquo;a dit souriant \u00ab\u00a0It might be the last picture of me\u00a0\u00bb, mais il nous est heureusement revenu.<br>A la fin du colloque un ami de Max nous a emmen\u00e9s, avec Alex Prestel, dans la ferme qu\u2019il poss\u00e9dait un peu plus au sud. Nous y avons retrouv\u00e9 des cousins de Max (les p\u00eacheurs) qui \u00e9taient venus d&rsquo;Argentine et avec lesquels Max allait repartir.<br>Ce fut un petit s\u00e9jour tr\u00e8s int\u00e9ressant, il y avait aussi une ancienne centrale \u00e9lectrique sur un petit cours d&rsquo;eau du domaine. Nous \u00e9tions en d\u00e9cembre et avons aid\u00e9 \u00e0 cueillir les cerises. Elles \u00e9taient fantastiques.<br>Le vol retour Temuco-Santiago, montrait \u00e0 gauche le Pacifique et \u00e0 droite les Andes, concr\u00e9tisant l&rsquo;\u00e9troitesse de ce pays. A Santiago j&rsquo;ai achet\u00e9 3 kilos en trois sortes de cerises au Mercado Central, et \u00e0 la saint Sylvestre nous les d\u00e9gustions encore ! J&rsquo;ai aussi achet\u00e9 deux bouteilles de tr\u00e8s bon carmenere chilien, dont une avec une \u00e9tiquette qui repr\u00e9sente un glacier !<br>En repartant de Santiago je n&rsquo;ai pas vu l&rsquo;Aconcagua que j&rsquo;avais tr\u00e8s bien vu \u00e0 l&rsquo;aller lors du d\u00e9but de descente sur Santiago. Quelle masse d\u00e9bouchant sous l&rsquo;aile droite ! Je m\u2019\u00e9tais alors souvenue du Walt Disney qui m&rsquo;avait fascin\u00e9e tr\u00e8s jeune enfant :<br>\u00ab\u00a0Saludos amidos\u00a0\u00bb cf. https:\/\/www.chroniquedisney.fr\/perso\/1943-pedro.htm<\/p>\n\n\n\n<p>J&rsquo;ai aussi \u00e9t\u00e9 invit\u00e9e \u00e0 donner un expos\u00e9 \u00e0 l&rsquo;Universit\u00e9 de Buenos Aires, avant d&rsquo;aller \u00e0 un colloque \u00e0 Campinas au Br\u00e9sil. Max qui avait lou\u00e9 un logement pour un long s\u00e9jour, est all\u00e9 chez une amie pour me laisser quelques jours son appartement.<br>Faisant la preuve encore une fois de sa tr\u00e8s grande gentillesse.<br>Nous sommes ensemble all\u00e9s \u00e0 un diner pr\u00e9sentant des danseurs de Tango. Il m&rsquo;a aussi emmen\u00e9e diner chez des amis professeurs en Uruguay qui avaient un appartement incroyable.<\/p>\n\n\n\n<p>Je suis all\u00e9e deux fois \u00e0 Rio de Janeiro.<br>La premi\u00e8re fois je suis all\u00e9e diner chez une amie de Max. Elle habitait pr\u00e8s d&rsquo;une favela. L&rsquo;accueil \u00e9tait tr\u00e8s s\u00e9curis\u00e9. Le taxi attendait que je sois prise en charge et on venait me chercher dans le hall. J&rsquo;ai d\u00e9couvert l\u00e0 un double discours, d&rsquo;une part contre la d\u00e9linquance dans les favelas et d&rsquo;autre part sur l&rsquo;utilisation de leurs habitants comme personnel de maison qui avaient d\u2019ailleurs cuisin\u00e9 notre diner.<br>La seconde fois je suis all\u00e9e d\u00e9jeuner chez un professeur ami de Max. De la famille Chateaubriand, il poss\u00e8de une superbe collection de tableaux de ma\u00eetres et une \u00e9norme biblioth\u00e8que. Il a aussi plein de chiens de garde \u2026<br>La maison \u00e0 flanc de coteau, pr\u00e8s d&rsquo;une autre favella, a une tr\u00e8s belle vue, et sur les arbres plein d&rsquo;orchid\u00e9es fleurissent \u2026<\/p>\n\n\n\n<p>Souvent apr\u00e8s notre s\u00e9minaire quand l\u2019orateur est \u00e9tranger Max et moi l\u2019emmenons diner au restaurant accompagn\u00e9s parfois d\u2019autres math\u00e9maticiens.<br>Un tel soir chez Lena et Mimile, place Lucien Herr dans le 5\u00e8me, quelqu\u2019un a pos\u00e9 la question \u00ab Quand penserez-vous que vous \u00eates vieux ? \u00bb.<\/p>\n\n\n\n<p>Et voici les r\u00e9ponses qui fus\u00e8rent alors :<\/p>\n\n\n\n<ul class=\"wp-block-list\">\n<li>de Vincent Astier \u00ab quand je ne ferai plus de course \u00e0 pied \u00bb,<\/li>\n\n\n\n<li>d\u2019Eberhard Becker \u00ab si je ne peux plus faire de ski de fond \u00bb,<\/li>\n\n\n\n<li>de Claus Scheiderer \u00ab quand j\u2019ach\u00e8terai un v\u00e9lo \u00e9lectrique \u00bb,<\/li>\n\n\n\n<li>de Max Dickmann \u00ab quand je n\u2019irai plus camper et p\u00eacher en Patagonie \u00bb<\/li>\n\n\n\n<li>et pour moi ce fut \u00ab quand je ne pourrai plus faire de ski alpin \u00bb<\/li>\n<\/ul>\n\n\n\n<p>Pour aucun d\u2019entre nous l\u2019hypoth\u00e8se \u00ab quand je ne pourrai plus faire de recherche math\u00e9matique \u00bb n\u2019a \u00e9t\u00e9 \u00e9voqu\u00e9e ! Ce n\u2019\u00e9tait m\u00eame pas pensable \u2026<\/p>\n\n\n\n<p><\/p>\n\n\n\n<p><strong>STRUCTURES ALG\u00c9BRIQUES ORDONN\u00c9ES<\/strong><\/p>\n\n\n\n<p>Structures Alg\u00e9briques Ordonn\u00e9es, c&rsquo;est le titre du s\u00e9minaire que je co-organise avec Max Dickmann et Fran\u00e7oise Delon depuis 1984 ; il est surnomm\u00e9 DDG, par analogie au DPP (Delange-Pisot-Poitou) de Th\u00e9orie des Nombres, et il est devenu une institution puisqu&rsquo;il fonctionne encore en 2021 \u2026<br>Il a \u00e9t\u00e9 passag\u00e8rement nomm\u00e9 DDGS entre 2015 et 2020 quand Tamara Servi a aussi travaill\u00e9 avec nous.<\/p>\n\n\n\n<p>Un jour Max Dickmann \u00e9tait venu dans mon bureau en me proposant de co-organiser un s\u00e9minaire. Ce devait \u00eatre \u00e0 la suite de l&rsquo;expos\u00e9 que m&rsquo;avait demand\u00e9 Gabriel Sabbagh pour le s\u00e9minaire g\u00e9n\u00e9ral de logique du lundi. Nous avions un int\u00e9r\u00eat commun pour la g\u00e9om\u00e9trie alg\u00e9brique r\u00e9elle, mais Max \u00e9tait plut\u00f4t du c\u00f4t\u00e9 de la Th\u00e9orie des Mod\u00e8les et moi de l&rsquo;Alg\u00e8bre. J&rsquo;ai \u00e9t\u00e9 enthousiaste et ensemble nous avons demand\u00e9 \u00e0 Fran\u00e7oise Delon de se joindre \u00e0 nous. Fran\u00e7oise \u00e9tait \u00e9galement logicienne et elle connaissait tr\u00e8s bien la th\u00e9orie des valuations qui est tr\u00e8s li\u00e9e \u00e0 celle des ordres.<\/p>\n\n\n\n<p>Ce trio a tr\u00e8s bien fonctionn\u00e9, chacun avait ses sujets pr\u00e9f\u00e9r\u00e9s et son petit r\u00e9seau ce qui donnait une belle ouverture au s\u00e9minaire. Nous \u00e9tions aussi tr\u00e8s motiv\u00e9s pour donner parfois la parole \u00e0 des th\u00e9sards afin qu&rsquo;ils exposent leurs premiers r\u00e9sultats, ou pour profiter d&rsquo;un invit\u00e9 longue dur\u00e9e qui nous faisait un mini cours sp\u00e9cialis\u00e9. La parole y \u00e9tait tr\u00e8s libre et tout le monde osait poser des questions. C&rsquo;est une tr\u00e8s bonne mani\u00e8re d&rsquo;am\u00e9liorer un article ou de commencer des collaborations.<\/p>\n\n\n\n<p>Au-del\u00e0 des r\u00e9seaux europ\u00e9ens RAAG (1994-1997 et 2002-2006) et MODNET (1993-1996 et 2004-2008) nous avons aussi b\u00e9n\u00e9fici\u00e9 de programmes Procope (1989-1994 et 1997-1999) avec l&rsquo;Universit\u00e9 de Dortmund, et nous avons aussi eu un programme de collaboration bilat\u00e9rale entre Paris VI et l&rsquo;Universit\u00e9 du Saskatchewan (1999-2004). Tout cela nous a beaucoup aid\u00e9 pour inviter des conf\u00e9renciers \u00e9trangers et travailler en collaboration.<\/p>\n\n\n\n<p>J&rsquo;ai cosign\u00e9 deux fois avec Fran\u00e7oise Delon (au Journal of Symbolic Logic et au Journal de Crelle), mais avec Max Dickmann si nous avons \u00e9norm\u00e9ment discut\u00e9 de math\u00e9matiques nous n&rsquo;avons jamais cosign\u00e9 autre chose que la pr\u00e9face du Contemporary Math\u00e9matics 697 ! En fait chacun gardait une optique diff\u00e9rente et continuait sa propre voie. Ceci \u00e9tait d&rsquo;autant plus vrai que Max Dickmann \u00e9tant argentin partait r\u00e9guli\u00e8rement d&rsquo;Octobre \u00e0 Janvier en Am\u00e9rique du Sud \u00e0 Buenos Aires ou \u00e0 Sao Paulo. De temps en temps je m&rsquo;amusais \u00e0 le surnommer l&rsquo;homme aux deux printemps. Mais ces absences mettaient un terme \u00e0 une potentielle collaboration.<\/p>\n\n\n\n<p>Le seul probl\u00e8me rencontr\u00e9 avec mes co-organisateurs \u00e9tait qu\u2019eux \u00e9taient chercheurs CNRS, sans r\u00e9elle obligation d&rsquo;enseigner et n&rsquo;avaient pas d&rsquo;enfant. En comparaison j&rsquo;\u00e9tais enseignant-chercheur et j&rsquo;avais d\u00e9j\u00e0 deux enfants en octobre 1984. C&rsquo;\u00e9tait un peu difficile pour moi de disposer d&rsquo;autant de temps qu&rsquo;eux pour la recherche.<\/p>\n\n\n\n<p>En 2005 avec Max Dickmann et Michel Coste nous avons organis\u00e9 \u00e0 l&rsquo;IHP un trimestre Borel sur la g\u00e9om\u00e9trie r\u00e9elle dont je parlerai ailleurs.<\/p>\n\n\n\n<p>Pour 2015 j&rsquo;ai eu envie de marquer notre trenti\u00e8me anniversaire du s\u00e9minaire et je m&rsquo;en suis ouverte \u00e0 Max et Fran\u00e7oise. Nous avons donc d\u00e8s 2013 soumis une demande au CIRM pour y faire un colloque.<br>Notre demande, que je peaufinais avec Max durant un colloque \u00e0 Lisbonne, a \u00e9t\u00e9 accept\u00e9e et nous avons compl\u00e9t\u00e9 le financement du CIRM gr\u00e2ce \u00e0 l&rsquo;IMJ-PRG, au GDR Th\u00e9orie des Nombres, mais aussi \u00e0 la NSF (National Science Foundation am\u00e9ricaine) qui a soutenu les participants venant des USA. Vicky Powers et Greg Bleckermann nous ont aid\u00e9s \u00e0 monter ce dernier financement. Le CIRM, et en particulier Olivia Barbarroux, nous a beaucoup facilit\u00e9 la t\u00e2che pour l&rsquo;organisation et j&rsquo;ai gard\u00e9 un excellent souvenir de cette op\u00e9ration.<\/p>\n\n\n\n<p>Pour cette occasion f\u00eatant nos trente ans de s\u00e9minaire Max a r\u00e9alis\u00e9 un petit opuscule qui fait des statistiques sur les sujets trait\u00e9s et le taux de conf\u00e9renciers \u00e9trangers, et qui montre tr\u00e8s bien comment nous avons su faire \u00e9voluer les th\u00e9matiques au cours du temps. En 30 ans il y a eu 440 expos\u00e9s, 284 contributions \u00e9crites aux actes du s\u00e9minaire et 60% des expos\u00e9s ont \u00e9t\u00e9 faits par des math\u00e9maticiens \u00e9trangers venant de 25 pays.<br>Pour celles des ann\u00e9es o\u00f9 nous avons eu un site internet les archives du s\u00e9minaire peuvent \u00eatre consult\u00e9es sur la page http:\/\/semsao.imj-prg.fr<\/p>\n\n\n\n<p>Ce colloque a \u00e9t\u00e9 une vraie r\u00e9ussite, nous avions 5 th\u00e8mes pour les 5 journ\u00e9es et cela a permis d&rsquo;avoir pour chacun des intervenants de grande qualit\u00e9. Comme souvent il y eu aussi un regret, un de nos conf\u00e9renciers et co-auteur Murray Marshall est d\u00e9c\u00e9d\u00e9 en mai 2015. Nous avons donc remplac\u00e9 sa conf\u00e9rence par un hommage et un expos\u00e9 sur ses travaux.<\/p>\n\n\n\n<p>Nous avons aussi avec l&rsquo;aide de Marie-Fran\u00e7oise Roy d\u00e9di\u00e9 une soir\u00e9e \u00e0 la situation des femmes en math\u00e9matiques dans diff\u00e9rents pays.<br>Cet amphi a \u00e9t\u00e9 bien rempli et cela s\u2019est poursuivi en beaucoup de discussions sur le sujet les jours suivants.<\/p>\n\n\n\n<p>Et en plus de la session poster usuelle pour les jeunes, nous avons fait une soir\u00e9e pour des expos\u00e9s courts de 15mn par des post-doc volontaires.<br>Leurs expos\u00e9s ont \u00e9t\u00e9 remarquables et parfaitement pr\u00e9par\u00e9s pour ce temps si court. C&rsquo;\u00e9tait satisfaisant de sentir en quelque sorte la rel\u00e8ve assur\u00e9e.<\/p>\n\n\n\n<p>A la traditionnelle bouillabaisse du jeudi soir nous avons pos\u00e9 la question : devions-nous arr\u00eater le s\u00e9minaire apr\u00e8s ces 30 ann\u00e9es ou le continuer ? Les participants ont beaucoup insist\u00e9 pour que nous continuions. Nous avons alors recrut\u00e9 Tamara Servi comme co-organisatrice, malheureusement suite \u00e0 des soucis de sant\u00e9 elle renoncera \u00e0 participer \u00e0 l\u2019organisation en 2020.<\/p>\n\n\n\n<p>Le CIRM conserve toutes les informations sur ce colloque :<br>les comit\u00e9s, le programme, mais aussi des photos, des r\u00e9sum\u00e9s, des transparents, et des vid\u00e9os. Cela peut \u00eatre consult\u00e9 \u00e0 l&rsquo;adresse :<br>https:\/\/conferences.cirm-math.fr\/1155.html<\/p>\n\n\n\n<p><\/p>\n\n\n\n<p><strong>FRAN\u00c7OISE DELON<\/strong><\/p>\n\n\n\n<p>Je connais Fran\u00e7oise depuis le lancement en 1984 du s\u00e9minaire \u00ab Structures Alg\u00e9briques Ordonn\u00e9es\u00a0\u00bb que nous co-organisons avec Max Dickmann.<br>Puis nos liens se sont renforc\u00e9s au moment de la cr\u00e9ation de l\u2019association Femmes et Math\u00e9matiques \u00e0 laquelle nous avons toutes deux particip\u00e9 et dont elle fut un moment pr\u00e9sidente.<\/p>\n\n\n\n<p>Surtout nous avons consign\u00e9 deux articles ensemble, au Journal of Symbolic Logic en 1991, et au journal de Crelle (J. f\u00fcr die reine und Ang. Mathematik) en 1994. Cela s\u2019est fait apr\u00e8s une s\u00e9rie d\u2019articles utilisant les ordres de niveau sup\u00e9rieur que j\u2019avais introduit dans le s\u00e9minaire \u00e0 la suite du colloque de 1981 \u00e0 San Francisco. Max Dickmann et Fran\u00e7oise ont aussi publi\u00e9 plusieurs papiers autour de ce sujet.<br>Un jour o\u00f9 nous discutions d\u2019un de nos articles en gestation par t\u00e9l\u00e9phone, je me souviens que Fran\u00e7oise m\u2019avait dit \u00ab Si tu voyais mon bureau ! \u00bb et c\u2019\u00e9tait tr\u00e8s amusant d\u2019imaginer les papiers \u00e9parpill\u00e9s tout autour de notre travail en cours comme cela nous arrive parfois. R\u00e9diger nos r\u00e9sultats est souvent plus compliqu\u00e9 que de les concevoir, voire m\u00eame parfois de les d\u00e9montrer.<\/p>\n\n\n\n<p>Nous avons aussi collabor\u00e9 au sein des r\u00e9seaux europ\u00e9ens Modnet et avons \u00e9t\u00e9 membre de contrats Procope entre les universit\u00e9s de Paris 7 et de Dortmund.<br>Nous avons aussi \u00e9dit\u00e9 quelques livres issus de notre s\u00e9minaire pour 1984-1987 dans les \u00e9ditions de Paris 7 et pour le colloque des 30 ans tenu au CIRM en 2015 et \u00e9dit\u00e9 dans la s\u00e9rie Contemporary Mathematics. Enfin Fran\u00e7oise maintient ponctuellement \u00e0 jour la page du s\u00e9minaire o\u00f9 se trouvent les archives.<br>Au-del\u00e0 de ces deux publications conjointes nous avons travaill\u00e9 sur des sujets voisins. Par exemple nous avons toutes deux un article sur les corps de Rolle, mais nos axiomatisations au premier ordre ne se ressemblent pas, la sienne rel\u00e8ve plus de la logique et la mienne de l\u2019alg\u00e8bre.<br>Une autre fois j\u2019avais travaill\u00e9 sur un nullstellensatz pour des corps cha\u00eene-clos et l\u00e0 aussi un de ses \u00e9l\u00e8ves Rafa\u00ebl Farr\u00e9 travaillait sur des sujets proches.<\/p>\n\n\n\n<p>Fran\u00e7oise est une personne solide et pas seulement au plan math\u00e9matique.<br>Elle est aussi tr\u00e8s fiable sur le plan de l\u2019amiti\u00e9, ce que j\u2019ai bien vu lorsque nous avons malheureusement d\u00fb rendre hommage, dans une \u00e9dition de notre s\u00e9minaire, \u00e0 notre coll\u00e8gue Fran\u00e7ois Lucas r\u00e9cemment d\u00e9c\u00e9d\u00e9.<br>Elle l&rsquo;est aussi psychologiquement car elle a d\u00fb affronter un grave souci de sant\u00e9 et passer beaucoup de temps en salle d\u2019op\u00e9ration et en convalescence. Mais la volont\u00e9 a eu raison de la maladie et Fran\u00e7oise est toujours une collaboratrice efficace et pr\u00e9cieuse.<br>Je dirai que j\u2019aime beaucoup sa mani\u00e8re de dire les choses avec franchise, tr\u00e8s directement, m\u00eame si la chose n\u2019est pas tr\u00e8s agr\u00e9able \u00e0 entendre.<br>C\u2019est une mani\u00e8re efficace de faire progresser les personnes et une preuve d\u2019amiti\u00e9. Elle m\u2019avait par exemple un jour dit que je parlais trop de moi. Elle avait raison et j\u2019ai depuis essay\u00e9 de faire plus attention. \u00c9videmment \u00eatre fille unique est surement un peu en cause. J\u2019esp\u00e8re avoir progress\u00e9 !<br>Fran\u00e7oise a une tr\u00e8s grande ouverture d\u2019esprit, elle est consciente que la soci\u00e9t\u00e9 et ses m\u0153urs et lois \u00e9voluent n\u00e9cessairement. Elle peut m\u00eame les accompagner ; par exemple je me souviens de ses confidences sur les difficult\u00e9s de sa maman pour obtenir une nouvelle carte d\u2019identit\u00e9 pour pouvoir aller en Suisse finir dignement sa vie. Fran\u00e7oise en \u00e9tait malheureuse mais comprenait bien la chose.<\/p>\n\n\n\n<p>Parfois Fran\u00e7oise peut aussi \u00eatre dr\u00f4le avec des remarques bien cibl\u00e9es et bien formul\u00e9es. Un jour que nous \u00e9tions au balcon au-dessus d\u2019un hall durant un colloque, \u00e0 Dortmund peut \u00eatre, je me souviens qu\u2019elle m\u2019avait dit en voyant passer un jeune matheux en bas \u00ab il est pas mal cet \u00e9tudiant, il n\u2019y a rien qui d\u00e9passe sauf ce qu\u2019il faut \u00bb. Clairement je pensais un peu la m\u00eame chose mais je n\u2019aurais pas su l\u2019exprimer ainsi avec humour.<\/p>\n\n\n\n<p>Nous partagions aussi autrefois une certaine passion de la montagne que Fran\u00e7oise \u00e0 un peu abandonn\u00e9e maintenant, mais elle m\u2019\u00e9coute quand m\u00eame tr\u00e8s gentiment quand je parle de ski ou de randonn\u00e9es voire de mon trek au N\u00e9pal. Il faudra que je lui montre l\u2019album photo de ce trek au Kala Patar. Son caract\u00e8re toujours positif lui fera appr\u00e9cier quelque chose qu\u2019elle ne peut plus faire maintenant mais qu&rsquo;elle aura joie \u00e0 imaginer.<\/p>\n\n\n\n<p>C\u2019est toujours un plaisir de parler de l\u2019existence avec Fran\u00e7oise.<br>Un jour elle m&rsquo;avait philosophiquement dit que chaque \u00e2ge avait ses joies et qu\u2019il fallait s\u2019y adapter sans regrets de celles d\u2019autrefois.<\/p>\n\n\n\n<p><\/p>\n\n\n\n<p><strong>LE PARFUM<\/strong><\/p>\n\n\n\n<p>C\u2019est une des exp\u00e9riences les plus troublantes de mon existence de math\u00e9maticienne. Je fais les travaux dirig\u00e9s, de topologie me semble-t-il, d\u2019un brillant et sympathique professeur.<br>A la fin des cours du certificat il me demande de venir le voir pour discuter du sujet d\u2019examen, j&rsquo;appr\u00e9cie car tous les professeurs faisant des cours magistraux n\u2019ont pas cette attention. C&rsquo;est pourtant important pour que le sujet soit bien adapt\u00e9 \u00e0 l&rsquo;enseignement que nous avons donn\u00e9 en bin\u00f4me.<\/p>\n\n\n\n<p>Et donc je suis assise \u00e0 c\u00f4t\u00e9 du professeur pour examiner le sujet et l\u00e0 il se passe une chose incroyable. Je suis subjugu\u00e9e par son parfum, dont j&rsquo;ignore l\u2019origine et la marque. C&rsquo;est terrible car cela an\u00e9antit compl\u00e8tement mes facult\u00e9s intellectuelles ! Je fais des efforts \u00e9normes pour me comporter raisonnablement.<br>Je n\u2019ai pas d\u00fb faire beaucoup de remarques intelligentes sur le sujet !<br>Je n\u2019imaginais pas qu\u2019un parfum pouvait avoir autant d\u2019effet.<br>Le pouvoir de s\u00e9duction &#8211; r\u00e9el &#8211; du professeur n\u2019y est pour rien, c\u2019est seulement son parfum qui me rend stupide \u2026 Mais que trouve-t-on l\u00e0-dedans ? Des ph\u00e9romones peut-\u00eatre ? Ou vient-il d\u2019Inde o\u00f9 ce professeur aime aller ? Heureusement soit il ne s\u2019est pas aper\u00e7u de mon trouble, soit en gentleman il l\u2019a ignor\u00e9, ouf !<br>J\u2019\u00e9cris ce texte en 2021, en ces temps de covid, cette maladie qui peut parfois faire perdre l\u2019odorat ! Que ce serait dommage \u2026<\/p>\n\n\n\n<p>Apr\u00e8s cette aventure je regarderai la publicit\u00e9 d&rsquo;un certain parfum avec un autre \u0153il, elle assure que \u00a0\u00bb Il se parfume elle s\u2019abandonne \u00a0\u00bb .<\/p>\n\n\n\n<p>Je croyais qu\u2019il s\u2019agissait d&rsquo;Opium par Yves Saint Laurent dont on dit : Opium est un art de vivre, une fa\u00e7on d&rsquo;aller au bout de soi-m\u00eame. Une harmonie orientale aux notes bois\u00e9es et \u00e9pic\u00e9es. Cette version intense et profonde souligne la sensualit\u00e9 d\u2019une fragrance Orientale aussi mythique que myst\u00e9rieuse\u2026<\/p>\n\n\n\n<p>Mais recherche faite ce texte publicitaire dont je me souviens trop bien est pour le parfum \u00ab\u00a0Bel ami\u00a0\u00bb d\u2019Herm\u00e8s dont je reprends ci-dessous des descriptions dans les publicit\u00e9s\u2026<\/p>\n\n\n\n<p>\u00ab Sign\u00e9e Jean-Louis Sieuzac en 1986, la fragrance de \u00ab Bel Ami \u00bb met le cuir \u00e0 l\u2019honneur et son odeur est omnipr\u00e9sente.<br>S\u2019inspirant du roman \u00e9ponyme de Guy de Maupassant il incarne tous les clich\u00e9s v\u00e9hicul\u00e9s par cet univers litt\u00e9raire de la fin du si\u00e8cle.<\/p>\n\n\n\n<p>Il m\u00eale l\u2019opulence \u00e0 la l\u00e9g\u00e8ret\u00e9 et laisse dans son sillage une ambigu\u00eft\u00e9 intrigante et fascinante. En l\u2019occurrence, \u00ab\u00a0Bel Ami\u00a0\u00bb est un parfum d\u2019androgynie. Il correspond \u00e0 un homme \u00e9l\u00e9gant et soucieux de son apparence. Sa virilit\u00e9 est tr\u00e8s raffin\u00e9e et sa fraicheur s\u2019associe \u00e0 merveille \u00e0 son aspect plus suave et quelque peu \u00e9rotique.<br>\u00ab\u00a0Bel Ami\u00a0\u00bb incarne l\u2019image d\u2019un homme s\u2019inscrivant pleinement dans l\u2019air de son temps. Ce dernier ma\u00eetrise \u00e0 la perfection l\u2019art du paraitre et sait s\u00e9duire. Il v\u00e9hicule son aura \u00e0 travers le monde et plait infiniment aux femmes. Qui plus est, il s\u2019adresse tout autant \u00e0 un homme en jean, qu\u2019\u00e0 celui v\u00eatu d\u2019un smoking. Peu importe que cet homme soit fort ou fragile, l\u2019essentiel est que celui-ci fasse r\u00eaver les femmes. Il est comme le h\u00e9ros de Guy de Maupassant : tr\u00e8s sensuel, aimant s\u00e9duire, \u00e0 la fois ami et amant \u2026 \u00ab<br>La tr\u00e8s belle description de cet homme parfum\u00e9 convient parfaitement au professeur \u00e9m\u00e9rite et acad\u00e9micien que mon coll\u00e8gue est devenu \u2026 Quant \u00e0 la fragrance en voil\u00e0 une description extraite aussi d\u2019une publicit\u00e9 !<br>\u00ab Bel Ami \u00bb laisse un sillage puissant et poss\u00e8de une excellente tenue. \u00ab Bel Ami \u00bb d\u00e9bute par des notes hesp\u00e9rid\u00e9es, citron et mandarine, associ\u00e9es \u00e0 des notes aromatiques, sauge, petitgrain. Le c\u0153ur est anim\u00e9 par des \u00e9pices comme la cannelle et la cardamome, alors que l\u2019expression du cuir r\u00e9v\u00e8le d\u00e9j\u00e0 sa splendeur. \u00ab Bel Ami \u00bb r\u00e9affirme sa virilit\u00e9 gr\u00e2ce au patchouli, au v\u00e9tiver, au labdanum, de styrax, de castor\u00e9um et de cuir. Les bois de santal et de c\u00e8dre viennent enfin apporter des tonalit\u00e9s bois\u00e9es, alors que la vanille offre une douce sensualit\u00e9 \u00e0 l\u2019ensemble de la composition. Le flacon est \u00e9l\u00e9gant, sobre et romanesque. Revisit\u00e9, le flacon actuel est pr\u00e9sent\u00e9 dans un des flacons iconiques de la maison Herm\u00e8s. Le verre lourd et transparent est surmont\u00e9 par un cabochon noir, affichant une derni\u00e8re touche de masculinit\u00e9. <\/p>\n\n\n\n<p><\/p>\n\n\n\n<p><strong>LA VIE ASSOCIATIVE<\/strong><\/p>\n\n\n\n<p>Ma vie associative a commenc\u00e9 lors de la cr\u00e9ation de l\u2019association femmes et math\u00e9matiques en 1987. Cela faisait suite \u00e0 la fusion des ENS Ulm et S\u00e8vres qui avait abouti \u00e0 la quasi disparition des filles dans les promotions de math\u00e9matiques.<br>Marie-Fran\u00e7oise Roy en fut la premi\u00e8re pr\u00e9sidente. La plupart des membres fondateurs participent encore dans cette association.<br>De mon c\u00f4t\u00e9 je m\u2019\u00e9tais charg\u00e9e de la collecte et de la mise en forme des toutes premi\u00e8res statistiques faites par femmes et math\u00e9matiques. A cette \u00e9poque c\u2019\u00e9tait assez difficile d\u2019avoir des donn\u00e9es sexu\u00e9es ; sur ce point au moins les choses ont progress\u00e9.<\/p>\n\n\n\n<p>Puis femmes et math\u00e9matiques m\u2019a demand\u00e9 d\u2019aller pr\u00e9senter l\u2019association dans un colloque au S\u00e9nat organis\u00e9 en 1991 par l\u2019Affdu (Association fran\u00e7aise des femmes dipl\u00f4m\u00e9es de l\u2019universit\u00e9) sur la formation du personnel de l\u2019enseignement secondaire \u00e0 l\u2019\u00e9galit\u00e9 des chances entre filles et gar\u00e7ons. J\u2019ai \u00e9t\u00e9 s\u00e9duite par cette association lors du colloque en raison de la qualit\u00e9 des interventions et de la vari\u00e9t\u00e9 des disciplines repr\u00e9sent\u00e9es.<\/p>\n\n\n\n<p>J\u2019ai donc adh\u00e9r\u00e9 \u00e0 l\u2019Affdu. J\u2019y ai beaucoup travaill\u00e9, notamment avec Huguette Delavault auteur de rapports int\u00e9ressants sur la place des filles dans les classes pr\u00e9paratoires et les grandes \u00e9coles. J\u2019ai accept\u00e9 de prendre la pr\u00e9sidence de la commission des bourses. J\u2019y ai travaill\u00e9 de 1996 \u00e0 2002. C\u2019\u00e9tait beaucoup de travail mais assez passionnant. L\u2019Affdu attribuait des bourses &#8211; ou plut\u00f4t des aides ponctuelles &#8211; \u00e0 des \u00e9tudiantes en th\u00e8se ou en recherche post doctorales pour les aider \u00e0 r\u00e9aliser un projet de recherche avec mobilit\u00e9. Il y avait des aides cibl\u00e9es et d\u2019autres plus ouvertes. J\u2019ai r\u00e9ussi \u00e0 faire cr\u00e9er deux nouvelles aides : Femmes et Finances d\u2019une part, et Gauthier Villars pour une math\u00e9maticienne d\u2019autre part.<br>Nous avions de l\u2019ordre d\u2019une centaine de dossiers pour environ une dizaine d\u2019aides ponctuelles. Les dossiers \u00e9taient souvent tr\u00e8s bons et m\u00eame parfois tr\u00e8s \u00e9tonnants par leur audace et leur qualit\u00e9. Les d\u00e9cisions \u00e9taient prises en commission apr\u00e8s avoir eu des rapports sur les dossiers. Les rapports par Marianne Brugui\u00e8re \u00e9taient de vrais petits chef-d\u2019\u0153uvres, c\u2019\u00e9tait un plaisir de les lire \u00e0 haute voix.<\/p>\n\n\n\n<p>En 2003 j\u2019ai organis\u00e9 \u00e0 Reid Hall un hommage \u00e0 Huguette Delavault r\u00e9cemment d\u00e9c\u00e9d\u00e9e ; celui-ci a donn\u00e9 lieu \u00e0 un num\u00e9ro sp\u00e9cial de Dipl\u00f4m\u00e9es (#205) et j\u2019ai \u00e9crit une notice sur Huguette Delavault pour la Gazette des Math\u00e9maticiens.<\/p>\n\n\n\n<p>Des querelles intestines de pouvoir minaient l\u2019Affdu depuis quelque temps. Les activit\u00e9s de l\u2019association me paraissaient ressembler de plus en plus \u00e0 celles d\u2019un club de vieilles dames et on oubliait les buts initiaux. Pourtant Marie Curie avait autrefois \u00e9t\u00e9 adh\u00e9rente \u00e0 l\u2019Affdu et \u00e0 ses nobles objectifs : la promotion des femmes et la paix dans le monde.<br>Huguette Delavault n\u2019avait pas pu y cr\u00e9er un groupe Femmes et Sciences. Avec en particulier Claudine Hermann elle ont d\u00e9cid\u00e9 de cr\u00e9er l\u2019Association Femmes et Sciences. Celle-ci est un vrai succ\u00e8s, elle s\u2019est beaucoup d\u00e9velopp\u00e9e et fonctionne tr\u00e8s bien. J\u2019ai tout de suite adh\u00e9r\u00e9 \u00e0 Femmes et Sciences. J\u2019ai fait partie du CA comme titulaire ou suppl\u00e9ante, mais je n\u2019y ai pas vraiment \u00e9t\u00e9 tr\u00e8s active sauf pour des questions de relations entre associations ou une expertise sur des bourses attribu\u00e9es par l\u2019Or\u00e9al en partenariat avec l\u2019Unesco. Colette Guillop\u00e9 qui fut une pr\u00e9sidente de femmes et math\u00e9matiques s\u2019est beaucoup mieux int\u00e9gr\u00e9e que moi dans l\u2019association Femmes et Sciences. C\u2019est peut-\u00eatre parce que relevant de la 26\u00e8me section, celle des math\u00e9matiques appliqu\u00e9es, Colette \u00e9tait plus proche d\u2019adh\u00e9rentes travaillant dans d\u2019autres disciplines ou dans le priv\u00e9.<\/p>\n\n\n\n<p>Dans le mouvement d\u2019\u00e9loignement de l\u2019Affdu par certaines de ses membres s\u2019est ensuite cr\u00e9\u00e9e en 2013 l\u2019association R\u00e9ussir l\u2019\u00e9galit\u00e9 femmes hommes (REFH) ; celle-ci est multidisciplinaire et est assez li\u00e9e \u00e0 l\u2019Europe via la CLEF et la grande activit\u00e9 d\u2019Huguette Klein. Mon amie historienne Nicole Fouch\u00e9 en fut la premi\u00e8re pr\u00e9sidente, et je fus du premier CA. Pour cette association j\u2019ai aid\u00e9 Corinne Belliard en ce qui concerne les math\u00e9matiques pour son \u00e9tude sur la place des femmes \u00e0 l\u2019Institut Universitaire de France.<\/p>\n\n\n\n<p>Je suis toujours membre de femmes et math\u00e9matiques, Femmes et Sciences et REFH, mais plus de l\u2019Affdu. Je ne suis plus membre de leurs CA car je me suis depuis ces d\u00e9buts investie ensuite dans d\u2019autres actions pour la place des femmes, dont je parlerai ailleurs : DIU, IEC, The Gender Gap in Sciences, le Comit\u00e9 Parit\u00e9 de mon institut.<\/p>\n\n\n\n<p><\/p>\n\n\n\n<p><strong>HUGUETTE DELAVAULT<\/strong><\/p>\n\n\n\n<p>En Mars-Avril 2003 j\u2019\u00e9tais \u00e0 l\u2019Universit\u00e9 de Pise apr\u00e8s avoir quitt\u00e9 peu avant Huguette Delavault hospitalis\u00e9e \u00e0 l\u2019h\u00f4pital de La Croix Rouge. Nous savions toutes deux je crois que nous ne nous reverrions pas, c\u2019\u00e9tait \u00e9mouvant.<br>Nous avions beaucoup travaill\u00e9 ensemble et je faisais ce que je pouvais pour adoucir sa maladie. J\u2019ai appris avec beaucoup de tristesse son d\u00e9c\u00e8s le 2 avril pendant le colloque et chang\u00e9 mon vol de retour pour venir aux obs\u00e8ques.<br>Apr\u00e8s je me suis occup\u00e9e d&rsquo;organiser une journ\u00e9e d\u2019hommage \u00e0 Huguette Delavault le 3 juin \u00e0 Reid Hall. Le d\u00e9lai \u00e9tait tr\u00e8s court mais beaucoup de personnes \u00e9taient attach\u00e9es \u00e0 Huguette et m\u2019ont beaucoup aid\u00e9e.<\/p>\n\n\n\n<p>Je reproduis ci-apr\u00e8s le programme de cet hommage. Les textes correspondant aux interventions sont reproduits dans un num\u00e9ro sp\u00e9cial de Dipl\u00f4m\u00e9es (# 205).<\/p>\n\n\n\n<p>J\u2019ajoute \u00e0 la suite le texte que j\u2019ai \u00e9crit pour la Gazette des Math\u00e9maticiens. Cela \u00e9claire les interventions qui ont \u00e9t\u00e9 faites le 3 juin 2003.<\/p>\n\n\n\n<p>Hommage solennel \u00e0 Huguette Delavault le 3 juin 2003 \u00e0 REID HALL<br>Ouverture par Anne N\u00e8gre, pr\u00e9sidente de l&rsquo;association fran\u00e7aise des femmes dipl\u00f4m\u00e9es des universit\u00e9s (AFFDU), docteure en droit, avocate \u00e0 la cour<br>et message d\u2019 H\u00e9l\u00e8ne Ahrweiler, pr\u00e9sidente de l\u2019Universit\u00e9 d\u2019Europe<\/p>\n\n\n\n<ul class=\"wp-block-list\">\n<li>Danielle Haase-Dubosc , directrice de Reid Hall<\/li>\n\n\n\n<li>Fran\u00e7oise Lapierre, professeure des Universit\u00e9s<br>et message des professeurs Faustin S. Sib, ancien Doyen de la facult\u00e9 des sciences et techniques de l\u2019Universit\u00e9 d\u2019Ouagadougou et ancien Ministre de l\u2019enseignement sup\u00e9rieur et de la recherche, et Yembila A. Toguyeni, ancien recteur de l\u2019Universit\u00e9 de Ouagadougou<\/li>\n\n\n\n<li>Marianne Brugui\u00e8re, Membre de l&rsquo;Institut, Acad\u00e9mie des Sciences Morales et Politiques<br>LES ETUDES ET LA CARRIERE :<\/li>\n\n\n\n<li>Sylvie Toly : message de sa m\u00e8re Odette Toly-Rigau , ancienne \u00e9l\u00e8ve de l\u2019Ecole Normale Sup\u00e9rieure de Fontenay-aux -Roses, promotion 1947<\/li>\n\n\n\n<li>Marcelle Bailleul n\u00e9e Chal ancienne \u00e9l\u00e8ve de l\u2019Ecole Normale Sup\u00e9rieure de Fontenay-aux-Roses promotion 1946<\/li>\n\n\n\n<li>Mich\u00e8le Chauve, math\u00e9maticienne, en poste \u00e0 l\u2019Ecole Normale Sup\u00e9rieure de Fontenay-aux-Roses de 1965 jusqu\u2019au transfert des \u00e9l\u00e8ves scientifiques \u00e0 Lyon<\/li>\n\n\n\n<li>Jean Pierre Gaborieau, math\u00e9maticien \u00e0 l\u2019universit\u00e9 de Rennes, ancien directeur de l\u2019 IUFM de Rennes<br>et message d&rsquo;Yves Martin, math\u00e9maticien, professeur des universit\u00e9s, ancien recteur de l\u2019acad\u00e9mie de Caen, puis de celle de Rennes<\/li>\n\n\n\n<li>Andr\u00e9 Savary, physicien, ancien \u00e9tudiant rennais et ancien coop\u00e9rant \u00e0 Ouagadougou<br>et message d\u2019Alexandre Zvenogorosky, physicien, professeur des universit\u00e9s, Directeur de l&rsquo;Ecole Nationale Sup\u00e9rieure d\u2019Electronique et d\u2019\u00e9lectrom\u00e9canique de Caen de 1972 \u00e0 1976<\/li>\n\n\n\n<li>Genevi\u00e8ve Brichet, professeure au lyc\u00e9e Saint-Louis, ancienne coop\u00e9rante \u00e0 l\u2019Institut de Math\u00e9matiques et de Sciences Physiques de Ouagadougou (Haute-Volta\/ Burkina Faso)<br>et extraits du t\u00e9moignage d\u2019Annie Bert\u00e9, ancienne coop\u00e9rante \u00e0 Niamey (Niger)<br>LA VIE ASSOCIATIVE :<\/li>\n\n\n\n<li>Marguerite Saumade, pr\u00e9sidente du groupe AFFDU de Montpellier, pharmacienne ayant particip\u00e9 au programme \u00ab 1000 femmes \u00e0 former \u00bb au S\u00e9n\u00e9gal<\/li>\n\n\n\n<li>Murielle Joy, secr\u00e9taire g\u00e9n\u00e9rale de la f\u00e9d\u00e9ration internationale des femmes dipl\u00f4m\u00e9es des universit\u00e9s (FIFDU)<\/li>\n\n\n\n<li>Veronique Chauveau, pr\u00e9sidente de l\u2019association femmes et math\u00e9matiques<\/li>\n\n\n\n<li>Francoise Gaspard, membre fondateur du r\u00e9seau \u00ab Demain la parit\u00e9 \u00bb, ma\u00eetresse de conf\u00e9rences \u00e0 l\u2019EHESS, ancienne d\u00e9put\u00e9e, repr\u00e9sentante de la France \u00e0 la commission de la femme \u00e0 l\u2019ONU<\/li>\n\n\n\n<li>Claudine Hermann pr\u00e9sidente de l\u2019association Femmes et Sciences, professeure de physique \u00e0 l\u2019Ecole Polytechnique<\/li>\n\n\n\n<li>Francine Demichel ancienne directrice de l\u2019Enseignement Sup\u00e9rieur au minist\u00e8re de l\u2019\u00e9ducation nationale, professeure \u00e0 l\u2019universit\u00e9 Paris VIII<\/li>\n\n\n\n<li>Corinne Konrad doctorante en sociologie de l\u2019\u00e9ducation (Paris V), charg\u00e9e de mission \u00e0 l\u2019Assembl\u00e9e Nationale aupr\u00e8s du groupe des d\u00e9put\u00e9-e-s communistes et r\u00e9publicains<br>Cl\u00f4ture par Anne N\u00e8gre, et annonce de la cr\u00e9ation d\u2019une bourse Huguette Delavault.<\/li>\n<\/ul>\n\n\n\n<p>Je reproduis le texte que j\u2019ai \u00e9crit pour la Gazette des Math\u00e9maticiens 97 ( juillet 2003)<br>Huguette Delavault est d\u00e9c\u00e9d\u00e9e, le 2 avril 2003, \u00e0 l\u2019\u00e2ge de 79 ans.<br>Sa disparition laisse un vide immense dans tous les organismes, associations et r\u00e9seaux qui ont, ces derni\u00e8res ann\u00e9es, \u0153uvr\u00e9 pour la parit\u00e9 et en particulier pour d\u00e9velopper et am\u00e9liorer la place et le r\u00f4le des femmes en sciences et en technologie. Elle a aussi profond\u00e9ment touch\u00e9 toutes celles et tous ceux qui ont travaill\u00e9, que ce soit dans le pass\u00e9 ou tr\u00e8s r\u00e9cemment, avec Huguette Delavault. Un hommage solennel lui a \u00e9t\u00e9 rendu le 3 juin 2003 au si\u00e8ge de l\u2019Association fran\u00e7aise des femmes dipl\u00f4m\u00e9es des universit\u00e9s (Affdu) par ses camarades de promotion, par ses coll\u00e8gues, par ses amies et amis, par toutes celles et par tous ceux qui l\u2019ont connue durant sa vie exemplaire, dans laquelle les activit\u00e9s scientifiques, p\u00e9dagogiques et associatives, ainsi que la d\u00e9fense des int\u00e9r\u00eats des femmes, ont tenu une si large place.<br>Toutes les interventions lors de cet hommage ont mis en \u00e9vidence l\u2019extraordinaire capacit\u00e9 \u00e0 mobiliser des \u00e9quipes et des \u00e9nergies d\u2019Huguette. Elles ont aussi rappel\u00e9 ses qualit\u00e9s d\u2019exigence et de rigueur intellectuelle, sa g\u00e9n\u00e9rosit\u00e9 et sa sensibilit\u00e9 dissimul\u00e9es par une grande r\u00e9serve. Elles ont enfin fait l\u2019\u00e9loge de son courage et de sa t\u00e9nacit\u00e9. Les textes des interventions et messages d\u00e9livr\u00e9s lors de cet hommage figureront dans le num\u00e9ro 205 de la revue Dipl\u00f4m\u00e9es \u00e9dit\u00e9e par l\u2019Affdu.<br>N\u00e9e \u00e0 Andilly (Charente-Maritime) en 1924, fille d\u2019un couple d\u2019instituteurs, Huguette Delavault fut d\u2019abord \u00e9l\u00e8ve de l\u2019\u00e9cole normale d\u2019institutrices de La Rochelle de 1940 \u00e0 1943, puis de l\u2019\u00c9cole normale sup\u00e9rieure de Fontenay-aux-Roses de 1946 \u00e0 1949. Elle obtint l\u2019agr\u00e9gation de math\u00e9matiques en 1952, apr\u00e8s une interruption d\u2019\u00e9tudes pour raison de sant\u00e9. Elle a soutenu son doctorat d\u2019Etat \u00e8s sciences math\u00e9matiques \u00e0 l\u2019universit\u00e9 de Paris, le 30 novembre 1957, devant un jury compos\u00e9 de Messieurs Villat et P\u00e9r\u00e8s et de Madame Dubreil. Le sujet de sa th\u00e8se \u00e9tait \u00ab Application de la transformation de Laplace et de la transformation de Hankel \u00e0 la d\u00e9termination de solutions de l\u2019\u00e9quation de la chaleur et des \u00e9quations de Maxwell en coordonn\u00e9es cylindriques \u00bb. Cette th\u00e8se a \u00e9t\u00e9 publi\u00e9e int\u00e9gralement et a fait l\u2019objet d\u2019un article.<br>N\u2019\u00e9tant pas sp\u00e9cialiste du sujet, je ne retiendrai de cette th\u00e8se que deux choses : la d\u00e9dicace faite \u00e0 son directeur de th\u00e8se Henri Villat \u00ab qui \u00e0 l\u2019Ecole Normale Sup\u00e9rieure de Fontenay-aux-Roses, comme au CNRS, m\u2019a \u00e9clair\u00e9e et aid\u00e9e de toute sa science, qui, pas \u00e0 pas, a guid\u00e9 mon travail avec une constante sollicitude, qui, peut-\u00eatre m\u00eame, a orient\u00e9 ma vie en m\u2019apprenant que la vraie culture ne consiste pas seulement \u00e0 r\u00e9soudre un probl\u00e8me de math\u00e9matiques, si difficile soit-il, mais encore \u00e0 aimer la musique et la po\u00e9sie, et tout ce qui honore l\u2019esprit et le c\u0153ur de l\u2019homme \u00bb, o\u00f9 l\u2019on devine d\u00e9j\u00e0 la g\u00e9n\u00e9rosit\u00e9 et l\u2019ouverture d\u2019esprit si caract\u00e9ristiques d\u2019Huguette ; et le fait que son domaine de recherche, la physique math\u00e9matique, lui a certainement donn\u00e9, d\u00e8s le d\u00e9but, son aptitude \u00e0 travailler en relation avec des chercheurs d\u2019autres disciplines, des physiciens \u00e0 cette \u00e9poque, des sociologues et des historiens ou des juristes plus tard.<br>Huguette Delavault fut d\u2019abord chercheuse au CNRS de 1952 \u00e0 1958 ; durant cette p\u00e9riode et les quelques ann\u00e9es qui suivirent, elle r\u00e9alisa l\u2019essentiel de son oeuvre math\u00e9matique dont le dernier travail est un m\u00e9moire sur les transformations int\u00e9grales \u00e0 plusieurs variables et leurs applications. Elle fut ensuite enseignante-chercheuse \u00e0 la facult\u00e9 des sciences de Rennes de 1958 \u00e0 1970. Elle s\u2019y investit \u00e9norm\u00e9ment dans l\u2019enseignement des math\u00e9matiques ; elle r\u00e9digea un cours \u00ab Techniques Math\u00e9matiques de la Physique \u00bb, d\u2019une grande utilit\u00e9 pour les physiciens, prit la direction de l\u2019IPES (Institut de pr\u00e9paration \u00e0 l\u2019enseignement secondaire), puis celle du Centre p\u00e9dagogique r\u00e9gional pour les math\u00e9matiques et la physique, ce qui lui donna plus tard l\u2019opportunit\u00e9 d\u2019initier des projets de coop\u00e9ration avec l\u2019Afrique. C\u2019est encore \u00e0 la facult\u00e9 des sciences de Rennes qu\u2019elle est nomm\u00e9e professeure des Universit\u00e9s en 1962.<br>Charg\u00e9e d\u00e8s 1969 d\u2019une mission de coordination des actions de r\u00e9novation de l\u2019enseignement des math\u00e9matiques en Afrique noire francophone et \u00e0 Madagascar par le minist\u00e8re de la Coop\u00e9ration, elle fut plus tard \u00e0 l\u2019origine d\u2019une convention \u2013 entre l\u2019\u00c9cole normale sup\u00e9rieure de Fontenay-aux-Roses et l\u2019Institut de math\u00e9matiques et de sciences physique (IMP) de l\u2019universit\u00e9 de Ouagadougou (Haute-Volta \/ Burkina Faso) \u2013 qui permettait des \u00e9changes d\u2019\u00e9tudiants et d\u2019enseignants. A ce titre elle effectua de nombreuses missions en Afrique et organisa maintes formations pour les enseignants africains et les coop\u00e9rants. Elle gardera un profond attachement pour l\u2019Afrique et suivra le devenir des contrats et projets jusqu\u2019\u00e0 la fin de ses jours.<br>Professeure \u00e0 l\u2019\u00c9cole nationale sup\u00e9rieure d\u2019\u00e9lectronique et d\u2019\u00e9lectrom\u00e9canique de Caen jusqu\u2019en 1984, Huguette Delavault fut, durant cette p\u00e9riode, d\u00e9tach\u00e9e (1976-1980) comme directrice adjointe de l\u2019\u00c9cole normale sup\u00e9rieure de Fontenay-aux-Roses.<br>C\u2019est \u00e0 cette \u00e9poque que se confirma sa vocation \u00e0 d\u00e9fendre la cause des femmes, notamment dans le domaine scientifique. Consciente du \u00ab plafond de verre \u00bb qui limite les carri\u00e8res universitaires des femmes \u2013 elle alla m\u00eame jusqu\u2019\u00e0 dire lors d\u2019un colloque \u00e0 Bruxelles en 1998 \u00ab J\u2019ai \u00e9t\u00e9 nomm\u00e9e professeur, peut-\u00eatre parce que c\u2019\u00e9tait une p\u00e9riode d\u2019expansion de l\u2019enseignement sup\u00e9rieur et qu\u2019il n\u2019y avait pas assez d\u2019hommes pour le nombre de postes ! \u00bb &#8211; elle v\u00e9cut le drame du premier concours d\u2019entr\u00e9e mixte \u00e0 l\u2019Ecole normale sup\u00e9rieure de Fontenay-aux-Roses en 1981 : seule une femme est admise en math\u00e9matiques (sur dix admis). Le d\u00e9sastre se renouvela lors du premier concours mixte de l\u2019agr\u00e9gation de math\u00e9matiques.<br>D\u00e9j\u00e0 impliqu\u00e9e dans des actions en faveur de la parit\u00e9 hommes-femmes, Huguette s\u2019engagea alors dans la recherche sociologique pour essayer de comprendre les origines du probl\u00e8me et tenter de proposer des solutions pour y rem\u00e9dier. Huguette Delavault participa activement aux r\u00e9unions qui aboutirent \u00e0 la cr\u00e9ation, en 1987, de l\u2019association \u00ab femmes et math\u00e9matiques \u00bb. Ses activit\u00e9s au sein de cette association ne repr\u00e9sentent qu\u2019une partie de son engagement associatif. Huguette fut d\u2019abord secr\u00e9taire et tr\u00e9sori\u00e8re, de 1973 \u00e0 1976, de l\u2019Association des anciennes \u00e9l\u00e8ves de l\u2019Ecole normale sup\u00e9rieure de Fontenay-aux-Roses, qu\u2019elle pr\u00e9sida ensuite de 1985 \u00e0 1988. Elle adh\u00e9ra \u00e0 l\u2019Association fran\u00e7aise des femmes dipl\u00f4m\u00e9es des universit\u00e9s (Affdu) en 1977, entra au conseil d\u2019administration en 1983, pr\u00e9sida l\u2019Affdu en 1984 et 1985, puis de 1988 \u00e0 1994. Huguette repr\u00e9senta l\u2019Affdu dans le r\u00e9seau d\u2019associations Demain la parit\u00e9, mis en place en 1994 par Fran\u00e7oise Gaspard et Colette Kreder afin de promouvoir une strat\u00e9gie commune en mati\u00e8re d\u2019\u00e9galit\u00e9 des chances dans la prise de d\u00e9cision.<br>En 2000, treize ans apr\u00e8s avoir particip\u00e9 \u00e0 la cr\u00e9ation de l\u2019association femmes et math\u00e9matiques, elle fut, avec Claudine Hermann, Fran\u00e7oise Gaspard, Colette Kreder, Fran\u00e7oise Cyrot-Lackmann, et l\u2019association femmes et math\u00e9matiques, membre fondatrice de l\u2019association Femmes et Sciences, dont les objectifs sont les suivants : renforcer la position des femmes exer\u00e7ant des carri\u00e8res scientifiques et techniques dans les secteurs publics et priv\u00e9s, promouvoir l&rsquo;image des sciences chez les femmes et l&rsquo;image des femmes dans les sciences et inciter les jeunes filles \u00e0 s&rsquo;engager dans les carri\u00e8res scientifiques et techniques.<br>Depuis 1990, Huguette Delavault a r\u00e9alis\u00e9 par ses travaux, publications et conf\u00e9rences, une \u0153uvre importante et novatrice de recherche scientifique en sociologie. Elle a notamment \u00e9crit en 2000, en collaboration, deux rapports command\u00e9s par Francine Demichel, directrice de l\u2019Enseignement sup\u00e9rieur : l\u2019un sur les femmes dans les fili\u00e8res de l\u2019enseignement sup\u00e9rieur, l\u2019autre sur les enseignantes-chercheuses \u00e0 l\u2019Universit\u00e9. L\u2019ann\u00e9e 2002 vit l\u2019ach\u00e8vement de cette \u0153uvre avec la publication du livre : Les Enseignantes-chercheuses \u00e0 l\u2019Universit\u00e9 : demain la parit\u00e9 ?<br>La derni\u00e8re des tr\u00e8s nombreuses manifestations \u00e0 l\u2019organisation desquelles Huguette participa fut le colloque Cedaw (Convention sur l\u2019\u00e9limination de toutes les formes de discrimination \u00e0 l\u2019\u00e9gard des femmes), que l\u2019Affdu organisa, le 15 mars 2002, \u00e0 l\u2019Assembl\u00e9e nationale. Cette importante convention de l\u2019ONU pourrait \u00eatre un instrument juridique efficace pour d\u00e9fendre la cause des femmes. Offici\u00e8re des Palmes acad\u00e9miques depuis 1967, Huguette Delavault fut nomm\u00e9e chevali\u00e8re de la L\u00e9gion d\u2019honneur en 1995 et promue offici\u00e8re de l\u2019ordre national du M\u00e9rite en 2002.<br>Huguette a \u00e9t\u00e9 inhum\u00e9e en Charente-Maritime, sa terre natale.<br>Une bourse scientifique \u00e0 la m\u00e9moire d\u2019Huguette Delavault a \u00e9t\u00e9 cr\u00e9\u00e9e. Elle est destin\u00e9e \u00e0 aider des \u00e9tudiantes de niveau fin de th\u00e8se ou post-doctoral \u00e0 r\u00e9aliser un projet de recherche impliquant une mobilit\u00e9 de ou vers l\u2019\u00e9tranger. Les dons sont re\u00e7us par l\u2019Affdu, 4 rue de Chevreuse, 75006 Paris.<\/p>\n\n\n\n<p><\/p>\n\n\n\n<p><strong>DES JURYS DE CONCOURS<\/strong><\/p>\n\n\n\n<p>Quand je me suis mari\u00e9e avec Claude en juillet 1967, j\u2019\u00e9tais donc \u00e9l\u00e8ve-professeur ENSET et mon mari \u00e9l\u00e8ve-ing\u00e9nieur X-GM. Nous ne nous sommes install\u00e9s qu\u2019\u00e0 la rentr\u00e9e 1968 en achetant un studio de 32 m2 pr\u00e8s du village suisse dans le 15e arrondissement.<br>J\u2019avais alors 2,5 ann\u00e9es de salaire \u00e9pargn\u00e9 correspondant \u00e0 mon ann\u00e9e d\u2019IPES et presque deux ans d\u2019\u00e9l\u00e8ve ENS. Tout cela, et bien s\u00fbr des cr\u00e9dits \u00e9pargne-logement, nous ont permis cet achat. Je pense que compte tenu de l\u2019augmentation de l&rsquo;immobilier parisien et du d\u00e9crochage des salaires de fonctionnaires par rapport \u00e0 l\u2019inflation, ce serait tout \u00e0 fait impossible de nos jours. En plus nous avions sign\u00e9 avant mai 1968 et commenc\u00e9 \u00e0 payer apr\u00e8s, cela a \u00e9t\u00e9 tr\u00e8s favorable en raison des fortes augmentations de salaires qui ont suivi les \u00e9v\u00e8nements de 68.<\/p>\n\n\n\n<p>En fait nous n\u2019avons jamais \u00e9t\u00e9 aussi riche, ou du moins aussi \u00e0 l\u2019aise, qu\u2019\u00e0 cette \u00e9poque. En 1970 nous f\u00fbmes nomm\u00e9s \u00e0 Brest, mais avant d\u2019y aller nous avons pu acheter, avant de partir en voyage d\u2019\u00e9tudes au Japon, un studio de 35m2 \u00e0 la montagne en bonne partie gr\u00e2ce \u00e0 Claude qui avait donn\u00e9 des cours aux conducteurs de travaux de l\u2019ESTP. Nous avions aussi achet\u00e9 des tapis persans \u00e0 Drouot pour meubler notre futur appartement brestois suppos\u00e9 \u00eatre cours Dageot. Malheureusement, ou heureusement selon le point de vue, cet appartement fut finalement mis en vente et nous avons d\u00fb louer un appartement neuf et sans \u00e2me rue Pierre Tr\u00e9pos, mais celui-ci \u00e9tait pr\u00e8s de l&rsquo;Universit\u00e9.<\/p>\n\n\n\n<p>L\u2019ann\u00e9e suivante nous avons corrig\u00e9 l\u2019\u00e9crit du concours de l\u2019ESTP, je dis \u00ab nous \u00bb car c\u2019est Claude qui \u00e9tait nomm\u00e9 correcteur mais je l\u2019ai largement aid\u00e9. Nous devions corriger toutes les copies du concours ! C\u2019\u00e9tait un travail \u00e9norme qui nous a permis de meubler le studio de l\u2019Alpe d\u2019Huez.<\/p>\n\n\n\n<p>Malgr\u00e9 tout cela faisait pas mal de cr\u00e9dits \u00e0 assumer, j\u2019ai ainsi particip\u00e9 \u00e0 la correction de l\u2019\u00e9preuve d\u2019Alg\u00e8bre-G\u00e9om\u00e9trie du concours d\u2019entr\u00e9e \u00e0 l\u2019ENSET.<br>J\u2019ai corrig\u00e9 cet \u00e9crit de concours pendant une quinzaine d\u2019ann\u00e9es (1971-1986) ; l&rsquo;\u00e9quipe du concours \u00e9tait tr\u00e8s sympathique ; il y avait double correction mais tout se faisait \u00e0 la main, point d\u2019Excel \u00e0 cette \u00e9poque.<br>Le jury de cette \u00e9preuve \u00e9tait habituellement Alain M\u00e9zard (le p\u00e8re d\u2019Ariane M\u00e9zard que j\u2019ai rencontr\u00e9e enfant chez Alain \u00e0 Anthony), G\u00e9rard Rauch, Charles Delorme et moi-m\u00eame. Nous \u00e9tions tr\u00e8s rigoureux pour l\u2019harmonisation de la double correction et l\u2019\u00e9tablissement des bordereaux, remplis \u00e0 la main certes mais v\u00e9rifi\u00e9s en double appel.<br>Pourtant une ann\u00e9e nous avons eu un gros probl\u00e8me : vers minuit Alain M\u00e9zard m\u2019a t\u00e9l\u00e9phon\u00e9 en me disant que nous devions \u00eatre \u00e0 Cachan \u00e0 6h le lendemain, convoqu\u00e9s par la directrice de l\u2019Ecole Madame Janneau. Nous avions en effet mis des notes \u00e0 certains absents\u2026 Il y avait eu un d\u00e9calage quelque part. Nous avons donc tout remis \u00e0 plat et r\u00e9gl\u00e9 le probl\u00e8me.<br>Depuis cette aventure j\u2019ai toujours dit \u00e0 mes \u00e9tudiants, comme \u00e0 mes enfants, que lorsqu&rsquo;on ne comprend pas sa note on demande \u00e0 la faire v\u00e9rifier.<\/p>\n\n\n\n<p>Tr\u00e8s longtemps apr\u00e8s, en 2018, je participerai \u00e0 la correction de l\u2019\u00e9preuve de 6h (Math D) du concours d\u2019entr\u00e9e \u00e0 ULM. Cela a bien occup\u00e9 mon mois de mai 2018.<br>Je suis all\u00e9e \u00e0 l\u2019X \u00e0 Palaiseau pour une r\u00e9union o\u00f9 l\u2019on nous donnait des informations et une tablette contenant toutes les copies que nous devions corriger. J\u2019\u00e9tais un peu anxieuse pour cette correction sur tablette, mais en fait c\u2019est extr\u00eamement confortable. Quand on a un candidat qui a \u00e9crit 10 copies doubles c\u2019est beaucoup plus facile de naviguer entre les pages virtuelles qu\u2019avec du vrai papier. De plus si quelque chose est mal \u00e9crit on peut agrandir cette partie pour mieux la lire.<\/p>\n\n\n\n<p>Lors de la correction, \u00e0 droite de la tablette j\u2019avais mon vieil ordinateur, un mac book air de 2009 universitaire et fatigu\u00e9, avec un grand tableau excel de 54 cases par num\u00e9ro de copie pour entrer des mini-notes suivant le bar\u00e8me tr\u00e8s d\u00e9taill\u00e9. A gauche le texte du probl\u00e8me avec indication du bar\u00e8me d\u00e9taill\u00e9. Cela a \u00e9t\u00e9 un peu difficile du cot\u00e9 yeux en raison d\u2019une cataracte d\u00e9butante.<\/p>\n\n\n\n<p>Pour \u00e9tablir le bar\u00e8me nous avons commenc\u00e9 par donner un poids \u00e9gal \u00e0 toutes les questions ; puis apr\u00e8s avoir corrig\u00e9 chacun une cinquantaine de copies nous nous sommes r\u00e9unis \u00e0 l\u2019ENS Ulm et avons d\u00e9cid\u00e9 de modifier le poids des questions et de les subdiviser en tenant compte de ce que nous avions vu.<br>Il a fallu que j\u2019intervienne pour que des questions trop faciles ne se retrouvent pas avec un poids z\u00e9ro ou presque ; en effet si on passe du temps \u00e0 bien r\u00e9diger une question tr\u00e8s facile on ne le consacre pas \u00e0 des parties plus difficiles. Or nous savons, au moins \u00e0 femmes et math\u00e9matiques, que la tendance consciencieuse des filles les conduit plut\u00f4t \u00e0 ne pas b\u00e2cler la r\u00e9daction de telles questions. J\u2019ai \u00e9t\u00e9 en partie \u00e9cout\u00e9e. Clairement le Jury \u00e9tait favorable \u00e0 l\u2019admission de plus de filles si c\u2019etait possible, mais il ne se rendait pas compte que l\u2019esprit math\u00e9matique qui le guidait dans sa s\u00e9lection risquait de nuire aux femmes.<\/p>\n\n\n\n<p>Vu le rapport temps pass\u00e9 \/ revenu procur\u00e9 qui r\u00e9sultait de cette correction (de l&rsquo;ordre de 5 euros par copie ! ) je n\u2019ai pas renouvel\u00e9 l\u2019exp\u00e9rience l\u2019ann\u00e9e suivante et les autres correcteurs non plus je crois, sauf peut-\u00eatre ceux qui participaient aux oraux.<\/p>\n\n\n\n<p>Concernant les colles en math\u00e9matiques sp\u00e9ciales j\u2019ai fait d\u2019abord passer des interrogations \u00e0 Janson de Sailly introduite par Ecalle, mon ancien professeur de Math Sp\u00e9, avant de partir \u00e0 Brest o\u00f9 j\u2019ai fait passer des interrogations au lyc\u00e9e Kerichen, puis apr\u00e8s notre installation \u00e0 Paris et l\u2019achat de l\u2019appartement que j\u2019occupe toujours, j\u2019ai fait longtemps des interrogations en classe de math\u00e9matiques sp\u00e9ciales au lyc\u00e9e Saint Louis proche de chez moi et de Jussieu.<br>En hiver il fallait bien se couvrir car Saint-Louis coupait le chauffage \u00e0 la fin des cours ! Je me ridiculisais dans un grand manteau de vison h\u00e9rit\u00e9 d\u2019une tante de mon mari, mais au moins j\u2019\u00e9tais bien au chaud !<\/p>\n\n\n\n<p>Je me suis aper\u00e7ue que lorsque on approchait de 19h30 certains \u00e9l\u00e8ves devenaient inefficaces, et puis j\u2019ai compris apr\u00e8s avoir pos\u00e9 quelques questions innocentes que c\u2019\u00e9tait une sp\u00e9cificit\u00e9 des \u00e9l\u00e8ves internes qui ne pensaient plus qu\u2019au diner \u00e9ventuellement r\u00e9duit s\u2019ils \u00e9taient en retard \u2026<\/p>\n\n\n\n<p>Une autre chose f\u00fbt longue \u00e0 venir jusqu\u2019\u00e0 ma conscience : j\u2019avais un pr\u00e9jug\u00e9 favorable quand l\u2019\u00e9tudiant arrivait sans lunettes et prenait la craie de la main gauche. J\u2019ai lu plus tard que des \u00e9tudes am\u00e9ricaines avaient mis en lumi\u00e8re la petite sup\u00e9riorit\u00e9 en math\u00e9matiques, comme au tennis, des \u00e9l\u00e8ves gauchers !<\/p>\n\n\n\n<p><strong>DES TRAVAUX D\u2019\u00c9CRITURE ET D\u2019\u00c9DITION<\/strong><\/p>\n\n\n\n<p>Publier ou mourir dit la maxime dans le milieu des chercheurs. Cela commence bien s\u00fbr par \u00e9crire \u2026<\/p>\n\n\n\n<p>Pour moi l\u2019\u00e9criture math\u00e9matique a commenc\u00e9 en 2\u00e8me ann\u00e9e \u00e0 Cachan par un m\u00e9moire de ma\u00eetrise \u00ab Anneaux Euclidiens parmi les anneaux d\u2019entiers des corps quadratiques sur Q. \u00bb<br>Ensuite, en 4\u00e8me ann\u00e9e, ce fut le m\u00e9moire de DEA \u00ab Etude et application de la th\u00e9orie des corps ordonnables \u00bb, texte qui a \u00e9t\u00e9 int\u00e9gr\u00e9 dans le livre \u00ab Arithm\u00e9tique des corps \u00bb \u00e9crit par Paulo Ribenboim dans la collection M\u00e9thodes chez Hermann.<br>Ma th\u00e8se de troisi\u00e8me cycle \u00ab Sur le 17\u00e8me probl\u00e8me de Hilbert \u00bb a donn\u00e9 lieu \u00e0 deux notes aux comptes rendus de l\u2019Acad\u00e9mie des Sciences et un article dans le Bulletin des Sciences Math\u00e9matiques.<br>Quant \u00e0 mon Doctorat d\u2019Etat \u00ab Th\u00e9orie des mod\u00e8les de corps ordonnables et sommes de puissances 2n-i\u00e8mes \u00bb, il a repris 4 nouvelles publications et fait ensuite l\u2019objet de six publications entre 1990 et 1992.<\/p>\n\n\n\n<p>Le processus de publication d\u2019un article est long. Il faut \u00e9crire et v\u00e9rifier, puis choisir \u00e0 quelle revue on va soumettre son texte, et attendre, parfois longtemps, un avis et un rapport de referee qui conduit souvent \u00e0 corriger ou compl\u00e9ter le texte.<br>Ensuite arrivent les \u00e9preuves qu\u2019il faut v\u00e9rifier, et attendre parfois longtemps encore que le papier soit imprim\u00e9 dans le journal choisi.<br>Apr\u00e8s quoi cet article fait g\u00e9n\u00e9ralement l\u2019objet d\u2019une revue dans Mathematical Reviews (AMS) ou Zentrallblatt f\u00fcr Mathematik.<br>Sur le site de MathScinet j\u2019ai je crois 28 articles qui font l\u2019objet d\u2019une revue.<br>Dans Zentrallblatt c\u2019est 9 articles plus 19 autres selon que j\u2019ai sign\u00e9 Gondard ou Gondard-Cozette\u2026 L\u2019AMS a elle recoll\u00e9 les deux listes. Encore une raison pour garder son nom de naissance !<\/p>\n\n\n\n<p>J\u2019ai fait pas mal de revues pour les Mathematical Reviews et j\u2019ai aussi fait le rapport de referee d\u2019un certain nombre d\u2019articles. Ce dernier travail est une importante responsabilit\u00e9, il faut dire si l\u2019article est valable, int\u00e9ressant, exact et proposer des am\u00e9liorations.<br>Cette responsabilit\u00e9 est scientifique bien s\u00fbr, mais c\u2019est aussi une responsabilit\u00e9 morale car la carri\u00e8re d\u2019un math\u00e9maticien d\u00e9pend surtout de ses publications.<br>L\u2019auteur du rapport de referee est th\u00e9oriquement anonyme, car le rapport est transmis par l\u2019\u00e9diteur. Mais il se laisse parfois deviner car nous ne sommes pas si nombreux sur un sujet de recherche pointu. L\u2019\u00e9diteur choisit souvent le rapporteur en consultant la bibliographie de l\u2019article. Il lui faut une certaine proximit\u00e9 au sujet trait\u00e9 mais aussi quelqu\u2019un qui ne soit pas trop proche de l\u2019auteur du papier !<\/p>\n\n\n\n<p>Un autre type de travail est celui d\u2019\u00eatre \u00e9diteur d\u2019un ouvrage, d\u2019actes de s\u00e9minaire ou de proceedings de colloque.<br>Mon premier travail de ce genre fut pour \u00ab The Rocky Mountain Journal of Mathematics \u00bb paru en 1984 (volume 14, number 4).<br>Cela faisait suite \u00e0 un colloque tenu \u00e0 Boulder en juillet 1983.<br>Ce volume contient des textes importants pour la g\u00e9om\u00e9trie r\u00e9elle dont ceux de Becker, de Brumfiel et de Lam.<br>Mais il y a aussi un \u00e9ventail de textes courts et d\u00e9j\u00e0 pr\u00e9monitoires de d\u00e9veloppements futurs ; on y trouve beaucoup des auteurs qui compteront en g\u00e9om\u00e9trie r\u00e9elle. L\u2019\u00e9tat de mon exemplaire t\u00e9moigne de son importance pour la suite de mon travail !<br>Cet ouvrage est d\u00e9di\u00e9 \u00e0 la m\u00e9moire de Gus Efroymson disparu un mois apr\u00e8s la fin du colloque de Boulder o\u00f9 il donna une conf\u00e9rence en d\u00e9pit de son \u00e9tat de sant\u00e9.<\/p>\n\n\n\n<p>1984 c\u2019est aussi le d\u00e9but de notre s\u00e9minaire \u00ab Structures Alg\u00e9briques Ordonn\u00e9es \u00bb. Forte de l\u2019exp\u00e9rience pr\u00e9c\u00e9dente j\u2019ai souhait\u00e9 que nous \u00e9ditions des textes correspondant aux expos\u00e9s donn\u00e9s.<br>Max Dickmann et Fran\u00e7oise Delon ont \u00e9t\u00e9 d\u2019accord. Nous avons donc \u00e9dit\u00e9 deux tomes correspondant aux expos\u00e9s des ann\u00e9es 1984 \u00e0 1987. Ils sont parus dans la collection des publications de l\u2019Universit\u00e9 Paris 7.<br>Nous avions voulu faire les choses parfaitement et avoir des rapports sur tous les articles soumis. Cela a \u00e9t\u00e9 beaucoup de travail et la publication ne s\u2019est faite qu\u2019en juin 1990. Ce d\u00e9lai rendait la chose moins int\u00e9ressante car les articles \u00e9taient un peu en retard sur l\u2019actualit\u00e9 des sujets trait\u00e9s.<\/p>\n\n\n\n<p>Par la suite nous avons d\u00e9cid\u00e9 de faire une \u00e9dition de pr\u00e9publications sous la responsabilit\u00e9 conjointe des auteurs et des \u00e9diteurs.<br>Ainsi les textes correspondant \u00e0 une ann\u00e9e d\u2019expos\u00e9s \u00e9taient imprim\u00e9s et diffus\u00e9s \u00e0 quelques 200 exemplaires autour du monde au printemps de l\u2019ann\u00e9e suivante.<br>Cette mani\u00e8re de publier a assur\u00e9 notre succ\u00e8s et c\u2019est toujours ainsi que nous proc\u00e9dons en 2021.<br>Le seul changement est que nous n\u2019imprimons plus que 80 exemplaires et mettons un fichier .pdf du volume sur la page du s\u00e9minaire tout en envoyant un mail d\u2019annonce \u00e0 tous nos contacts.<br>Nous avons en quelque sorte jou\u00e9 par avance le r\u00f4le du site actuel ArXiv mais en ciblant le public potentiellement int\u00e9ress\u00e9. C\u2019\u00e9tait bien utile et tr\u00e8s appr\u00e9ci\u00e9.<\/p>\n\n\n\n<p>Apr\u00e8s le congr\u00e8s Math\u00e9matique Junior de 1992, et avec Jean-Pierre Ressayre, nous avons \u00e9dit\u00e9 les actes d\u2019un num\u00e9ro de Quadrature.<br>Ce fut fait avec l\u2019aide de Didier Nordon qui s\u2019occupait je crois de cette revue de vulgarisation math\u00e9matique \u00e0 destination essentiellement des lyc\u00e9ens.<\/p>\n\n\n\n<p>J\u2019ai eu aussi le plaisir de co-signer avec mon amie Anne-Marie Charbonnel un article sur Huguette Delavault demand\u00e9 par Anne Boy\u00e9 pour le dictionnaire des cr\u00e9atrices \u00e9dit\u00e9 par les \u00e9ditions Des femmes. C\u2019est je crois mon seul travail d\u2019\u00e9criture qui donna lieu \u00e0 des droits d\u2019auteur jamais r\u00e9ellement per\u00e7us car trop insignifiants pour atteindre le seuil critique de la mise en paiement !<\/p>\n\n\n\n<p>J\u2019ai par ailleurs le souvenir d\u2019un de mes articles dont Chip Delzell, organisateur avec James Madden des colloques \u00e0 B\u00e2ton Rouge, avait corrig\u00e9 la forme avant \u00e9dition. Il y avait entre autres corrections une faute syst\u00e9matique : mes \u00ab semicolon \u00bb (i.e. point-virgule) suivaient un espace alors que l\u2019article \u00e9tait en anglais, et que je n\u2019aurais pas d\u00fb mettre d\u2019espace avant ces \u00ab semicolon \u00bb. J\u2019avais re\u00e7u une tr\u00e8s longue liste de corrections pr\u00e9cises et explicites. Chip Delzell c\u2019est l\u2019homme qui tape un texte plus vite que l\u2019\u00e9cran ! Je l\u2019ai vu un jour sur un ordinateur que je lui avais ouvert dans la salle de logique, quand il a travaill\u00e9 les autres occupants se sont arr\u00eat\u00e9s m\u00e9dus\u00e9s par la rapidit\u00e9 et la dext\u00e9rit\u00e9 de Chip !<\/p>\n\n\n\n<p>Ma derni\u00e8re exp\u00e9rience est l\u2019\u00e9dition d\u2019un volume, le 697, dans la s\u00e9rie Contemporary Mathematics \u00e9dit\u00e9e par l\u2019AMS.<br>Il fait suite au colloque que nous avons tenu au CIRM en 2015 et est paru en 2017.<br>Pour l\u2019\u00e9dition, avec Fran\u00e7oise Delon et Max Dickmann, nous nous \u00e9tions adjoint Fabrizio Broglia de l\u2019Universit\u00e9 de Pise et Vicky Powers d\u2019Emory University \u00e0 Atlanta.<br>Essentiellement avec Max Dickmann nous avions soumis \u00e0 l\u2019AMS un dossier parfaitement pr\u00e9par\u00e9. Et nous avons eu une approbation dans un d\u00e9lai record, quelque chose comme une semaine, nous en \u00e9tions \u00e9tonn\u00e9s.<\/p>\n\n\n\n<p>Apr\u00e8s bien s\u00fbr les 5 \u00e9diteurs se sont r\u00e9partis les papiers pour obtenir des rapports assez rapidement.<br>Et l\u2019oeil de lynx de Max n\u2019a laiss\u00e9 passer aucune coquille ! Il faut dire qu\u2019il y est excellent car tr\u00e8s jeune il relisait d\u00e9j\u00e0 les textes de son p\u00e8re romancier \u2026<br>C\u2019est finalement un bel ouvrage de r\u00e9f\u00e9rence qui couvre tr\u00e8s bien les divers champs li\u00e9s au s\u00e9minaire et qui est d\u00e9dicac\u00e9 \u00e0 mon co-auteur Murray Marshall d\u00e9c\u00e9d\u00e9 en 2015.<\/p>\n\n\n\n<p><\/p>\n\n\n\n<p><strong>EBERHARD BECKER<\/strong><\/p>\n\n\n\n<p>Notre collaboration a commenc\u00e9 vers 1987 et s\u2019est concr\u00e9tis\u00e9e par un article consign\u00e9 \u00e0 Manuscripta Mathematica en 1989.<\/p>\n\n\n\n<p>J&rsquo;avais auparavant \u00e9crit un projet d\u2019article qui comportait, comme je le fais souvent, beaucoup de questions ouvertes ou de conjectures.<br>Je ne sais plus du tout si, ni o\u00f9, j\u2019avais propos\u00e9 cela, peut-\u00eatre dans notre \u00e9dition formelle 1984-1987 de notre s\u00e9minaire Structures Alg\u00e9briques Ordonn\u00e9es \u00bb qui passait le filtre des referees, ou c\u2019est bien possible dans une note aux CRAS qui aurait \u00e9t\u00e9 refus\u00e9e ?<br>Toujours est-il que Fran\u00e7oise Delon a soit re\u00e7u un rapport de referee par Eberhard Becker, soit discut\u00e9 avec lui de mon projet d\u2019article et m\u2019a dit qu\u2019il avait la r\u00e9ponse \u00e0 beaucoup de mes questions ouvertes.<br>Elle m\u2019a alors incit\u00e9e \u00e0 collaborer avec Eberhard Becker et nous avons fait un article co-sign\u00e9 \u00ab On Rings admitting orderings and 2-primary chains of orderings of higher level. \u00bb<\/p>\n\n\n\n<p>Ce fut le d\u00e9but d\u2019une fructueuse et longue collaboration qui a \u00e9t\u00e9 soutenue de 1989 \u00e0 1999 par des programmes de coop\u00e9ration franco-allemande Procope.<br>En effet trois autres articles cosign\u00e9s avec Eberhard Becker ont suivi cette premi\u00e8re co-signature de 1989 : en 1994 au Journal de Crelle, en 1995 dans un livre \u00e9dit\u00e9 par W. de Gruyter et enfin en 1999 au Journal of Algebra.<br>Deux d\u2019entre eux portent aussi la signature de Ralph Berr ou de Fran\u00e7oise Delon.<\/p>\n\n\n\n<p>Travailler avec Eberhard \u00e0 l&rsquo;Universit\u00e9 de Dortmund durant des s\u00e9jours financ\u00e9s par Procope \u00e9tait efficace et tr\u00e8s agr\u00e9able. Enceinte en 1989 j\u2019avais m\u00eame \u00e9t\u00e9 log\u00e9e dans un superbe h\u00f4tel dans un parc \u2026<br>Eberhard passait beaucoup de temps \u00e0 m\u2019expliquer des choses nouvelles pour moi. C\u2019\u00e9tait clairement un professeur qui aimait beaucoup transmettre.<br>De plus le secr\u00e9tariat de l\u2019Universit\u00e9 de Dortmund avait une personne form\u00e9e au LaTeX qui dactylographiait nos articles ; c\u2019\u00e9tait tr\u00e8s confortable.<\/p>\n\n\n\n<p>Malheureusement le soutien Procope s\u2019est tari et la collaboration s\u2019est ralentie sinon arr\u00eat\u00e9e. Bien s\u00fbr nous nous croisions encore dans de nombreux colloques RAAG soutenus entre 1994 et 2006 par des r\u00e9seaux europ\u00e9ens, mais le travail lors d\u2019un colloque ne peut pas \u00eatre une aussi intense collaboration. En effet il y a beaucoup d\u2019expos\u00e9s et d\u2019autres rencontres et \u00e9changes ; ce peut \u00eatre le point de d\u00e9part d\u2019un travail mais plus rarement la naissance d\u2019un nouvel article co-sign\u00e9.<\/p>\n\n\n\n<p>Je ne sais plus lequel de mes articles co-sign\u00e9 avec Eberhard Becker j\u2019avais un jour donn\u00e9 avec une d\u00e9dicace \u00e0 mon p\u00e8re qui fut ing\u00e9nieur.<br>Mais j\u2019ai vu dans ses yeux et son attitude toute l\u2019horreur de la seconde guerre mondiale.<br>Officier, dans l\u2019artillerie lourde divisionnaire je crois, dans le r\u00e9giment 231, ce r\u00e9giment avait d\u00fb battre en retraite. Ils avaient d\u2019abord \u00e9vacu\u00e9 leurs troupes avec les canons par la route et ces soldats se sont faites douloureusement d\u00e9cimer.<br>L\u2019\u00e9tat-major est ensuite parti \u00e0 pied par les for\u00eats, la l\u00e9gende familiale dit que son ordonnance avait ramass\u00e9 les bottes de mon p\u00e8re abandonn\u00e9es dans les bois.<br>Mon p\u00e8re a ensuite \u00e9t\u00e9 hospitalis\u00e9 pour broncho-pneumonie grave.<\/p>\n\n\n\n<p>Clairement pour mon p\u00e8re cosigner avec un math\u00e9maticien allemand c\u2019\u00e9tait pactiser avec l\u2019ennemi qui avait tu\u00e9 ses soldats et amis. Il n\u2019en a rien explicit\u00e9 bien s\u00fbr mais c\u2019\u00e9tait une \u00e9vidence.<br>Faisant partie d\u2019une g\u00e9n\u00e9ration qui n\u2019a pas connu la guerre je suis profond\u00e9ment attach\u00e9e \u00e0 l\u2019Europe et je n\u2019avais pas du tout anticip\u00e9 la r\u00e9action de mon p\u00e8re qui m\u2019a vraiment surprise car il ne manquait pas d\u2019ouverture d\u2019esprit.<\/p>\n\n\n\n<p><\/p>\n\n\n\n<p><strong>LES ICM<\/strong><\/p>\n\n\n\n<p>ICM signifie International Congress of Mathematicians. Cela a lieu tous les 4 ans et c&rsquo;est le moment o\u00f9 sont d\u00e9cern\u00e9s quelques prix dont notamment la Fields Medal, qui est une sorte de Nobel des math\u00e9maticiens mais r\u00e9serv\u00e9 aux moins de 40 ans.<br>C&rsquo;est un peu une grande f\u00eate des math\u00e9matiques mondiales, qui pr\u00e9sente les derni\u00e8res grandes avanc\u00e9es et propose des directions de recherches futures. Il y a aussi beaucoup de rencontres et d&rsquo;\u00e9changes qui permettent d&rsquo;\u00e9tablir des collaborations et des liens entre diff\u00e9rents pays. G\u00e9n\u00e9ralement il y a des excursions qui sont propos\u00e9es en option avant, pendant et apr\u00e8s le colloque et aussi des r\u00e9ceptions et des cocktails tr\u00e8s r\u00e9ussis.<\/p>\n\n\n\n<p>J&rsquo;ai failli aller en 1974 \u00e0 l&rsquo;ICM de Vancouver. J&rsquo;\u00e9tais inscrite, j&rsquo;avais mes billets et r\u00e9servations, et le projet de traverser le Canada avec ma belle-soeur qui \u00e0 l&rsquo;\u00e9poque habitait Montr\u00e9al. Mais je n&rsquo;avais eu aucun support financier pour ce d\u00e9placement et au dernier moment j&rsquo;ai tout annul\u00e9 ! J&rsquo;ai d\u00e9cid\u00e9 que j&rsquo;avais beaucoup plus envie d&rsquo;apprendre \u00e0 piloter que d&rsquo;aller \u00e0 Vancouver \u2026<br>Je me suis donc inscrite \u00e0 l&rsquo;a\u00e9roclub de Guipavas et l&rsquo;\u00e9t\u00e9 je suis all\u00e9e apprendre \u00e0 voler. Cet a\u00e9roclub vivait gr\u00e2ce aux heures de vol obligatoires des militaires brestois qui voulaient conserver leur licence. Alors la jeune femme de 28 ans que j\u2019\u00e9tais a \u00e9t\u00e9 tr\u00e8s bien accueillie et consid\u00e9r\u00e9e. J&rsquo;ai appris \u00e0 faire plein de piqu\u00e9s que j&rsquo;adorais, et \u00e0 sortir des vrilles avec le palonnier ext\u00e9rieur. Le moment des ressources quand on reprend appui sur l&rsquo;air est un vrai plaisir presque physique. J&rsquo;ai arr\u00eat\u00e9 ma formation en novembre car j&rsquo;attendais un enfant, mon premier, ce sera Gabriel.<\/p>\n\n\n\n<p>En 1978 l\u2019ICM \u00e9tait \u00e0 Helsinki et je m&rsquo;y suis rendue avec mon amie Anne-Marie Charbonnel. Nous partagions une chambre sans volets et ses maigres rideaux laissaient passer le soleil tr\u00e8s t\u00f4t le matin. Nous nous couchions fort tard le soir puisqu&rsquo;il n&rsquo;y avait que peu de nuit en ao\u00fbt.<br>J&rsquo;ai oubli\u00e9 les math\u00e9matiques expos\u00e9es l\u00e0, mais pas l&rsquo;esth\u00e9tique et les orgues de la grande salle. Le design finlandais m&rsquo;avait paru extraordinaire et je dois avouer que j&rsquo;ai parfois craqu\u00e9 et fait exp\u00e9dier en France quelques objets.<br>Les laur\u00e9ats de l&rsquo;ann\u00e9e \u00e9taient Pierre DELIGNE (Belgique) ; Charles FEFFERMAN (Etats-Unis) Daniel QUILLEN (Etats-Unis) ; Grigori MARGOULIS (U.R.S.S.), point de fran\u00e7ais donc, mais Deligne est consid\u00e9r\u00e9 comme \u00e9tant issu de l&rsquo;\u00e9cole fran\u00e7aise.<br>Nous avons eu aussi un d\u00e9jeuner \/ d\u00e9fil\u00e9 de mode o\u00f9 le rennes \u00e9tait magnifiquement cuisin\u00e9 et qui a eu pour cons\u00e9quence que j&rsquo;ai achet\u00e9 un manteau de peau port\u00e9 par un mod\u00e8le en me rendant en boutique apr\u00e8s ! Je l&rsquo;ai beaucoup port\u00e9, Anne Marie a elle achet\u00e9 un joli collier argent qui lui allait magnifiquement et quelle a elle aussi beaucoup port\u00e9 !<br>Un soir nous nous sommes offert toutes les deux un massage dans l&rsquo;Intercontinental local. Nous nous souvenons bien du moment incroyable o\u00f9 la masseuse balance des seaux d&rsquo;eau \u00e0 temp\u00e9rature parfaite sur tout le corps ; la sensation est extraordinaire, cela renvoie peut-\u00eatre \u00e0 la sortie des eaux de la naissance ou \u00e0 nos toilettes de b\u00e9b\u00e9 je ne sais \u2026<br>Je garde le souvenir d&rsquo;une petite ville multicolore, pleine de math\u00e9maticiens, avec un march\u00e9 sur le port qui regorgeait d&rsquo;\u00e9crevisses et de baies dont j&rsquo;ai abus\u00e9 aux restaurants le soir.<br>Au vol aller le hasard m&rsquo;avait plac\u00e9e \u00e0 c\u00f4t\u00e9 d&rsquo;Apery ; Il a parl\u00e9 pendant tout le vol ! De math\u00e9matiques bien s\u00fbr, mais aussi de sa d\u00e9ception sentimentale, car il avait \u00e9t\u00e9 amoureux de celle qui est devenue Madame Choquet. Point de risque pour le vol retour car j&rsquo;\u00e9tais inscrite \u00e0 une croisi\u00e8re vers L\u00e9ningrad ; j&rsquo;ai partag\u00e9 la cabine avec Mademoiselle Lutz, grenobloise je crois, et j&rsquo;ai d\u00e9couvert cette magnifique ville en dormant \u00e0 bord plusieurs jours. Le retour \u00e0 bord le soir \u00e9tait tr\u00e8s contr\u00f4l\u00e9 puisque nous sortions chaque matin du territoire de l&rsquo;URSS.<\/p>\n\n\n\n<p>L&rsquo;ICM suivant auquel je fus est celui de San Francisco en 1986. J&rsquo;y suis all\u00e9e apr\u00e8s un colloque organis\u00e9 par Charlie Robson et Bill Jacob \u00e0 Corvallis \u00ab\u00a0Quadratic Forms and Real Algebraic Geometry\u00a0\u00bb. J&rsquo;avais emmen\u00e9 Gabriel, qui avait donc 11 ans, et laiss\u00e9 Vincent qui allait avoir 2 ans \u00e0 Claude en montagne. Depuis Corvallis petite ville peu attrayante de l&rsquo;Oregon, nous avons fait une excursion m\u00e9morable avec Alberto Tognoli dans un parc naturel. Apr\u00e8s ce colloque nous sommes all\u00e9s prendre un bus Greyhound de Portland \u00e0 San Francisco. Une exp\u00e9rience fatigante mais int\u00e9ressante. A l&rsquo;arriv\u00e9e une ancienne jeune fille au pair fantastique, Sheana Bull, est venue nous chercher pour nous emmener \u00e0 San Mateo au sud et nous avons log\u00e9 dans sa famille. Elle a emprunt\u00e9 la Mercedes blanche d\u00e9capotable \u00e0 si\u00e8ges en cuir rouge de son p\u00e8re pour faire d\u00e9couvrir San Francisco \u00e0 Gabriel. Apr\u00e8s quoi elle m&rsquo;a pr\u00eat\u00e9 pour mes d\u00e9placements entre San Mateo et Berkeley (50km) un \u00e9norme 4&#215;4 noir nomm\u00e9 BULL bien s\u00fbr qui consommait des gallons comme nous consommons des litres. Un jour je parlais avec des passagers math\u00e9maticiens et a un feu en c\u00f4te j&rsquo;ai oubli\u00e9 que c&rsquo;\u00e9tait une boite automatique et d\u00e9marr\u00e9 en marche arri\u00e8re ! Tout le monde a eu une bonne d\u00e9charge d&rsquo;adr\u00e9naline, surtout la voiture juste derri\u00e8re qui a vu cet \u00e9norme \u00ab Bull \u00bb reculer, mais pas d\u2019incident j&rsquo;ai r\u00e9agi assez vite \u2026<br>De cet ICM je me souviens que les remises de m\u00e9dailles se passaient en plein air dans un genre de faux th\u00e9atre antique \u2026 L&rsquo;un des laur\u00e9ats (Simon DONALDSON (Grande-Bretagne) ou Gerd FALTINGS (Allemagne) ou Michael FREEDMAN (Etats-Unis)) avait emmen\u00e9 son jeune enfant pour recevoir sa m\u00e9daille. Cela a \u00e9t\u00e9 encore plus applaudi.<\/p>\n\n\n\n<p>Apr\u00e8s celui de 1986 je ne retournais \u00e0 un ICM qu&rsquo;en 2002, \u00e0 celui de P\u00e9kin. Les laur\u00e9ats furent Laurent LAFFORGUE (France) ; Vladimir VOEVODSKY (Russie).<br>A la r\u00e9ception de la d\u00e9l\u00e9gation fran\u00e7aise \u00e0 l&rsquo;ambassade de France qui a suivi, l&rsquo;ambassadeur emp\u00each\u00e9 \u00e9tait absent, il avait envoy\u00e9 un repr\u00e9sentant. Clairement si nous avions gagn\u00e9 une coupe de football c&rsquo;eut \u00e9t\u00e9 diff\u00e9rente. Nos politiques font trop peu de cas de nos scientifiques\u2026<br>A cet ICM il y a eu une table ronde en soir\u00e9e sur la place des femmes en math\u00e9matiques dans les diff\u00e9rents pays avec l&rsquo;expos\u00e9 de probl\u00e9matiques et de statistiques. Cette fois-ci j&rsquo;avais emmen\u00e9 ma fille Alice qui allait avoir 13 ans. Nous \u00e9tions log\u00e9es dans l&rsquo;h\u00f4tel li\u00e9 au centre de congr\u00e8s, c&rsquo;\u00e9tait assez facile. Je lui remontais du petit-d\u00e9jeuner quelques viennoiseries et je la retrouvais apr\u00e8s les conf\u00e9rences dans l&rsquo;immense salle des ordinateurs entre l&rsquo;h\u00f4tel et le centre de conf\u00e9rences. Parfois si elle \u00e9tait r\u00e9veill\u00e9e, ou que nous avions un d\u00e9part en excursion pr\u00e9vu, elle venait aussi au petit-d\u00e9jeuner. Un jour nous y avons vu John Nash, accompagn\u00e9 comme toujours. J&rsquo;ai repens\u00e9 \u00e0 son air un peu perdu quand j&rsquo;ai vu plus tard le film \u00ab\u00a0A beautiful mind\u00a0\u00bb et j&rsquo;ai aussi un peu parl\u00e9 de lui avec Alberto Tognoli qui le connaissait bien.<br>Nous avons bien s\u00fbr pas mal visit\u00e9 P\u00e9kin et les environs car j&rsquo;avais allong\u00e9 notre s\u00e9jour pour cela. Je ne savais pas que je retournerai beaucoup en Chine entre 2006 et 2015 plus tard, \u00e0 Shanghai o\u00f9 sont n\u00e9s mes deux premiers petits-fils, puis \u00e0 Hong Kong o\u00f9 mon ain\u00e9 travaille toujours.<\/p>\n\n\n\n<p>Enfin en 2010 j&rsquo;allais \u00e0 l&rsquo;ICM d&rsquo;Hyderabad en Inde. Il \u00e9tait pr\u00e9c\u00e9d\u00e9, d&rsquo;un ICWM (International Congress of Women Mathematicians) de deux jours qui fut tr\u00e8s r\u00e9ussi et tr\u00e8s int\u00e9ressant. Les laur\u00e9ats de cette ann\u00e9e-l\u00e0 furent Elon LINDENSTRAUSS (Isra\u00ebl) ; Ng\u00f4 B\u1ea3o Ch\u00e2u (France) ; Stanislav SMIRNOV (Russie) ; C\u00e9dric VILLANI (France).<br>Je connaissais bien Cedric, et depuis longtemps, d\u00e9j\u00e0 quand il \u00e9tait \u00e0 l&rsquo;ENS ; un jour \u00e0 la maison je l&rsquo;avais interrog\u00e9 sur son avenir acad\u00e9mique et il m&rsquo;avait r\u00e9pondu qu&rsquo;il travaillait avec Yoccoz et n&rsquo;aurait pas de probl\u00e8me. L&rsquo;avenir lui a donn\u00e9 raison.<br>La r\u00e9ception fran\u00e7aise a \u00e9t\u00e9 tr\u00e8s r\u00e9ussie et tr\u00e8s arros\u00e9e. Je garde quelques photos int\u00e9ressantes assez repr\u00e9sentatives de l\u2019ambiance !<br>Le voyage pour Hyderabad fut long, j&rsquo;\u00e9tais all\u00e9e \u00e0 Bangalore avec Air France, mais arriv\u00e9e en fin de soir\u00e9e je repartais t\u00f4t le matin, j&rsquo;ai donc sommeill\u00e9 6h dans un fauteuil de l&rsquo;a\u00e9roport les pieds sur mon bagage cabine.<br>Une fois install\u00e9e confortablement au Novotel du congr\u00e8s, j&rsquo;ai demand\u00e9 un taxi pour aller au centre-ville \u00e0 Charminar. Le taxi ne voulait pas m&rsquo;y abandonner. J&rsquo;ai compris apr\u00e8s que ce ne serait pas forc\u00e9ment facile de repartir\u2026 Au bout de deux heures dans ce quartier tr\u00e8s central, la pollution m&rsquo;en a chass\u00e9e et je suis all\u00e9e en tuktuk dans un parc au bord du lac. Quand j&rsquo;ai voulu en repartir on m&rsquo;a expliqu\u00e9 que c&rsquo;\u00e9tait l&rsquo;heure de la sortie des \u00e9coles et que je ne trouverai pas de taxi. Je suis donc retourn\u00e9e au Novotel un peu lointain en tuktuk, ce fut belle approche de l\u2019Inde.<\/p>\n\n\n\n<p>Apr\u00e8s en dehors des conf\u00e9rences et des excursions pr\u00e9vues, j&rsquo;ai compris que ce qui \u00e9tait efficace et habituel c&rsquo;\u00e9tait de commander un taxi depuis sa chambre et de le prendre pour 4h. C&rsquo;est ainsi que j&rsquo;ai visit\u00e9 la forteresse de Golconda et surtout le cimeti\u00e8re de Sultans voisin, aussi beau que d\u00e9cadent, en toute tranquillit\u00e9.<br>Quand on compare l&rsquo;organisation des deux ICM de P\u00e9kin et d&rsquo;Hyderabad le contraste est frappant. A P\u00e9kin c&rsquo;\u00e9tait parfaitement organis\u00e9 et rigide, et \u00e0 Hyderabad cela fonctionnait avec beaucoup de sourires sans trop de notion du temps. Mais au final c&rsquo;\u00e9tait tout aussi r\u00e9ussi. Le d\u00e9part du diner social fut tout de m\u00eame un grand moment de pagaille \u00e0 Hyderabad car les cars mal identifi\u00e9s arrivaient en vrac sur une route avec de la circulation et quelqu&rsquo;un rassurait tout le monde en disant qu&rsquo;il resterait l\u00e0 jusqu\u2019\u00e0 ce que le dernier d\u00e9l\u00e9gu\u00e9 soit parti.<br>Jean-Pierre Bourguignon \u00e9tait venu avec Olivier Peyon et son \u00e9quipe pour filmer une partie du colloque et interwiewer des math\u00e9maticiens pour un projet de film documentaire intitul\u00e9 \u00ab\u00a0Comment j&rsquo;ai d\u00e9test\u00e9 les maths\u00a0\u00bb. C&rsquo;est un joli film qui part du p\u00e9dagogique, passe par la recherche et finit sur les math\u00e9matiques financi\u00e8res. Un b\u00e9mol tout de m\u00eame, dans le film les femmes sont p\u00e9dagogues ou secr\u00e9taires. Point de chercheuse, c&rsquo;est bien dommage et peu fid\u00e8le \u00e0 la r\u00e9alit\u00e9. Nous sommes peu de femmes en math\u00e9matiques mais il y en a de tr\u00e8s brillantes.<br>Avant cet ICM il y a eu un colloque de deux jours ICWM (International Conference of Women Mathematicians) pour les femmes math\u00e9maticiennes. C\u2019\u00e9tait tr\u00e8s int\u00e9ressant et tr\u00e8s r\u00e9ussi. Cependant c\u2019\u00e9tait l\u2019\u00e9poque de la mousson et la circulation \u00e0 Hyderabad \u00e9tait presque impossible. Le bus qui nous emmenait au diner de cette conf\u00e9rence est arriv\u00e9 avec je crois 2h de retard. Mais ici peu importe le temps on garde le sourire et tout finit par fonctionner \u2026<\/p>\n\n\n\n<p>Je n&rsquo;ai pas pu aller \u00e0 l&rsquo;ICM de 2014 \u00e0 S\u00e9oul faute de financement. Je me reposais sur le fait que travaillant b\u00e9n\u00e9volement pour un DIU \u00e0 la formation continue qui avait financ\u00e9 le pr\u00e9c\u00e9dent voyage, mon transport serai bien pris en charge. Mais une des administratives de Paris 6 a men\u00e9 cabale contre ce financement aupr\u00e8s des administratifs de Paris 3. Alors que tous mes intervenants du DIU, retrait\u00e9s ou non, d&rsquo;autres universit\u00e9s \u00e9taient r\u00e9mun\u00e9r\u00e9s, moi j\u2019\u00e9tais b\u00e9n\u00e9vole. C&rsquo;\u00e9tait trop tard pour chercher d&rsquo;autres sources de financement que j&rsquo;aurais pu \u00e9videmment obtenir. Ce fut d&rsquo;autant plus dommage que c&rsquo;est l\u00e0 que la premi\u00e8re m\u00e9daille Fields a \u00e9t\u00e9 donn\u00e9e \u00e0 une femme, Maryam Mirzakhani. Et il y a eu une conf\u00e9rence ICWM, comme \u00e0 Hyderabad, \u00e0 laquelle mes activit\u00e9s sur la place des femmes justifaient parfaitement que j&rsquo;aille. Les laur\u00e9ats furent cette ann\u00e9e-l\u00e0 Artur AVILA (Br\u00e9sil\/France) qui \u00e9tait assez souvent dans notre institut de Paris ; Manjul BHARGAVA (Canada) ; Martin HAIRER (Autriche) ; Maryam MIRZAKHANI (Iran). Cette derni\u00e8re d\u00e9j\u00e0 malade devait malheureusement d\u00e9c\u00e9der moins de trois ann\u00e9es plus tard. Le 12 mai, jour anniversaire de sa naissance, est devenu \u00ab\u00a0Journ\u00e9e des math\u00e9maticiennes\u00a0\u00bb.<\/p>\n\n\n\n<p><\/p>\n\n\n\n<p><strong>LES CENTRES DE RENCONTRES MATH\u00c9MATIQUES<\/strong><\/p>\n\n\n\n<p>Pour initier des id\u00e9es de th\u00e9or\u00e8mes, d\u00e9marrer des collaborations et tester ses r\u00e9sultats il y a surtout les colloques organis\u00e9s dans des centres d\u00e9di\u00e9s aux math\u00e9matiques.<br>Les math\u00e9maticiens y vivent en vase clos, avec souvent un tr\u00e8s bel environnement, un support logistique excellent et une biblioth\u00e8que tr\u00e8s bien organis\u00e9e.<br>Il y a aussi des traditions lors de ces conf\u00e9rences, les sorties organis\u00e9es g\u00e9n\u00e9ralement le mercredi apr\u00e8s-midi, un \u00ab\u00a0social dinner\u00a0\u00bb etc \u2026<br>Certains centres font aussi des r\u00e9unions plus longues ou plusieurs conf\u00e9rences regroup\u00e9es.<\/p>\n\n\n\n<p>Celui o\u00f9 je suis all\u00e9e le plus souvent est le CIRM (Centre international de rencontres math\u00e9matiques) situ\u00e9 \u00e0 Luminy pr\u00e8s de Marseille.<br>J\u2019y ai aussi organis\u00e9 un colloque important en 2015 pour les 30 ans de notre s\u00e9minaire.<br>Au d\u00e9part il s\u2019agissait d\u2019une vieille bastide proven\u00e7ale qui a \u00e9t\u00e9 r\u00e9nov\u00e9e et \u00e9tendue \u00e0 plusieurs reprises. La SMF (Soci\u00e9t\u00e9 Math\u00e9matique de France), l\u2019Universit\u00e9 d\u2019Aix Marseille et la R\u00e9gion sont impliqu\u00e9es dans son fonctionnement.<br>Les calanques ne sont pas loin et au minimum les participants vont au moins une fois jusqu\u2019au Belv\u00e9d\u00e8re regarder la mer et la vue qui est superbe.<br>Les plus jeunes, ou les moins frileux, descendent se baigner et nagent autour du long rocher peu \u00e9loign\u00e9 de la calanque de Sugiton.<br>Les math\u00e9maticiens, souvent montagnards, marchent aussi vers Cassis via l\u2019oeil de verre, ou vers la calanque de Sormiou, ou encore ils montent au mont Puget qui domine le campus de Luminy.<br>A ma premi\u00e8re visite \u00e0 Luminy je me souviens \u00eatre descendue jusqu\u2019a la mer avec George Poitou qui faisait partie du jury de mon doctorat de 3\u00e8me cycle.<br>A l\u2019\u00e9poque le chemin \u00e9tait moins facile et moins fr\u00e9quent\u00e9. Il m\u2019avait racont\u00e9 ses passions pour le v\u00e9lo et la montagne.<br>L\u2019eau est toujours froide dans ces calanques mais parfois je m\u2019y suis baign\u00e9e, c\u2019est toujours un peu un challenge. Je me souviens de bains avec Claus Scheiderer ce grand sportif et aussi avec Zo\u00e9 Chatzidakis qui tout en nageant autour du rocher m\u2019expliquait que si on attrapait une crampe au diaphragme on se noyait \u2026<br>L\u2019autre tradition ici c\u2019est la bouillabaisse du jeudi soir. La soupe de poisson est excellente et je me suis souvent d\u00e9vou\u00e9e pour servir les poissons en expliquant aux \u00e9trangers ce qu\u2019ils sont, avec un faible bien s\u00fbr pour la rascasse laide mais bonne !<\/p>\n\n\n\n<p>Ensuite je suis beaucoup all\u00e9e \u00e0 Oberwolfach, le centre de rencontre allemand, Mathematisches Forschungsinstitut Oberwolfach ; la premi\u00e8re fois ce fut en 1987 puis ensuite j\u2019y suis all\u00e9e assez r\u00e9guli\u00e8rement.<br>Il y eut l\u00e0 autrefois un centre dans un vieux ch\u00e2teau qui a \u00e9t\u00e9 d\u00e9truit et remplac\u00e9 par un centre moderne et parfaitement con\u00e7u.<br>Il s\u2019y trouve m\u00eame un salon de musique avec instruments. Claus Scheiderer pouvait jouer du piano et Jean Jacques Risler du violoncelle par exemple. Le grand billard qui tr\u00f4ne dans le centre de conf\u00e9rence au milieu des biblioth\u00e8ques n\u2019est lui pas tr\u00e8s fr\u00e9quent\u00e9.<br>La tradition ici est d\u00e9j\u00e0 un probl\u00e8me : comment faire pour que les 60 participants qui dinent autour de tables de 6 voient tout le monde en une semaine !<br>Une des femmes du bureau administratif a sa m\u00e9thode pour r\u00e9partir les porte-serviettes qui portent nos noms. Le probl\u00e8me se complique avec les d\u00e9parts anticip\u00e9s et les arriv\u00e9es en retard !<br>Le mercredi c&rsquo;est une promenade en for\u00eat, car nous sommes en For\u00eat Noire, et elle donne lieu \u00e0 un gouter avec g\u00e2teau du m\u00eame nom.<br>La tradition c&rsquo;est aussi de se perdre dans ces for\u00eats vallonn\u00e9es. C&rsquo;est d\u2019ailleurs \u00e9voqu\u00e9 dans le film \u00ab\u00a0Comment j\u2019ai d\u00e9test\u00e9 les maths \u00bb d\u2019Olivier Peyon.<br>Une autre tradition c\u2019est le gouter \u00e0 l\u2019issue de la pause prolong\u00e9e qui suit les d\u00e9jeuners. Il y a toujours des g\u00e2teaux tr\u00e8s tentants, et donc toujours un peu de poids en plus au retour chez soi \u2026<br>Le centre fonctionne sur la confiance dans les participants, les chambres ne ferment pas. Les bars dans la salle de restaurant et pr\u00e8s des salles de conf\u00e9rences proposent bi\u00e8res, vins et snaps. Une affiche donne leurs tarifs et des boites attendent la monnaie. Alternativement une grande fiche permet la marque de ce qu\u2019on a pris si on pr\u00e9f\u00e8re tout r\u00e9gler \u00e0 la fin de la semaine ou si l\u2019envie d\u2019alcool \u00e9tait impr\u00e9vue ! Le syst\u00e8me est le m\u00eame pour les friandises, les cartes postales (dont celles superbes de Imaginary Collection !) et les timbres postes disponibles dans le hall.<br>On s&rsquo;y sent \u00e0 la fois chez soi, dans un h\u00f4tel et dans un institut de recherche, le tout en compagnie de math\u00e9maticiens que l\u2019on connait souvent d\u00e9j\u00e0 tr\u00e8s bien. Tout y est parfait !<\/p>\n\n\n\n<p>Un autre endroit extraordinaire est le MSRI \u00ab\u00a0Mathematical Science Research Institute\u00a0\u00bb de Berkeley qui fonctionne un peu comme notre IHP (Institut Henri Poincar\u00e9 \u00e0 Paris). Il y a \u00e0 la fois des semestres ou trimestres th\u00e9matiques, des colloques d\u2019une semaine et des s\u00e9minaires r\u00e9guliers.<br>Bien avant le CIRM les conf\u00e9rences \u00e9taient dej\u00e0 film\u00e9es au MSRI et je dois \u00eatre dans leurs archives ! Maintenant le CIRM le fait aussi mais pas Oberwolfach.<br>Le point magique au MSRI est la vue sur la baie de San Francisco, parfois elle nous emp\u00eacherait presque de travailler ! Mais il faut aussi y monter, c\u2019est tout en haut au-dessus du petit acc\u00e9l\u00e9rateur de particules.<br>Pour parler de math\u00e9matiques on peut aussi aller se promener dans les for\u00eats et espaces verts alentour.<br>Un jour je suis descendue avec Salma Kuhlmann par les sentiers dans les bois \u00e0 droite. Un vrai d\u00e9dale, nous sommes pass\u00e9es devant une maison d\u2019o\u00f9 une femme est sortie nous dire qu&rsquo;elle nous avait prises pour des chevreuils !<br>Il y a des affiches devant le MSRI mettant en garde contre les Lynx et disant je crois qu\u2019en cas de rencontre il faut lever les bras pour \u00eatre grand et ne pas ramasser de b\u00e2ton, je n\u2019ai pas essay\u00e9 \u2026<br>Et surtout il ne faut pas y manquer la pause du lundi matin et sa tradition de donuts succulents !<br>La grande diff\u00e9rence avec les centres pr\u00e9c\u00e9dents est qu\u2019on y est pas log\u00e9s ni nourris. Il faut aller ailleurs ou apporter de quoi utiliser la petite cuisine.<br>J\u2019ai habit\u00e9 \u00e0 plusieurs endroits au Durant Hotel (le jus d\u2019orange du matin est une \u00ab tuerie \u00bb diraient les jeunes) comme au Women Student Union de Berkeley nich\u00e9 dans un \u00e9cran de verdure au sein du Campus, ou encore chez des amis.<\/p>\n\n\n\n<p>Il y a aussi \u00ab\u00a0The Banff International Research Station for Mathematical Science\u00a0\u00bb, dans les Rocheuses Canadiennes. Un grand centre qui partage les vastes lieux avec d&rsquo;autres disciplines notamment les artistes.<br>Dans les bois il y a de petites cabanes en bois o\u00f9 se trouvent des pianos pour que les compositeurs et les virtuoses puissent travailler en paix sans d\u00e9ranger personne.<br>Mais il y a aussi d\u2019autres occupants : il suffit de regarder les traces de griffes des ours sur les grandes poubelles pour s\u2019en convaincre !<br>L\u2019environnement montagnard convient bien aux math\u00e9maticiens qui aiment la randonn\u00e9e et l\u2019escalade. Un jour nous sommes all\u00e9s \u00e0 Lake Louise et mont\u00e9s jusqu\u2019au glacier Victoria. Faisaient partie entre autres de cette exp\u00e9dition Konrad Schmuedgen, Marie-Fran\u00e7oise Roy, Victoria Powers \u2026<br>Banff est une station de ski et de montagne r\u00e9put\u00e9e, c\u2019est un peu Chamonix et M\u00e9g\u00e8ve r\u00e9unis, montagnes et luxe \u2026<br>Mais je pr\u00e9f\u00e8re Lake louise et ses environs plus calmes et plus sportifs ; et le bleu du lac Moraine tout proche est inoubliable !<\/p>\n\n\n\n<p>Dans le m\u00eame esprit que le MRSI ou l\u2019IHP, c\u2019est-\u00e0-dire un centre de recherches math\u00e9matiques mais sans logement, il y a le Newton Institute de Cambridge o\u00f9 je fus aussi, mais l\u00e0 il faut compter sur les th\u00e9s et les pubs du soir pour se nourrir et fuir la nourriture des coll\u00e8ges environnants o\u00f9 on nous loge \u2026<\/p>\n\n\n\n<p>Dans un tout autre style il y a l\u2019IMPA (Instituto de mathematica pura e applicada) \u00e0 Rio de Janeiro. J\u2019y fus deux semaines, pour une \u00e9cole d\u2019Alg\u00e8bre et pour un colloque en l\u2019honneur des 70 ans de Jean-Jacques Risler.<br>C\u2019est un peu dans la jungle \u00e0 l\u2019\u00e9cart de Rio, au-dessus du jardin botanique. Il faut y aller en bus. Les singes ne sont pas rares sur les fils \u00e9lectriques du quartier.<br>Le restaurant y est un peu lassant, toujours des haricots rouges comme base de repas, mais on vient l\u00e0 pour faire des math\u00e9matiques ! Copacabana ou Ipanema offrent eux les fruits de la mer pour la soir\u00e9e.<br>Un jour je fus diner en terrasse \u00e0 l\u2019Othon palace, il y avait du monde cela avait l\u2019air bon. Seule j\u2019observais les convives et les all\u00e9es venues. Je me suis aper\u00e7ue que certains hommes repartaient avec une convive vers l\u2019h\u00f4tel. J\u2019ai fini par comprendre qu\u2019il s\u2019y vendait du sexe.<br>J\u2019avais l\u2019impression de conna\u00eetre deux hommes qui conversaient \u00e0 une table. L&rsquo;un d\u2019eux a fini par emmener une belle m\u00e9tisse et j\u2019ai vu le passage de reals.<br>Le lendemain je l\u2019ai reconnu qui faisait une conf\u00e9rence. C\u2019\u00e9tait donc une mise en jambe pour pr\u00e9parer son expos\u00e9 ! C\u2019\u00e9tait tr\u00e8s joyeux dans ce pays sans interdits.<br>A un pr\u00e9c\u00e9dent passage \u00e0 Rio sur le chemin de Campinas et de sa \u00ab Casa del professor visitante \u00bb j\u2019\u00e9tais all\u00e9e \u00e0 un spectacle type carnaval. C\u2019\u00e9tait fort r\u00e9ussi &#8211; beaucoup mieux que le Moulin Rouge &#8211; et j\u2019ai fini comme d\u2019autres sur la piste \u00e0 danser la samba en me demandant si en face de moi l\u2019artiste \u00e9tait un homme, une femme ou un entre deux\u2026<\/p>\n\n\n\n<p>Je terminerai en parlant de AIMS (African Institute for Mathematical Science) \u00e0 Muizemberg pr\u00e8s du Cap. J\u2019y fus pour des raisons f\u00e9ministes lors d\u2019un r\u00e9gional workshop sur \u00ab The gender gap in sciences, how to mesure it, how to reduce it ?\u00bb organis\u00e9 conjointement par Irvy Gledhill et Marie Fran\u00e7oise Roy.<br>C\u2019est un tr\u00e8s bel endroit pour le surf et les requins y sont tr\u00e8s bien surveill\u00e9s ! La plage r\u00e9guli\u00e8rement nettoy\u00e9e est le matin pleine de coquilles de moules, il faut faire attention \u00e0 ses pieds !<br>Les paysages y sont superbes et les environs sont plein de vignobles qui permettent d\u2019int\u00e9ressantes d\u00e9gustations. Groot Constanzia, un classique o\u00f9 nous avons d\u00e9jeun\u00e9, Beau Constanzia une d\u00e9couverte qui fait des recherches d\u2019assemblages et Stellenbosh bien s\u00fbr. Mais en particulier Kleine Salze dont l\u2019excellent restaurant gourmet m\u2019a offert une viande cuisin\u00e9e de Spring Box accompagn\u00e9 d\u2019un vin reserve magnifique. C\u2019est presque criminel de manger un si bel animal !<br>La visite du Cap, du jardin botanique, de Table Mountain, de Simons town sont aussi tr\u00e8s int\u00e9ressantes. Mais le plus m\u00e9morable fut d\u2019aller jusqu\u2019au Cap de Bonne Esp\u00e9rance avec Marie-Francoise Roy. C\u2019est un magnifique lieu avec un vent impressionnant si on pense aux voiliers qui passaient l\u00e0 autrefois.<\/p>\n\n\n\n<p>Avec beaucoup de chance, si la covid-19 le permet, je d\u00e9couvrirai peut-\u00eatre le Fields Institute de Toronto \u00e0 l\u2019automne 2021 \u2026<\/p>\n\n\n\n<p><\/p>\n\n\n\n<p><strong>MARIE-FRAN\u00c7OISE ROY<\/strong><\/p>\n\n\n\n<p>Je connais Marie-Fran\u00e7oise Roy depuis au moins le colloque de G\u00e9om\u00e9trie Alg\u00e9brique R\u00e9elle tenu \u00e0 Rennes en 1981.<br>Nos liens \u00e9taient donc scientifiques au d\u00e9part.<br>Puis en 1987 ce fut avec la cr\u00e9ation de l\u2019association femmes et math\u00e9matiques dont elle fut la premi\u00e8re pr\u00e9sidente que nous nous sommes li\u00e9es. En 1989 elle fut membre du Jury de mon doctorat d\u2019\u00e9tat, et nous nous croisions r\u00e9guli\u00e8rement dans des colloques.<\/p>\n\n\n\n<p>Plus r\u00e9cemment, de 2017 \u00e0 2019, nous avons de nouveau travaill\u00e9 ensemble pour le projet A Global Approach to the Gender Gap in Mathematical and Natural Sciences: How to Measure It, How to Reduce It?<br>C\u2019est un projet de l\u2019International Science Council (ISC) g\u00e9r\u00e9 par l\u2019International Mathematical Union (IMU) et l\u2019International Union of Pure and applied Chemistry (IUPAC).<br>Nous avons en particulier collabor\u00e9 pour le workshop initial \u00e0 Paris et pour le regional workshop africain.<\/p>\n\n\n\n<p>Marie-Fran\u00e7oise est tr\u00e8s brillante, tant en math\u00e9matiques que dans ses activit\u00e9s et responsabilit\u00e9s autour des femmes et des math\u00e9matiques.<br>Elle fut d\u2019ailleurs pr\u00e9sidente de la Soci\u00e9t\u00e9 Math\u00e9matique de France.<br>Elle a re\u00e7u en 2004 le prix Ir\u00e8ne Joliot-Curie dans la cat\u00e9gorie reconnaissance.<\/p>\n\n\n\n<p>Marie-Fran\u00e7oise sait emporter une \u00e9quipe sur un projet.<br>Coorganisatrice du premier World Meeting for Women in Mathematics en 2018 elle a contribu\u00e9 \u00e0 faire aboutir la demande des iraniennes pour faire du 12 mai une journ\u00e9e internationale c\u00e9l\u00e9brant les femmes en math\u00e9matiques.<br>Ce choix du 12 mai correspond \u00e0 la date de naissance de Maryam Mirzakhani qui fut la premi\u00e8re femme \u00e0 recevoir la M\u00e9daille Fields.<br>Mais Marie-Fran\u00e7oise sait aussi se f\u00e2cher et le faire savoir quand les personnes ne font pas correctement leur travail !<\/p>\n\n\n\n<p>Quand on souhaite l\u2019inviter \u00e0 parler au s\u00e9minaire ou dans un colloque il faut s\u2019assurer tr\u00e8s t\u00f4t de sa disponibilit\u00e9 car elle voyage beaucoup !<br>En particulier en Afrique, continent auquel elle est tr\u00e8s attach\u00e9e, depuis ses ann\u00e9es de poste au Niger au d\u00e9but des ann\u00e9es 1980. Un engagement fid\u00e8le dans la dur\u00e9e \u00e0 mettre \u00e0 l&rsquo;actif de sa t\u00e9nacit\u00e9.<\/p>\n\n\n\n<p>J&rsquo;ai toujours beaucoup de plaisir \u00e0 la rencontrer ou \u00e0 voyager avec elle.<br>C\u2019est une amie que j\u2019appr\u00e9cie beaucoup.<br>Nous bavardons librement de nos vies et de nos familles. Qui plus est j\u2019appr\u00e9cie aussi son mari Michel Coste avec lequel j\u2019ai travaill\u00e9 pour le trimestre Borel. Ce n\u2019est pas si courant de trouver un couple avec lequel s\u2019entendre tr\u00e8s bien.<br>Nos derniers colloques math\u00e9matiques ensemble furent Nagoya et Tromso.<br>Mais du c\u00f4t\u00e9 math\u00e9matique Michel s\u2019est un peu \u00e9loign\u00e9 vers la robotique, et Marie Fran\u00e7oise a depuis longtemps orient\u00e9 ses recherches vers l\u2018interface g\u00e9om\u00e9trie alg\u00e9brique r\u00e9elle et m\u00e9thodes algorithmiques.<br>J\u2019avais failli prendre ce virage lors du colloque de Catane o\u00f9 je ne suis finalement pas all\u00e9e \u00e0 cause d\u2019un enfant malade.<\/p>\n\n\n\n<p>Last but not least nous appr\u00e9cions tous les trois les bons repas et les bons vins \u2026<br>Je me souviens avoir collabor\u00e9 avec Michel pour pr\u00e9parer la liste des restaurants du quartier de l\u2019IHP \u00e0 recommander aux participants de notre trimestre Borel !<br>Il faut que je les invite \u00e0 un foie gras fait maison avec Champagne ou Sauterne, un jour, quand cette pand\u00e9mie nous laissera enfin un peu en paix !<\/p>\n\n\n\n<p><\/p>\n\n\n\n<p><strong>UNE BELLE SEMAINE<\/strong><\/p>\n\n\n\n<p>Lundi 18 septembre 1989 je soutiens mon doctorat d&rsquo;\u00e9tat \u00e0 l&rsquo;Institut Henri Poincar\u00e9 dans l&rsquo;Amphi Darboux. Sujet \u00ab\u00a0Th\u00e9orie des mod\u00e8les de corps ordonnables et sommes de puissances 2n-\u00e8mes\u00a0\u00bb, le Directeur de la th\u00e8se est Gabriel Sabbagh ; Georges Poitou devait pr\u00e9sider le jury malheureusement il est d\u00e9j\u00e0 trop malade pour cela.<br>C&rsquo;est une th\u00e8se sur travaux beaucoup des r\u00e9sultats sont d\u00e9j\u00e0 publi\u00e9s.<br>Mes amis de Th\u00e9orie des Nombres et de Th\u00e9orie des Mod\u00e8les sont l\u00e0 bien s\u00fbr. Je suis enceinte jusqu&rsquo;au cou comme on dit ! La c\u00e9sarienne in\u00e9vitable est pr\u00e9vue le samedi 30 septembre.<br>Tout se passe fort bien et je suis assez en forme ; j&rsquo;ai command\u00e9 un pot gourmand au champagne que Claude mon mari apportera en temps utile, nous habitons tout pr\u00e8s rue Lhomond. Il y a des arlettes de chez Dalloyau, et c&rsquo;est si addictif que Gabriel Sabbagh tr\u00e8s gourmet me demandera d&rsquo;o\u00f9 cela vient !<\/p>\n\n\n\n<p>Vendredi 22 septembre 1989 je suis en commission de sp\u00e9cialiste \u00e0 Jussieu, je fais mon travail comme si je n&rsquo;attendais pas une naissance imminente ! Quelques \u00e9lancements abdominaux m&rsquo;inqui\u00e8tent un peu, je n&rsquo;ai vraiment pas envie de perdre les eaux en commission \u2026 Le soir il me semble bien avoir des contractions, mais une semaine avant la c\u00e9sarienne c&rsquo;est deux semaines avant le terme alors je fais comme si tout allait bien et je dine ; mais je compte le temps entre deux contractions. Un peu avant minuit j&rsquo;appelle mon obst\u00e9tricien qui me dit de venir illico \u00e0 la clinique (de la Muette), c&rsquo;est un peu \u00e0 l&rsquo;autre bout de Paris, je r\u00e9veille Claude pour qu&rsquo;il m&#8217;emm\u00e8ne, il prend de quoi s&rsquo;occuper et nous voil\u00e0 partis. Que d&#8217;embouteillages vers minuit un vendredi soir \u2026 Nous avons le temps de confirmer notre choix de pr\u00e9nom, ce sera Alice !<\/p>\n\n\n\n<p>Samedi 23 septembre 1989 vers 2h Alice nait par c\u00e9sarienne, sous p\u00e9ridurale cette fois. Elle \u00e9tait d\u00e9j\u00e0 un peu descendue il a fallu la remonter pour pouvoir ouvrir l&rsquo;ut\u00e9rus, j&rsquo;ai \u00e9videmment vomi mon diner dans le haricot aimablement tendu par mon anesth\u00e9siste.<br>J&rsquo;ai observ\u00e9 un peu tout cela dans l&rsquo;\u00e9clairage scyalityque au-dessus du champ op\u00e9ratoire \u2026 On me pose Alice toute chaude sur mon buste bien froid dans cette salle r\u00e9frig\u00e9r\u00e9e. C&rsquo;est tr\u00e8s \u00e9mouvant. C&rsquo;est mon troisi\u00e8me enfant mais la premi\u00e8re naissance sans anesth\u00e9sie.<br>Claude trouvera le lendemain matin un PV de stationnement sur la voiture, il demandera une exemption en envoyant un acte de naissance et cela a effectivement \u00e9t\u00e9 oubli\u00e9 car nous n&rsquo;avons rien pay\u00e9 \u2026 Enfin la facture de la clinique c&rsquo;\u00e9tait d\u00e9j\u00e0 suffisamment \u00e9lev\u00e9 !<\/p>\n\n\n\n<p>Ma chambre est tr\u00e8s petite et pas formidable, j&rsquo;ai un dossier \u00e0 terminer, je ne sais plus lequel, mais je demande s\u2019il est possible d&rsquo;avoir une chambre plus grande car je dois finir un dossier pour la pr\u00e9sidence ; dans mon esprit c&rsquo;est la pr\u00e9sidence de l&rsquo;Universit\u00e9 mais ils ont d\u00fb l&rsquo;entendre autrement car cela marche et je me retrouve au dernier \u00e9tage dans la chambre spacieuse double exposition qui fut celle de maintes dames des politiques ! Un jour Claude arrive avec une botte de chrysanth\u00e8mes achet\u00e9s en sortant du m\u00e9tro, j&rsquo;imagine que les infirmi\u00e8res se sont interrog\u00e9es \u2026 Mais seule l\u2019intention compte !<\/p>\n\n\n\n<p><\/p>\n\n\n\n<p><strong>LE CMJ<\/strong><\/p>\n\n\n\n<p>CMJ, Congr\u00e8s Math\u00e9matique Junior ; il s\u2019agit d\u2019un \u00e9v\u00e8nement li\u00e9 au premier colloque math\u00e9matique europ\u00e9en qui s\u2019est tenu \u00e0 Paris en 1992.<br>L\u2019association femmes et math\u00e9matiques m\u2019avait demand\u00e9 de la repr\u00e9senter au comit\u00e9 d\u2019organisation li\u00e9 \u00e0 \u00ab\u00a0Maths \u00e0 venir\u00a0\u00bb.<br>Ce fut une aventure que j\u2019ai partag\u00e9e avec Jean-Pierre Ressayre que je connaissais d\u00e9j\u00e0 bien via l\u2019\u00e9quipe de Logique.<br>L\u2019id\u00e9e \u00e9tait de rassembler des lyc\u00e9ens participant \u00e0 l\u2019op\u00e9ration \u00ab Maths en jeans\u00a0\u00bb, des laur\u00e9ats d&rsquo;olympiades ou du concours g\u00e9n\u00e9ral, ou des lyc\u00e9ens volontaires, et des chercheurs en math\u00e9matiques.<br>C\u2019\u00e9tait donc ouvert \u00e0 tous les lyc\u00e9ens et lyc\u00e9ennes et la motivation \u00e9tait de leur donner l&rsquo;envie de faire de la recherche en math\u00e9matiques.<br>Il y avait \u00e0 la fois des conf\u00e9rences magistrales, des expos\u00e9s de leurs travaux par des lyc\u00e9ens de maths en jeans, et des ateliers de d\u00e9couverte.<br>Certaines conf\u00e9rences de lyc\u00e9ens \u00e9taient magnifiquement pr\u00e9par\u00e9es. Je me souviens en particulier d\u2019une pr\u00e9sentation du billard elliptique illustr\u00e9e par des simulations num\u00e9riques.<br>Je me souviens aussi du moment o\u00f9 arriv\u00e8rent les r\u00e9sultats du baccalaur\u00e9at par t\u00e9l\u00e9phone via les parents ou les professeurs. Et de la joie de toutes ces mentions tr\u00e8s bien !<br>Tout cela se passait \u00e0 la Villette \u2026 Et ce fut compliqu\u00e9 \u00e0 organiser et terriblement administratif \u2026<br>Par exemple ils nous demandaient le cr\u00e9neau de deux heures o\u00f9 nous livrerions les ordinateurs utiles, et nous \u00e0 ce moment-l\u00e0 ne savions m\u00eame pas o\u00f9 nous pourrions trouver ces ordinateurs !<br>Pierre Jarraud nous a permis de les trouver, je ne sais plus tr\u00e8s bien comment, mais cela a bien fonctionn\u00e9 ! Et nous n\u2019avons rien perdu ni cass\u00e9 \u2026<br>De mon c\u00f4t\u00e9 gr\u00e2ce aux contacts de mon mari \u00e0 la SNCF j\u2019ai pu avoir les billets de train pour tous les lyc\u00e9ens qui venaient de province en \u00e9change d\u2019une future publicit\u00e9 dans Quadrature qui diffuserait les actes du colloque.<br>L\u2019op\u00e9ration a \u00e9t\u00e9 un succ\u00e8s et fut passionnante. Tout a fini par tr\u00e8s bien fonctionner y compris les pains au chocolat des pauses pour les jeunes !<br>Le moment le plus fort fut la conf\u00e9rence de cl\u00f4ture par Laurent Schwartz. Je me souviens m\u2019\u00eatre pr\u00e9cipit\u00e9e sur un micro pour la r\u00e9annoncer car les jeunes commen\u00e7aient \u00e0 partir.<br>Ce fut une conf\u00e9rence extraordinaire, comme savait en faire Laurent Schwartz. Il a r\u00e9ussi \u00e0 faire comprendre ce moment magique o\u00f9 le chercheur trouve la clef de son travail futur. C&rsquo;est tr\u00e8s bref, tr\u00e8s fort et c\u2019est une grande jouissance. Ensuite il faut travailler, travailler et encore travailler pour r\u00e9aliser la chose, mais il y a un big-bang initial en quelque sorte !<br>La r\u00e9gie de la Villette devant cet amphi subjugu\u00e9 n\u2019a pas mis fin \u00e0 la conf\u00e9rence \u00e0 l&rsquo;heure pr\u00e9vue et Laurent Schwartz a d\u00e9bord\u00e9 d\u2019une bonne demi-heure je crois !<br>Je me souviens avoir ensuite assur\u00e9 notre conf\u00e9rencier lors de sa sortie par les escaliers de cet amphi mal \u00e9clair\u00e9. Il \u00e9tait d\u00e9j\u00e0 \u00e2g\u00e9 mais toujours passionn\u00e9.<br>J\u2019esp\u00e8re que tout cela a suscit\u00e9 quelques vocations de chercheur.<\/p>\n\n\n\n<p><\/p>\n\n\n\n<p><strong>EN LOUISIANE<\/strong><\/p>\n\n\n\n<p>En avril 1996 une session sp\u00e9ciale de l&rsquo;AMS sur \u00ab\u00a0Real Algebraic Geometry and Ordered structures\u00a0\u00bb nous r\u00e9unit \u00e0 Louisiana State University (Baton Rouge).<br>Je suis log\u00e9e \u00e0 la Student Union, dans l&rsquo;une des deux suites qui servent pour accueillir les Pr\u00e9sidents en visite ou les mari\u00e9s lors de f\u00eates de mariage !<br>C\u2019est somptueux et tr\u00e8s am\u00e9ricain dans la d\u00e9coration. Le livre d\u2019or porte les signatures de George et Barbara Bush !<br>A mon arriv\u00e9e Max Dickman d\u00e9j\u00e0 l\u00e0 m&#8217;emm\u00e8ne diner dans la brasserie voisine, ce sera \u00ab \u00e9touff\u00e9e d&rsquo;\u00e9crevisses\u00a0\u00bb, c&rsquo;est exquis. Nous en ferons une cure\u2026<br>Au petit d\u00e9jeuner sur place je suis servie par une femme noire, solide et souriante qui me donne du \u00ab Yes Mam \u00bb ; on se croirait dans \u00ab Autant en emporte le vent \u00bb\u2026<br>Et pas seulement pour cela car les arbres du parc du campus sont inou\u00efs, je comprends enfin l&rsquo;importance de ceux-ci dans le roman.<br>Le diner du Colloque est dans un endroit sp\u00e9cialis\u00e9 \u00ab\u00a0hot crawfish \u00bb nomm\u00e9 Mulate&rsquo;s, et on y sert d\u2019immenses plats d\u00e9bordant d&rsquo;\u00e9crevisses bien rouges et bien \u00e9pic\u00e9es. Sur place on danse, cajun bien s\u00fbr, je me souviens que Tomas Recio compte les pas, ce n&rsquo;est pas ma vision de la chose, moi je me laisse porter par la musique.<br>Un soir avec Daniel Glushankoff et Max Dickmann nous avons envie d\u2019un tr\u00e8s bon diner. J&rsquo;avais une voiture et on r\u00e9serve dans un super restaurant qui ne paie pas de mine dans un centre commercial.<br>Daniel est en short, on esp\u00e8re que ce ne sera pas un probl\u00e8me et \u00e7a ne l&rsquo;est pas. Le diner est magique, un d\u00e9licieux crabe mou superbe dans mon assiette et un bread pie incroyable. Carpe diem, car deux ans plus tard, en 1998, Daniel, qui pourtant escaladait les 6000 sud-am\u00e9ricains, trouvera la mort au cirque de Gavarnie. Son guide est venu pour la cr\u00e9mation au P\u00e8re Lachaise et est reparti avec l\u2019urne des cendres \u00e0 disperser dans les montagnes. Montagnarde je n\u2019ai pas oubli\u00e9 ce moment particulier.<br>La sortie durant ce s\u00e9jour \u00e0 Louisiana State University (LSU) fut en cano\u00eb dans un \u00ab\u00a0Bayou aux alligators \u00bb. Le volume 253 de Contemporary Mathematics (2000) comporte, au-del\u00e0 d\u2019un article consign\u00e9 avec Murray Marshall, mes photographies de cette sortie m\u00e9morable. En effet un cano\u00eb, celui de F.-V. Kuhlmann et d\u2019un math\u00e9maticien russe je crois, a \u00e9peronn\u00e9 un autre cano\u00eb, celui o\u00f9 se trouvaient Chip Delzell, David Trotman et Chris Miller qui se retrouv\u00e8rent \u00e0 l\u2019eau.<br>J\u2019\u00e9tais avec Murray Marshall dans un troisi\u00e8me cano\u00eb et c\u2019est la science canadienne de Murray qui les a tir\u00e9s d\u2019affaire. Car comment vider un cano\u00eb plein d\u2019eau ?<br>Il suffit de mettre le nez du cano\u00eb naufrag\u00e9 sur le bord d\u2019un autre cano\u00eb \u00e0 flot (le mien dans ce cas) puis de le faire tourner pour vider l\u2019eau avant de se hisser \u00e0 bord.<br>Lors de ce s\u00e9jour \u00e0 B\u00e2ton rouge nous sommes aussi all\u00e9s en voiture \u00e0 la nouvelle Orl\u00e9ans avec Claus Scheiderer, Max Dickmann et Franz-Viktor Kuhlmann. C\u2019\u00e9tait au moment du festival du quartier fran\u00e7ais.<br>L\u2019ambiance \u00e9tait \u00e9lectrique et le quartier fran\u00e7ais fort anim\u00e9. Nous avons \u00e9cout\u00e9 du Jazz ici et l\u00e0 en buvant des bi\u00e8res apr\u00e8s avoir d\u00e9pos\u00e9 Franz Viktor qui allait faire une conf\u00e9rence \u00e0 l&rsquo;universit\u00e9 l\u00e0-bas.<br>Vers 2h du matin nous avons pens\u00e9 qu\u2019il \u00e9tait temps de rentrer, nous avons pris la route vers 2h30 et avons essuy\u00e9 les trombes d\u2019eau d\u2019un orage tropical. Claus s\u2019\u00e9tait endormi \u00e0 l\u2019arri\u00e8re et je demandais \u00e0 Max de me parler sans arr\u00eat pour me tenir \u00e9veill\u00e9e ! Evidemment nous avons rat\u00e9 la bonne sortie d&rsquo;autoroute &#8211; point d&rsquo;iphone \u00e0 l&rsquo;\u00e9poque &#8211; mais avons fini par retrouver notre campus. Inutile de dire que si nous \u00e9tions au colloque le lendemain matin le niveau d\u2019attention \u00e9tait faible !<br>Nous sommes aussi all\u00e9s avec Murray Marshall et Franz-Vicktor \u00e0 l\u2019ile o\u00f9 est fabriqu\u00e9 le Tabasco. L\u2019unique usine de Tabasco au monde dans un environnement fantomatique d\u2019arbres plein de lichens pendants et d\u2019eau stagnante regorgeant de crocodiles. Les guides ou notices recommandent si on est pris en chasse par ce genre d\u2019animal de courir en zig-zag car ils ont du mal \u00e0 changer de direction. Mais nous n\u2019avons pas eu \u00e0 exp\u00e9rimenter la m\u00e9thode !<br>De ce s\u00e9jour il me reste une carte de LSU staff avec un num\u00e9ro de SS \u00e9trange, les r\u00e8gles administratives sont parfois surprenantes \u2026<\/p>\n\n\n\n<p>En avril 2007 un autre colloque a lieu \u00e0 Louisiana State University.<br>J\u2019\u00e9tais toujours log\u00e9e \u00e0 la student union mais dans l&rsquo;autre suite cette fois car le samedi soir il y avait un mariage et une grande f\u00eate. Je crois que Chip Delzell et Jim Madden, les organisateurs du colloque, prenaient soin de me loger superbement.<br>Les robes de f\u00eates en Louisiane sont spectaculaires. Enfin \u00e0 cette \u00e9poque, je ne sais si cela dure encore. J&rsquo;ai eu l\u2019occasion d\u2019en revoir beaucoup \u00e0 une f\u00eate d\u2019alumni, et aussi souvent en fin d\u2019apr\u00e8s-midi sur la route o\u00f9 des demoiselles en robe longues \u00e9taient souvent juch\u00e9es \u00e0 l\u2018arri\u00e8re d&rsquo;un pick up pour aller \u00e0 une soir\u00e9e dans une de ces belles maison qui longent le Mississippi.<br>Surprenantes aussi dans ce pays sont les \u00ab\u00a0escape routes\u00a0\u00bb et les lev\u00e9es de terre \u00e9normes longeant le Mississipi pour \u00e9chapper aux crues habituelles du fleuve.<br>A ce second colloque \u00e9tait venu Francois Lucas, pourtant d\u00e9j\u00e0 bien malade ; il avait affront\u00e9 ce voyage plut\u00f4t long avec courage.<br>Je me souviens que je l&rsquo;accompagnais prendre son caf\u00e9 dans un endroit qui embaumait et que m&rsquo;avait recommand\u00e9 Max Dickmann bien s\u00fbr.<br>La sortie en soir\u00e9e de ce colloque se terminait sur un bateau \u00e0 roue type \u00ab Mississippi \u00bb qui \u00e9tait un bateau casino. Visiblement les math\u00e9maticiens n\u2019\u00e9taient pas fascin\u00e9s par le jeu. Nous nous sommes retrouv\u00e9s sur le pont \u00e0 l\u2019air libre \u00e0 deviser sous les \u00e9toiles !<\/p>\n\n\n\n<p><\/p>\n\n\n\n<p><strong>\u0152NOLOGIE<\/strong><\/p>\n\n\n\n<p>Petit \u00e0 petit, sans doute \u00e0 cause des Pouilly Fuiss\u00e9 \u00ab\u00a0Claude Gondard\u00a0\u00bb<br>que l\u2019on buvait \u00e0 des ap\u00e9ritifs chez moi je suis devenue la personne<br>r\u00e9f\u00e9rente pour les vins !<\/p>\n\n\n\n<p>Lorsque nous avons fait notre colloque anniversaire des 30 ans du<br>S\u00e9minaire Structures Alg\u00e9briques Ordonn\u00e9es au CIRM en 2015 il y avait<br>une session poster. Je trouvais que ces sessions poster \u00e9taient en<br>g\u00e9n\u00e9ral tristes alors que les jeunes se donnent un mal fou pour<br>pr\u00e9senter leurs travaux.<br>Alors j\u2019ai eu une id\u00e9e ! J\u2019ai d\u00e9cid\u00e9 d\u2019y coupler une d\u00e9gustation des vins locaux \u00e0 siroter pendant la d\u00e9couverte des posters. Du Cassis Blanc et du Bandol Rouge bien s\u00fbr, et ce fut un succ\u00e8s : l&rsquo;antichambre de l&rsquo;amphi \u00e9tait quasiment trop<br>petite pour l&rsquo;affluence !<\/p>\n\n\n\n<p>Un des m\u00e9rite de ces soir\u00e9es l\u00e9g\u00e8rement :alcoolis\u00e9es est que cela d\u00e9sinhibe et que l\u2019on ose plus facilement lancer des id\u00e9es math\u00e9matiques mal ficel\u00e9es, voire un peu folles, mais qui plus tard se r\u00e9v\u00e8leront parfois fructueuses.<\/p>\n\n\n\n<p>Avant le premier workshop d\u2019ouverture du projet \u00ab Gender gap in<br>sciences \u00bb il y a eu un petit cocktail chez moi, apport\u00e9 par le<br>traiteur Guillemard, qui fournit souvent l&rsquo;Institut Henri Poincar\u00e9,<br>mais j\u2019avais tenu \u00e0 m\u2019occuper des boissons et j\u2019avais mis un blanc C\u00f4te<br>Chalonnaise et un Bordeaux rouge Benjamin achet\u00e9s Rue Blainville \u00e0 la<br>Truffi\u00e8re.<br>Cela a \u00e9t\u00e9 suffisamment appr\u00e9ci\u00e9 pour qu\u2019une Sud-Africaine<br>en ach\u00e8te pour le rapporter chez elle ! Il avait aussi des macarons<br>aux truffes de la m\u00eame adresse et l\u00e0 encore il y a eu des achats pour<br>emporter aux USA !<\/p>\n\n\n\n<p>Lorsque je suis all\u00e9e en Afrique du Sud au Cap en 2017 pour un<br>workshop nous avons fait des d\u00e9gustations de vins<br>et j\u2019ai \u00e9videmment d\u00fb enregistrer mon bagage cabine pour pouvoir<br>rapporter quelques bouteilles \u2026<br>Nous fumes bien s\u00fbr \u00e0 Groot Cosntanzia mais aussi \u00e0 Stellenbosch. L\u00e0<br>j\u2019ai bu un superbe vin avec une antilope (Springbok) tr\u00e8s bien cuisin\u00e9e.<br>Plus tard seule je suis all\u00e9e \u00e0 Beau Constanzia vraiment tr\u00e8s beau et<br>tr\u00e8s bon ; en plus ils font de la recherche avec des assemblages<br>innovants. C\u2019est int\u00e9ressant avec le climat la vigne pousse et produit vite ; au<br>d\u00e9but ce pays faisaient des vins doux, muscats, vin de paille etc\u2026 puis<br>ils ont suivi l\u2019\u00e9volution des go\u00fbts et ont fait beaucoup de vins blancs mais maintenant ils sont pass\u00e9s aux rouges et ils y sont excellents. A La R\u00e9union je boirai plus tard, en 2019, et avec plaisir pas mal de vins sud-africains.<\/p>\n\n\n\n<p>Depuis plusieurs ann\u00e9es d\u00e9j\u00e0 je suis des cours d\u2019Oenologie avec le GPX<br>(Groupe Parisien des Polytechniciens). Cela affine l\u2019analyse du vin<br>que l\u2019on goute et on pr\u00eate plus d\u2019attention \u00e0 ce que l\u2019on boit \u2026 Du<br>coup c\u2019est souvent \u00e0 moi qu\u2019on demande de go\u00fbter le vin apport\u00e9 \u00e0<br>table durant les colloques \u2026<\/p>\n\n\n\n<p>A Oberwolfach d\u00e9but mars 2020 Greg Bleckermann est venu me voir un<br>soir en me disant qu\u2019il avait une question pour moi. Je m\u2019attendais \u00e0<br>une question de math\u00e9matiques, mais non il s\u2019agissait de choisir un<br>bon vin pour la soir\u00e9e !<br>Nous avons fini par \u00e9largir le cercle et bu plusieurs bouteilles dont<br>les deux que j\u2019avais rep\u00e9r\u00e9es comme sans doute int\u00e9ressantes.<\/p>\n\n\n\n<p><\/p>\n\n\n\n<p><strong>EN AM\u00c9RIQUE LATINE<\/strong><\/p>\n\n\n\n<p>J\u2019ai effectu\u00e9 une dizaine de missions pour les math\u00e9matiques en Am\u00e9rique latine :<br>3 au Chili (2002 \u00e0 Talca et Pucon, 2010 \u00e0 Pucon, 2014 \u00e0 Conception), 5 au Br\u00e9sil (2004 et 2006 \u00e0 Campinas, 2008 \u00e0 Rio de Janeiro, 2012 \u00e0 Salvador de Bahia, 2018 \u00e0 Sao Paulo), ainsi qu&rsquo;une en 2004 au Costa Rica (San Jos\u00e9) et une en 2006 en Argentine (Buenos Aires).<br>Dans ce continent le Br\u00e9sil est un continent \u00e0 lui tout seul ne serait ce qu\u2019en raison de la langue portugaise qui fait exception \u00e0 l\u2019espagnol g\u00e9n\u00e9ralement employ\u00e9.<\/p>\n\n\n\n<p>Ma pr\u00e9f\u00e9rence va je crois au Chili, pays de montagnes et d&rsquo;oc\u00e9an, extr\u00eamement vari\u00e9 en raison de sa latitude tr\u00e8s \u00e9tendue du nord au sud et de la proximit\u00e9 des Andes et du pacifique. Et puis les vins carmenere et les ceviche r\u00e9jouissent mon palais !<br>Au plan architectural le Br\u00e9sil est plus int\u00e9ressant mais le Chili a plus de paysages magnifiques.<br>Et c\u00f4t\u00e9 artistes la gravure en particulier sur bois est tr\u00e8s utilis\u00e9e au Chili alors que le Br\u00e9sil est un pays de peintres magnifiques.<br>Buenos Aires c\u2019est un peu l\u2019Europe et le royaume du Tango et du cuir.<\/p>\n\n\n\n<p>Le Costa Rica est lui le royaume de l\u2019\u00e9cologie. En 2004 ils n\u2019avaient d\u00e9j\u00e0 plus d\u2019essence avec plomb alors que c\u2019\u00e9tait encore courant en France. Un de mes plus beaux souvenirs l\u00e0-bas est d\u2019avoir vu dans un rayon de soleil d&rsquo;une for\u00eat voler un de ces tr\u00e8s grands papillons bleus. Le battement d\u2019ailes est tr\u00e8s lent, les ailes sont tr\u00e8s souples, c\u2019\u00e9tait f\u00e9erique un peu comme un ballet. Depuis j\u2019ai du mal \u00e0 regarder ces pauvres b\u00eates si belles \u00e9pingl\u00e9es dans une vitrine \u2026 L\u2019autre souvenir concret cette fois c\u2019est la tortue en argent est r\u00e9sine achet\u00e9e au mus\u00e9e de l\u2019or de San Jos\u00e9 que porte depuis 2004, et qui arr\u00eate le regard de beaucoup d\u2019interlocuteurs. Parfois des personnes inconnues osent m\u00eame m\u2019interroger ou me f\u00e9liciter !<br>Pour la s\u00e9curit\u00e9, je n\u2019ai vu aucun probl\u00e8me au Chili ni en Argentine, par contre il faut avoir une certaine prudence au Costa Rica et surtout au Br\u00e9sil.<\/p>\n\n\n\n<p>Lorsque je suis arriv\u00e9e \u00e0 San Jos\u00e9 j\u2019avais lou\u00e9 une voiture, il \u00e9tait d\u00e9j\u00e0 tard j\u2019\u00e9tais seule, et Hertz m\u2019a fait signer un document disant qu\u2019on m\u2019avait avertie que si on me tirait dans les pneus il ne fallait pas que je m\u2019arr\u00eate\u2026<br>Il y a beaucoup de vols en effet, un des conf\u00e9renciers s\u2019est fait voler tous ses bagages pendant un d\u00e9jeuner mais ils ont eu la d\u00e9licatesse de lui laisser ses transparents sur le si\u00e8ge ! \u00c0 L\u2019universit\u00e9, o\u00f9 j\u2019ai vu dans les arbres des paresseux vraiment immobiles, les deux organisateurs s\u2019\u00e9taient d\u00e9j\u00e0 fait voler une voiture l\u2019un \u00e0 l\u2019Universit\u00e9, l\u2019autre chez lui.<br>Je me suis un peu promen\u00e9e aux week-ends avant et apr\u00e8s le colloque de Th\u00e9orie des Mod\u00e8les, quand sur la highway 1 pr\u00e8s de l\u2019oc\u00e9an j\u2019ai eu envie de me baigner j\u2019ai un peu h\u00e9sit\u00e9, mais finalement j\u2019ai fait un petit tas de mes affaires \u00e0 c\u00f4t\u00e9 d\u2019une famille en demandant au p\u00e8re s\u2019il pouvait avoir un oeil sur mes v\u00eatements qui contenaient surtout ma cl\u00e9 de voiture. Apr\u00e8s mon bain nous avons un peu bavard\u00e9, il \u00e9tait m\u00e9decin et il a profit\u00e9 de ma pr\u00e9sence pour dire \u00e0 ses deux petites filles qu\u2019il fallait \u00e9tudier pour avoir une vie int\u00e9ressante. Et il m\u2019a aussi conseill\u00e9 de rester jusqu\u2019au coucher du soleil qui \u00e9tait tr\u00e8s couru \u00e0 cet endroit. Je suis donc rest\u00e9e, j\u2019ai vu les gens arriver \u00e0 v\u00e9lo pour le spectacle du soir et finalement je suis rentr\u00e9e de nuit sur des routes d\u00e9licates. Quand je rentrerai \u00e0 Paris apr\u00e8s cette mission je scruterai encore la chauss\u00e9e pour \u00e9viter les trous suppos\u00e9s s\u2019y trouver !<\/p>\n\n\n\n<p>Au Br\u00e9sil j\u2019ai fait quelques imprudences, mais sans aller sur la plage de Copacabana le soir, il faut rester du c\u00f4t\u00e9 des immeubles \u2026 Pourtant cela a l\u2019air bon enfant avec des jeunes qui jouent au volley mais c\u2019est absolument d\u00e9conseill\u00e9. Une fois \u00e0 Santa Teresa j\u2019ai sagement renonc\u00e9 \u00e0 prendre une rue apr\u00e8s l\u2019avoir un peu observ\u00e9e. Voyageant seule je suis particuli\u00e8rement attentive \u00e0 l\u2019environnement, je regarde, prends des photos, mais ne suis pas distraite par un accompagnateur.<br>Une fois tout de m\u00eame \u00e0 Foz de Iguacu le troisi\u00e8me jour, un dimanche, je retournais aux chutes \u00e9blouissantes en allant prendre le bus local qui transportait surtout les br\u00e9siliens locaux qui allaient y travailler. Sur la grande avenue qui menait \u00e0 l\u2019arr\u00eat j\u2019ai crois\u00e9 un jeune qui ne m\u2019a pas plu\u2026 Il a du faire demi-tour car je l\u2019ai vu me d\u00e9passer ensuite, puis s\u2019arr\u00eater dans une cour pour parler avec d\u2019autres jeunes, je me suis alors mise \u00e0 surveiller mon ombre\u2026 C\u2019\u00e9tait une bonne id\u00e9e, j\u2019ai vu soudainement une ombre se coller \u00e0 moi derri\u00e8re, j\u2019ai bondi sur la chauss\u00e9e et vu le m\u00eame individu s\u2019enfuir en courant \u2026 Au retour j\u2019ai fini mes reals dans un tour d\u2019h\u00e9licopt\u00e8re au soleil de la fin d\u2019apr\u00e8s-midi au-dessus des chutes, ce fut inoubliable. Jamais je n\u2019aurais pens\u00e9 que voir des chutes d\u2019eau pouvait valoir un voyage, dans le pass\u00e9 celles du Niagara, certes impressionnantes, m\u2019ont paru manquer vraiment de beaut\u00e9. Mais Foz de Igua\u00e7u c\u2019est magnifique, et le cot\u00e9 br\u00e9silien et le cot\u00e9 argentin sont assez diff\u00e9rents. J\u2019ai beaucoup aim\u00e9 ce m\u00e9lange spectaculaire de paradis et d\u2019enfer, beau et changeant.<\/p>\n\n\n\n<p>Mais revenons aux math\u00e9matiques et aux colloques ; j\u2019ai \u00e9t\u00e9 \u00e9tonn\u00e9e de constater que dans les \u00e9coles d\u2019alg\u00e8bre br\u00e9siliennes les femmes n\u2019\u00e9taient pas du tout rares comme en France ou en Allemagne. On imagine un pays macho, mais en fait c\u2019est assez \u00e9galitaire pour les \u00e9tudes, et les math\u00e9matiques sont consid\u00e9r\u00e9es et bien financ\u00e9es. Bien s\u00fbr dans les carri\u00e8res on retrouve un plafond de verre, mais il y a un vivier de femmes math\u00e9maticiennes important.<br>Une autre des caract\u00e9ristiques de ces colloques, c\u2019est la fr\u00e9quence avec laquelle on vient vous chercher \u00e0 l\u2019a\u00e9roport et on organise vos transports locaux. Assez surprenant aussi est le fait qu\u2019au lieu de remplir plein de papiers pour \u00eatre rembours\u00e9 de frais dans un d\u00e9lai ind\u00e9termin\u00e9, comme c\u2019est souvent le cas, on vous remet en g\u00e9n\u00e9ral une enveloppe avec des devises en quantit\u00e9 suffisante pour votre s\u00e9jour contre la signature d\u2019un simple re\u00e7u. Tout cela est tr\u00e8s confortable.<\/p>\n\n\n\n<p><\/p>\n\n\n\n<p><strong>LA SECTION F<\/strong><\/p>\n\n\n\n<p>C\u2019est une premi\u00e8re ann\u00e9e \u00ab normale\u00a0\u00bb mais une section qui accueille des \u00e9l\u00e8ves vari\u00e9s, anciens bacheliers scientifiques, \u00e9l\u00e8ves non francophones, bacheliers techniques et professionnels.<br>A la diff\u00e9rence des autres sections il n\u2019y a pas de s\u00e9paration entre cours magistral et travaux dirig\u00e9s. C\u2019est plut\u00f4t le mode de fonctionnement des classes pr\u00e9paratoires, sans la s\u00e9lection \u00e0 l\u2019entr\u00e9e ni la pression des concours.<br>Cette population est assez attachante si on accepte de renoncer \u00e0 trop d\u2019\u00e9litisme et que l\u2019on essaie surtout de leur redonner confiance en eux. Ils tentent de saisir leur chance d\u2019\u00eatre \u00e0 l\u2019universit\u00e9 quitte \u00e0 venir en skate de loin s\u2019il a une gr\u00e8ve des transports. Quelques-uns des souvenirs de ces ann\u00e9es l\u00e0 sont particuli\u00e8rement forts.<\/p>\n\n\n\n<p>Un des \u00e9l\u00e8ves issus de l\u2019enseignement technique \u00e9tait dans les meilleurs, il me rendait ses devoirs dans un A3 pli\u00e9 avec des photocopies de HardRock et il portait des bracelets de cuir muni de pointes, tout cela \u00e9tait sans importance. Jusqu\u2019au jour o\u00f9 il lev\u00e9 la main pour me dire \u00ab Madame, donnez leur un exemple, ils ne comprennent que cela ! \u00ab. Il avait un peu raison j\u2019avoue, mais le dire est une autre affaire. Il a doucement cess\u00e9 de venir en cours sans doute mis \u00e0 l\u2019\u00e9cart par le groupe. Et il m\u2019a manqu\u00e9 car pour aider le groupe il suffisait de le faire passer au tableau o\u00f9 il trouvait des mots tr\u00e8s ad\u00e9quats pour expliquer aux autres \u00e9tudiants !<\/p>\n\n\n\n<p>Une autre fois deux \u00e9tudiants ont eu une altercation au fond de la classe, je leur ai dit de sortir, mais imm\u00e9diatement un remord m&rsquo;est venu, et si l\u2019un blessait l\u2019autre dans le couloir \u2026 Heureusement un troisi\u00e8me a eu la bonne id\u00e9e de sortir imm\u00e9diatement pour calmer le jeu et ils sont rentr\u00e9s ensuite tr\u00e8s sereins tous les trois.<\/p>\n\n\n\n<p>Un jour de d\u00e9but de mai arrive dans ma classe un \u00e9tudiant nouveau ; je le remarque tout de suite car en fin d\u2019ann\u00e9e on connait bien les visages. Je lui demande s\u2019il a une bonne raison d\u2019arriver \u00e0 cette \u00e9poque de l\u2019ann\u00e9e.<br>Il fouille dans son portefeuille et en sort un papier pli\u00e9 en quatre qu\u2019il me tend. Je m\u2019attends \u00e0 un certificat m\u00e9dical ou de d\u00e9m\u00e9nagement et je d\u00e9couvre un document de sortie de la prison de Fresnes. Je cache ma g\u00eane et lui rend son document avec un sourire en le remerciant.<\/p>\n\n\n\n<p>J\u2019ai aussi eu un \u00e9tudiant qui toujours assis au premier rang dormait beaucoup. J\u2019\u00e9tais \u00e9tonn\u00e9e par le contraste entre cette attitude et la qualit\u00e9 de ses devoirs. Jusqu\u2019au jour o\u00f9 j\u2019ai su qu\u2019il \u00e9tait veilleur de nuit. Il devait travailler pendant ce service de veille, et je me suis demand\u00e9 ce que pouvait bien enregistrer son cerveau durant son sommeil pendant mes cours. Il a fini l\u2019ann\u00e9e avec mention tr\u00e8s bien. Bravo !<\/p>\n\n\n\n<p>Enfin j\u2019ai aussi eu dans ma classe un \u00e9tudiant iranien qui ne maitrisait pas le fran\u00e7ais et demanda un dictionnaire pour les partiels de d\u00e9cembre. Il \u00e9tait excellent et ce qui \u00e9tait remarquable c\u2019est que son approche \u00e9tait assez diff\u00e9rente de la n\u00f4tre.<br>J\u2019aurais du mal \u00e0 expliquer cela mais ce n\u2019\u00e9tait ni cart\u00e9sien \u00e0 la fran\u00e7aise, ni formel \u00e0 l\u2019allemande, ni pragmatique \u00e0 l\u2019anglaise, mais un m\u00e9lange de tout cela et extr\u00eamement inventif avec beaucoup d\u2019initiatives int\u00e9ressantes.<br>Je n\u2019ai pas \u00e9t\u00e9 \u00e9tonn\u00e9e que la premi\u00e8re femme M\u00e9daille Fields soit une iranienne, leur enseignement primaire et secondaire est certainement tr\u00e8s bon et respecte la cr\u00e9ativit\u00e9 et les go\u00fbts.<\/p>\n\n\n\n<p>A propos de go\u00fbts je terminerai en racontant que souvent en d\u00e9but de premi\u00e8re ann\u00e9e je donnais deux, voire trois, d\u00e9monstrations pour le m\u00eame r\u00e9sultat et venait alors la question rituelle : \u00ab\u00a0Madame, quelle est la meilleure ?\u00a0\u00bb<br>Et ma r\u00e9ponse \u00e9tait tout aussi syst\u00e9matique \u00ab Celle que vous pr\u00e9f\u00e9rez \u00bb. Il faut aimer ce que l\u2019on fait pour r\u00e9ussir, c\u2019est le premier des enseignements \u00e0 partager.<\/p>\n\n\n\n<p><\/p>\n\n\n\n<p><strong>MURRAY MARSHALL<\/strong><\/p>\n\n\n\n<p>J\u2019arrive \u00e0 un colloque quelque part aux USA. Peut-\u00eatre \u00e0 Baton Rouge en 1996 ?\u2026 J&rsquo;ai oubli\u00e9 o\u00f9, c\u2019\u00e9tait il y a bien longtemps, tant de rencontres ont eu lieu depuis \u2026<br>Je fais les salutations d\u2019usage aux premiers arriv\u00e9s et dis \u00ab nice to meet you \u00bb \u00e0 un math\u00e9maticien, barbu comme c\u2019est souvent le cas.<br>Il me r\u00e9pond \u00ab I had dinner at your home \u00bb. Stup\u00e9faction et confusion !<br>Je ne suis pas physionomiste je le sais, et puis une femme dans un milieu tr\u00e8s masculin elle est toujours reconnue facilement, l\u2019inverse est plus difficile.<br>Mes neurones tournent tr\u00e8s vite, mais gentiment il m\u2019aide \u00ab I was with Paulo Ribenboim \u00bb<br>Et l\u00e0 je revois dans un flash : c&rsquo;\u00e9tait dans ce qui \u00e9tait alors une salle \u00e0 manger et est devenu un bureau, donc \u00e0 Paris apr\u00e8s 1980. Il y avait l\u00e0 non seulement Murray Marshall et Paulo Ribenboim mais aussi T.Y. Lam. Peut-\u00eatre Max Dickmann \u00e9tait-il l\u00e0 aussi comme souvent.<br>Murray \u00e9tait le plus gentil des math\u00e9maticiens, il ne m\u2019a pas tenu rigueur de cette b\u00e9vue ! Nous avons par la suite consign\u00e9 deux publications en 2000 et 2010.<br>Je suis all\u00e9e 8 fois \u00e0 Saskatoon o\u00f9 il avait un poste en faisant souvent un d\u00e9tour par les Rocheuses et Lake Louise.<br>Une fois j\u2019ai m\u00eame emmen\u00e9 mes chaussures de ski dans mon bagage cabine ! J\u2019ai ski\u00e9 \u00e0 Lake Louise et \u00e0 Sunshine Valley. J\u2019ai aussi vu la coupe du monde de descente et de super G, et admir\u00e9 Hermann Maier impressionnant d\u2019aisance, puis assist\u00e9 aux festivit\u00e9s qui suivent les comp\u00e9titions au Ch\u00e2teau Lake Louise.<\/p>\n\n\n\n<p>Murray divorc\u00e9 vivait seul et quand j\u2019\u00e9tais \u00e0 Saskatoon nous dinions souvent ensemble au restaurant. Il me racontait un peu sa famille qui exploitait une ferme dans cette partie du Canada qui est un peu un grenier a c\u00e9r\u00e9ales pour une partie du monde. Le mus\u00e9e agricole pr\u00e9sentait d\u2019impressionnantes machines pour lexploitation des champs de c\u00e9reales.<br>Le diner favori de Murray \u00e9tait \u00ab chowder soup with country good bread \u00bb dans un genre de grande brasserie \u00e0 la fois populaire et branch\u00e9e. C\u2019\u00e9tait objectivement tr\u00e8s bon \u00e0 base de l\u00e9gumes, de cr\u00e8me, de moules et avec un peu de poisson.<\/p>\n\n\n\n<p>La derni\u00e8re fois \u00e0 Saskatoon ce fut un colloque \u00ab in memoriam \u00bb pour Murray Marshall. Il nous a quitt\u00e9 en mai 2015 ; j\u2019\u00e9tais en voyage au P\u00e9rou avec de mauvaises connexions \u00e0 mon mail par mon t\u00e9l\u00e9phone mobile.<br>Il y avait plein de messages nouveaux de plein de coll\u00e8gues, j\u2019avais commenc\u00e9 \u00e0 ouvrir par les plus r\u00e9cents, doucement le sentiment que quelque chose de grave \u00e9tait arriv\u00e9 m\u2019a envahie jusqu\u2019au message d\u2019annonce du d\u00e9c\u00e8s de Murray.<br>Murray avait eu un triple pontage, il aimait les voitures de sport, il conduisait beaucoup et vite, il a eu un malaise \u00e0 une station-service dont il ne s\u2019est pas remis.<br>Au moins c\u2019est sa passion qui l\u2019a emport\u00e9, comme si je passais sous une avalanche ou sautais une barre rocheuse. Cela a ensuite \u00e9t\u00e9 difficile cot\u00e9 recherche pour moi, nous avions des travaux en cours, il m\u2019a fallu longtemps pour les reprendre.<\/p>\n\n\n\n<p>Je me souviens d\u2019une de ses phrases de jeune retrait\u00e9 qui disait \u00e0 peu pr\u00e8s \u00ab on ne mesure pas combien on d\u00e9pend de son environnement professionnel \u00bb.<br>Maintenant \u00e9m\u00e9rite, et b\u00e9n\u00e9vole depuis pr\u00e8s de 12 ann\u00e9es je mesure combien continuer nos activit\u00e9s de recherche est vital pour nous, combien nous sommes attach\u00e9s \u00e0 notre communaut\u00e9 math\u00e9matique.<\/p>\n\n\n\n<p><\/p>\n\n\n\n<p><strong>LE M\u00c9RITE<\/strong><\/p>\n\n\n\n<p>Apr\u00e8s avoir beaucoup travaill\u00e9 pour l\u2019AFFDU et avec Huguette Delavault cette derni\u00e8re a je crois souhait\u00e9 que je sois distingu\u00e9e.<br>C\u2019est Colette Kreder qui a soutenu mon dossier et c\u2019est Jean-Pierre Rafarin qui m\u2019a nomm\u00e9e. C\u2019est ensuite Claudine Hermann Professeur de Physique \u00e0 L\u2019Ecole Polytechnique qui m\u2019a remis ma distinction lors d\u2019une petite f\u00eate en octobre 2003.<br>Avec Ren\u00e9e G\u00e9rard, \u00e9galement honor\u00e9e, nous avons organis\u00e9 cela \u00e0 Reid Hall dans les locaux de Columbia University rue de Chevreuse.<br>Mes amis et ma famille sont venus et ce fut tr\u00e8s chaleureux, mais Claude a refus\u00e9 de venir, les choses devenaient d\u00e9j\u00e0 compliqu\u00e9es avec lui. Nous nous s\u00e9parerons en octobre 2005.<br>Je reproduis ci-dessous les textes des deux interventions. Je comptais demander \u00e0 Claudine son accord \u2013 qui ne faisait pas de doute &#8211; pour reproduire le texte de son discours, mais je n\u2019en ai pas eu le temps. J\u2019ai achev\u00e9 le texte le 20 juillet et Claudine est d\u00e9c\u00e9d\u00e9e le 17 juillet 2021.<\/p>\n\n\n\n<p>Mesdames, Messieurs, chers amis<\/p>\n\n\n\n<p>Nous sommes r\u00e9unis, famille, coll\u00e8gues et amis de Danielle Gondard \u00e0<br>l&rsquo;occasion de sa promotion dans l&rsquo;ordre du M\u00e9rite. Pour se voir d\u00e9cerner<br>cette d\u00e9coration il faut d&rsquo;abord avoir \u00e9t\u00e9 propos\u00e9e et nous remercions ici<br>Demain la parit\u00e9 et tout particuli\u00e8rement Huguette Delavault et Colette<br>Kreder. C&rsquo;est Huguette qui aurait d\u00fb \u00eatre \u00e0 ma place aujourd&rsquo;hui, c&rsquo;est<br>Huguette que Danielle a accompagn\u00e9e dans ses derniers mois avec une<br>fid\u00e9lit\u00e9 dont je parlerai tout \u00e0 l&rsquo;heure et toutes celles et tous ceux qui<br>l&rsquo;ont connue l&rsquo;associent \u00e0 la c\u00e9r\u00e9monie d&rsquo;aujourd&rsquo;hui. Apr\u00e8s avoir fait<br>l&rsquo;objet d&rsquo;une proposition, il faut ensuite passer \u00e0 travers des proc\u00e9dures<br>de s\u00e9lection tr\u00e8s s\u00e9v\u00e8res, ce qui assure que Danielle poss\u00e8de bien tout le<br>\u00a0\u00bb m\u00e9rite\u00a0\u00bb requis.<\/p>\n\n\n\n<p>Danielle m&rsquo;a donc fait l&rsquo;amiti\u00e9 de me demander de lui remettre cette<br>d\u00e9coration et je veux d&rsquo;abord vous dire comme je suis touch\u00e9e d&rsquo;\u00eatre<br>charg\u00e9e de cette mission. En effet si j&rsquo;ai rencontr\u00e9 Danielle pour la<br>premi\u00e8re fois lors d&rsquo;un repas organis\u00e9 \u00e0 l&rsquo;occasion du 75\u00b0 anniversaire de<br>l&rsquo;AFFDU, ce n&rsquo;est que depuis la cr\u00e9ation de Femmes et Sciences fin 2000 que<br>je la connais vraiment et que j&rsquo;ai pu appr\u00e9cier ses qualit\u00e9s et ses<br>convictions.<\/p>\n\n\n\n<p>Danielle est une \u00a0\u00bb jeune du m\u00eame \u00e2ge \u00a0\u00bb que moi et je salue toute sa<br>famille, et particuli\u00e8rement ses trois enfants dont j&rsquo;imagine la joie<br>d&rsquo;\u00eatre ici pr\u00e9sents. Danielle a effectu\u00e9 ses \u00e9tudes \u00e0 l&rsquo;Ecole Normale<br>Sup\u00e9rieure de Cachan, elle est agr\u00e9g\u00e9e de math\u00e9matiques (1969) et a pass\u00e9<br>sa th\u00e8se d&rsquo;Etat en math\u00e9matiques en 1989. Sa carri\u00e8re s&rsquo;est d\u00e9roul\u00e9e \u00e0<br>l&rsquo;universit\u00e9 de Bretagne occidentale et \u00e0 Paris VI o\u00f9 elle est ma\u00eetresse de<br>Conf\u00e9rences depuis 1985. Comme on le sait dans les pays \u00e9trangers, les<br>activit\u00e9s d&rsquo;enseignement-recherche dans l&rsquo;enseignement sup\u00e9rieur<br>s&rsquo;organisent autour de trois p\u00f4les, l&rsquo;enseignement, la recherche, mais<br>aussi l&rsquo;administration du syst\u00e8me universitaire : en effet il faut fournir<br>beaucoup d&rsquo;\u00e9nergie \u00e0 la machine universitaire pour qu&rsquo;elle puisse tourner.<br>Danielle excelle dans ces trois domaines.<\/p>\n\n\n\n<p>Ses domaines de recherche sont l&rsquo;alg\u00e8bre r\u00e9elle et la g\u00e9om\u00e9trie alg\u00e9brique<br>r\u00e9elle ; la th\u00e9orie des mod\u00e8les, l&rsquo;arithm\u00e9tique des corps, les sommes de<br>puissances. Danielle y a produit 25 articles et textes de revue. Je pr\u00e9f\u00e8re<br>lui laisser le plaisir de vous raconter, simplement, elle-m\u00eame, ce qu&rsquo;elle<br>a fait, elle le fera infiniment mieux que moi ! Elle anime le s\u00e9minaire \u00ab\u00a0<br>Structures alg\u00e9briques ordonn\u00e9es \u00a0\u00bb avec Fran\u00e7oise Delon et Max Dickmann,<br>seminaire dont l&rsquo;\u00e9dition et la diffusion par Danielle et ses<br>co-organisateurs assurent l&rsquo;impact international, ceci depuis 19 ans. Elle<br>collabore avec des chercheurs \u00e9trangers en particulier \u00e0 l&rsquo;int\u00e9rieur de<br>r\u00e9seaux europ\u00e9ens, mais est aussi responsable d&rsquo;une coop\u00e9ration<br>franco-canadienne et est tr\u00e8s fr\u00e9quemment invit\u00e9e comme conf\u00e9renci\u00e8re dans<br>de nombreux pays (Chili, Pologne, Chine, Italie, Canada, pour ne parler que<br>de l&rsquo;ann\u00e9e derni\u00e8re).<\/p>\n\n\n\n<p>Elle a enseign\u00e9 \u00e0 l&rsquo;universit\u00e9 les math\u00e9matiques \u00e0 plusieurs niveaux, y<br>compris en formation continue des enseignants du secondaire. Elle est entre<br>autre responsable depuis 11 ans de l&rsquo;enseignement des math\u00e9matiques pour<br>la section d&rsquo;accueil des bacheliers des s\u00e9ries technologiques, qui doivent<br>pouvoir l&rsquo;ann\u00e9e suivante suivre le cursus normal de DEUG 2\u00b0 ann\u00e9e. Pendant<br>15 ans elle a fait partie du jury du concours d&rsquo;entr\u00e9e \u00e0 l&rsquo;ENS Cachan.<\/p>\n\n\n\n<p>Au plan administratif, elle a oeuvr\u00e9 dans les Commissions de Sp\u00e9cialistes de<br>Paris VI pendant 7 ans et a organis\u00e9 plusieurs colloques dont le \u00ab\u00a0<br>Congr\u00e8s math\u00e9matique junior \u00ab\u00a0, li\u00e9 au premier Congr\u00e8s math\u00e9matique Europ\u00e9en<br>de juillet 1992 \u00e0 Paris.<\/p>\n\n\n\n<p>Mais son d\u00e9vouement pour la communaut\u00e9 s&rsquo;est aussi manifest\u00e9 dans la vie<br>associative , \u00e0 Femmes et math\u00e9matiques, \u00e0 l&rsquo;Association Fran\u00e7aise des<br>Femmes Dipl\u00f4m\u00e9es des Universit\u00e9s (AFFDU) et \u00e0 Femmes et Sciences dont elle<br>est membre du bureau : c&rsquo;est une longue histoire, que je ne vais pas<br>raconter dans les d\u00e9tails. Elle a particip\u00e9 \u00e0 la cr\u00e9ation de fetm le 16 mai<br>1987, a \u00e9t\u00e9 membre du CA de cette association de 1987 \u00e0 1994. C&rsquo;est parce<br>qu&rsquo;elle travaille tant pour l&rsquo;AFFDU qu&rsquo;elle a tenu que la c\u00e9r\u00e9monie<br>d&rsquo;aujourd&rsquo;hui ait lieu \u00e0 Reid Hall, qui est le si\u00e8ge de cette association.<br>A l&rsquo;AFFDU, elle a assur\u00e9 la pr\u00e9sidence de la commission des bourses de 1996<br>\u00e0 2002, ce qui signifie non seulement examiner des dossiers de demande,<br>mais aussi trouver des subventions et des m\u00e9c\u00e8nes. C&rsquo;est sous la pr\u00e9sidence<br>de Danielle que de nouvelles bourses ont vu le jour : Femmes et Finance en<br>1997, bourse Gauthier-Villars pour une \u00e9tudiante math\u00e9maticienne en 1998..<br>Elle est maintenant pr\u00e9sidente de la commission des admissions et des<br>\u00e9quivalences depuis 2002, ce qui comprend entre autres la r\u00e9organisation<br>des proc\u00e9dures d&rsquo;admission et des fichiers de l&rsquo;association.<\/p>\n\n\n\n<p>Ce qui caract\u00e9rise l&rsquo;activit\u00e9 associative de Danielle, en quelques mots,<br>c&rsquo;est la continuit\u00e9 et la fiabilit\u00e9 dans les t\u00e2ches souvent ingrates, la<br>modestie, la compassion, la capacit\u00e9 de travailler avec tout le monde dans<br>la concorde,. \u00a0\u00bb Servir et non pas se servir \u00ab\u00a0, comme le disait un cadre<br>militaire de Polytechnique ! Ces qualit\u00e9s rares ont eu encore r\u00e9cemment la<br>possibilit\u00e9 de se manifester lors de la maladie d&rsquo;Huguette Delavault,<br>aupr\u00e8s de laquelle Danielle a \u00e9t\u00e9 d&rsquo;une fid\u00e9lit\u00e9 extraordinaire et pour<br>l&rsquo;organisation du programme de l&rsquo;hommage qui lui a \u00e9t\u00e9 rendu le 3 juin<br>dernier : cette manifestation, qui a rassembl\u00e9 200 personnes alliait<br>les contraintes de l&rsquo;organisation d&rsquo;un colloque dans des d\u00e9lais tr\u00e8s<br>r\u00e9duits, un fort contenu affectif, la chasse aux oratrices et orateurs, et<br>des susceptibilit\u00e9s \u00e0 m\u00e9nager.<\/p>\n\n\n\n<p>J&rsquo;ai certainement oubli\u00e9 dans cette description d&rsquo;autres facettes de<br>l&rsquo;activit\u00e9 de Danielle. On y retrouve constamment sa passion pour les<br>math\u00e9matiques, sa puissance de travail car sans cela elle n&rsquo;aurait pu mener<br>en parall\u00e8le sa carri\u00e8re de math\u00e9maticienne, son engagement associatif et<br>sa vie familiale, son souci du bien commun et du travail fait \u00e0 fond, sa<br>discr\u00e9tion, son aptitude \u00e0 collaborer avec toutes et tous, et comme nous le<br>voyons aujourd&rsquo;hui son sens de la convivialit\u00e9.<\/p>\n\n\n\n<p>Danielle, tous les efforts que tu as consacr\u00e9s \u00e0 la collectivit\u00e9, en<br>particulier, mais pas uniquement, pour la promotion des femmes dans les<br>math\u00e9matiques, l&rsquo;enseignement sup\u00e9rieur et les sciences, par leur quantit\u00e9<br>et leur qualit\u00e9 exceptionnelles, m\u00e9ritent r\u00e9compense.<\/p>\n\n\n\n<p>Madame Danielle Gondard n\u00e9e Cozette, au nom du Pr\u00e9sident de la R\u00e9publique<br>et en vertu des pouvoirs qui nous sont conf\u00e9r\u00e9s, nous vous faisons<br>CHEVALIER de l&rsquo;Ordre National du M\u00e9rite.<\/p>\n\n\n\n<p>Claudine Hermann<br>Laboratoire de Physique de la Mati\u00e8re Condens\u00e9e<br>Ecole Polytechnique<br>91128 Palaiseau<br>France<\/p>\n\n\n\n<hr class=\"wp-block-separator has-css-opacity\" \/>\n\n\n\n<p>Ch\u00e8re Claudine, Mesdames, Messieurs, Chers Ami(e)s,<br>Merci Claudine d&rsquo;avoir accept\u00e9 d&rsquo;\u00eatre ma marraine, et d&rsquo;avoir si bien pr\u00e9sent\u00e9 mes activit\u00e9s professionnelles et associatives.<br>Je remercie \u00e9galement Colette Kreder d&rsquo;avoir sollicit\u00e9 cette d\u00e9coration au nom du r\u00e9seau \u00ab\u00a0Demain la Parit\u00e9\u00a0\u00bb.<br>Je veux aussi rendre hommage \u00e0 Huguette Delavault, disparue il y a six mois, qui m\u2019a presque tout appris sur l\u2019AFFDU, et avec qui ce fut une joie de travailler.<br>Je suis bien s\u00fbr tr\u00e8s fi\u00e8re, et tr\u00e8s heureuse, d\u2019\u00eatre ainsi honor\u00e9e ce soir ; mais \u00e0 travers moi, ce sont AUSSI les associations f\u00e9minines et les institutions universitaires au sein desquelles j&rsquo;ai travaill\u00e9 qui sont r\u00e9compens\u00e9es.<br>Je dois dire que la collaboration et les comp\u00e9tences de mes coll\u00e8gues \u00e0 l&rsquo;universit\u00e9, et de mes amies dans les associations, m\u2019ont beaucoup aid\u00e9e dans les r\u00e9alisations \u00e9voqu\u00e9es par Claudine. Merci \u00e0 tous ceux et toutes celles avec lesquels j\u2019ai travaill\u00e9, et dont beaucoup sont ici ce soir.<br>Ma reconnaissance va aussi \u00e0 ma famille et \u00e0 mes professeurs, sans lesquels rien n&rsquo;eut \u00e9t\u00e9 possible ; en particulier \u00e0 mon p\u00e8re, qui est parmi nous ce soir, et auquel je dois s\u00fbrement mon esprit scientifique ; et \u00e0 ma m\u00e8re, trop t\u00f4t disparue, qui m&rsquo;a appris \u00e0 oser entreprendre et vouloir r\u00e9ussir.<br>En fait, j\u2019ai trouv\u00e9 beaucoup de plaisir dans mes activit\u00e9s professionnelles et associatives, il n\u2019y a finalement pas beaucoup de \u00ab m\u00e9rite \u00bb \u00e0 faire ce que l\u2019on aime en compagnie de personnes remarquables !<br>Je m&rsquo;int\u00e9resse, comme l&rsquo;a dit Claudine, \u00e0 la G\u00e9om\u00e9trie R\u00e9elle, discipline r\u00e9cente puisque les premiers colloques ont eu lieu en 1981 \u00e0 San Francisco et \u00e0 Rennes.<br>Tr\u00e8s sch\u00e9matiquement, une telle g\u00e9om\u00e9trie concerne les solutions \u00ab r\u00e9elles \u00bb des \u00e9quations et des in\u00e9quations polynomiales, et peut donc trouver des applications en traitement de l\u2019image et en robotique.<br>Les chercheurs y sont venus d\u2019horizons tr\u00e8s divers, la g\u00e9om\u00e9trie et l&rsquo;alg\u00e8bre bien s\u00fbr, mais aussi la logique, la th\u00e9orie des nombres, l&rsquo;analyse fonctionnelle et d&rsquo;autres sans doute\u2026<br>Cela a cr\u00e9\u00e9 une communaut\u00e9 internationale tr\u00e8s riche et fort sympathique.<br>En choisissant ma profession, je n&rsquo;imaginais pas combien l\u2019activit\u00e9 math\u00e9matique pouvait \u00eatre vivante et conviviale. Je n&rsquo;imaginais pas non plus qu&rsquo;il pouvait s\u2019inventer CHAQUE JOUR quelques centaines de th\u00e9or\u00e8mes nouveaux, dont quelques dizaines en France.<br>Claudine ayant fort gentiment dit que j\u2019\u00e9tais \u00ab une jeune du m\u00eame \u00e2ge qu\u2019elle \u00bb et pr\u00e9sent\u00e9 ce que j\u2019avais d\u00e9j\u00e0 fait, je vais parler un peu de l\u2019avenir !<br>Avec Max Dickmann, nous avons initi\u00e9 un projet de trimestre d\u00e9di\u00e9 \u00e0 la G\u00e9om\u00e9trie R\u00e9elle, au centre Emile Borel de l&rsquo;Intitut Henri Poincar\u00e9. En juin dernier nous avons eu la satisfaction de voir ce projet accept\u00e9 pour l\u2019automne 2005 ; ceci permettra de former assez compl\u00e8tement des jeunes \u00e0 cette discipline, et d\u2019en assurer l&rsquo;avenir en France.<br>Quant au s\u00e9minaire de recherche que j&rsquo;anime avec Francoise Delon et Max Dickmann, il f\u00eatera cette ann\u00e9e ses 20 ans, en ayant r\u00e9ussi \u00e0 \u00e9viter de devenir une \u00ab\u00a0institution\u00a0\u00bb, puisque les doctorants osent encore y poser des questions !<br>Du cot\u00e9 de l\u2019enseignement, je dirai que ce sont les publics exigeants, comme celui rencontr\u00e9 en formation continue des enseignants, ou difficiles comme les bacheliers technologiques dont j\u2019ai actuellement la charge \u00e0 l\u2019Universit\u00e9 Pierre et Marie Curie, qui donnent les plus grandes satisfactions. Ces publics vous obligent \u00e0 faire \u00e9voluer votre mani\u00e8re d\u2019enseigner, et sont souvent des \u00e9l\u00e8ves tr\u00e8s motiv\u00e9s et tr\u00e8s attachants.<br>Ces quinze derni\u00e8res ann\u00e9es ma vie associative a influenc\u00e9 mon enseignement : je suis devenue plus ATTENTIVE aux diff\u00e9rences de comportement scolaire entre les filles et les gar\u00e7ons. L&rsquo;\u00e9quit\u00e9 VEUT que nous tenions compte de ces diff\u00e9rences. J&rsquo;ai aussi appris \u00e0 devenir plus VIGILANTE sur les questions de parit\u00e9 dans mes activit\u00e9s administratives.<br>Mon engagement \u00e0 \u00ab Femmes et Math\u00e9matiques \u00bb en 1987 \u00e9tait motiv\u00e9 par le passage \u00e0 la mixit\u00e9 des Ecoles Normales Sup\u00e9rieures qui a provoqu\u00e9 une quasi-disparition des filles admises au concours en section math\u00e9matiques.<br>Plus de quinze ans apr\u00e8s, cela n&rsquo;a gu\u00e8re \u00e9volu\u00e9 : en 2003 il n&rsquo;y a que 3 femmes parmi les 39 admis en liste principale \u00e0 l&rsquo;Ecole Normale Sup\u00e9rieure de la rue d&rsquo;Ulm en section math\u00e9matique. Il serait peut-\u00eatre bon de s&rsquo;interroger sur la forme du concours et de d\u00e9velopper des admissions parall\u00e8les sur dossier, qui sont elles plus favorables aux filles.<br>C&rsquo;est en intervenant pour \u00ab Femmes et Math\u00e9matiques \u00bb \u00e0 la journ\u00e9e organis\u00e9e par l\u2019AFFDU en 1991 sur \u00a0\u00bb la formation du personnel de l&rsquo;enseignement secondaire \u00e0 l&rsquo;\u00e9galit\u00e9 des chances entre filles et garcons\u00a0\u00bb que j&rsquo;ai d\u00e9couvert l&rsquo;Association Fran\u00e7aise des Femmes Dipl\u00f4m\u00e9es des Universit\u00e9s. Ce fut un coup de foudre, et j&rsquo;adh\u00e9rais imm\u00e9diatement, s\u00e9duite par la vari\u00e9t\u00e9 des disciplines repr\u00e9sent\u00e9es, et par la qualit\u00e9 des interventions de ses membres. Cette association, qui date de 1920, peut d&rsquo;ailleurs s&rsquo;honorer d&rsquo;avoir compt\u00e9 Marie Curie parmi ses adh\u00e9rentes les plus \u00e9minentes.<br>Le travail \u00e0 l\u2019AFFDU, initi\u00e9 en 1996 avec Huguette Delavault, sous la pr\u00e9sidence de Nicole B\u00e9carud, m\u2019a d&rsquo;abord permis de rencontrer des chercheurs d\u2019autres disciplines au sein de la commission des bourses, ce qui fut tr\u00e8s enrichissant.<br>Ce fut aussi un \u00e9merveillement de d\u00e9couvrir les cursus \u00e9tonnants de cette centaine de jeunes doctorantes, de toutes les disciplines, qui postulent chaque ann\u00e9e aupr\u00e8s de l&rsquo;AFFDU pour obtenir une aide financi\u00e8re afin de r\u00e9aliser un projet de recherche impliquant une mobilit\u00e9 vers l&rsquo;\u00e9tranger.<br>Depuis peu, je suis charg\u00e9e \u00e0 l&rsquo;AFFDU des admissions et des \u00e9quivalences, et j&rsquo;essaie de prendre en compte la notion r\u00e9cente de \u00ab\u00a0Validation des Acquis de l&rsquo;Exp\u00e9rience\u00a0\u00bb ;puisque exp\u00e9rience et comp\u00e9tences peuvent parfois remplacer le dipl\u00f4me.<br>Enfin, c&rsquo;est parce qu&rsquo;Huguette Delavault, malade, d\u00e9missionnait en 2001 du Conseil d&rsquo;administration de la jeune association \u00ab Femmes et Sciences \u00bb que je d\u00e9cidais de m&rsquo;y pr\u00e9senter afin de maintenir les liens avec l&rsquo;AFFDU. \u00ab\u00a0Femmes et Sciences\u00a0\u00bb organise des congr\u00e8s, des interventions, et des actions destin\u00e9es \u00e0 attirer plus de filles vers les \u00e9tudes scientifiques.<br>L&rsquo;association permet aussi aux femmes, qui sont tr\u00e8s minoritaires dans les m\u00e9tiers scientifiques et techniques, de se retrouver et de de se soutenir.<br>EN SCIENCES, ENCORE PLUS QU&rsquo;AILLEURS, la PARITE reste \u00e0 r\u00e9aliser.<br>Nous sommes pour cela soutenues par les institutions, par certaines grandes \u00e9coles et par quelques entreprises.<br>Il s&rsquo;agit en effet d&rsquo;un enjeu important pour la soci\u00e9t\u00e9 et pour le monde de demain. BEAUCOUP TROP PEU de filles, et aussi trop peu de gar\u00e7ons, m\u00eame brillants en sciences, s&rsquo;engagent dans des \u00e9tudes scientifiques.<br>C&rsquo;est pourtant UN TEL CHOIX qui m&rsquo;a donn\u00e9 la chance de faire ce que j&rsquo;aimais, et de vivre des exp\u00e9riences passionnantes dans ma profession comme dans ma vie associative.<br>Merci \u00e0 tous et \u00e0 toutes d\u2019\u00eatre venus ici ce soir.<br>Danielle Gondard-Cozette<br>Institut de Math\u00e9matiques de Jussieu<br>Universit\u00e9 Pierre et Marie Curie<br>4 Place Jussieu<br>75252 Paris cedex 05<\/p>\n\n\n\n<p><strong><br>\u00caTRE OU NE PAS \u00caTRE PROFESSEUR<\/strong><\/p>\n\n\n\n<p>Docteur d\u2019\u00e9tat en septembre 1989 je suis en position de candidater sur des postes de Professeur des Universit\u00e9s.<br>Mais je viens aussi d\u2019avoir une petite fille, et je n\u2019ai gu\u00e8re envie de chercher un poste trop loin d\u2019elle.<br>Pourtant c\u2019est ce qu\u2019il faudrait faire, car on demande de la mobilit\u00e9 dans notre discipline pour changer de corps.<br>Ensuite je serai inscrite sur les listes de qualification aux fonctions de professeur des Universit\u00e9s pour la 25\u00e8me section (math\u00e9matiques pures) en 1992, 1998 et 2003. Autant dire que je serai qualifi\u00e9e Professeur jusqu\u2019\u00e0 ma retraite puisque je suis partie \u00e0 presque 63 ans en 2009 !<br>J\u2019ai donc fait beaucoup de candidatures en Ile de France et j\u2019ai \u00e9t\u00e9 tr\u00e8s souvent auditionn\u00e9e, parfois class\u00e9e mais jamais en rang d\u2019\u00eatre retenue.<br>Je suis ainsi all\u00e9e passer des auditions \u00e0 Nanterre, \u00e0 Versailles Saint-Quentin, \u00e0 Paris V, \u00e0 Paris VII et bien s\u00fbr plusieurs fois \u00e0 Paris VI.<br>Je suis aussi all\u00e9e plus tard au Mans, mais j\u2019ai r\u00e9alis\u00e9 que mes conditions de travail \u00e0 l&rsquo;UPMC \u00e9taient trop bonnes pour les abandonner. J\u2019avais d\u00e9j\u00e0 v\u00e9cu 5 ans dans une petite Universit\u00e9, l\u2019Universit\u00e9 de Bretagne Occidentale, et je savais que ce n\u2019\u00e9tait pas formidable, ni pour les conditions, ni pour l\u2019ambiance.<\/p>\n\n\n\n<p>A l&rsquo;UPMC il y a eu quelques rares postes en transformation comme on les appelle, donc destin\u00e9s \u00e0 des Ma\u00eetres de Conf\u00e9rences locaux. L\u2019un d\u2019eux est all\u00e9 \u00e0 Marie-Jos\u00e9 Bertin ce qui \u00e9tait bien normal \u00e0 mon avis.<br>Cette audition \u00e0 Paris VI avait d\u2019ailleurs donn\u00e9 lieu \u00e0 une anecdote : je me pr\u00e9sente, on me demande mon nom, je r\u00e9ponds Gondard, et l\u00e0 le Pr\u00e9sident de la commission me dit \u00ab\u00a0vous n\u2019\u00eates pas sur la liste \u00bb ; je r\u00e9alise que mon vrai nom c\u2019est celui de naissance Cozette.<br>Et je me repr\u00e9sente du m\u00eame coup tous ces tableaux dans les r\u00e9unions de commissions de sp\u00e9cialistes o\u00f9 on a \u00e9crit Cozette, alors que je suis connue sous le nom de Gondard. Sans soutien puissant je suis forc\u00e9ment tr\u00e8s vite effac\u00e9e ! Cela n\u2019\u00e9tait pas le meilleur d\u00e9but d\u2019audition qu\u2019on puisse r\u00eaver \u2026<br>Un autre de ces postes a \u00e9t\u00e9 attribu\u00e9 \u00e0 Michel Vaugon, ce qui \u00e9tait \u00e0 mon avis injuste. J\u2019\u00e9tais \u00e0 l\u2018\u00e9poque vice-pr\u00e9sidente de la commission de sp\u00e9cialiste, ce poste m\u2019\u00e9tait destin\u00e9, et j&rsquo;avais un tr\u00e8s beau dossier, bien meilleur que celui de Michel Vaugon.<br>Mais la malchance a voulu que le pr\u00e9sident de la commission de sp\u00e9cialistes Louis Boutet de Monvel soit en s\u00e9jour de recherche au Japon, et c\u2019est Thierry Aubin qui a pr\u00e9sid\u00e9 la commission et distribu\u00e9 les dossiers.<br>J\u2019ignore le d\u00e9tail de ce qui s\u2019est pass\u00e9 mais Thierry Aubin a r\u00e9ussi \u00e0 faire prendre son \u00e9l\u00e8ve Michel Vaugon qui avait \u00e0 l\u2019\u00e9poque publi\u00e9 assez peu et toujours avec Emmanuel Hebey ; son dossier \u00e9tait donc plut\u00f4t l\u00e9ger.<br>Je sais qu\u2019apr\u00e8s cela Marie-Francoise Roy m\u2019a dit que j\u2019aurais d\u00fb d\u00e9missionner de la commission de sp\u00e9cialistes. Mais c\u2019\u00e9tait un peu tard pour le faire et obtenir la cr\u00e9ation d&rsquo;un autre poste en transformation. J\u2019aurais probablement d\u00fb d\u00e9missionner et faire un scandale !<\/p>\n\n\n\n<p>J\u2019ai aussi failli prendre un poste \u00e0 Grenoble o\u00f9 j\u2019avais entre autres soutiens celui de Christine Laurent et de bonnes chances d\u2019\u00eatre prise.<br>Mais je ne voulais pas \u00eatre un turbo-prof comme on dit car j&rsquo;avais d\u00e9j\u00e0 habit\u00e9 Brest, Amiens ou Lille pendant 4 ann\u00e9es (1976-1980) tout en \u00e9tant en poste \u00e0 Paris et en ayant un jeune enfant Gabriel n\u00e9 en 1975.<br>Claude mon mari a refus\u00e9 que nous d\u00e9m\u00e9nagions \u00e0 Grenoble alors que les enfants auraient ador\u00e9 monter tous les week-end \u00e0 l\u2019Alpe d\u2019Huez o\u00f9 nous avions un appartement .<br>C\u2019\u00e9tait choquant puisque Claude \u00e9tait en retraite avec seulement des activit\u00e9s artistiques, gravures et m\u00e9dailles, et l\u2019exploitation de la propri\u00e9t\u00e9 de Pouilly Fuiss\u00e9 \u00e0 3h de route de Grenoble.<br>Faisant passer ma famille d\u2019abord, je n\u2019avais finalement pas d\u00e9pos\u00e9 mon dossier de candidature \u00e0 Grenoble, dossier qui \u00e9tait pourtant pr\u00eat.<br>L\u2019explication est venue plus tard : Claude ne voulait pas s\u2019\u00e9loigner d\u2019une maitresse habitant rue Vanneau. L\u2019\u00e9go\u00efsme des hommes est honteux.<br>Cette maitresse n\u2019a pas seulement g\u00e2ch\u00e9 la petite enfance d\u2019Alice et l\u2019adolescence des gar\u00e7ons en emp\u00eachant Claude de s\u2019occuper suffisamment des enfants, mais cela a aussi g\u00e2ch\u00e9 une s\u00e9rieuse possibilit\u00e9 pour moi d\u2019avoir un poste de professeur int\u00e9ressant.<br>Au-del\u00e0 du prestige et de l&rsquo;int\u00e9r\u00eat du travail, maintenant que je suis seule suite \u00e0 une s\u00e9paration en 2005, les quelques 800 ou 1000 euros suppl\u00e9mentaires que cela m\u2019aurait permis d\u2019avoir en retraite me manquent cruellement.<br>Apr\u00e8s cette s\u00e9paration en 2005 mes enfants \u00e9taient grands, et j\u2019ai tent\u00e9 quelques candidatures en province (Lille, Le Bourget etc \u2026)<br>Mais c\u2019\u00e9tait bien trop tard : j\u2019avais presque 60 ans ! \u2026<\/p>\n\n\n\n<p><\/p>\n\n\n\n<p><strong>LE CANADA<\/strong><\/p>\n\n\n\n<p>Le Canada a jou\u00e9 un grand r\u00f4le dans ma carri\u00e8re de math\u00e9maticienne. Cela a commenc\u00e9 comme je l&rsquo;ai d\u00e9j\u00e0 dit par un s\u00e9jour \u00ab\u00a0open house\u00a0\u00bb \u00e0 l&rsquo;Universit\u00e9 de Kingston (Ontario) en 1973 et ma collaboration scientifique avec Paulo Ribenboim qui y \u00e9tait en poste. Apr\u00e8s une longue interruption je suis retourn\u00e9e travailler au Canada en Juillet-Aout 1999. C&rsquo;\u00e9tait \u00e0 l&rsquo;occasion de \u00ab\u00a0International Conference and Workshop on Valuation Theory\u00a0\u00bb. Un tr\u00e8s gros congr\u00e8s organis\u00e9 par Salma et Franz-Viktor Kuhlmann, et Murray Marshall.<br>C&rsquo;\u00e9tait en pleine vacances scolaires j&rsquo;avais d\u00e9j\u00e0 trois enfants et j&rsquo;avais parfois emmen\u00e9 l&rsquo;ain\u00e9 Gabriel en congr\u00e8s. Alors j&rsquo;ai d\u00e9cid\u00e9 d&#8217;emmener mon second fils Vincent qui allait avoir 15 ans et d&rsquo;allonger le voyage pour d\u00e9couvrir l&rsquo;ouest canadien. Nous sommes donc partis pour Vancouver o\u00f9 j&rsquo;avais lou\u00e9 une voiture. Le soir de l&rsquo;arriv\u00e9e Vincent a vu au cin\u00e9ma qu&rsquo;un Star Wars, pas encore accessible en France, \u00e9tait visible, alors nous fumes au cin\u00e9ma apr\u00e8s un diner de saumon excellent. Lui avait tr\u00e8s bien dormi dans l&rsquo;avion mais pas moi qui ai piqu\u00e9 du nez durant la m\u00e9morable sc\u00e8ne du s\u00e9nat !<br>Vancouver est une tr\u00e8s belle ville au bord du pacifique, par chance il faisait beau et le mus\u00e9e d&rsquo;anthropologie est absolument superbe. Vincent aussi \u00e9tait un superbe blond aux cheveux longs et je me souviens que lors de la visite du mus\u00e9e de jeunes japonaises lui ont demand\u00e9 d&rsquo;\u00eatre prises en photo avec lui !<br>Ensuite nous sommes all\u00e9s prendre le ferry pour l&rsquo;ile de Vancouver et visiter Tofino. L\u00e0 nous sommes all\u00e9s voir les baleines en zodiac et nous avons pris un hydravion pour aller aux sources chaudes. C&rsquo;\u00e9tait assez fascinant m\u00eame pour une habitu\u00e9e de tr\u00e8s petits avions. Il faut une tr\u00e8s grande distance de lac ou lagune pour d\u00e9coller mais au contraire on peut amerrir tr\u00e8s court gr\u00e2ce \u00e0 la r\u00e9sistance de l&rsquo;eau. Un soir nous avons fait un diner gastronomique \u00e0 Tofino et ils nous ont demand\u00e9 ce que nous voulions comme digestif arguant qu&rsquo;ils avaient tout. Vincent a r\u00e9fl\u00e9chi un instant et demand\u00e9 un G\u00e9n\u00e9pi. Le serveur est revenu perplexe nous dire qu&rsquo;ils n&rsquo;avaient pas de G\u00e9n\u00e9pi mais qu&rsquo;ils avaient de la B\u00e9n\u00e9dictine \u2026 Pour des fran\u00e7ais c&rsquo;\u00e9tait assez dr\u00f4le, mais vu de Tofino les Alpes et F\u00e9camp en Normandie c&rsquo;est quasiment au m\u00eame endroit et l&rsquo;id\u00e9e de la fabrication est assez voisine m\u00eame si les plantes diff\u00e8rent.<br>Ensuite nous avions une \u00e9tape Tofino-Kamloops, bien trop longue pour une seule conductrice, et j\u2019ai conduit de 6h du matin \u00e0 20h le soir, avec quelques arr\u00eats, ferry et caf\u00e9, et un fils copilote souvent endormi. Les paysages \u00e9taient tr\u00e8s beaux mais un peu monotones. Le blanc pur des glaciers m&rsquo;impressionnait, dans nos Alpes l&rsquo;\u00e9t\u00e9 ils sont un peu gris de pollution. Ensuite nous sommes all\u00e9s \u00e0 Ch\u00e2teau Lake Louise, endroit magique je l&rsquo;avoue, nous y avons march\u00e9, fait du cano\u00e9 et nous sommes all\u00e9s voir le bleu intense du lac Moraine. Ensuite ce fut la route pour Calgary et le vol pour Saskatoon et mon colloque.<br>Nous \u00e9tions log\u00e9s dans les r\u00e9sidences universitaires du superbe campus \u00e0 l&rsquo;architecture vari\u00e9e, m\u00e9lange de n\u00e9ogothique anglo-saxon et de b\u00e2timents modernes souvent reli\u00e9s par des tunnels pour affronter les rudesses de l&rsquo;hiver. Vincent avait emmen\u00e9 un pl\u00e9\u00efade et du r\u00e9pulsif, il lisait tranquillement sur les pelouses pendant les conf\u00e9rences. Encore une fois il s&rsquo;est fait h\u00e9ler pour \u00eatre sur une photo de mariage devant un beau b\u00e2timent de l&rsquo;Universit\u00e9. Il finira par \u00eatre rep\u00e9r\u00e9 par Hedi Slimane de Dior Homme et fera trois d\u00e9fil\u00e9s puis des photos publicitaires par Richard Avedon \u00e0 New York pendant sa pr\u00e9pa HEC \u00e0 Henri IV\u2026<br>C\u2019\u00e9tait \u00e9trange alors de voir le profil de son fils sur les abribus.<br>Un soir il y eut une soir\u00e9e au pub de l&rsquo;universit\u00e9 et on m&rsquo;a expliqu\u00e9 que Vincent ne pourrait pas venir, alors j&rsquo;ai compris les infractions \u00e0 la l\u00e9gislation durant notre voyage, en particulier au restaurant de Ch\u00e2teau Lake Louise devant ce superbe panorama lorsque la serveuse nous a demand\u00e9 \u00ab un verre ou deux ? \u00bb et que j&rsquo;ai r\u00e9pondu une bouteille (que nous n&rsquo;avons pas finie tout de m\u00eame), ce qui en retour nous valut un \u00ab oh excellent ! \u00ab.<\/p>\n\n\n\n<p>Je suis ensuite tr\u00e8s souvent retourn\u00e9e \u00e0 Saskatoon : 2000, 2002, 2003, 2004, 2006, 2008 et une derni\u00e8re fois en 2016. J\u2019ai \u00e9t\u00e9 log\u00e9e de mani\u00e8res diverses, dans l\u2019h\u00f4tel ch\u00e2teau au bord de la Saskatchewan, dans un Bed and Breakfast d\u00e9licieux o\u00f9 j\u2019\u00e9tais r\u00e9veill\u00e9e par l\u2019odeur du caf\u00e9 et des muffins qui cuisaient, dans un autre moins bien o\u00f9 on m\u2019a dit \u00e0 la fin que le caf\u00e9 \u00e9tait d\u00e9caf\u00e9in\u00e9, ce qui expliquait mon jetlag inhabituel, et o\u00f9 il fallait mettre du calgon dans le Jacuzzi, chez Salma Kuhlmann ce qui m\u2019a permis de mieux connaitre sa famille, et plusieurs fois au Park Town hotel de l\u2019autre c\u00f4t\u00e9 du pont qu\u2019il fallait traverser pour aller \u00e0 l\u2019universit\u00e9.<\/p>\n\n\n\n<p>Cette rupture entre 2008 et 2016 est due \u00e0 deux faits, d&rsquo;abord la nomination de Salma Kuhlmann \u00e0 Konstanz, puis la retraite de Murray Marshall qui partait souvent travailler ailleurs. Son d\u00e9c\u00e8s en 2015 a tristement mis un point final \u00e0 notre collaboration et en 2016 ce fut un colloquiumfest d\u00e9di\u00e9 \u00e0 sa m\u00e9moire.<br>Parmi ces nombreux voyages certains furent en hiver et je fus skier \u00e0 Lake Louise et \u00e0 Sunshine Valley. Lors du dernier colloque de 2016 \u00e0 Saskatoon je voulus aller une fois encore dans les rocheuses canadiennes. Je louais une voiture \u00e0 Calgary et faisait route jusqu&rsquo;\u00e0 Jasper par la superbe route des glaciers (Icefields Parkway). Je passais une nuit \u00e0 Num-Ti-Jah Lodge sur Bow lake, endroit assez \u00e9tonnant et ancien, deux \u00e0 Jasper (Mount Robson Inn), une derni\u00e8re \u00e0 Sunwapta falls, et finissais mon roadtrip dans la maison de Marie-Dominique Popelard (professeur de philosophie \u00e0 Paris 3 &#8211; Censier et belle-m\u00e8re de mon fils ain\u00e9) et de son mari Anthony \u00e0 Calgary. Elle me fit d\u00e9couvrir les atouts de Calgary que je n&rsquo;avais jamais que travers\u00e9 par la highway 1 sans aucun charme.<br>En chemin sur cette Icefields Parkway j\u2019avais fait quelques randonn\u00e9es, Maligne Lake, mont Whistlers, mont Edith Cavell que j&rsquo;ai ador\u00e9, et surtout je montais voir le glacier Saskatchewan d&rsquo;o\u00f9 nait la rivi\u00e8re qui passe \u00e0 Saskatoon et que je connaissais si bien.<br>Une sorte d&rsquo;adieu \u00e0 toutes ces visites \u00e0 l&rsquo;Universit\u00e9 du Saskatchewan.<\/p>\n\n\n\n<p><br><strong>SCHIZOPHR\u00c9NIE OBLIGATOIRE \u2026<\/strong><\/p>\n\n\n\n<p>Partie pour faire de la th\u00e9orie des nombres je me suis retrouv\u00e9e plong\u00e9e dans les ordres des corps et de l\u00e0 dans la g\u00e9om\u00e9trie alg\u00e9brique r\u00e9elle qui est li\u00e9e aux corps ordonnables et aux sommes de carr\u00e9s. Et puis j&rsquo;ai d\u00e9couvert les charmes de la th\u00e9orie des mod\u00e8les et la magie des inclusions \u00e9l\u00e9mentaires.<br>A partir de l\u00e0 je devenais un peu schizophr\u00e8ne entre deux communaut\u00e9s diff\u00e9rentes, la th\u00e9orie des nombres dans l&rsquo;\u00e9quipe de Paris 6, et la logique et la th\u00e9orie des mod\u00e8les dans l&rsquo;\u00e9quipe de logique de Paris 7. La g\u00e9om\u00e9trie r\u00e9elle \u00e9tait li\u00e9e aux deux mais au d\u00e9part ces communaut\u00e9s s&rsquo;ignoraient.<\/p>\n\n\n\n<p>En 1995 ce fut une grande joie pour moi d&rsquo;aller \u00e0 Segovia. Il y avait au m\u00eame moment et dans un m\u00eame lieu une \u00e9cole \u00ab\u00a0Model Theory and Real Algebraic Geometry\u00a0\u00bb et un congr\u00e8s \u00ab\u00a0Real Algebraic and Analytic Geometry\u00a0\u00bb. C&rsquo;\u00e9tait enfin une sorte d&rsquo;amalgame entre les deux communaut\u00e9s au sein desquelles je travaillais. Cela avait \u00e9t\u00e9 rendu possible gr\u00e2ce \u00e0 deux r\u00e9seaux europ\u00e9ens du programme Human Capital and Mobility dont je faisais partie : \u00ab\u00a0Model Theory and Applications\u00a0\u00bb (1993-1996) et \u00ab\u00a0Real Algebraic and Analytic Geometry\u00a0\u00bb (1994-1997).<br>J&rsquo;ai donn\u00e9 \u00e0 ce moment une conf\u00e9rence \u00e0 trois mains dirais-je \u2026 Elle portait sur le papier cosign\u00e9 avec E. Becker, R. Berr et F. Delon que nous avions publi\u00e9 en 1994 au Journal de Crelle. Eberhard Becker faisait le premier expos\u00e9 d&rsquo;introduction du probl\u00e8me et des pr\u00e9alables, je faisais l&rsquo;expos\u00e9 des r\u00e9sultats obtenus et de la m\u00e9thode utilis\u00e9e, et Fran\u00e7oise Delon exposait des \u00e9l\u00e9ments de preuve avec des d\u00e9tails. Il fallait donc coordonner nos notations et nos d\u00e9finitions pour \u00eatre coh\u00e9rents.<br>J&rsquo;ai eu ce jour-l\u00e0 une grande frayeur, j&rsquo;avais couru trop vite de l&rsquo;h\u00f4tel \u00e0 l&rsquo;endroit o\u00f9 avait lieu le colloque pour \u00e9chapper \u00e0 une grosse averse, j&rsquo;avais repris mon souffle, mais quand j&rsquo;ai pris la craie, j&rsquo;ai eu un blanc total de quelques secondes, sans doute un vide hypoglyc\u00e9mique ou une sous oxyg\u00e9nation. Ce fut court, je me suis reprise vite mais ce n&rsquo;est pas pass\u00e9 inaper\u00e7u car Francoise m&rsquo;a dit apr\u00e8s l&rsquo;expos\u00e9 que je lui avais fait peur. A moi aussi je me suis fait peur, car avoir une audience importante dans le dos, une craie \u00e0 la main et ne plus savoir que dire c&rsquo;est assez terrifiant !<br>Segovia \u00e9tait une charmante petite ville un peu d\u00e9cadente qui commen\u00e7ait \u00e0 \u00eatre restaur\u00e9e. J&rsquo;\u00e9tais log\u00e9e \u00e0 l&rsquo;h\u00f4tel \u00ab\u00a0Los Linajes\u00a0\u00bb sur les remparts et j&rsquo;avais un petit balcon avec une superbe vue sur La Mancha o\u00f9 quelques monast\u00e8res \u00e9taient illumin\u00e9s le soir.<br>Je me souviens qu&rsquo;un matin Ilia Itenberg est sorti au m\u00eame moment que moi sur le balcon de la chambre voisine et nous avons contempl\u00e9 le lever de soleil sur ce tr\u00e8s beau paysage.<br>A la fin de la semaine il y avait f\u00eate avec un feu d&rsquo;artifice \u00e0 Segovia, mais Thomas Recio nous ayant demand\u00e9 de fournir un texte d&rsquo;urgence j&rsquo;avais r\u00e9dig\u00e9 cela \u00e0 la main dans ma chambre en essayant d&rsquo;\u00eatre lisible et en entendant seulement les \u00e9chos de la f\u00eate. Quel dommage ! Je suis quand m\u00eame sortie un peu tard prendre un verre avec des amis pour me d\u00e9tendre.<\/p>\n\n\n\n<p>Mais cet aspect schizophr\u00e8ne n&rsquo;\u00e9tait pas seulement disciplinaire, les universit\u00e9s Paris 6 et Paris 7 qui coexistaient \u00e0 Jussieu \u00e9taient assez diff\u00e9rentes. Elles \u00e9taient issues d&rsquo;une scission apr\u00e8s mai 68, car certains professeurs ne pouvaient plus vivre au sein du m\u00eame \u00e9tablissement et se disputer le pouvoir. Quoique les universit\u00e9s scientifiques ne soient pas tr\u00e8s marqu\u00e9es politiquement, je dirais que Paris 6 penchait un peu \u00e0 droite et Paris 7 un peu \u00e0 gauche. Cela changeait aussi l&rsquo;ambiance, \u00e0 Paris 7 le tutoiement \u00e9tait tr\u00e8s usuel mais \u00e0 Paris 6 cela d\u00e9pendait. Et bien s\u00fbr les discussions dans nos espaces de convivialit\u00e9 refl\u00e9taient cette diff\u00e9rence.<br>En 1994 il y a eu la cr\u00e9ation de l&rsquo;Institut de Math\u00e9matiques de Jussieu, UMR 7586 du CNRS, qui rassemblait les math\u00e9maticiens des deux universit\u00e9s et qui a un peu effac\u00e9 ces diff\u00e9rences. Ensuite en 1999 nous avons d\u00e9m\u00e9nag\u00e9 rue du Chevaleret pour cause de d\u00e9samiantage et cela a achev\u00e9 de r\u00e9unir les deux communaut\u00e9s. Mais en 2010 nous f\u00fbmes de nouveau scind\u00e9s sur deux sites : Jussieu et les Grands Moulins. L&rsquo;institut est alors devenu \u00ab\u00a0Institut de Math\u00e9matiques de Jussieu &#8211; Paris Rive Gauche\u00a0\u00bb rattach\u00e9 \u00e0 Sorbonne Universit\u00e9 pour la partie ex-Paris 6 et \u00e0 Universit\u00e9 de Paris pour celle ex-Paris 7. Maintenant il existe des s\u00e9minaires comme celui de Th\u00e9orie des Nombres qui alternent leur lieu, ce qui n&rsquo;est gu\u00e8re favorable pour avoir une grande audience !<\/p>\n\n\n\n<p>Enfin un dernier point plus personnel rel\u00e8ve une peu de la schizophr\u00e9nie : je vivais dans un milieu professionnel universitaire, et mon mari dans un milieu professionnel polytechnicien et m\u00eame militaire dans ses premi\u00e8res ann\u00e9es. Leurs codes sociaux sont assez diff\u00e9rents et cela m&rsquo;obligeaient \u00e0 jouer un peu au cam\u00e9l\u00e9on pour \u00e9viter de faire des b\u00e9vues risquant de choquer un c\u00f4t\u00e9 comme l&rsquo;autre \u2026<br>Une fois \u00e0 Brest Claude avait invit\u00e9 son chef Dominique Castellan \u00e0 diner \u00e0 la maison. Las c&rsquo;\u00e9tait le fr\u00e8re d&rsquo;un Castellan de mon universit\u00e9 l&rsquo;UBO et rien \u00e0 faire ils se ressemblaient trop je n&rsquo;ai pu \u00e9viter de le tutoyer et pire j&rsquo;ai vouvoy\u00e9 sa femme Catherine \u2026 Ce fut sans rancune heureusement de leur part, ils sont devenus des amis et lorsque je suis all\u00e9e avec mon p\u00e8re \u00e0 Dakar en f\u00e9vrier 1976, apr\u00e8s le d\u00e9c\u00e8s de ma m\u00e8re le 18\/12\/1975, ils ont tout fait pour rendre ce s\u00e9jour m\u00e9morable et nous sortir de notre tristesse. Mon p\u00e8re avait perdu son \u00e9pouse et pris sa retraite dans la m\u00eame semaine et c&rsquo;\u00e9tait tr\u00e8s difficile pour lui. Cela l&rsquo;\u00e9tait pour moi aussi qui venait d&rsquo;avoir en juillet 1975 un premier enfant Gabriel qui n&rsquo;avait donc que quelques mois.<\/p>\n\n\n\n<p>Plus tard Claude, alors d\u00e9tach\u00e9 \u00e0 la SNCF, a pris en 1990 sa retraite militaire au bout de 25 ann\u00e9es de service pour se consacrer \u00e0 ses activit\u00e9s artistiques &#8211; dessins et m\u00e9dailles &#8211; et \u00e0 la propri\u00e9t\u00e9 de Pouilly-Fuiss\u00e9 dont il avait h\u00e9rit\u00e9.<br>Je ne sais si c\u2019est un hasard mais nombre d\u2019ing\u00e9nieurs du corps du G\u00e9nie Maritime ont une attirance pour les activit\u00e9s artistiques. Je peux citer le graveur Dominique Beau sp\u00e9cialis\u00e9 dans les pointes s\u00e8ches, l\u2019aquarelliste Jean Fran\u00e7ois Pacault qui m\u2019adresse toujours chaque 1er Janvier une jolie aquarelle, le peintre Alain Tournyol du Clos dont j\u2019ai \u00e0 la maison un portrait repr\u00e9sentant sa femme Catherine. Mais ce serait injuste d\u2019oublier le graveur \u00e9tonnant et charmant qu\u2019est Jacques Boulard qui ing\u00e9nieur des Ponts et Chauss\u00e9es s\u2019occupait du maritime \u00e0 Brest.<\/p>\n\n\n\n<p>D\u2019une certaine mani\u00e8re le cot\u00e9 artiste de Claude le rapprochait de mon c\u00f4t\u00e9 chercheur gr\u00e2ce au souci de cr\u00e9ation que nous avions en commun. Nous avons ainsi con\u00e7u ensemble l\u2019\u00e9tiquette des bouteilles du Pouilly-Fuiss\u00e9 que d\u00e9sormais il vignifiait lui-m\u00eame. Un autre point fut qu\u2019il s\u2019occupa d\u00e8s 1994 d\u2019\u00e9diter des objets pour les bicentenaires de l\u2019Ecole Polytechnique et de l\u2019Ecole Normale Sup\u00e9rieure en particulier. Il travaillera ensuite avec l\u2019IHP et C\u00e9dric Villani dont il illustrera le livre Th\u00e9or\u00e8me Vivant. Cependant les disputes financi\u00e8res \u00e0 cause de droits de succession \u00e9normes, ou les discussions politiques houleuses \u00e0 cause des gr\u00e8ves de 1995 ont contribu\u00e9 \u00e0 nous \u00e9loigner et ont abouti en 2005 \u00e0 une s\u00e9paration qui couvait depuis quelque temps.<\/p>\n\n\n\n<p><\/p>\n\n\n\n<p><strong>EN COMMISSION DE SP\u00c9CIALISTES<\/strong><\/p>\n\n\n\n<p>J&rsquo;ai longtemps fait partie de commissions de sp\u00e9cialistes, tant \u00e0 Paris 6 que comme membre ext\u00e9rieur dans d&rsquo;autres universit\u00e9s comme celles de Nantes, de Versailles-Saint-Quentin en Yvelines ou du Maine.<br>A cette \u00e9poque les commissions \u00e9taient form\u00e9es de tr\u00e8s nombreux membres. Je me souviens qu&rsquo;\u00e0 Paris 6 nos r\u00e9unions avaient lieu au dernier \u00e9tage de la tour Zamansky avec une vue superbe sur Paris, du Panth\u00e9on \u00e0 Beaubourg qu&rsquo;\u00e0 cette \u00e9poque nous surnommions la raffinerie tant les couleurs \u00e9taient crues et l&rsquo;architecture surprenante.<\/p>\n\n\n\n<p>A quoi servent ces commissions ? Leur r\u00f4le essentiel est celui des recrutements d&rsquo;autres enseignants chercheurs. Il s\u2019y faisait aussi des propositions pour certaines promotions, cong\u00e9s sabbatiques ou invitations de professeurs \u00e9trangers, mais c&rsquo;\u00e9tait un travail moins important.<br>Le fonctionnement de ces commissions \u00e9tait sociologiquement tr\u00e8s int\u00e9ressant. Il y avait des rapports sur les candidats, parfois une centaine pour une seul poste et la comp\u00e9tition \u00e9tait dure et pas seulement entre les candidats. Il s&rsquo;y jouait aussi le pouvoir de certaines disciplines ou de certains mandarins. C&rsquo;\u00e9tait \u00e9tonnant comme un argument en faveur d&rsquo;un candidat pouvait se voir retourner contre lui par un adversaire ! Paul Malliavin excellait \u00e0 ce petit jeu. Parfois un candidat d&rsquo;abord coul\u00e9 et effac\u00e9 de la liste au tableau pouvait resurgir miraculeusement. Car il y avait aussi des jeux d&rsquo;alliance, je t&rsquo;aide pour ton candidat cette fois et je m&rsquo;attends \u00e0 un retour d&rsquo;aide sur un poste futur\u2026<\/p>\n\n\n\n<p>Lorsque j&rsquo;\u00e9tais juste membre j&rsquo;\u00e9tais assez timide et je n&rsquo;intervenais qu&rsquo;un minimum.<br>Mais quand j&rsquo;ai pris en 1992 la suite de Gilles Christol \u00e0 la Vice-Pr\u00e9sidente je suis pass\u00e9e face \u00e0 l&rsquo;audience et j&rsquo;ai beaucoup chang\u00e9 dans mon fonctionnement. D&rsquo;abord je connaissais tous les dossiers, et pas seulement les miens, car avec le Pr\u00e9sident, Charles-Michel Marle d&rsquo;abord puis Louis Boutet de Monvel ensuite, nous consultions tous les dossiers faisions un tableau synth\u00e9tique et attribuions les dossiers aux rapporteurs. C&rsquo;est d\u00e9j\u00e0 un tr\u00e8s grand pouvoir cette r\u00e9partition car vous pouvez y enterrer un dossier ou lui donner des chances selon le choix du rapporteur. Ces deux Pr\u00e9sidents \u00e9taient tr\u00e8s diff\u00e9rents dans leur style, l&rsquo;un tr\u00e8s discret l&rsquo;autre plus offensif, mais tous deux \u00e9taient de grande qualit\u00e9 par leur connaissance des math\u00e9matiques et des math\u00e9maticiens, et par leur honn\u00eatet\u00e9 intellectuelle.<\/p>\n\n\n\n<p>J&rsquo;ai donc \u00e9t\u00e9 Vice-Pr\u00e9sidente de la commission de sp\u00e9cialiste de Paris 6 de 1992 \u00e0 1998. C&rsquo;\u00e9tait beaucoup de travail et d&rsquo;obligations mais c&rsquo;\u00e9tait passionnant. De plus j&rsquo;\u00e9tais en position de donner parfois des orientations aux discussions. Il m&rsquo;est par exemple arriv\u00e9 lorsqu&rsquo;un duel opposait deux membres sur deux candidats de relancer un dossier qui me paraissait int\u00e9ressant et du m\u00eame niveau, et de changer le cours des choses. J&rsquo;ai ainsi en particulier veill\u00e9 au sort des candidates femmes.<br>Je me souviens avoir soutenu, entre autres femmes, les candidates Debhia Achab et Christine Bertrand. Un moment m\u00e9morable fut celui o\u00f9 remontant apr\u00e8s la commission dans mon bureau j&rsquo;ai trouv\u00e9 Debhia Achab devant mon bureau. Elle devait attendre depuis longtemps, et je lui ai laiss\u00e9 entendre que cela allait \u00eatre favorable. Inoubliable fut la joie que j&rsquo;ai vue dans son regard car ce n&rsquo;\u00e9tait pas juste un poste, c&rsquo;\u00e9tait toute sa vie qui se jouait : alg\u00e9rienne soit elle obtenait un poste soit elle retournait dans son pays. Elle est toujours dans notre institut et fait une carri\u00e8re tout \u00e0 fait raisonnable. Christine Bertrand qui semblait pourtant tr\u00e8s prometteuse a disparu sur d&rsquo;autres voies que la recherche math\u00e9matique me semble-t-il. Sans doute avec sa personnalit\u00e9 un peu d\u00e9tonante (entre punk et gothique) se sentait elle trop \u00e0 l&rsquo;\u00e9troit dans le monde acad\u00e9mique\u2026<br>Ces femmes doivent avoir pr\u00e8s de 60 ans maintenant, et je me sens rel\u00e9gu\u00e9e dans la cat\u00e9gorie \u00ab\u00a0grand \u00e2ge\u00a0\u00bb alors que dans ma t\u00eate et mes envies j&rsquo;ai toujours 35 ans \u2026 Quel naufrage c\u2019est que la vieillesse !<\/p>\n\n\n\n<p><\/p>\n\n\n\n<p><strong>SALMA KUHLMANN<\/strong><\/p>\n\n\n\n<p>Je connais Salma Kuhlmann depuis tr\u00e8s longtemps. Elle faisait sa th\u00e8se dans l\u2019\u00e9quipe de Logique de Paris 7 sous la direction de Daniel Lascar.<br>A l\u2019\u00e9poque elle ne s\u2019appelait pas Kuhlmann, qui est le nom de Franz-Viktor, math\u00e9maticien allemand qu\u2019elle a rencontr\u00e9 \u00e0 Heidelberg je crois, et qui est devenu son mari.<\/p>\n\n\n\n<p>C\u2019est une nomade brillante et polyglotte. Elle est n\u00e9e en Egypte et y a pass\u00e9 son bac, puis elle a rejoint sa famille \u00e9migr\u00e9e au Canada en 1975 o\u00f9 elle a \u00e9t\u00e9 \u00e9tudiante en Master \u00e0 Mc Gill, avant de venir \u00e0 Paris pour son DEA et sa th\u00e8se. Ensuite Salma a obtenu un poste \u00e0 l\u2019Universit\u00e9 du Saskatchewan o\u00f9 elle a pu faire venir Franz-Viktor.<br>Elle a eu deux filles et a une maison l\u00e0-bas, mais a depuis divorc\u00e9 de Franz-Viktor. Elle a alors r\u00e9ussi \u00e0 obtenir un poste \u00e0 Konstanz o\u00f9 elle est toujours.<br>Apr\u00e8s un s\u00e9jour au Japon Salma a \u00e9pous\u00e9 Victor Vinnikov un math\u00e9maticien isra\u00e9lien. Elle voyage donc au minimum entre ses trois pays d\u2019attache Allemagne, Canada et Isra\u00ebl. Il faut y ajouter ses nombreux s\u00e9jours en France et ses missions un peu partout dans le monde pour donner des expos\u00e9s de Math\u00e9matiques.<\/p>\n\n\n\n<p>Nous sommes devenues des amies apr\u00e8s le trimestre Borel de l\u2019IHP auquel elle a particip\u00e9 durant les trois mois. C\u2019est juste apr\u00e8s qu\u2019elle s\u2019est s\u00e9par\u00e9e de Franz-Viktor et c\u2019\u00e9tait le moment o\u00f9 moi aussi je me s\u00e9parais de Claude.<br>Nous nous sommes soutenues mutuellement et avons constat\u00e9 des similitudes dans nos difficult\u00e9s matrimoniales.<\/p>\n\n\n\n<p>Salma est souvent venue exposer au s\u00e9minaire et a eu aussi des s\u00e9jours de recherche \u00e0 Paris. De mon c\u00f4t\u00e9 je suis souvent all\u00e9e exposer et travailler \u00e0 Sasaktoon, puis \u00e0 Konstanz o\u00f9 je faisais parfois durant mon bref s\u00e9jour deux expos\u00e9s de math\u00e9matiques ou dans le cadre de leur programme KWM pour les math\u00e9maticiennes. J&rsquo;ai pr\u00e9par\u00e9 pour cela un expos\u00e9 sur Olga Taussky-Todd auquel j\u2019ai beaucoup travaill\u00e9 et que j\u2019ai eu beaucoup de plaisir \u00e0 faire \u00e0 Konstanz. Je connaissais cette grande math\u00e9maticienne depuis longtemps l\u2019ayant rencontr\u00e9e dans mes d\u00e9buts lors des colloques d\u2019arithm\u00e9tique.<\/p>\n\n\n\n<p>Ces derniers temps nous nous sommes vues lors de colloques fr\u00e9quents au CIRM ou \u00e0 Oberwolfach. La premi\u00e8re semaine de mars 2020 nous \u00e9tions \u00e0 Oberwolfach pour un dernier colloque en pr\u00e9sentiel avant la pand\u00e9mie.<br>D\u00e9but 2021 nous nous sommes r\u00e9sign\u00e9s \u00e0 red\u00e9marrer notre s\u00e9minaire DDG en virtuel par Zoom. Et bien s\u00fbr Salma fut une de nos premi\u00e8res conf\u00e9renci\u00e8res.<br>C\u2019est aussi une contributrice importante dans nos \u00e9ditions d\u2019actes o\u00f9 il y a parfois plusieurs de ses pr\u00e9publications.<\/p>\n\n\n\n<p>Elle est venue au mariage de mon ain\u00e9 Gabriel \u00e0 la maison des X fin 2005 ; puis avec Victor Vinnikov elle est venue dans ma campagne normande pr\u00e8s de Lyons la For\u00eat. Salma est vraiment une amie.<\/p>\n\n\n\n<p>Et j\u2019ai toujours plaisir \u00e0 retourner \u00e0 Konstanz, belle ville agr\u00e9able \u00e0 vivre sur le lac du m\u00eame nom. Un jour en face de son appartement nous nous sommes baign\u00e9es avec les cygnes, je n\u2019\u00e9tais pas tr\u00e8s tranquille de leur voisinage mais c\u2019est un beau souvenir. De cette baignade je conserve aussi des chaussons pour marcher sur les roches au fond de l\u2019eau, ils me servent r\u00e9guli\u00e8rement lorsque je vais dans la belle-famille de Vincent pr\u00e8s d\u2019Etretat\u2026<\/p>\n\n\n\n<p>A l\u2019Universit\u00e9 de Konstanz il y a aussi de vielles connaissances comme Alex Prestel et Claus Scheiderer que j\u2019ai beaucoup de plaisir \u00e0 revoir.<br>J\u2019\u00e9tais l\u00e0-bas lorsque l\u2019universit\u00e9 de Konstanz fut d\u00e9clar\u00e9e d\u2019excellence et j\u2019ai particip\u00e9 \u00e0 la f\u00eate qui a suivi la nouvelle (bi\u00e8res et saucisses bien s\u00fbr ! ).<\/p>\n\n\n\n<p><\/p>\n\n\n\n<p><strong>UN TRIMESTRE BOREL \u00c0 L\u2019IHP<\/strong><\/p>\n\n\n\n<p>L\u2019histoire commence sur les marches du bureau des guides \u00e0 l\u2019Alpe d\u2019Huez !<br>Depuis les premiers colloques de g\u00e9om\u00e9trie r\u00e9elle en 1981, \u00e0 San Francisco d&rsquo;abord et \u00e0 Rennes ensuite, il y avait eu des contrats europ\u00e9ens avec pas mal de congr\u00e8s et de doctorants. Cependant j\u2019avais l&rsquo;id\u00e9e de donner \u00e0 la g\u00e9om\u00e9trie r\u00e9elle, discipline donc assez r\u00e9cente, une meilleure visibilit\u00e9.<\/p>\n\n\n\n<p>Thierry Coulhon avait partag\u00e9 mon bureau \u00e0 Jussieu pendant pas mal de temps et avait fini par venir \u00e0 l\u2019Alpe d\u2019Huez, et par y revenir tr\u00e8s r\u00e9guli\u00e8rement ; j&rsquo;avais fait un adepte qui louait m\u00eame dans mon immeuble \u2026 Je savais que Thierry s\u2019\u00e9tait occup\u00e9 d\u2019un trimestre Borel \u00e0 l&rsquo;IHP, et je l\u2019ai donc interrog\u00e9, chaussures de ski aux pieds, sur les int\u00e9r\u00eats et les moyens d\u2019un tel trimestre.<br>Il m\u2019avait alors fortement encourag\u00e9e \u00e0 me lancer.<\/p>\n\n\n\n<p>Puis j&rsquo;avais interrog\u00e9 Joseph Oesterl\u00e9, qui est dans notre \u00e9quipe de Th\u00e9orie des Nombres et a dirig\u00e9 l\u2019IHP, pour avoir plus de d\u00e9tails sur les moyens et conditions.<br>Ensuite je me suis dit que je n\u2019allais pas faire cela toute seule, j\u2019en ai donc d&rsquo;abord parl\u00e9 \u00e0 Max Dickmann qui a \u00e9t\u00e9 enthousiaste, puis \u00e0 Michel Coste qui avait g\u00e9r\u00e9 notre premier r\u00e9seau europ\u00e9en RAAG (Real Algebraic and Analytic Geometry).<br>Nous avons alors form\u00e9 un comit\u00e9 d\u2019organisation : Max Dickmann, Michel Coste et moi-m\u00eame. C\u2019\u00e9tait assez \u00e9quilibr\u00e9 nous faisions tous de la g\u00e9om\u00e9trie alg\u00e9brique r\u00e9elle, mais Max \u00e9tait plus proche de la Th\u00e9orie des Mod\u00e8les, Michel Coste de la G\u00e9om\u00e9trie Alg\u00e9brique, et moi de l\u2019Alg\u00e8bre.<\/p>\n\n\n\n<p>Avec Max nous sommes pass\u00e9s en audition pour notre candidature ! Nous avions rendez-vous en fin d\u2019apr\u00e8s-midi \u00e0 l&rsquo;IHP et \u00e9tions en train de pr\u00e9parer cela \u00e0 Chevaleret quand on nous a appel\u00e9s en d\u00e9but d\u2019apr\u00e8s-midi pour nous dire qu\u2019on nous attendait ! Donc nous y sommes all\u00e9s, et avons un peu improvis\u00e9 devant une commission qui comportait entre autres membres Cedric Villani (pas encore M\u00e9daille Fields, ce sera en 2010). L\u2019improvisation a \u00e9t\u00e9 un succ\u00e8s et notre projet a \u00e9t\u00e9 accept\u00e9 pour l\u2019automne 2005.<\/p>\n\n\n\n<p>J\u2019en ai inform\u00e9 bien s\u00fbr Thierry Coulhon et mon message a donn\u00e9 lieu \u00e0 l\u2019\u00e9change ci-dessous du 17 septembre 2003.<br>\u00ab Cher Thierry,<br>Tu te souviens peut-\u00eatre que lors de notre derni\u00e8re rencontre sur les marches<br>du chalet des guides \u00e0 l\u2019Alpe d\u2019Huez, tu m\u2019avais encourag\u00e9e \u00e0 me lancer dans une<br>demande de semestre IHP-Borel en G\u00e9om\u00e9trie R\u00e9elle puisque nous avions un r\u00e9seau europ\u00e9en\u2026<br>Je suis heureuse de t\u2019annoncer que je me suis lanc\u00e9e, que j\u2019ai entrain\u00e9 quelques<br>coll\u00e8gues et que nous aurons un trimestre \u00e0 l\u2019automne 2005 avant que le<br>r\u00e9seau europ\u00e9en ne soit achev\u00e9 ! Amicalement, Danielle \u00bb<br>\u00ab Ch\u00e8re Danielle,<br>bravo ! c&rsquo;est maintenant que les emmerdements commencent, mais je confirme que le jeu en vaut la chandelle.<br>amiti\u00e9s, et \u00e0 bient\u00f4t devant le chalet des guides ou dans le hall d&rsquo;Alpe 2000<br>T \u00ab<\/p>\n\n\n\n<p>Nous avons vraiment beaucoup travaill\u00e9 tous les trois, Michel Coste, Max Dickmann et moi-m\u00eame, pour organiser ce trimestre Borel a l&rsquo;Institut Henri Poincar\u00e9. Max est chercheur CNRS, et Michel et moi avons eu des d\u00e9l\u00e9gations CNRS pour nous rendre disponibles.<br>Heureusement le staff de l&rsquo;IHP nous a aid\u00e9 pour conna\u00eetre les routines et r\u00e9gler les divers probl\u00e8mes mat\u00e9riels.<br>Je dois avouer aussi que si je savais d\u00e9j\u00e0 travailler avec Max Dickmann, travailler avec Michel Coste dont je partageais le bureau \u00e0 l&rsquo;IHP pendant le trimestre fut une d\u00e9couverte et une vraie joie.<br>Michel est d\u2019un calme parfait et d\u2019une grande gentillesse, mais surtout il est d\u2019une efficacit\u00e9 redoutable ! Il m&rsquo;est arriv\u00e9 de venir au bureau en ayant en t\u00eate \u00ab\u00a0il faut faire ceci ou cela\u00a0\u00bb et de d\u00e9couvrir en arrivant que Michel avait d\u00e9j\u00e0 r\u00e9gl\u00e9 la chose !<\/p>\n\n\n\n<p>Le programme d\u2019un trimestre Borel offre pas mal de mois de professeur invit\u00e9. Nous avons donc cherch\u00e9 chacun dans notre sp\u00e9cialit\u00e9 de bons chercheurs \u00e9galement bons orateurs.<br>Quand nous pensions \u00eatre pr\u00eats \u00e0 faire lancer nos invitations par l&rsquo;IHP (les financements ont diverses origines) j\u2019ai recul\u00e9 ma chaise, regard\u00e9 la liste et constat\u00e9 avec horreur qu\u2019il n\u2019y avait aucune femme !<br>Pourtant Michel Coste est mari\u00e9 \u00e0 la premi\u00e8re pr\u00e9sidente de femmes et math\u00e9matiques, j\u2019ai particip\u00e9 \u00e0 la cr\u00e9ation de cette association, et Max qui codirigeait depuis 1984 le s\u00e9minaire DDG avec deux femmes n\u2019est pas particuli\u00e8rement macho.<br>Si nous, nous ne voyons pas les math\u00e9maticiennes concern\u00e9es, alors forc\u00e9ment pour d\u2019autres les femmes sont totalement invisibles \u2026<br>Nous avons r\u00e9fl\u00e9chi et bien s\u00fbr nous en avons trouv\u00e9 d\u2019excellentes, qui en plus sont parfois venues trois mois avec un seul mois d\u2019invitation, et m\u00eame \u00e9ventuellement accompagn\u00e9e d\u2019un conjoint math\u00e9maticien dans le m\u00eame domaine.<\/p>\n\n\n\n<p>Il y a eu beaucoup de cours &#8211; j\u2019en ai fait un moi-m\u00eame bien s\u00fbr &#8211; beaucoup de tr\u00e8s vivants th\u00e9s de matheux, quelques workshops th\u00e9matiques, une sortie en cars Suzanne au ch\u00e2teau de Vaux le Vicomte, et forc\u00e9ment quelques cocktails.<br>Le dernier cocktail festif en d\u00e9cembre 2005 se prolongea chez moi, tout pr\u00e8s de l\u2019IHP, avec un anniversaire de Max Dickmann (65 ans) qui fut une tr\u00e8s belle cl\u00f4ture. Ci-apr\u00e8s un r\u00e9sum\u00e9 du programme du trimestre donne une id\u00e9e de son importance !<\/p>\n\n\n\n<p><br><strong>TRIMESTER ON REAL GEOMETRY<\/strong><br>September 12th \u2013 December 16th, 2005<br>Courses<br>Topology of Real Algebraic Varieties:<br>\u2022 F. Catanese, Univ. Bayreuth (November 10th &#8211; 29th, 8 lectures) : Deformation types of real algebraic functions and manifolds<br>\u2022 G. Mikhalkin, Univ. Toronto (September 23rd &#8211; December 16th, 16 lectures) : Amoebas of algebraic varieties and tropical geometry<br>\u2022 S. Orevkov, Univ. Paul Sabatier, Toulouse (September 15th &#8211; October 7th, 8 lectures) : Courbes alg\u00e9briques r\u00e9elles, tresses et courbes J-holomorphes<br>\u2022 F. Sottile, Texas A&amp;M Univ. (November 14th &#8211; 29th, 8 lectures) : Real solutions to equations from geometry<br>Semi-algebraic, Subanalytic and o-minimal Geometries:<br>\u2022 F. Acquistapace, Univ. Pisa (September 14th &#8211; October 13th, 8 lectures) : Autour du 17\u00e8me probl\u00e8me de Hilbert pour les fonctions analytiques<br>\u2022 G. Comte, Univ. Nice (October 4th &#8211; 26th, 8 lectures): Propri\u00e9t\u00e9s m\u00e9triques en g\u00e9om\u00e9trie mod\u00e9r\u00e9e<br>\u2022 M. Coste, Univ. Rennes 1 (September 13th &#8211; 28th, 8 lectures) : Ensembles constructibles en g\u00e9om\u00e9trie r\u00e9elle ; g\u00e9om\u00e9trie mod\u00e9r\u00e9e<br>\u2022 C. McCrory, Univ. of Georgia (September 28th &#8211; October 28th, 16 lectures) : Invariants and singularities<br>\u2022 J.-Ph. Rolin, Univ. de Bourgogne (November 16th &#8211; December 15th, 8 lectures) : La o-minimalit\u00e9 du point de vue de la g\u00e9om\u00e9trie et de l\u2019analyse<br>Real Algebra, Quadratic Forms and Model Theory:<br>\u2022 M. Dickmann, CNRS Univ. Paris 7 (September 13th &#8211; October 24th, 8 lectures) : Th\u00e9orie des mod\u00e8les en alg\u00e8bre et g\u00e9om\u00e9trie<br>\u2022 L. van den Dries, Univ. of Illinois at Urbana-Champaign (November 28th &#8211; December 14th, 8 lectures): Asymptotic differential algebra<br>\u2022 S. Kuhlmann, Univ. Saskatchewan (September 26th &#8211; October 17th, 8 lectures) : Polyn\u00f4mes positifs et probl\u00e8mes de moments<br>\u2022 A. Macintyre, Queen Mary Univ. London (October 17th &#8211; November 15th, 8 lectures): Model theory of elliptic functions<br>\u2022 L. Mah\u00e9, Univ. Rennes 1 (November 10th &#8211; December 16th, 12 lectures) : Formes quadratiques et g\u00e9om\u00e9trie r\u00e9elle<br>\u2022 B. Teissier, CNRS Univ. Paris 7 (September 19th &#8211; October 17th, 5 lectures) : Introduction to valuations in algebraic geometry<br>D. Gondard, Univ. P. et M. Curie (October 24th &#8211; November 14th, 3 lectures) : Valuations in real algebra<br>Algorithms, Complexity, Effectivity and Applications:<br>\u2022 S. Basu, Georgia Tech. (November 16th &#8211; 25th, 4 lectures) : Efficient Algorithms for Computing the Betti Numbers of Semi-algebraic Sets<br>\u2022 L. Gonz\u00e1lez-Vega, Univ. Cantabria (October 20th &#8211; 26th, 4 lectures): Using real algebraic geometry to improve curve and surface algorithms in computer aided geometric design applications<br>\u2022 P. Parrilo, MIT (November 21th &#8211; 24th, 4 lectures): Computational techniques based on sum of squares decompositions<br>\u2022 F. Rouillier, INRIA Rocquencourt (September 14th &#8211; 28th, 5 lectures), M.-F. Roy, Univ. Rennes 1 (October 3rd &#8211; 12th, 5 lectures), S. Basu, Georgia Tech. (November 14th &#8211; November 28th, 5 lectures) : Algorithms in real algebraic geometry<\/p>\n\n\n\n<p>Mini-courses<br>A. Gabrielov, Purdue Univ. (Pfaffian functions and Sparsity. Real Schubert Calculus and the B. and M. Shapiro Conjecture , October 20th &#8211; 28th, 4 lectures)<br>L. Paunescu, Univ. Sydney (Tree Model, Relative Newton Polygon and Applications, December 1st &#8211; 16th, 4 lectures)<br>E. Shustin, Tel-Aviv Univ. (Patchworking construction and its applications, September 29th &#8211; October 14th, 4 lectures)<\/p>\n\n\n\n<p>Workshops<\/p>\n\n\n\n<p>Real Algebra, Quadratic Forms and Model Theory ; Algorithms and Applications<br>November 2nd \u2013 9th, 2005<br>Organizers : M. Dickmann, D. Gondard, L. Mah\u00e9, M.-F. Roy<br>Programme<\/p>\n\n\n\n<p>Topology of Real Algebraic Varieties ; Semi-algebraic, Subanalytic and o-minimal Geometries<br>December 5th \u2013 9th, 2005<br>Organizers : M. Coste, I. Itenberg, V. Kharlamov, K. Kurdyka, A. Parusinski, J.-J. Risler, D. Trotman<\/p>\n\n\n\n<p>Seminars<br>\u2022 Structures alg\u00e9briques ordonn\u00e9es (F. Delon, M. Dickmann, D. Gondard)<br>Tuesday, 14h30 &#8211; 16h00<\/p>\n\n\n\n<p>\u2022 Seminar on real geometry<br>Thursday, 14h30 &#8211; 16h00<br>\u2022 Sources of real algebraic geometry<br>A special day will take place on November 30th. (organized jointly with the Seminar on History of Mathematics). See the programme of the special day.<br>\u00ab\u00a0Reading sources\u00a0\u00bb sessions on Monday 19 september and Monday 12 December, 14:00-16:00<\/p>\n\n\n\n<p>Les archives se trouvent sur la page personnelle de Michel Coste :<br>https:\/\/perso.univ-rennes1.fr\/michel.coste\/Borel\/realgeom.html<\/p>\n\n\n\n<p><\/p>\n\n\n\n<p><strong>AVOIR 60 ANS !<\/strong><\/p>\n\n\n\n<p>C&rsquo;\u00e9tait une tradition de faire des colloques en l&rsquo;honneur des 60 ans et du d\u00e9part en retraite de math\u00e9maticiens.<br>Je dirais que la tradition \u00e9volue, maintenant on f\u00eate plut\u00f4t les 70 ans et les chercheurs continuent de chercher comme \u00e9m\u00e9rites.<br>C&rsquo;est sans doute la cons\u00e9quence de l&rsquo;allongement de la vie et surtout de la vie en bonne sant\u00e9. C&rsquo;est aussi d\u00fb je crois \u00e0 l&rsquo;\u00e9volution de nos conditions de travail avec l&rsquo;av\u00e8nement du num\u00e9rique qui permet de prolonger facilement nos activit\u00e9s.<\/p>\n\n\n\n<p>Je fus ainsi \u00e0 de nombreux congr\u00e8s en l&rsquo;honneur de \u2026 : celui pour les 70 ans de Jean-Jacques Risler \u00e0 Rio de Janeiro o\u00f9 il avait fait son service militaire comme coop\u00e9rant, celui en l&rsquo;honneur de Melvin Henriksen \u00e0 Baton rouge, de Eberhard Becker \u00e0 Dortmund, de Murray Marshall \u00e0 Saskatoon, de Angus MacIntyre \u00e0 Ravello, des 90 ans de Paulo Ribenboim \u00e0 Sao Paulo ou encore de Masahiro Shiota \u00e0 Nagoya.<br>Ce dernier demande plus de d\u00e9tails, car malheureusement Masahiro trop malade n&rsquo;est pas apparu \u00e0 ce colloque pourtant magnifiquement organis\u00e9 et je ne sais m\u00eame pas si il aura pu consulter la version de Th\u00e9or\u00e8me vivant en japonais d\u00e9dicac\u00e9e par Cedric Villani et illustr\u00e9e par mon mari Claude que je lui avais apport\u00e9e.<\/p>\n\n\n\n<p>Pour moi j&rsquo;\u00e9tais pour mes 60 ans \u00e0 Cortona dans le splendide palazzone d\u00e9pendant de l&rsquo;Ecole Normale Sup\u00e9rieure de Pise et le hasard fit que le social dinner a eu lieu dans un tr\u00e8s bon restaurant exactement le jour de mon anniversaire. Ce n&rsquo;\u00e9tait pas programm\u00e9 pour cela mais c&rsquo;\u00e9tait quand m\u00eame un heureux hasard.<\/p>\n\n\n\n<p>Le colloque portait sur un projet de livre concernant l&rsquo;histoire de la g\u00e9om\u00e9trie r\u00e9elle. J&rsquo;\u00e9tais venue de Rome, o\u00f9 j&rsquo;avais lou\u00e9 une voiture, avec Hourya Sinaceur qui partagerait une chambre avec moi, nous f\u00eemes un stop \u00e0 Oviedo avec un d\u00e9licieux petit vin blanc sur la place de la cath\u00e9drale. La vue de notre chambre \u00e9tait tr\u00e8s belle le palazzone \u00e9tant en hauteur.<\/p>\n\n\n\n<p>Le colloque a donn\u00e9 lieu \u00e0 quelques moments surr\u00e9alistes, par exemple dans une salle vout\u00e9e aux superbes fresques il \u00e9tait projet\u00e9 gr\u00e2ce \u00e0 internet des textes de Descartes \u00e9crits en latin. Cette mani\u00e8re de faire de l&rsquo;histoire en enjambant les si\u00e8cles me plaisait beaucoup. Je garde un souvenir excellent de cette r\u00e9union de 2006 qui \u00e9tait une suite de celle de Belle \u00eele.<\/p>\n\n\n\n<p>Au retour avec Hourya nous avons s\u00e9journ\u00e9 une nuit en banlieue de Rome pour visiter ensemble la villa d&rsquo;Este et la villa d&rsquo;Hadrien. C&rsquo;\u00e9tait tr\u00e8s agr\u00e9able de visiter avec Hourya.<\/p>\n\n\n\n<p>Mais j&rsquo;ai eu droit \u00e0 un vrai colloque d\u00e9di\u00e9 \u00e0 mes 60 ans ; ce fut \u00e0 Saskatoon organis\u00e9 par Salma Kuhlmann et Murray Marshall.<br>Je les en remercie car c&rsquo;est tr\u00e8s agr\u00e9able d&rsquo;assister \u00e0 une s\u00e9rie d&rsquo;expos\u00e9s qui ont \u00e9t\u00e9 sp\u00e9cialement choisis pour vous plaire !<\/p>\n\n\n\n<p><\/p>\n\n\n\n<p><strong>SUR LES TH\u00c9SARDS<\/strong><\/p>\n\n\n\n<p>Si je n\u2019ai jamais dirig\u00e9 seule une th\u00e8se, il y a plusieurs raisons \u00e0 cela.<br>La premi\u00e8re est que les \u00e9tudiants qui suivaient mon s\u00e9minaire, codirig\u00e9 avec Fran\u00e7oise Delon et Max Dickmann, \u00e9taient en g\u00e9n\u00e9ral inscrits \u00e0 Paris 7 et non \u00e0 Paris 6.<br>J\u2019ai donc seulement particip\u00e9 \u00e0 des direction de th\u00e8ses, par exemple celles d&rsquo;Arileide Lira ou de Vincent Astier, par des discussions en r\u00e9ponse \u00e0 leurs questions.<br>Mais je ne me suis pas occup\u00e9e de leurs r\u00e9dactions, j\u2019ai seulement particip\u00e9 aux jurys.<br>Une autre raison est certainement que je n\u2019avais pas tr\u00e8s envie de prendre la responsabilit\u00e9 d\u2019un th\u00e9sard. Je faisais d\u00e9j\u00e0 beaucoup de choses et j\u2019avais peu de temps.<br>Mais surtout je me disais qu&rsquo;il ne suffit pas de faire soutenir une th\u00e8se, apr\u00e8s il faut aider l\u2019\u00e9tudiant \u00e0 trouver un poste ou un postdoc. Et cela m\u2019angoissait je crois.<br>Certains directeurs incitaient les \u00e9tudiants \u00e0 passer l\u2019Agr\u00e9gation en filet de s\u00e9curit\u00e9, mais du coup c\u2019\u00e9tait la facilit\u00e9 pour le jeune d\u2019aller enseigner en lyc\u00e9e ou en pr\u00e9pa.<br>Car apr\u00e8s la th\u00e8se de nos jours les \u00e9tudiants gal\u00e8rent de post docs en demi-ater ou poste de moniteur, jusqu\u2019\u00e0 r\u00e9ussir \u00e0 obtenir enfin un vrai poste. Cela peut durer des ann\u00e9es.<br>Certains pourtant tr\u00e8s bons ne l\u2019ont obtenu que fort tard \u00e0 pr\u00e8s de 40 ans. Je pense en particulier \u00e0 Jochen Koenigsmann et Marcus Tressl.<\/p>\n\n\n\n<p>En d\u00e9cembre 2010 je fus \u00e0 un double congr\u00e8s \u00e0 Pucon. Pour le premier on m\u2019avait demand\u00e9 de l\u2019ouvrir par une introduction \u00e0 la Th\u00e9orie des Mod\u00e8les.<br>C\u2019\u00e9tait une id\u00e9e \u00e9trange car je suis autodidacte en Theorie des Mod\u00e8les ! J\u2019ai appris seule en l\u2019utilisant dans mes recherches.<br>Mais finalement cela m\u2019a oblig\u00e9e \u00e0 pas mal de travail et a \u00e9t\u00e9 int\u00e9ressant pour moi. Je faisais l\u2019expos\u00e9 le matin apr\u00e8s un long voyage Paris-Santiago-Temuco-Pucon.<br>J\u2019\u00e9tais partie sous augmentin, et peut \u00eatre faute de boire suffisamment en vol, je suis arriv\u00e9e avec une allergie d\u00e9butante aux mains qui a vite empir\u00e9.<br>Carol Wood m\u2019a heureusement pass\u00e9 un m\u00e9dicament am\u00e9ricain &#8211; du Benadryl &#8211; qui a bien aid\u00e9 \u00e0 r\u00e9duire mon probl\u00e8me\u2026<br>Mais mon expos\u00e9 a beaucoup plu. Au point qu\u2019une jeune et brillante chilienne Natalia Garcia voulait faire sa th\u00e8se avec moi.<br>Mais j\u2019\u00e9tais d\u00e9j\u00e0 retrait\u00e9e et je n\u2019avais pas encore demand\u00e9 l\u2019\u00e9m\u00e9ritat, car il fallait le renouveler tous les ans \u00e0 cette \u00e9poque.<br>Je ne voulais pas non plus \u00eatre une directrice de th\u00e8se fant\u00f4me cach\u00e9e derri\u00e8re un pr\u00eate-nom. Donc Natalia est all\u00e9e faire sa th\u00e8se \u00e0 Queen\u2019s University \u00e0 Kingston au Canada.<br>Cela lui a bien r\u00e9ussi et elle y \u00e9tait avec son ami Hector Pasten. J\u2019ai \u00e9t\u00e9 heureuse de les voir revenir exposer \u00e0 nos s\u00e9minaires \u00e0 Paris ; Natalia a tr\u00e8s bien r\u00e9ussi dans ses recherches.<br>Au second congr\u00e8s &#8211; joint meeting SoMACHi\/AMS &#8211; je faisais un expos\u00e9 recherche sur mes sujets favoris \u00ab On valuation fans and some elementary field theories \u00bb, c\u2019\u00e9tait facile !<br>J\u2019avais esp\u00e9r\u00e9 monter le volcan Villarica cette fois apr\u00e8s l\u2019\u00e9chec m\u00e9t\u00e9o de 2002, mais vu mon souci de sant\u00e9 j\u2019ai abandonn\u00e9 l\u2019id\u00e9e et suis all\u00e9e \u00e0 la p\u00eache avec Carol Wood, Charles Steinhorn et Segei Starchenko.<br>Nous \u00e9tions dans deux bateaux avec des rameurs chiliens qui nous maintenaient contre le courant. J\u2019ai eu la joie de sortir une superbe truite saumon\u00e9e et Caroll en a sorti deux !<br>Nous sommes all\u00e9s ensuite dans un restaurant qui nous les a cuisin\u00e9es et ce fut un r\u00e9gal. Sauvages les couleurs des trois poissons \u00e9taient diff\u00e9rentes mais tous \u00e9taient exquis.<br>Apr\u00e8s Pucon j\u2019avais pr\u00e9vu d\u2019aller visiter Valparaiso, cela avait aussi \u00e9t\u00e9 l\u2019id\u00e9e de Caroll, nous avons donc un peu visit\u00e9 ensemble.<br>Au retour vers Santiago je suis pass\u00e9e \u00e0 Isla Negra ou repose &#8211; enfin reposait avant son exhumation &#8211; Pablo Neruda.<br>L\u2019endroit est superbe et Pablo collectionnait beaucoup de choses, dont des flacons d\u2019alcool aux formes vari\u00e9es, mais surtout des figures de proue color\u00e9es de bateaux qui habitent les lieux et les rendent vivants.<\/p>\n\n\n\n<p>En 2014 je suis retourn\u00e9e au Chili en janvier pour faire un cours durant l&rsquo;Ecole doctorale d\u2019\u00e9t\u00e9. J\u2019\u00e9tais invit\u00e9e par Xavier Vidaux \u00e0 l\u2019Universit\u00e9 de Conception.<br>J\u2019ai bien s\u00fbr travaill\u00e9 \u00e0 pr\u00e9parer un cours et des exercices avant de partir ; cela faisait 5 ans que je n\u2019enseignais plus, j\u2019appr\u00e9hendais un peu, mais quand j\u2019ai pris la craie ce fut une grande joie d\u2019enseigner \u00e0 nouveau.<br>Et puis j\u2019ai d\u00e9couvert un syst\u00e8me d\u2019universit\u00e9 semi-priv\u00e9e et leurs modes d\u2019\u00e9valuation. Il a fallu que je note les \u00e9tudiants et leur d\u00e9livre \u00e9ventuellement un dipl\u00f4me.<br>Le syst\u00e8me est tel qu\u2019ils sont oblig\u00e9s de r\u00e9ussir tout ce \u00e0 quoi ils se sont inscrits. Ils sont donc tr\u00e8s motiv\u00e9s ! J\u2019ai fait les cours en anglais mais parlant espagnol cela m&rsquo;a bien servi pour r\u00e9pondre \u00e0 leurs questions.<\/p>\n\n\n\n<p><\/p>\n\n\n\n<p><strong>LE CNU<\/strong><\/p>\n\n\n\n<p>Le CNU c\u2019est le conseil National des Universit\u00e9s.<br>Il est organis\u00e9 en 11 groupes, le groupe 5, le n\u00f4tre, comporte trois sections<br>\u2022 Section 25 &#8211; Math\u00e9matiques<br>\u2022 Section 26 &#8211; Math\u00e9matiques appliqu\u00e9es et applications des math\u00e9matiques<br>\u2022 Section 27 &#8211; Informatique<br>Compte tenu de mes sp\u00e9cialit\u00e9s en recherche je rel\u00e8ve de la section 25.<br>C\u2019est Francois Lucas qui m\u2019avait sollicit\u00e9e pour \u00eatre \u00e9lue au CNU via les listes du Snesup. Je l\u2019ai \u00e9t\u00e9 deux fois dans la section 25.<br>J\u2019ai donc si\u00e9g\u00e9 au CNU de 2003 \u00e0 2009. En 2009 mon second mandat n\u2019\u00e9tait pas fini mais j\u2019\u00e9tais en retraite depuis la fin de d\u00e9cembre 2008.<br>J\u2019ai tout de m\u00eame fait tous les rapports sur les dossiers attribu\u00e9s mais sans avoir le droit de voter !<\/p>\n\n\n\n<p>Si\u00e9ger au CNU c\u2019est beaucoup de travail, surtout pour les dossiers de candidatures \u00e0 la qualification, mais cela concerne aussi une partie des attributions des cong\u00e9s sabbatiques, ainsi que les promotions dans les grades.<br>Les r\u00e9unions ce sont plusieurs jours bien inconfortables sur les bancs de l\u2019amphi Hermite \u00e0 l\u2019Institut Henri Poincar\u00e9\u2026<br>Mais c\u2019est un travail tr\u00e8s int\u00e9ressant. Cela permet de conna\u00eetre d\u2019autres universit\u00e9s via leurs repr\u00e9sentants et d\u2019autres sp\u00e9cialit\u00e9s.<br>Ce fut parfois compliqu\u00e9 quand j\u2019h\u00e9ritais de dossiers r\u00e9put\u00e9s \u00ab Logique \u00bb mais qui \u00e9taient surtout li\u00e9s \u00e0 l&rsquo;informatique.<br>Cependant j\u2019avais une longue exp\u00e9rience de l\u2019\u00e9tude de dossiers par mon travail en commissions de sp\u00e9cialistes, mais aussi par celui d\u2019expertise pour des attributions de bourse ou de prix (Affdu, L\u2019Or\u00e9al, DIU \u2026).<br>On apprend \u00e0 deviner quand un dossier est loyal et honn\u00eate ou un autre surfait. Et aussi \u00e0 reconna\u00eetre quelques qualit\u00e9s ou d\u00e9fauts visibles du candidat dans la composition et la r\u00e9daction du dossier.<\/p>\n\n\n\n<p>Parmi les souvenirs dr\u00f4les du CNU j\u2019ai re\u00e7u un ordre de mission tr\u00e8s officiel pour me faire rembourser mes frais de transport de mon Universit\u00e9 place Jussieu jusqu\u2019\u00e0 l\u2019IHP. Il y a bien 600m \u00e0 pied !<br>J\u2019aurais d\u00fb le garder, peut-\u00eatre l\u2019ai-je fait et pourra-t-on le retrouver dans le dossier CNU de mon armoire \u00e0 Jussieu \u2026<br>L\u2019autre anecdote fut lors de mon second mandat. Il fallait au d\u00e9but constituer le bureau du CNU et c\u2019\u00e9tait un jour de gr\u00e8ve des transports. Or les membres du CNU viennent de partout, m\u00eame de Papeete parfois !<br>L\u2019administratrice pr\u00e9sente m\u2019a appel\u00e9e pour pr\u00e9sider le d\u00e9but de cette session \u2026 comme m\u2019a-t-elle dit \u00ab\u00a0doyenne d\u2019\u00e2ge \u00bb. L\u00e0 je me suis dit int\u00e9rieurement qu\u2019il \u00e9tait vraiment temps de partir.<br>Il y avait donc gr\u00e8ve des transports et les membres arrivaient au compte-goutte ! Pour que l\u2019\u00e9lection soit valable je voulais un quorum important non contestable.<br>J\u2019ai donc un pr\u00e9sid\u00e9 en meublant le temps pr\u00e8s d\u2019une heure pour laisser arriver plus de monde. Je ne sais plus avec quelles id\u00e9es je l\u2019ai fait, mais finalement tout cela s\u2019est tr\u00e8s bien pass\u00e9.<\/p>\n\n\n\n<p><\/p>\n\n\n\n<p><strong>VOYAGER DE -25 A +25<\/strong><\/p>\n\n\n\n<p>C&rsquo;est une double mission un peu folle en janvier 2008.<br>Je suis invit\u00e9e \u00e0 l&rsquo;Universit\u00e9 du Saskatchewan sise \u00e0 Saskatoon du 8 au 14 janvier \u00e0 faire une conf\u00e9rence de s\u00e9minaire &#8211; Real Holomorphy Rings and the Complete Real Spectrum &#8211; et une autre au colloquium &#8211; From Artin Schreier to Valuation Fans &#8211;<br>Puis ensuite je vais du 14 au 21 pour faire un expos\u00e9 de colloquium &#8211; From Orderings to Valuation Fans &#8211; \u00e0 l&rsquo;Universit\u00e9 de Hawaii \u00e0 Manoa o\u00f9 Tom Craven et Ron Brown ont travaill\u00e9 sur des sujets li\u00e9s aux espaces d&rsquo;ordres.<br>J&rsquo;ai des billets d&rsquo;avion un peu compliqu\u00e9s avec quatre compagnies, Air France, Air Canada, Canadian airlines, Delta airlines.<br>L&rsquo;itin\u00e9raire Paris &#8211; Toronto &#8211; Saskatoon &#8211; Vancouver &#8211; Honolulu &#8211; Atlanta &#8211; Paris, et les contraintes budg\u00e9taires m&rsquo;ont oblig\u00e9e \u00e0 optimiser les tarifs selon les choix de compagnies et leurs contraintes horaires. Je stresse un peu pour les connections avec changement de compagnie \u00e0 Toronto, Vancouver et Atlanta, il ne faut pas que le premier vol soit annul\u00e9 ni trop en retard !<br>Mais tout se passera bien et le hub d\u2019Atlanta, quoique gigantesque, est d\u00e9cid\u00e9ment le plus clair que je connaisse.<\/p>\n\n\n\n<p>Fid\u00e8le \u00e0 mes principes je suis partie avec juste un bagage cabine ! Et ce malgr\u00e9 trois collections de vrais transparents \u2026<br>A Saskatoon il fait -25 en moyenne et pour aller de l&rsquo;h\u00f4tel au campus il faut traverser le pont au-dessus de la Saskatchewan gel\u00e9e o\u00f9 le vent est terrible. A Honolulu il fait aux environs de +25 et les plages y seront tr\u00e8s tentantes \u2026<br>Faire ma valise se r\u00e9v\u00e8le un challenge, donc apr\u00e8s-ski fourr\u00e9s, polaire, veste goretex, collants de soie et moufles de renard, fourr\u00e9es mouton, pour Saskatoon ; sandales, bermuda, veste l\u00e9g\u00e8re, robe, maillot de bain et teeshirts pour Honolulu \u2026<br>Le contr\u00f4le des bagages cabines au d\u00e9part d&rsquo;Honolulu me r\u00e9servera le d\u00e9sagr\u00e9ment de devoir tout vider, mais me donnera l&rsquo;amusement de voir une agente sid\u00e9r\u00e9e prendre mes moufles de renard, fourr\u00e9es mouton, en appelant son coll\u00e8ge pour lui montrer cet objet incroyable !<\/p>\n\n\n\n<p>A Saskatoon je travaille avec Murray Marshall avec lequel j&rsquo;ai d\u00e9j\u00e0 publi\u00e9, et la semaine sera bien remplie et bien scientifique.<br>A Honolulu je compte travailler avec Tom Craven et peut \u00eatre avec Ron Brown, cependant Ron Brown a d&rsquo;autres travaux en cours et Tom Craven qui passe sa retraite \u00e0 courir des marathons tout autour du monde a justement une tr\u00e8s importante course de 24h.<br>Ce sera finalement un bien agr\u00e9able s\u00e9jour mais plus touristique que scientifique !<br>J&rsquo;ai heureusement r\u00e9serv\u00e9 une voiture pour l&rsquo;arriv\u00e9e \u00e0 Honolulu et cela me permettra de d\u00e9couvrir l&rsquo;ile.<br>Les reliefs volcaniques \u00e9rod\u00e9s y sont vraiment tr\u00e8s \u00e9tonnants.<br>Je d\u00e9couvre les vagues \u00e0 surfeurs r\u00e9put\u00e9es sur des plages familiales o\u00f9 de petits enfants de 3 ans en v\u00eatement anti-UV, mais sans flotteurs, jouent d\u00e9j\u00e0 seuls dans les vagues, pendant que les parents surfent ou sont loin \u00e0 l&rsquo;ombre des arbres ; clairement ici la mer et la vague sont des amies avec lesquelles on apprend \u00e0 vivre tr\u00e8s t\u00f4t.<br>Il y a aussi de superbes plages tropicales quasi d\u00e9sertes &#8211; mais pas celle de Waikiki bien s\u00fbr &#8211; avec comme toujours aux USA des acc\u00e8s faciles et des sanitaires parfaits.<br>J&rsquo;appr\u00e9cie aussi l&rsquo;architecture du campus o\u00f9 je suis log\u00e9e : point de climatisation, mais une ventilation naturelle avec des parties ouvertes \u00e0 tout vent. Ce syst\u00e8me est visiblement tr\u00e8s efficace.<\/p>\n\n\n\n<p><\/p>\n\n\n\n<p><strong>AUTOUR DE L\u2019IEC<\/strong><\/p>\n\n\n\n<p>l&rsquo;IEC ou Institut Emilie du Chatelet est une f\u00e9d\u00e9ration de recherche qui rassemble de nombreux \u00e9tablissements franciliens. Il a \u00e9t\u00e9 cr\u00e9\u00e9 en 2006, sous l\u2019impulsion du Conseil r\u00e9gional d\u2019\u00cele-de-France. De 2012 \u00e0 2017, l\u2019IEC a pilot\u00e9 le p\u00f4le Genre du Domaine d\u2019int\u00e9r\u00eat majeur (DIM), labellis\u00e9 par la R\u00e9gion \u00cele-de-France, \u00ab Genre, In\u00e9galit\u00e9s, Discriminations \u00bb (GID), au c\u00f4t\u00e9 de l\u2019Alliance de Recherche sur les Discriminations (ARDIS). Le nom d\u2019Emilie du Chatelet est celui d\u2019une brillante scientifique qui traduisit Newton et f\u00fbt l\u2019amie de Voltaire.<\/p>\n\n\n\n<p>Initialement l\u2019IEC travaillait au d\u00e9veloppement de la recherche et des enseignements sur les femmes, le sexe ou le genre, dans l\u2019ensemble des disciplines scientifiques. Il attribuait \u00e9galement des allocations doctorales et postdoctorales \u00e0 de jeunes chercheur-e-s, soutenait financi\u00e8rement des manifestations scientifiques, organisait des conf\u00e9rences et des assises ouvertes au public, ainsi que des s\u00e9minaires et des colloques scientifiques.<br>A une \u00e9poque faste il rassemblait une quinzaine d&rsquo;\u00e9tablissements qui participaient soit financi\u00e8rement, soit par la mise \u00e0 disposition de salles ou de personnel :<br>le Conservatoire national des Arts et M\u00e9tiers,<br>l\u2019\u00c9cole des Hautes \u00c9tudes commerciales (HEC) Paris,<br>l\u2019\u00c9cole des Hautes \u00c9tudes en Sciences sociales (EHESS) Paris,<br>l\u2019\u00c9cole normale sup\u00e9rieure Paris,<br>la Fondation nationale des Sciences Politiques (FNSP),<br>l\u2019Institut national d\u2019\u00c9tudes d\u00e9mographiques (INED),<br>le Mus\u00e9um national d\u2019Histoire naturelle,<br>l\u2019Universit\u00e9 Paris 1 Panth\u00e9on Sorbonne.<br>l\u2019Universit\u00e9 Paris 8,<br>l\u2019Universit\u00e9 Paris Diderot,<br>l\u2019Universit\u00e9 Paris Est Cr\u00e9teil (UPEC),<br>l\u2019Universit\u00e9 Paris 13 SPC,<br>l\u2019Universit\u00e9 Paris Ouest Nanterre La D\u00e9fense,<br>l\u2019Universit\u00e9 Paris-Sud,<br>l\u2019Universit\u00e9 Pierre et Marie Curie (UPMC).<br>Cependant suite \u00e0 l&rsquo;arr\u00eat des financements par la R\u00e9gion \u00cele-de-France nous avons du licencier nos pr\u00e9cieuses administratives Sylvie Blumenkrantz et Sandrine Lely ; la gestion des multiples activit\u00e9s, et le financement des bourses n&rsquo;\u00e9tait plus possible et si l&rsquo;IEC existe encore, il ne fait plus grand chose \u00e0 part quelques s\u00e9minaires \u00ab\u00a0sexe et genre\u00a0\u00bb r\u00e9guli\u00e8rement annonc\u00e9s dans la lettre de l&rsquo;IEC. Cependant si les activit\u00e9s sont devenues rares, le site de l&rsquo;IEC contient de pr\u00e9cieux t\u00e9moignages de ce riche pass\u00e9 et des liens tr\u00e8s utiles.<br>http:\/\/www.institutemilieduchatelet.org\/presentation-liec<\/p>\n\n\n\n<p>Le comit\u00e9 de direction de l&rsquo;IEC est form\u00e9 des repr\u00e9sentants des \u00e9tablissements de la f\u00e9d\u00e9ration. Je suis donc arriv\u00e9e dans ce comit\u00e9 de direction comme repr\u00e9sentante de l&rsquo;Universit\u00e9 Pierre et Marie Curie \u00e0 la demande de Fran\u00e7oise Barret-Ducrocq qui \u00e9tait la premi\u00e8re pr\u00e9sidente de l\u2019IEC et que je connaissais car elle avait fait partie de ma commission des bourses de l&rsquo;AFFDU. Le pr\u00e9sident de Paris 6 J.-C. Pomerol a alors sign\u00e9 la convention liant l&rsquo;UPMC \u00e0 l&rsquo;IEC.<br>Ensuite l&rsquo;IEC a eu pour pr\u00e9sidentes Catherine Louveau, puis Florence Rochefort et enfin Eliane Viennot. Un conseil scientifique et un conseil d&rsquo;orientation compl\u00e8tent l&rsquo;organigramme de l&rsquo;IEC.<\/p>\n\n\n\n<p>J&rsquo;ai eu plaisir a travailler avec cette \u00e9quipe multidisciplinaire et dynamique.<br>J&rsquo;ai en particulier organis\u00e9 la journ\u00e9e du 17 octobre sur la place des femmes en sciences, que j&rsquo;ai intitul\u00e9e \u00ab\u00a0On ne nait pas scientifique, on le devient\u00a0\u00bb lors des assises de 2011 consacr\u00e9es \u00e0 \u00ab\u00a0L&rsquo;\u00e9ducation \u00e0 l&rsquo;\u00e9galit\u00e9 entre les sexes.\u00a0\u00bb<br>Les journ\u00e9es de ces assises \u00e9taient les suivantes :<br>3 octobre &#8211; L&rsquo;\u00e9ducation \u00e0 l&rsquo;\u00e9galit\u00e9 commence d\u00e8s la naissance<br>10 octobre &#8211; L&rsquo;\u00e9ducation \u00e0 la sexualit\u00e9, une \u00e9galit\u00e9 \u00e0 construire<br>17 octobre &#8211; On ne nait pas scientifique, on le devient<br>24 octobre &#8211; L&rsquo;\u00e9ducation \u00e0 l&rsquo;\u00e9galit\u00e9 dans le monde du travail<\/p>\n\n\n\n<p>J&rsquo;ai donc organis\u00e9 la journ\u00e9e, anim\u00e9 la premi\u00e8re table ronde et V\u00e9ronique Chauveau la seconde. Le programme de cette journ\u00e9e du 17 octobre \u00e9tait le suivant :<br>On ne na\u00eet pas scientifique, on le devient<br>Ouverture, par Isabelle This Saint-Jean (Vice-pr\u00e9sidente du Conseil r\u00e9gional d&rsquo;\u00cele-de-France) et Catherine Louveau (Pr\u00e9sidente de l\u2019IEC, Universit\u00e9 Paris 11)<br>Introduction, par V\u00e9ronique Chauveau (association femmes et math\u00e9matiques)<\/p>\n\n\n\n<p>Table ronde 1 : Existe-t-il un \u00abg\u00e8ne\u00bb du scientifique ?<br>Isabelle Collet (Universit\u00e9 de Gen\u00e8ve)<br>Marie-Odile Lafosse-Marin (ESPCI-Paris Tech)<br>Ga\u00efd Le Maner-Idrissi (Universit\u00e9 Rennes 2)<br>Catherine Vidal (Institut Pasteur)<br>Mod\u00e9ration: Danielle Gondard (Universit\u00e9 Pierre et Marie Curie)<\/p>\n\n\n\n<p>Table ronde 2 : Sciences et techniques: un domaine r\u00e9serv\u00e9 ?<br>Christian Margaria (Association Femmes et Sciences)<br>Catherine Marry (CNRS)<br>Marie-H\u00e9l\u00e8ne Therre (Association Femmes ing\u00e9nieures)<br>Annick Valibouze (Universit\u00e9 Pierre et Marie Curie)<br>Mod\u00e9ration: V\u00e9ronique Chauveau (association femmes et math\u00e9matiques)<\/p>\n\n\n\n<p>Synth\u00e8se et perspectives, par Nicole Mosconi (Universit\u00e9 Paris Ouest Nanterre)<\/p>\n\n\n\n<p><\/p>\n\n\n\n<p><strong>LE DIU<\/strong><\/p>\n\n\n\n<p>Il s\u2019agit en fait d\u2019un dipl\u00f4me de formation continue, dipl\u00f4me interuniversitaire entre Paris 6 et Paris 3.<br>Il est intitul\u00e9 \u00ab Conseiller, Conseill\u00e8re r\u00e9f\u00e9rent-e \u00e9galit\u00e9 femmes\/hommes.<br>Les d\u00e9tails peuvent \u00eatre trouv\u00e9s sur la page :<br>http:\/\/www.fc.upmc.fr\/fr\/formations-en-sciences-et-pluridisciplinaires\/diu_egalite_femmes_hommes.html<\/p>\n\n\n\n<p>Son histoire commence sur la grand-place de Varsovie en septembre 2002 o\u00f9 je me trouve apr\u00e8s un colloque \u00e0 Kazimierz.<br>Anne N\u00e8gre pr\u00e9sidente de l\u2019AFFDU me t\u00e9l\u00e9phone pour me demander de repr\u00e9senter l\u2019AFFDU dans un comit\u00e9, \u00e0 la D\u00e9l\u00e9gation R\u00e9gionale aux Droits des Femmes et \u00e0 l&rsquo;Egalit\u00e9 d\u2019\u00cele-de-France, qui doit mettre en place un dipl\u00f4me de formation \u00e0 l\u2019\u00e9galit\u00e9 femme\/hommes.<br>Je r\u00e9fl\u00e9chis et me dis que si je n\u2019y vais pas il n\u2019y aura sans doute pas de scientifique dans ce comit\u00e9 et donc personne pour la place des femmes en sciences.<br>J\u2019accepte donc et me rends assez r\u00e9guli\u00e8rement rue de Grenelle \u00e0 la D\u00e9l\u00e9gation R\u00e9gionale. Les r\u00e9unions sont pr\u00e9sid\u00e9es par Catherine Morbois et sont \u00e0 la fois sympathiques et efficaces.<br>La composition du dipl\u00f4me prend doucement forme ainsi que la d\u00e9finition du public cible de cette formation. Thierry Benoit (association La Boucle) est aussi un moteur dans cette cr\u00e9ation.<\/p>\n\n\n\n<p>Vers Mai 2004 je crois, Claude Alqui\u00e9 la directrice de la formation Continue \u00e0 Paris 6 (UPMC) m\u2019appelle pour me dire que le dipl\u00f4me va \u00eatre cr\u00e9\u00e9 et qu\u2019il semble que je puisse en prendre la responsabilit\u00e9.<br>Alors je pose mes conditions, oui je veux bien m\u2019en occuper mais \u00e0 condition que ce soit pour la rentr\u00e9e 2004 car en 2005 je fais le trimestre Borel de G\u00e9om\u00e9trie r\u00e9elle \u00e0 l\u2019IHP.<br>Donc je me mets au travail, mise en place du programme et des interventions, recrutement des stagiaires, le tout avec l\u2019aide de l\u2019administration de la formation continue et le recours \u00e0 mes r\u00e9seaux de femmes dans les associations.<\/p>\n\n\n\n<p>Cela fonctionne bien, au d\u00e9but je fais le travail en heure suppl\u00e9mentaires, puis je le fais int\u00e9grer dans mon service et enfin je le fais b\u00e9n\u00e9volement apr\u00e8s ma retraite.<br>Je m\u2019occupe donc de ce dipl\u00f4me interuniversitaire Paris 6 &#8211; Paris 3 de 2004 \u00e0 2014. J&rsquo;y fais aussi des interventions sur la place des femmes en sciences.<br>Nous faisons passer des oraux, dirigeons des m\u00e9moires car c\u2019est un dipl\u00f4me bac plus 4. Comme souvent la formation d\u2019adultes est assez passionnante. Je garde par exemple un tr\u00e8s bon souvenir entre autres dela direction des m\u00e9moires de Martina Mac Donnell et de Sabine Reynosa.<br>Je comprendrai doucement que la place des femmes en sciences est un sujet \u00e9litiste qui int\u00e9resse au fond assez peu les milieux f\u00e9ministes.<br>C&rsquo;est pourtant mon combat depuis la cr\u00e9ation de femmes et math\u00e9matiques en 1987. Je profite aussi de mes interventions vari\u00e9es pour alerter sur notre manque de scientifiques.<\/p>\n\n\n\n<p>Les cours sont donn\u00e9s par les sp\u00e9cialistes des sujets trait\u00e9s, la tr\u00e8s longue liste des interventions inclus entre autres personnalit\u00e9s : Claudie Baudino (politologue), Marie-France Casalis (Haut conseil \u00e0 l\u2019\u00e9galit\u00e9 entre les femmes et les hommes), Sylvie Cromer (sociologie des enfants), Sandrine Dauphin (sociologie, sciences politiques), Marie Duru-Bellat (sociologue), Genevi\u00e8ve Fraisse (philosophe), Patrick Farg\u00e8s (historien), Anne-Isabelle Fran\u00e7ois (litt\u00e9rature compar\u00e9e), Natacha Henry (journaliste), Catherine Le Magueresse (avocate), Catherine Louveau (sociologie du sport) , Fran\u00e7oise Milewski (\u00e9conomiste), Nicole Mosconi (philosophe), Anne N\u00e8gre (juriste), Michelle Perrot (historienne), R\u00e9jane S\u00e9nac (politologue), Catherine Vidal (neurobiologiste), Francoise Vouillot (sociologue), et bien d\u2019autres \u2026<br>Quand ma fille Alice, administratrice \u00e0 l\u2019Assembl\u00e9e Nationale, sera un temps affect\u00e9e \u00e0 la d\u00e9l\u00e9gation aux droits des femmes et \u00e0 l\u2019\u00e9galit\u00e9 ce sera amusant de la savoir auditionner tant de personnalit\u00e9s que je connais.<\/p>\n\n\n\n<p>En 2014 Le dipl\u00f4me DIU Paris 6 &#8211; Paris 3 refuse de financer mon voyage au ICWM de S\u00e9oul (International Congress of Women Mathematicians) alors qu\u2019il avait financ\u00e9 celui de 2010 \u00e0 Hyderabad.<br>Il faut savoir que mes intervenantes, m\u00eame en retraite, sont r\u00e9mun\u00e9r\u00e9es mais que je ne le suis pas \u00e9tant retrait\u00e9e de cette m\u00eame universit\u00e9. En r\u00e9alit\u00e9 une administratrice du dipl\u00f4me trouve qu\u2019un cocktail c\u2019est plus utile \u2026 Le directeur de la formation continue enseignant-chercheur m\u2019est favorable mais Christine Mantecon a mont\u00e9 une cabale contre moi avec les administratifs de Paris 3.<br>Il n\u2019y a pas d\u2019autre enseignant &#8211; chercheur dans le comit\u00e9 p\u00e9dagogique ce jour-l\u00e0. Je n\u2019appr\u00e9cie pas la d\u00e9marche et laisse tomber le dipl\u00f4me. Qu\u2019ils se d\u00e9brouillent sans moi d\u00e9sormais.<br>lls auront deux ann\u00e9es probl\u00e9matiques ayant sous-estim\u00e9 mon r\u00f4le dans les milieux f\u00e9ministes qui alimentaient le dipl\u00f4me en stagiaires gr\u00e2ce \u00e0 mes relances r\u00e9guli\u00e8res.<br>Ils finiront par red\u00e9marrer une nouvelle formule en 2017, en bonne partie gr\u00e2ce \u00e0 l\u2019\u00e9nergie des enseignants chercheurs de Paris 3 qui participaient \u00e0 la formation !<br>Ce fut une belle aventure qui se termine mal mais me rend beaucoup de libert\u00e9 dans mon emploi du temps, parfait car je commence \u00e0 avoir plusieurs petits fils !<\/p>\n\n\n\n<p>Voici une des descriptions de ce Dipl\u00f4me interuniversitaire Paris 3 &#8211; Paris 6<\/p>\n\n\n\n<p>Un dipl\u00f4me interuniversitaire de formation continue Paris 3-Paris 6 :<br>\u00ab Conseiller et conseill\u00e8re r\u00e9f\u00e9rent-e \u00e9galit\u00e9 entre les femmes et les hommes \u00bb<\/p>\n\n\n\n<p>La politique d\u2019\u00e9galit\u00e9 des chances a historiquement fait appel \u00e0 trois strat\u00e9gies : le recours \u00e0 l\u2019\u00e9galit\u00e9 formelle par le droit, l\u2019adoption de mesures d\u2019action positives, et une \u00ab approche int\u00e9gr\u00e9e du genre \u00bb ou \u00ab gender mainstreaming \u00bb.<br>Afin de mettre en \u0153uvre cette politique en r\u00e9gion Ile-de-France, il s\u2019est constitu\u00e9 en 2000 le r\u00e9seau A.V.E.C. (Actrices-Acteurs Volontaristes pour l\u2019\u00c9galit\u00e9 des chances entre les femmes et les hommes), mis en place au niveau r\u00e9gional par la D\u00e9l\u00e9gu\u00e9e R\u00e9gionale aux Droits des Femmes et \u00e0 l\u2019\u00c9galit\u00e9.<br>C\u2019est dans ce cadre que ce DIU a \u00e9t\u00e9 cr\u00e9\u00e9 en 2004 par les universit\u00e9s Sorbonne Nouvelle (Paris 3) et Pierre &amp; Marie Curie (UPMC- Paris 6), qui se sont associ\u00e9es pour organiser ce dipl\u00f4me avec l\u2019appui de leurs services respectifs de formation continue, et en partenariat avec des personnes ressources de diverses associations dont La Boucle et l\u2019AFFDU.<br>Ce dipl\u00f4me veut participer \u00e0 l\u2019\u00e9mergence d\u2019un nouveau m\u00e9tier, celui de \u00ab Conseiller et conseill\u00e8re r\u00e9f\u00e9rent-e \u00e9galit\u00e9 entre les femmes et les hommes \u00bb et le structurer en partant d\u2019une approche \u00ab comp\u00e9tences \u00bb faisant le lien entre connaissances th\u00e9oriques et activit\u00e9s \u00ab de terrain \u00bb.<br>L\u2019acc\u00e8s \u00e0 la formation est ouvert en application du d\u00e9cret de 1985 pour permettre \u00e0 ceux et celles qui n\u2019ont pas le niveau de dipl\u00f4me normalement requis pour s\u2019inscrire (bac+3) mais ont une exp\u00e9rience de terrain importante de suivre la formation et de valider un dipl\u00f4me d\u2019universit\u00e9 bac+4. Cette politique d\u2019ouverture du recrutement permet d\u2019avoir des promotions form\u00e9es de stagiaires d\u2019origine, de formation et d\u2019exp\u00e9rience tr\u00e8s vari\u00e9es ce qui contribue \u00e0 nourrir les \u00e9changes et \u00e0 \u00e9largir les r\u00e9seaux des stagiaires.<br>Ce dipl\u00f4me s\u2019adresse aux personnes travaillant dans les domaines des ressources humaines, de la formation, de l\u2019enseignement, de l\u2019insertion sociale et professionnelle, de l\u2019orientation, du travail social : responsable ressources humaines et formation, charg\u00e9 de mission \u00e9galit\u00e9, consultante, formateur, cadre de la fonction publique, conseill\u00e8re en insertion sociale et professionnelle, acteur du secteur associatif, syndicaliste, inspectrice du travail, etc\u2026<\/p>\n\n\n\n<p>La formation vise 3 objectifs principaux :<br>\u2022 Construire et mettre en \u0153uvre la fonction de \u00ab conseiller, conseill\u00e8re r\u00e9f\u00e9rent-e en \u00e9galit\u00e9 femmes\/hommes \u00bb ;<br>\u2022 Int\u00e9grer la question de l\u2019\u00e9galit\u00e9 femmes\/hommes de mani\u00e8re transversale dans sa pratique professionnelle ;<br>\u2022 Accro\u00eetre ses connaissances th\u00e9oriques par une approche transdisciplinaire.<br>L\u2019enseignement est organis\u00e9 en modules :<\/p>\n\n\n\n<p>Module I \u2013 Aux sources des in\u00e9galit\u00e9s \u2013 La construction sociale des identit\u00e9s f\u00e9minines et masculines :<br>\u2022 La terminologie \u2013 Les concepts ;<br>\u2022 La construction des identit\u00e9s sexu\u00e9es et les m\u00e9canismes d\u2019int\u00e9riorisation des st\u00e9r\u00e9otypes.<br>Module II (organis\u00e9 en 4 unit\u00e9s) \u2013 La marche vers l\u2019\u00e9galit\u00e9 : Avanc\u00e9es et perspectives :<br>\u2022 Pour une \u00e9ducation et une orientation professionnelle \u00e9galitaires ;<br>\u2022 Mettre en \u0153uvre des politiques publiques d\u2019\u00e9galit\u00e9 ;<br>\u2022 Pour l\u2019\u00e9galit\u00e9 professionnelle ;<br>\u2022 Agir dans la vie associative, syndicale et politique.<br>Module III \u2013 M\u00e9thodologie : Savoir &#8211; faire et faire savoir.<br>Module d\u2019accompagnement du m\u00e9moire en projet individuel tutor\u00e9 : r\u00e9alisation d\u2019une \u00e9tude ou d\u2019une enqu\u00eate sur terrain professionnel donnant lieu \u00e0 la r\u00e9daction d\u2019un m\u00e9moire et \u00e0 une soutenance orale.<br>L\u2019enseignement \u00e0 temps partiel est compatible avec une activit\u00e9 professionnelle et repr\u00e9sente 350 heures dans l\u2019ann\u00e9e r\u00e9parties comme suit : 3 jours de cours par mois pendant 10 mois (de janvier \u00e0 d\u00e9cembre repr\u00e9sentant 210 h en pr\u00e9sentiel) et 140h d\u2019enqu\u00eate ou d\u2019\u00e9tude sur terrain professionnel pour la r\u00e9alisation du m\u00e9moire.<\/p>\n\n\n\n<p>Il est important d\u2019anticiper les inscriptions pour avoir le temps de monter le financement de la formation (3600 \u20ac) avec son employeur et les divers organismes.<br>Renseignements et inscriptions aupr\u00e8s des services de formation continue des Universit\u00e9s Paris 3 (Sorbonne Nouvelle) et Paris 6 (UPMC).<\/p>\n\n\n\n<p><\/p>\n\n\n\n<p><strong>COEXISTER<\/strong><\/p>\n\n\n\n<p>Dans l&rsquo;ensemble la vie de la communaut\u00e9 des math\u00e9maticiens est assez paisible.<\/p>\n\n\n\n<p>Au moins dans les sp\u00e9cialit\u00e9s qui sont les miennes, Arithm\u00e9tique des Corps, G\u00e9om\u00e9trie Alg\u00e9brique R\u00e9elle et Th\u00e9orie des mod\u00e8les, si lors d\u2019un expos\u00e9 dans un colloque important quelqu\u2019un voit une faille ou une erreur possible, le plus souvent on attend la fin de l\u2019expos\u00e9 pour aller en discuter apr\u00e8s, en priv\u00e9 ou presque.<br>Ce n\u2019est pas du tout comme dans des s\u00e9minaires ou groupes de travail qui servent \u00e0 tester des r\u00e9sultats, ce qu\u2019on appelle des \u00ab work in progress \u00bb, et o\u00f9 les questions int\u00e9ressantes fusent en cours d\u2019expos\u00e9 !<\/p>\n\n\n\n<p>La politesse et le respect mutuel sont la r\u00e8gle mais il peut y avoir des exceptions.<br>Je me souviens de quelques r\u00e9actions d\u00e9plaisantes : un coll\u00e8gue qui se plaint qu\u2019on lui a vol\u00e9 un courrier de l\u2019Acad\u00e9mie des Sciences dans sa boite \u00e0 lettres, un autre qui pense son nom oubli\u00e9 sur un article travaill\u00e9 en collaboration, ou m\u00eame une franche accusation de vol de son travail de th\u00e8se par son directeur de recherche.<\/p>\n\n\n\n<p>Quand l&rsquo;\u00e9quipe de th\u00e9orie des nombres a recrut\u00e9 Anna Cadoret comme professeur, il a fallu lui trouver un bureau individuel. On lui a attribu\u00e9 celui d&rsquo;Ariane M\u00e9zard qui devait en r\u00e9cup\u00e9rer un autre. A l&rsquo;\u00e9poque c&rsquo;\u00e9tait Marc Chardin qui dirigeait l&rsquo;\u00e9quipe de Th\u00e9orie des Nombres, il a d\u00e9cid\u00e9 de d\u00e9placer Michel Carpentier pour faire un bureau de 4 membres \u00e9m\u00e9rites ou b\u00e9n\u00e9voles. Il nous a demand\u00e9 \u00e0 Marie-Jos\u00e9 Bertin, Odile Lecacheux et moi-m\u00eame notre accord pour accueillir le coll\u00e8gue d\u00e9plac\u00e9. Mais le r\u00e9sultat a \u00e9t\u00e9 assez p\u00e9nible pour nous toutes !<\/p>\n\n\n\n<p>C\u00f4t\u00e9 convivialit\u00e9 c&rsquo;est z\u00e9ro point\u00e9, ni bonjour, ni au revoir. Les autres sont ignor\u00e9s.<br>Un jour une table carr\u00e9e a \u00e9t\u00e9 enlev\u00e9e, Odile ne pouvait plus s&rsquo;assoir \u00e0 son bureau, il n&rsquo;y avait plus de place pour sa chaise \u00e0 roulettes. \u00ab\u00a0Je fais comment\u00a0\u00bb a-t-elle soupir\u00e9 en arrivant\u2026<br>Une autre fois, suite \u00e0 une perte de cl\u00e9s, on nous demande de passer notre clef de bureau en pr\u00e9cisant qu&rsquo;on viendra nous ouvrir dans le quart d&rsquo;heure si nous avions besoin !<br>A l&rsquo;automne 2020 avec la covid-19 je voulais entrouvrir l\u2019une des trois fen\u00eatres comme recommand\u00e9 pour a\u00e9rer en continu. Je retrouvais toujours la fen\u00eatre ferm\u00e9e\u2026<br>Tout cela n&rsquo;est que la partie \u00e9merg\u00e9e de l&rsquo;iceberg des petits conflits stupides qui minent parfois notre ambiance de travail.<\/p>\n\n\n\n<p><\/p>\n\n\n\n<p><strong>C\u00c9L\u00c9BRER UN 90\u00e8me ANNIVERSAIRE<\/strong><\/p>\n\n\n\n<p>Paulo Ribenboim nous r\u00e9p\u00e9tait qu&rsquo;il allait avoir 90 ans en 2018, par exemple quand il nous a fait un expos\u00e9 quasi priv\u00e9 (il n&rsquo;y avait que Max Dickmann, Zo\u00e9 Chatzidakis et moi) sur son futur livre \u00e0 propos des Espaces Ultram\u00e9triques.<br>Expos\u00e9 purement oral bien s\u00fbr car il ne voit pratiquement plus suite \u00e0 l&rsquo;\u00e9volution de son glaucome.<br>Sentant qu&rsquo;il avait envie d&rsquo;une petite f\u00eate en cet honneur, nous avons projet\u00e9 de lui consacrer un mardi de notre s\u00e9minaire, en l\u2019int\u00e9grant dans le trimestre Borel organis\u00e9 \u00e0 l&rsquo;IHP notamment par Zo\u00e9.<br>J&rsquo;ai pas mal travaill\u00e9 \u00e0 cela, programme scientifique, r\u00e9servations d&rsquo;h\u00f4tel et d\u00e9fraiements pour les orateurs, pr\u00e9paration d&rsquo;un 4 pages de biographie de Paulo Ribenboim, organisation du cocktail de fin d&rsquo;apr\u00e8s-midi command\u00e9 finalement au CROUS (moins cher et plus facile).<br>Cette festivit\u00e9 scientifique \u00e9tait pr\u00e9vue le 20 mars 2018, une semaine apr\u00e8s ses 90 ans car il est n\u00e9 le 13 Mars 1928.<\/p>\n\n\n\n<p>Fin f\u00e9vrier j&rsquo;\u00e9tais en montagne, j&rsquo;y avais gard\u00e9 un petit fils et le reste de sa famille m&rsquo;avait rejointe. Mais j&rsquo;\u00e9tais d\u00e9j\u00e0 malade en y partant (bronchite asthmatiforme avait dit le m\u00e9decin de l&rsquo;Institut Arthur Vernes) et monter en altitude malade c&rsquo;est un pari bien connu : soit on gu\u00e9rit soit cela s&rsquo;aggrave. Ce fut la seconde hypoth\u00e8se \u2026 A ma seconde visite chez le m\u00e9decin de l&rsquo;Alpe d&rsquo;Huez, un jour de grande temp\u00eate, il m&rsquo;a mise sous oxyg\u00e8ne et envoy\u00e9e au CHU de Grenoble sans m\u00eame me laisser prendre chez moi un chargeur de t\u00e9l\u00e9phone et quelques affaires. Les pompiers sont venus me chercher au cabinet m\u00e9dical toujours sous oxyg\u00e8ne \u2026 L&rsquo;un d&rsquo;eux a dit pendant la descente des c\u00e9l\u00e8bres lacets \u00ab\u00a0elle n&rsquo;a pas l&rsquo;air de quelqu&rsquo;un \u00e0 88\u00a0\u00bb (en saturation oxyg\u00e8ne) ; effectivement j&rsquo;ai un syndrome de Raynaud et une circulation des doigts assez mauvaise alors au lobe de l&rsquo;oreille j&rsquo;\u00e9tais plut\u00f4t \u00e0 92 je crois. J&rsquo;ai pass\u00e9 48h au CHU avec oxyg\u00e8ne et a\u00e9rosols vari\u00e9s, puis je suis revenue \u00e0 Paris d\u00e9but mars.<\/p>\n\n\n\n<p>Forc\u00e9ment j&rsquo;\u00e9tais fatigu\u00e9e, mais il fallait boucler cette organisation. Le jour J tout \u00e9tait pr\u00eat et nous avions un beau programme.<br>En arrivant \u00e0 l&rsquo;IHP je me souviens avoir dit en riant \u00e0 Fran\u00e7oise Delon \u00ab\u00a0j&rsquo;esp\u00e8re que je ne vais pas faire comme Moli\u00e8re !\u00a0\u00bb<br>La matin\u00e9e s&rsquo;est bien pass\u00e9e, le d\u00e9jeuner rue Saint-Jacques chez Perraudin aussi. Je me souviens que j&rsquo;\u00e9tais en face de Maxim Kontsevich et \u00e0 cot\u00e9 de Pierre Cartier. Daniel Bertrand compl\u00e9tait ce carr\u00e9 et nous a bien aid\u00e9 pour animer les conversations de cette partie de table ; les autres orateurs et Paulo \u00e9taient plus loin \u00e0 cette m\u00eame table bien s\u00fbr. Le service a tra\u00een\u00e9 un peu et on ne pouvait pas priver notre vedette de caf\u00e9, je suis donc vite all\u00e9e dans l&rsquo;amphi Hermite pour faire patienter l&rsquo;auditoire sagement revenu.<br>Et l\u00e0 peu apr\u00e8s quelques mots, j&rsquo;ai senti que cela n&rsquo;allait pas bien, j&rsquo;ai pos\u00e9 le micro sur la table du premier rang et me suis appuy\u00e9e au radiateur \u2026 Et puis plus rien du tout, jusqu&rsquo;\u00e0 cette phrase de Fran\u00e7oise pench\u00e9e sur moi au sol \u00a0\u00bb Danielle \u00e7a va aller les pompiers sont pr\u00e9venus\u00a0\u00bb et ma r\u00e9action un peu absurde \u00ab non, non, les pompiers j&rsquo;ai d\u00e9j\u00e0 donn\u00e9\u00a0\u00bb ; j&rsquo;ai repris mes esprits et mes forces, et assise il a fallu qu&rsquo;au t\u00e9l\u00e9phone tendu par la gardienne de l&rsquo;IHP je r\u00e9p\u00e8te aux pompiers que cela allait bien, et que c&rsquo;\u00e9tait inutile de venir, et que oui je leur promettais de bien consulter un m\u00e9decin !<\/p>\n\n\n\n<p>Pour la suite de l&rsquo;apr\u00e8s-midi j&rsquo;ai pass\u00e9 la main \u00e0 Max et Fran\u00e7oise, nous avions d\u00e9marr\u00e9 avec au moins 45mn de retard. Je suis mont\u00e9e tout au fond de l&rsquo;amphi, pr\u00e8s de mes amis Salma Kuhlmann et Victor Vinnikov. J&rsquo;ai r\u00e9alis\u00e9 que mon jean \u00e9tait humide et que je sentais mauvais. Avec beaucoup de gentillesse Salma et Victor ont pris mes clefs d&rsquo;appartement (il n&rsquo;est pas loin rue Lhomond) et ils sont all\u00e9s sur mes indications me chercher de quoi me changer. Ce que je fis dans les toilettes de l&rsquo;IHP, pas trop fi\u00e8re avec le bas d\u00e9nud\u00e9 en utilisant moulte papier et serviettes sans tout salir ni rien boucher \u2026<br>Puis je suis revenue dignement dans l&rsquo;amphi Hermite avec un sac poubelle bien ferm\u00e9 contenant mes v\u00eatements sales.<br>J&rsquo;avoue ne pas avoir pleinement profit\u00e9 des expos\u00e9s de l&rsquo;apr\u00e8s midi, mais pour la soir\u00e9e cocktail j&rsquo;\u00e9tais remise et l&rsquo;objet de plein d&rsquo;attentions \u2026<\/p>\n\n\n\n<p>Les actes de notre s\u00e9minaire \u00ab Structures Alg\u00e9briques Ordonn\u00e9es \u00ab 2017-2018 contiennent les textes des expos\u00e9s et des photographies de l&rsquo;\u00e9v\u00e8nement.<br>J&rsquo;ai \u00e9t\u00e9 ensuite invit\u00e9e \u00e0 ref\u00eater les 90 ans de Paulo Ribenboim dans un colloque d&rsquo;Alg\u00e8bre \u00e0 Sao Paulo en novembre 2018 et \u00e0 donner une conf\u00e9rence \u00ab\u00a0From Orderings to Valuation Fans and Related Topics \u00ab qui mettait en lumi\u00e8re des travaux en collaboration avec Paulo Ribenboim et leurs d\u00e9veloppements r\u00e9cents.<br>Le s\u00e9jour n&rsquo;\u00e9tait que de quelques nuits et je repartais le dimanche, jour des \u00e9lections pr\u00e9sidentielles apr\u00e8s avoir un peu visit\u00e9 la ville au week-end.<br>Tout le monde savait quel en serait le r\u00e9sultat et cela plombait un peu l&rsquo;ambiance. Or un jour d&rsquo;\u00e9lections l\u00e0-bas cela signifie qu\u2019il n\u2019y a ni m\u00e9tro ni taxi !<br>Heureusement un jeune homme de l&rsquo;accueil de l&rsquo;h\u00f4tel avait une application Uber et a sauv\u00e9 mon retour en me commandant une voiture !<br>Et comme toujours sur mes vols France-Br\u00e9sil ou retour j&rsquo;ai dormi entre Recife et le Maroc \u2026<\/p>\n\n\n\n<p><\/p>\n\n\n\n<p><strong>RETRAITE, B\u00c9N\u00c9VOLAT ET \u00c9M\u00c9RITAT<\/strong><\/p>\n\n\n\n<p>Prendre sa retraite est une d\u00e9cision difficile, surtout lorsqu&rsquo;on aime son travail !<br>Je suis partie en d\u00e9cembre 2008, j&rsquo;allais avoir 63 ans, compte tenu de mes 5 ann\u00e9es d&rsquo;\u00e9tudes comme \u00e9l\u00e8ve professeur (IPES et ENSET) et de mes trois enfants ma retraite serait voisine de mon salaire en raison de l&rsquo;arr\u00eat des cotisations retraite.<\/p>\n\n\n\n<p>La motivation est venue de deux soucis, d&rsquo;une part des douleurs a l&rsquo;\u00e9paule droite apr\u00e8s avoir \u00e9crit dans ma vie plusieurs centaines de kilom\u00e8tres de tableaux, d&rsquo;autre part dans l&rsquo;atrium tout neuf les tableaux blancs nous avaient valu des markers Bic bas de gamme qui m&rsquo;ont donn\u00e9 une rhinite allergique dont je subis encore parfois les cons\u00e9quences avec d&rsquo;autres solvants.<br>Arr\u00eater l&rsquo;enseignement permettait des r\u00e9soudre ces soucis, mais je n&rsquo;avais aucune envie d&rsquo;arr\u00eater la recherche et le s\u00e9minaire anim\u00e9 depuis 1984. Par contre oublier les charges administratives n&rsquo;\u00e9tait pas un regret !<\/p>\n\n\n\n<p>J&rsquo;ai donc demand\u00e9 d\u00e8s janvier 2009 le b\u00e9n\u00e9volat pour pouvoir continuer \u00e0 travailler et je suis revenue \u00e0 Jussieu r\u00e9cemment d\u00e9samiant\u00e9 o\u00f9 je suis toujours en 2021. J&rsquo;ai r\u00e9guli\u00e8rement fait des dossiers de b\u00e9n\u00e9volat tous les ans au d\u00e9but puis tous les deux ans lorqu&rsquo;ils ont offert cette possibilit\u00e9.<br>Ce n&rsquo;est pas inint\u00e9ressant de faire un tel dossier, on met son CV \u00e0 jour, on \u00e9crit un bilan pour les ann\u00e9es pass\u00e9es et un projet pour les ann\u00e9es \u00e0 venir, cela oblige a r\u00e9fl\u00e9chir sur nos activit\u00e9s.<br>Ensuite le dossier suit un chemin kafkaiesque de signatures : Institut, UFR, affaires g\u00e9n\u00e9rales qui fabrique un dossier plus juridique, retour au demandeur puis \u00e0 nouveau institut, UFR et enfin la pr\u00e9sidence de l&rsquo;Universit\u00e9 qui valide et vous retourne \u00e0 votre domicile un exemplaire original \u2026<\/p>\n\n\n\n<p>Je ne demandais pas l&rsquo;\u00e9m\u00e9ritat qu&rsquo;il fallait demander tous les ans et ne durait qu&rsquo;une ann\u00e9e. Je me suis d\u00e9cid\u00e9e \u00e0 le faire en 2020 car la dur\u00e9e \u00e9tait pass\u00e9e \u00e0 5 ann\u00e9es.<br>J&rsquo;ai donc \u00e9t\u00e9 nomm\u00e9e Ma\u00eetre de Conf\u00e9rence Em\u00e9rite le 1er janvier 2021 et le suis jusqu&rsquo;au 31 d\u00e9cembre 2025. A cette date j&rsquo;aurai presque 80 ans, il faudra r\u00e9fl\u00e9chir, mais Max Dickmann qui a plus de 80 vient de red\u00e9poser un dossier de demande d&rsquo;\u00e9m\u00e9ritat\u2026<\/p>\n\n\n\n<p>Dans la foul\u00e9e de l&rsquo;attribution de l&rsquo;\u00e9m\u00e9ritat les ressources humaines m&rsquo;ont nomm\u00e9e b\u00e9n\u00e9vole jusqu&rsquo;au 31 d\u00e9cembre 2023. A l&rsquo;automne 2023 si la forme est toujours bonne je referai bien s\u00fbr un dossier de b\u00e9n\u00e9volat jusque 2025. Apr\u00e8s 2025 je verrai \u00e0 ce moment l\u00e0 que d\u00e9cider \u2026<\/p>\n\n\n\n<p>Les chercheurs, et en particulier les math\u00e9maticiens dont le travail de recherche supporte bien d&rsquo;\u00eatre un peu nomade sont, comme les artistes et les politiques, des travailleurs qui ne savent pas s&rsquo;arr\u00eater.<br>Le travail est trop passionnant, on a du mal \u00e0 s&rsquo;en passer et puis on reste tr\u00e8s attach\u00e9 \u00e0 sa communaut\u00e9 professionnelle o\u00f9 l&rsquo;on trouve une analogie de pens\u00e9e, de sensibilit\u00e9 et de raisonnement.<\/p>\n\n\n\n<p><\/p>\n\n\n\n<p>\u00c0<strong> PROPOS DES BIOGRAPHIES ET CONCLUSION<\/strong><\/p>\n\n\n\n<p>N\u00e9e en 1946 je suis de la g\u00e9n\u00e9ration des babyboomers comme on nous appelle. Nous n&rsquo;avons pas connu de guerre, mais avons joui des trente glorieuses, eu peu de soucis professionnels et sommes rest\u00e9s en assez bonne sant\u00e9.<\/p>\n\n\n\n<p>Je constate que les biographies naissent en ce moment dans cette g\u00e9n\u00e9ration. Ma cousine Dominique Cozette n\u00e9e aussi en 1946 a \u00e9crit et publi\u00e9 un livre autobiographique assez dr\u00f4le sur les \u00ab\u00a0ratages\u00a0\u00bb de son existence, mon amie Anne-Marie Charbonnel, n\u00e9e en 1945, \u00e9crit un t\u00e9moignage sur sa vie de math\u00e9maticienne \u00e0 laquelle se m\u00eale sa vie personnelle, je pourrai surement trouver d&rsquo;autres exemples autour de moi.<\/p>\n\n\n\n<p>La premi\u00e8re autobiographie de math\u00e9maticienne que j&rsquo;ai lue fut celle d&rsquo;Olga Taussky-Todd que j&rsquo;avais crois\u00e9e dans des colloques de th\u00e9orie des nombres au d\u00e9but de ma carri\u00e8re.<br>J&rsquo;ai travaill\u00e9 ce texte et fait des recherches pour faire \u00e0 Konstanz un expos\u00e9 sur cette math\u00e9maticienne. J&rsquo;ai trouv\u00e9 cela tr\u00e8s int\u00e9ressant et l&rsquo;ai illustr\u00e9 en particulier avec des reproductions de deux portraits peints tr\u00e8s remarquables qui me faisaient d\u00e9couvrir la femme plus jeune que je n&rsquo;avais pas connue.<\/p>\n\n\n\n<p>Je suis assez incomp\u00e9tente en histoire mais j&rsquo;ai acquis une grande estime des historiens en travaillant avec eux en particulier avec Marianne Brugui\u00e8re et Nicole Fouch\u00e9.<br>Certes d&rsquo;immenses serveurs gardent trace de nos \u00e9changes et de nos vies mais seront-ils toujours sauvegard\u00e9s sur des machines exploitables facilement ? J&rsquo;ai le souvenir d&rsquo;un diner chez Paul et Marie-Paule Malliavin dans l&rsquo;ile Saint-Louis avec Benoit Mandelbrot, le p\u00e8re des fractals. Ce dernier nous avait expliqu\u00e9 qu&rsquo;il avait gard\u00e9 pr\u00e9cieusement les bandes magn\u00e9tiques de ses premiers travaux mais qu&rsquo;il n&rsquo;avait plus de machine pour les lire.<br>Les historiens du futur vont se heurter \u00e0 un blanc de quelques dizaines d&rsquo;ann\u00e9es entre les archives papier et les archives cloud \u2026 Et je me demande que faire de quelques belles lettres manuscrites de math\u00e9maticiens que je conserve pr\u00e9cieusement.<\/p>\n\n\n\n<p>Ces raisons et aussi les disparitions qui se produisent, tant dans le milieu math\u00e9matique que dans celui des associations, me laissent penser qu&rsquo;il est peut-\u00eatre urgent de laisser des traces de nos vies autres que des publications num\u00e9ris\u00e9es dans des revues internationales.<br>Nous avons malheureusement par exemple subi ces derni\u00e8res ann\u00e9es les pertes de certains math\u00e9maticiens Daniel Glushankoff, Fran\u00e7ois Lucas, Murray Marshall, Jean-Pierre Kahane, Alberto Tognoli ou Jean-Jacques Risler, et de certaines membres \u00e9m\u00e9rites remarquables dans nos associations comme Huguette Delavault, Nicole Mosconi et Claudine Hermann.<\/p>\n\n\n\n<p>Une autobiographie c&rsquo;est un peu \u00e9gocentrique forc\u00e9ment, et je me demande quelle image reste apr\u00e8s lecture de quelques pages de ce livre.<br>Sans doute comprend on que je ne me prends pas au s\u00e9rieux et que me suis beaucoup amus\u00e9e dans ma vie professionnelle, mais j&rsquo;esp\u00e8re aussi que l&rsquo;on aura compris l&rsquo;importance que j&rsquo;attache \u00e0 nos responsabilit\u00e9s envers nos \u00e9tudiants et les jeunes chercheurs.<\/p>\n\n\n\n<p>En conclusion je voudrais insister sur le fait que la recherche fondamentale, un peu \u00e9loign\u00e9e de futures applications, demande du temps et ne peut pas r\u00e9sulter d&rsquo;une programmation rigide.<br>La libert\u00e9 du chercheur est essentielle.<br>J&rsquo;ajouterai que l&rsquo;on ne trouve que ce que l&rsquo;on a r\u00e9ellement voulu chercher, une question que l&rsquo;on se pose \u00e0 soi-m\u00eame apr\u00e8s des \u00e9tudes ou un expos\u00e9 a plus de chances d&rsquo;\u00eatre r\u00e9solue qu&rsquo;une question ouverte, suppos\u00e9e int\u00e9ressante, propos\u00e9e par un autre chercheur.<\/p>\n\n\n\n<p>Par contre les \u00e9changes et les discussions informelles entre chercheurs, de domaines proches ou non, sont source de nouvelles et fructueuses collaborations.<br>C&rsquo;est pour cela que les math\u00e9maticiens courent le monde \u00e0 la recherche de ces rencontres \u2026<\/p>\n\n\n\n<p>En ces temps de pand\u00e9mie ces d\u00e9placements nous manquent beaucoup. Heureusement il me semble que les plus jeunes se sont bien adapt\u00e9s \u00e0 ces r\u00e9unions virtuelles en Zoom, que nous sommes bien forc\u00e9s d\u2019utiliser pour poursuivre notre vieux s\u00e9minaire organis\u00e9 par trois \u00e9m\u00e9rites.<\/p>\n\n\n\n<p><\/p>\n\n\n\n<p><strong>CURRICULUM VITAE<\/strong><\/p>\n\n\n\n<p>Danielle GONDARD n\u00e9e COZETTE<\/p>\n\n\n\n<p>Ancienne \u00e9l\u00e8ve de l\u2019Ecole Normale Sup\u00e9rieure de Cachan (1966-1970) ;<br>Agr\u00e9g\u00e9e de l\u2019Universit\u00e9 (Math\u00e9matiques, 1969) ;<br>Doctorat de troisi\u00e8me cycle (Math\u00e9matiques, Universit\u00e9 Paris-Sud, 1973) ;<br>Docteur d\u2019Etat \u00e8s Sciences (Math\u00e9matiques, Universit\u00e9 Paris VII, 1989).<\/p>\n\n\n\n<p>Institut de Math\u00e9matiques de Jussieu -Paris Rive Gauche<br>UMR 7586 du CNRS, Projet Th\u00e9orie des Nombres<br>Bureau 15-25 424, site Jussieu ; 06 82 31 04 64 ; danielle.gondard@imj-prg.fr<\/p>\n\n\n\n<p>Sorbonne Universit\u00e9 (Case courrier 247)<br>4, Place Jussieu 75252 PARIS Cedex 05.<\/p>\n\n\n\n<p>N\u00e9e le 7 Avril 1946 ; trois enfants.<br>Anglais, Espagnol, notions d\u2019Allemand et de Russe.<\/p>\n\n\n\n<p>CARRI\u00c8RE<\/p>\n\n\n\n<p>Ma\u00eetre de Conf\u00e9rence \u00c9m\u00e9rite depuis le 1er Janvier 2021.<\/p>\n\n\n\n<p>Ma\u00eetre de Conf\u00e9rences retrait\u00e9e de l\u2019Universit\u00e9 Pierre et Marie Curie, sous contrat de collaborateur b\u00e9n\u00e9vole avec Sorbonne Universit\u00e9 (ex UPMC) depuis 2009.<\/p>\n\n\n\n<p>Ma\u00eetre de Conf\u00e9rences hors-classe, Universit\u00e9 Paris VI (1992-2009) ;<\/p>\n\n\n\n<p>Inscrite sur les listes de qualification aux fonctions de Professeur des Universit\u00e9s en 1992, 1998 et 2003, (qualifications 9212511011, 9812583209 et 03125083209) ;<\/p>\n\n\n\n<p>Ma\u00eetre-Assistante (1976-1985), puis Ma\u00eetre de Conf\u00e9rences (1985-1992), Universit\u00e9 Paris VI ;<\/p>\n\n\n\n<p>Assistante (1970-1974), puis Ma\u00eetre-Assistante (1974-1976), Universit\u00e9 de Bretagne Occidentale.<\/p>\n\n\n\n<p>RECHERCHES MATH\u00c9MATIQUES<\/p>\n\n\n\n<p>Domaines de recherche :<\/p>\n\n\n\n<ul class=\"wp-block-list\">\n<li>Alg\u00e8bre et g\u00e9om\u00e9trie r\u00e9elles ;<\/li>\n\n\n\n<li>Th\u00e9orie des mod\u00e8les ; th\u00e9orie des valuations ;<\/li>\n\n\n\n<li>Arithm\u00e9tique des corps ; sommes de puissances.<\/li>\n<\/ul>\n\n\n\n<p>Publications scientifiques : plus de 30 articles publ\u00e9s.<\/p>\n\n\n\n<p>Conf\u00e9rences \u00e0 l\u2019\u00e9tranger : plus de 60 missions effectu\u00e9es.<\/p>\n\n\n\n<p>Coop\u00e9rations internationales :<\/p>\n\n\n\n<pre class=\"wp-block-code\"><code>    Membre de l\u2019Executive Committee du projet international (2017-2019) de l\u2019International Council      for Science (ICSU) : \n    \u00ab A Global Approach to the Gender Gap in Mathematical and Natural Sciences: How to Measure It,          How to Reduce It? \u00bb. \n    https:&#047;&#047;icsugendergapinscience.org\/organization\/executive-committee\/<\/code><\/pre>\n\n\n\n<ul class=\"wp-block-list\">\n<li>Contrat de coop\u00e9ration bilat\u00e9ral France \u2013 Canada sur le sujet \u00ab Positive Polynomials and Applications \u00bb, University Paris 6 \u2013 University of Saskatchewan, Canada, 2006-2011<\/li>\n\n\n\n<li>Membre du r\u00e9seau europ\u00e9en (programme \u201cImproving Human Research Potential\u201d), \u201cModel Theory and Applications\u201d 2004-2008 ;<\/li>\n\n\n\n<li>Membre du r\u00e9seau europ\u00e9en (programme \u201cImproving Human Research Potential\u201d), \u00abReal Algebraic and Analytic Geometry\u00bb 2002-2006 ;<\/li>\n\n\n\n<li>Responsable du contrat bilat\u00e9ral de coop\u00e9ration franco-canadienne \u00ab Th\u00e9orie des Valuations et Applications \u00bb, Univ. Paris VI &#8211; Univ. du Saskatchewan 1999-2004 ;<\/li>\n\n\n\n<li>Coop\u00e9ration franco-allemande sur programmes PROCOPE 1989-1994, 1997-1999 ;<\/li>\n\n\n\n<li>Membre du r\u00e9seau europ\u00e9en (programme \u00ab Human Capital and Mobility \u00bb) \u00ab Real Algebraic and Analytic Geometry \u00bb 1994-1997.<\/li>\n\n\n\n<li>Membre du r\u00e9seau europ\u00e9en (programme \u00ab Human Capital and Mobility \u00bb) \u00ab Model Theory and Applications \u00bb 1993-1996 ;<\/li>\n<\/ul>\n\n\n\n<p>Animation de s\u00e9minaire, direction de recherche :<\/p>\n\n\n\n<ul class=\"wp-block-list\">\n<li>B\u00e9n\u00e9ficiaire de trois contrats d\u2019encadrement doctoral et de recherche :<br>du 1-10-1991 au 30-09-1995 ;<br>du 1-10-1998 au 30-09-2002 ;<br>du 1-10-2004 au 30-09-2008.<\/li>\n\n\n\n<li>Co-organisatrice du s\u00e9minaire \u00ab Structures alg\u00e9briques ordonn\u00e9es \u00bb depuis 1984.<br>(Codirection avec F. Delon, M. Dickmann et T. Servi ; alias DDGS).<br>Th\u00e9matiques transverses : Alg\u00e8bre et G\u00e9om\u00e9trie r\u00e9elles, Arithm\u00e9tique des corps, Th\u00e9orie des mod\u00e8les, Th\u00e9orie des valuations. Edition annuelle des actes du S\u00e9minaire.<br>S\u00e9minaire de recherche \u00e0 rayonnement international (60% des 500 expos\u00e9s donn\u00e9s par des coll\u00e8gues \u00e9trangers) mais aussi dirig\u00e9 vers la formation des jeunes chercheurs en leur donnant l\u2019opportunit\u00e9 d\u2019exposer leurs travaux et de profiter parfois de mini-cours avanc\u00e9s ou de synth\u00e8ses des recherches.<\/li>\n\n\n\n<li>Revues d\u2019articles pour l\u2019American Mathematical Society depuis 1992 et pour Zentralblatt f\u00fcr Mathematik depuis 1995.<\/li>\n\n\n\n<li>Participation \u00e0 des jurys de th\u00e8ses et rapports pour comit\u00e9s de lecture de revues.<\/li>\n<\/ul>\n\n\n\n<p>\u00c9dition :<\/p>\n\n\n\n<ul class=\"wp-block-list\">\n<li>Edition et diffusion internationale des actes du s\u00e9minaire DDGS depuis 1984.<\/li>\n\n\n\n<li>Editrice des volumes 32 et 33 de la s\u00e9rie des Publications Math\u00e9matiques de l\u2019Universit\u00e9 Paris VII (1990).<\/li>\n\n\n\n<li>Editrice des actes du Congr\u00e8s Math\u00e9matique Junior publi\u00e9s dans \u00ab Quadrature \u00bb, num\u00e9ro 16, (1993).<\/li>\n\n\n\n<li>Editrice Contemporary Mathematics 697, Ordered Algebraic Structures and Related Topics, (2017).<\/li>\n<\/ul>\n\n\n\n<p>ACTIVIT\u00c9S D\u2019ENSEIGNEMENT ET DE FORMATION<\/p>\n\n\n\n<p>Responsable scientifique 2004-2014, pour l\u2019Universit\u00e9 Pierre et Marie Curie, du Dipl\u00f4me inter-universitaire Paris III \u2013 Paris VI, \u00ab Conseiller &#8211; Conseill\u00e8re R\u00e9f\u00e9rent-e en Egalit\u00e9 Femmes\/Hommes \u00bb. Il s\u2019agit d\u2019un dipl\u00f4me de formation continue, de niveau bac+ 4, cr\u00e9\u00e9 en 2004 par les Universit\u00e9s Paris 3 et Paris 6, avec le soutien du Fonds Social Europ\u00e9en et de la D\u00e9l\u00e9gation R\u00e9gionale aux Droits des Femmes et \u00e0 l&rsquo;\u00c9galit\u00e9 d&rsquo;Ile-de-France.<\/p>\n\n\n\n<p>Cours magistraux en DEUG SCM premi\u00e8re ann\u00e9e, puis en L1, modules LM 120 et LM 125, 1992-2008.<\/p>\n\n\n\n<p>Travaux dirig\u00e9s dans divers certificats de Licence et Ma\u00eetrise de Math\u00e9matiques et en DEUG seconde ann\u00e9e MP (1976-1992).<\/p>\n\n\n\n<p>Exp\u00e9rience d\u2019initiation \u00e0 l\u2019informatique en \u00e9cole maternelle avec le langage LOGO en moyenne et grande sections, \u00e9cole 29 rue Mouffetard \u00e0 Paris 5\u00e8me (1988-1990).<\/p>\n\n\n\n<p>Participation \u00e0 la licence par correspondance de l\u2019Universit\u00e9 Paris VI, certificat de Topologie (1979-1981).<\/p>\n\n\n\n<p>Membre du jury du concours d\u2019entr\u00e9e \u00e0 l\u2019Ecole Normale Sup\u00e9rieure de Cachan, pour la 1\u00e8re \u00e9preuve de math\u00e9matiques (1971-1986).<\/p>\n\n\n\n<p>Charg\u00e9e de la formation continue des professeurs certifi\u00e9s \u00e0 l\u2019IREM (Institut de Recherche pour l\u2019Enseignement des Math\u00e9matiques) de l\u2019Universit\u00e9 de Bretagne Occidentale (1974-1976).<\/p>\n\n\n\n<p>Cours magistraux et travaux dirig\u00e9s en 1\u00e8re ann\u00e9e de premier cycle \u00e0 l\u2019Universit\u00e9 de Bretagne Occidentale (1970-1974).<\/p>\n\n\n\n<p>AUTRES RESPONSABILIT\u00c9S<\/p>\n\n\n\n<p>Administration et politique scientifique :<\/p>\n\n\n\n<pre class=\"wp-block-code\"><code>  -    Membre du Jury du concours d\u2019entr\u00e9e 2018 \u00e0 l\u2019ENS ULM. <\/code><\/pre>\n\n\n\n<p>Correctrice de l\u2019\u00e9preuve de math\u00e9matiques de 6h : Math D.<\/p>\n\n\n\n<pre class=\"wp-block-code\"><code>  -    Membre du Comit\u00e9 Ex\u00e9cutif du projet 2017-2019:<\/code><\/pre>\n\n\n\n<p>A Global Approach to the Gender Gap in Mathematical and Natural Sciences: How to Measure It, How to Reduce It?<br>Projet de l\u2019International Council for Science (ICSU) g\u00e9r\u00e9 par l\u2019International Mathematical Union (IMU) et International Union of Pure and applied Chemistry (IUPAC).<br>Co-responsable de la t\u00e2che 3 :<br>https:\/\/icsugendergapinscience.org\/work-packages\/database-good-practices\/<\/p>\n\n\n\n<pre class=\"wp-block-code\"><code>  -    Membre du Comit\u00e9 Parit\u00e9 de l\u2019Institut Math\u00e9matique de Jussieu - Paris Rive Gauche depuis 2017.\n\n  -    Repr\u00e9sentante, depuis 2010, de l\u2019Universit\u00e9 Pierre et Marie Curie au Comit\u00e9 de Direction de l\u2019Institut Emilie du Chatelet (F\u00e9d\u00e9ration de recherche sur les femmes, le sexe et le genre, qui rassemble 17 grands \u00e9tablissements au sein d\u2019un DIM financ\u00e9 par la R\u00e9gion Ile-de-France) \n\n  -    Membre du \"Conseil National des Universit\u00e9s\", 25\u00e8me section, 2003-2009.<\/code><\/pre>\n\n\n\n<ul class=\"wp-block-list\">\n<li>Vice-pr\u00e9sidente de la Commission de Sp\u00e9cialistes 25\u00e8me section, 1992 \u00e0 1998.<br>Universit\u00e9 Pierre et Marie Curie (Paris VI).<\/li>\n\n\n\n<li>Membre de la commission du groupe V, 1992 \u00e0 1999<br>Gestion des promotions des ma\u00eetres de conf\u00e9rences des sections 25, 26 et 27.<br>Universit\u00e9 Pierre et Marie Curie (Paris VI).<\/li>\n\n\n\n<li>Membre ext\u00e9rieur de commissions de sp\u00e9cialistes :<br>Universit\u00e9 de Versailles-Saint Quentin en Yvelines (1992-1995) ;<br>Universit\u00e9 de Nantes (1993-1999) ;<br>Universit\u00e9 du Maine (1998-2001).<\/li>\n<\/ul>\n\n\n\n<p>Organisation de congr\u00e8s :<\/p>\n\n\n\n<pre class=\"wp-block-code\"><code>- Co-organisatrice de la journ\u00e9e du 20 Mars 2018 \u00e0 l\u2019Institut Henri Poincar\u00e9. Journ\u00e9e en l\u2019honneur des 90 ans de Paulo Ribenboim.<\/code><\/pre>\n\n\n\n<p>http:\/\/modvac18.math.ens.fr\/Ribenboim.html<\/p>\n\n\n\n<pre class=\"wp-block-code\"><code>- Co-organisatrice du colloque international \u00ab Structures alg\u00e9briques ordonn\u00e9es et leurs interactions \u00bb, colloque 1155 au CIRM (Luminy), 12-16 Octobre 2015 \n\n- Co-organisatrice du colloque en l\u2019honneur de Max Dickmann, Institut de Math\u00e9matique de Jussieu et Equipe de Logique (avec F. Delon (Paris 7)), les 24 et 25 juin 2007. \n\n- Co-organisatrice du trimestre de recherche sur \u00abLa G\u00e9om\u00e9trie R\u00e9elle \u00bb au Centre<\/code><\/pre>\n\n\n\n<p>Emile Borel, (avec Michel Coste (Rennes) et Max Dickmann (Paris 7)), Institut Poincar\u00e9, Paris, automne 2005<\/p>\n\n\n\n<pre class=\"wp-block-code\"><code>- Co-organisatrice du Congr\u00e8s Math\u00e9matique Junior (avec J.-P. Ressayre (Paris 7)), organis\u00e9 \u00e0 la Cit\u00e9 des Sciences de La Villette en  juillet 1992.<\/code><\/pre>\n\n\n\n<p>Ce congr\u00e8s a \u00e9t\u00e9 organis\u00e9 dans le cadre du premier Congr\u00e8s Math\u00e9matique Europ\u00e9en, et r\u00e9alis\u00e9 en liaison avec les associations APMEP, \u00ab Femmes et Math\u00e9matiques \u00bb, SMAI, SMF et UPS, ainsi qu\u2019en coop\u00e9ration avec les Concours Math\u00e9matiques pour lyc\u00e9ens et l\u2019op\u00e9ration \u00ab Maths en Jeans \u00bb. Un num\u00e9ro sp\u00e9cial de la revue math\u00e9matique pour lyc\u00e9ens \u00ab Quadrature \u00bb (num\u00e9ro 16, septembre-octobre 1993) a \u00e9t\u00e9 consacr\u00e9 aux actes du CMJ.<\/p>\n\n\n\n<pre class=\"wp-block-code\"><code>- Membre du comit\u00e9 d\u2019organisation du congr\u00e8s sur \u00ab Ordered Fields and Real<\/code><\/pre>\n\n\n\n<p>Algebraic Geometry \u00bb, Boulder (Colorado,U.S.A.) en 1983.<\/p>\n\n\n\n<p>DISTINCTIONS ET SOCI\u00c9T\u00c9S SAVANTES<\/p>\n\n\n\n<p>Nomm\u00e9e Chevali\u00e8re dans l\u2019Ordre National du M\u00e9rite en 2003. D\u00e9coration remise par Claudine Hermann (Professeure de Physique \u00e0 l\u2019Ecole Polytechnique et Pr\u00e9sidente de l\u2019Association Femmes et Sciences) le 3 octobre 2003 \u00e0 Reid Hall (Columbia University).<\/p>\n\n\n\n<p>Membre de la Soci\u00e9t\u00e9 Math\u00e9matique de France depuis 1974.<\/p>\n\n\n\n<p>Membre de l\u2019American Mathematical Society, 1985-2010.<\/p>\n\n\n\n<p>Membre de l\u2019Association de Nationale des Membres de l\u2019Ordre National du M\u00e9rite depuis 2003.<\/p>\n\n\n\n<p>ACTIVIT\u00c9S ASSOCIATIVES<\/p>\n\n\n\n<p>Membre de l\u2019association Femmes et Math\u00e9matiques depuis sa cr\u00e9ation en 1987.<\/p>\n\n\n\n<p>Membre de l\u2019Association Fran\u00e7aise des Femmes Dipl\u00f4m\u00e9es des Universit\u00e9s 1992-2015.<\/p>\n\n\n\n<p>Membre de l\u2019association Femmes et Sciences depuis sa cr\u00e9ation en 2000.<\/p>\n\n\n\n<p>Membre du Comit\u00e9 de direction de l\u2019Institut Emilie du Chatelet depuis 2010.<\/p>\n\n\n\n<p>Membre de l\u2019association R\u00e9ussir l\u2019\u00e9galit\u00e9 femmes hommes depuis 2013<\/p>\n\n\n\n<p>Activit\u00e9s pour l\u2019 \u00ab Institut Emilie du Chatelet \u00bb.<\/p>\n\n\n\n<ul class=\"wp-block-list\">\n<li>Membre du comit\u00e9 de direction depuis 2010, repr\u00e9sentante de l\u2019Universit\u00e9 Pierre et Marie Curie dans la f\u00e9d\u00e9ration de recherche Institue Emilie du Chatelet.<\/li>\n\n\n\n<li>Co-organisatrice de la journ\u00e9e du 17 octobre 2011 des Assises 2011 de l\u2019IEC ; journ\u00e9e qui \u00e9tait consacr\u00e9e \u00e0 l\u2019\u00ab Education \u00e0 l\u2019\u00e9galit\u00e9 en Sciences \u00bb.<br>Mod\u00e9ratrice de la table ronde \u00ab On ne na\u00eet pas scientifique, on le devient \u00bb.<\/li>\n<\/ul>\n\n\n\n<p>Activit\u00e9s pour \u00ab l\u2019Association Fran\u00e7aise des Femmes Dipl\u00f4m\u00e9es des Universit\u00e9s \u00bb (AFFDU)<\/p>\n\n\n\n<p>Pr\u00e9sidente de la Commission des Bourses de 1996 \u00e0 2002.<\/p>\n\n\n\n<ul class=\"wp-block-list\">\n<li>Gestion des dons et legs permettant d\u2019offrir des aides financi\u00e8res \u00e0 des femmes, en fin de th\u00e8se ou au niveau post-doctoral, pour des projets de recherche impliquant une mobilit\u00e9 de ou vers l\u2019\u00e9tranger.<\/li>\n\n\n\n<li>Recherche de m\u00e9c\u00e8nes pour financer des bourses, notamment dans les domaines o\u00f9 les femmes sont minoritaires et pour les travaux de recherche concernant les femmes.<\/li>\n\n\n\n<li>Cr\u00e9ation en 1997 de la bourse Femmes et Finance, en partenariat avec l\u2019association Femmes et Finance, aide financi\u00e8re destin\u00e9e \u00e0 une \u00e9tudiante dans les domaines Finances et Economie.<\/li>\n\n\n\n<li>Cr\u00e9ation en 1998 de la bourse Gauthier-Villars, en partenariat avec les \u00e9ditions ELSEVIER Sciences, aide financi\u00e8re destin\u00e9e \u00e0 une \u00e9tudiante en Math\u00e9matiques.<\/li>\n\n\n\n<li>Renouvellement en 2002 pour 5 ann\u00e9es de l\u2019accord avec la directrice de Reid Hall, repr\u00e9sentant Columbia University (New York) pour le financement de bourses Dorothy Leet\/AFFDU.<\/li>\n\n\n\n<li>Pr\u00e9sentation des Bourses AFFDU lors de salons du livre organis\u00e9s par l\u2019AFFDU<\/li>\n<\/ul>\n\n\n\n<p>Publications et rapports dans la revue Dipl\u00f4m\u00e9es :<\/p>\n\n\n\n<ul class=\"wp-block-list\">\n<li>Dipl\u00f4m\u00e9es, num\u00e9ro 158, septembre 1991, 89-95.<\/li>\n\n\n\n<li>Dipl\u00f4m\u00e9es, num\u00e9ro 183, d\u00e9cembre 1997, 291-292.<\/li>\n\n\n\n<li>Dipl\u00f4m\u00e9es, num\u00e9ro 187, d\u00e9cembre 1998, 328-331.<\/li>\n\n\n\n<li>Dipl\u00f4m\u00e9es, num\u00e9ro 191, d\u00e9cembre 1999, 258-260.<\/li>\n\n\n\n<li>Dipl\u00f4m\u00e9es, num\u00e9ro 192, mars 2000, 4-11.<\/li>\n\n\n\n<li>Dipl\u00f4m\u00e9es, num\u00e9ro 194, d\u00e9cembre 2000, 260-262.<\/li>\n\n\n\n<li>Dipl\u00f4m\u00e9es, num\u00e9ro 199, d\u00e9cembre 2001, 316-324.<\/li>\n\n\n\n<li>Editrice de Dipl\u00f4m\u00e9es, num\u00e9ro sp\u00e9cial 205 (2003).<\/li>\n<\/ul>\n\n\n\n<p>Membre de la Commission Web et Nouvelles Technologies \u00e0 sa cr\u00e9ation en 1999.<\/p>\n\n\n\n<ul class=\"wp-block-list\">\n<li>Participation \u00e0 la conception du premier site web de l\u2019association.<\/li>\n\n\n\n<li>R\u00e9daction de la partie concernant les aides financi\u00e8res offertes par l\u2019AFFDU.<\/li>\n<\/ul>\n\n\n\n<p>Pr\u00e9sidente de la Commission des Admissions et des Equivalences 2002-2008.<\/p>\n\n\n\n<ul class=\"wp-block-list\">\n<li>R\u00e9organisation des proc\u00e9dures d\u2019admission et des fichiers de l\u2019association.<\/li>\n\n\n\n<li>R\u00e9flexion sur les dipl\u00f4mes requis pour adh\u00e9rer \u00e0 l\u2019association, et harmonisation avec les crit\u00e8res des autres associations europ\u00e9ennes de la F\u00e9d\u00e9ration Internationale des Femmes Dipl\u00f4m\u00e9es des Universit\u00e9s (IFUW, ONG dont le si\u00e8ge est \u00e0 Gen\u00e8ve).<\/li>\n\n\n\n<li>Recherche d\u2019informations sur les proc\u00e9dures VAP et VAE (par exemple participation au colloque de l\u2019AFDET du 9 octobre 2002 sur la Validation des Acquis de l\u2019Exp\u00e9rience).<\/li>\n<\/ul>\n\n\n\n<p>Organisatrice de l&rsquo; Hommage \u00e0 Huguette Delavault du 3 juin 2003 \u00e0 Reid Hall.<\/p>\n\n\n\n<p>Editrice des textes des interventions pour la revue Dipl\u00f4m\u00e9es de juin 2003, # 205, consacr\u00e9e \u00e0 cet hommage.<\/p>\n\n\n\n<p>Repr\u00e9sentante de l\u2019AFFDU dans le comit\u00e9 de pilotage pour la cr\u00e9ation du dipl\u00f4me interuniversitaire \u00ab Egalit\u00e9 des chances entre les femmes et les hommes \u00bb, dipl\u00f4me de Formation Permanente (bac+5), cr\u00e9\u00e9 par les universit\u00e9s Paris 3 et Paris 6, le 18 octobre 2004 avec le soutien du Fonds Social Europ\u00e9en et de la D\u00e9l\u00e9gation R\u00e9gionale aux Droits des Femmes et \u00e0 l&rsquo;\u00c9galit\u00e9 d&rsquo;Ile-de-France.<\/p>\n\n\n\n<p>Activit\u00e9s dans l\u2019association \u00ab Femmes et Sciences \u00bb<\/p>\n\n\n\n<p>Membre du bureau de l\u2019association \u00ab Femmes et Sciences \u00bb 2002-2005. Charg\u00e9e des relations avec les autres associations poursuivant les m\u00eames objectifs.<\/p>\n\n\n\n<p>Membre du CA pour 2014-2016.<\/p>\n\n\n\n<p>Activit\u00e9s dans l\u2019association \u00ab Femmes et Math\u00e9matiques \u00bb<\/p>\n\n\n\n<p>Participation \u00e0 la cr\u00e9ation de l\u2019association le 16 mai 1987 et membre du premier conseil d\u2019administration de l\u2019association \u00ab Femmes et Math\u00e9matiques \u00bb.<\/p>\n\n\n\n<p>Membre du Conseil d\u2019Administration de \u00ab Femmes et Math\u00e9matiques \u00bb de 1987 \u00e0 1994.<\/p>\n\n\n\n<p>Durant cette p\u00e9riode :<\/p>\n\n\n\n<ul class=\"wp-block-list\">\n<li>collecte et mise en forme de statistiques sexu\u00e9es : baccalaur\u00e9ats scientifiques, classes pr\u00e9paratoires aux grandes \u00e9coles, Ecoles Normales Sup\u00e9rieures, Ecole Polytechnique, CAPES et Agr\u00e9gation de Math\u00e9matiques, \u00e9tudes universitaires en second et troisi\u00e8me cycles ;<\/li>\n\n\n\n<li>participation au colloque \u00ab Maths \u00e0 venir \u00bb \u00e0 l\u2019Ecole Polytechnique, o\u00f9 a eu lieu en particulier une table ronde sur \u00ab la place des femmes en Math\u00e9matiques, probl\u00e8mes actuels, perspectives d\u2019avenir \u00bb les 9-10 d\u00e9cembre 1987 ;<\/li>\n\n\n\n<li>collaboration \u00e0 la pr\u00e9paration de l\u2019exposition pour le stand \u00ab Femmes et Math\u00e9matiques \u00bb du salon Mathecom 89 et des journ\u00e9es de l\u2019APM \u00ab Math\u00e9matiques en r\u00e9volution \u00bb (28-30\/10\/1989, Lyc\u00e9e Henri IV, Paris) ;<\/li>\n\n\n\n<li>collaboration \u00e0 la cr\u00e9ation de la plaquette de pr\u00e9sentation de l\u2019association \u00ab Femmes et Math\u00e9matiques \u00bb : r\u00e9alisation des pages statistiques (1990) ;<\/li>\n\n\n\n<li>intervention sur \u00ab La formation du personnel de l\u2019enseignement secondaire \u00e0 l\u2019\u00e9galit\u00e9 des chances entre filles et gar\u00e7ons \u00bb au Palais du Luxembourg, le 23 Mars 1991, (journ\u00e9e organis\u00e9e par l\u2019AFFDU) ;<\/li>\n\n\n\n<li>participation au congr\u00e8s \u00ab European Women in Mathematics \u00bb, 12-16 d\u00e9cembre 1997 \u00e0 Trieste (Italie).<\/li>\n<\/ul>\n\n\n\n<p>Contribution \u00e0 l\u2019iconographie du livre \u00ab Du cot\u00e9 des Math\u00e9maticiennes \u00bb, ALEAS, 2002.<\/p>\n\n\n\n<p>Participation \u00e0 la table ronde \u00ab Women in Mathematics \u00bb , le 24 ao\u00fbt 2002, dans le cadre du Congr\u00e8s International des Math\u00e9maticiens (20-28\/8\/2002), \u00e0 P\u00e9kin (Chine).<\/p>\n\n\n\n<p>Participation au colloque ICWM (International Conference of Women Mathematicians) 17-18 Aout 2010, University of Hyderabad (Inde).<\/p>\n\n\n\n<p>Publications :<br>\u00ab Quelques actions de l\u2019association Femmes et Math\u00e9matiques \u00bb, Dipl\u00f4m\u00e9es #158, septembre 1991, pp. 89-95.<br>Huguette Delavault 1924-2002, Gazette des math\u00e9maticiens, juin 2003 ;<br>Huguette Delavault 1924-2002, revue de l&rsquo;association Femmes et math\u00e9matiques, juillet 2003 ;<br>Huguette Delavault , cosign\u00e9 avec Anne-Marie Charbonnel, Dictionnaire des cr\u00e9atrices, Edition des femmes (2013).<\/p>\n\n\n\n<p>Activit\u00e9s dans l\u2019association REFH (R\u00e9ussir l\u2019\u00e9galit\u00e9 femmes hommes)<\/p>\n\n\n\n<p>Participation \u00e0 la cr\u00e9ation de l\u2019association.<\/p>\n\n\n\n<p>Membre du premier CA 2013-2016.<\/p>\n\n\n\n<p>Coop\u00e9ration avec Corinne Belliard pour un travail d\u2019\u00e9tude sur les Femmes \u00e0 l\u2019Institut Unversitaire de France. Apport de donn\u00e9es concernant les math\u00e9matiques.<\/p>\n\n\n\n<p><\/p>\n\n\n\n<p><strong>PUBLICATIONS SCIENTIFIQUES DANIELLE GONDARD-COZETTE<\/strong><\/p>\n\n\n\n<p>[32] Nombre de composantes connexes d&rsquo;une vari\u00e9t\u00e9 r\u00e9elle et R-places, J. of Pure and Abstract Algebra 2020, https:\/\/doi.org\/10.1016\/j.jpaa.2020.106611; edited by Saugata Basu, Cordian Riener, Marie-Fran\u00e7oise Roy ; Volume 225, Issue 7 , July 2021.<\/p>\n\n\n\n<p>[31] The Space of Valuation Fans and Admissible P-Structures, in s\u00e9minaire \u00ab Structures Alg\u00e9briques Ordonn\u00e9es \u00bb, S\u00e9rie preprints Paris 7 Logique # 94, F\u00e9vrier 2021.<\/p>\n\n\n\n<p>[30] Note on Artin&rsquo;s solution for Hilbert&rsquo;s 17th problem and The Stengle Nullstellenstaz, manuscripts in preparation for \u00ab\u00a0Sources for Real Geometry\u00a0\u00bb, collective book in preparation.<\/p>\n\n\n\n<p>[29] On valuation fans and the real holomorphy ring, in S\u00e9minaire Structures Alg\u00e9briques Ordonn\u00e9es, S\u00e9rie preprints Paris 7 Logique # 91, Mai 2017.<\/p>\n\n\n\n<p>[28] R-places and related topic, in \u00ab Valuation Theory in Interaction \u00bb, Antonio Campillo (Valladolid, Spain), Franz-Viktor Kuhlmann (University of Saskatchewan, Canada) and Bernard Teissier (IMJ, Paris, France) editors, Series of Congress reports, E.M.S., 2014.<\/p>\n\n\n\n<p>[27] Real Holomorphy Rings and the Complete Real Spectrum, en collaboration avec Murray Marshall, Annales de la facult\u00e9 des sciences de Toulouse, Math\u00e9matiques, tomes XIX, n\u00b0 SI, p.57-74, 2010.<\/p>\n\n\n\n<p>[26] On some elementary theories, in S\u00e9minaire \u00a0\u00bbStructures Alg\u00e9briques Ordonn\u00e9es\u00a0\u00bb in S\u00e9minaire \u00a0\u00bbStructures Alg\u00e9briques Ordonn\u00e9es\u00a0\u00bb 2006.<\/p>\n\n\n\n<p>[25] Cours CENTRE EMILE BOREL, Octobre-Novembre 2005, \u00ab Valuation Fans in Real Fields \u00bb.<\/p>\n\n\n\n<p>[24] R-places : r\u00e9sultats et probl\u00e8mes ouverts, in S\u00e9minaire \u00a0\u00bbStructures Alg\u00e9briques Ordonn\u00e9es\u00a0\u00bb 2001-2002, Mai 2003.<\/p>\n\n\n\n<p>[23] Towards an abstract description of the space of real places, en collaboration avec M. Marshall, in Real Algebraic Geometry and Ordered Structures, C. Delzell et J. Madden eds., Contemporary Mathematics, vol. 253, AMS, 77-113, 2000.<\/p>\n\n\n\n<p>[22] Valuation fans and residually real-closed henselian fields, en collaboration avec E. Becker et R. Berr, Journal of Algebra 215, 574-602, 1999.<\/p>\n\n\n\n<p>[21] Notes on the space of real places of a formally real field, en collaboration avec E. Becker, in proceedings \u00ab\u00a0Real Analytic and Algebraic Geometry\u00a0\u00bb Trento (Sept.92) ; F. Broglia, M. Galbiati, A. Tognoli eds. ; W. de Gruyter, Berlin New-York, 21-46,1995.<\/p>\n\n\n\n<p>[20] Hilbert&rsquo;s 17th problem for sums of 2nth powers, \u00e9crit en collaboration avec E. Becker et R. Berr (Dortmund) et F. Delon (Paris7), J. f\u00fcr die reine und ang. Mathematik , 450, 139-157, 1994.<\/p>\n\n\n\n<p>[19] Sur les ordres de niveau 2n et sur une extension du 17\u00e8me probl\u00e8me de Hilbert, in \u00a0\u00bbReal Algebraic Geometry\u00a0\u00bb , LNM #1524, Springer-Verlag, 257-266, 1992.<\/p>\n\n\n\n<p>[18] 17\u00e8me probl\u00e8me de Hilbert sur les corps cha\u00eene-clos, en collaboration avec Fran\u00e7oise Delon, Journal of Symbolic Logic, vol. 56, # 3, 853-861, 1991.<\/p>\n\n\n\n<p>[17] Axiomatisations simples des th\u00e9ories des corps de Rolle, Manuscripta Mathematica, 69, Springer-Verlag, 267-274, 1990.<\/p>\n\n\n\n<p>[16] 17\u00e8me probl\u00e8me de Hilbert et r\u00e9sultats r\u00e9cents, in \u00ab Structures Alg\u00e9briques Ordonn\u00e9es \u00bb, Vol. II, Publications Math\u00e9matiques de l&rsquo;Universit\u00e9 Paris VII, Vol. 33, 21-49, 1990.<\/p>\n\n\n\n<p>[15] Th\u00e9orie des ordres de niveau sup\u00e9rieur et corps cha\u00eene-clos, in \u00ab Structures Alg\u00e9briques Ordonn\u00e9es \u00bb Vol. I , Publications Math\u00e9matiques de l&rsquo;Universit\u00e9 Paris VII, Vol. 32, 37-63, 1990.<\/p>\n\n\n\n<p>[14] Chainable fields and real algebraic geometry, in \u00ab\u00a0Real Algebraic and Analytic Geometry\u00a0\u00bb, (Trento 1988) Lecture Notes in Math. # 1420, Springer-Verlag, 128-148, 1990.<\/p>\n\n\n\n<p>[13] Th\u00e9orie des mod\u00e8les de corps ordonnables et sommes de puissances 2n-\u00e8mes, Th\u00e8se de Doctorat d&rsquo;Etat, Universit\u00e9 Paris VII, soutenue le 18-09-1989, Directeur de th\u00e8se et Pr\u00e9sident du Jury G. Sabbagh.<\/p>\n\n\n\n<p>[12] On rings admitting orderings and 2-primary chains of orderings of higher level, en collaboration avec E. Becker, Manuscripta Math. 65, 63-82, 1989.<\/p>\n\n\n\n<p>[11] Foundations of chain algebra and a Nullstellensatz, Actes de l&rsquo;Association Fran\u00e7aise d&rsquo;Alg\u00e8bre Ordonn\u00e9e, Le Mans, Novembre 1987.<\/p>\n\n\n\n<p>[10] Th\u00e9orie du premier ordre des corps cha\u00eenables et des corps cha\u00eene-clos, C. R. Acad. Sc. Paris t. 304 , # 16, 1987.<\/p>\n\n\n\n<p>[9] Th\u00e9orie des mod\u00e8les et fonctions d\u00e9finies positives sur les vari\u00e9t\u00e9s alg\u00e9briques r\u00e9elles, Contemporary Mathematics (AMS), vol 8, 119-139, 1982.<\/p>\n\n\n\n<p>[8] Le 17\u00e8me probl\u00e8me de Hilbert pour les matrices hermitiennes, manuscrit, D\u00e9partement de Math\u00e9matiques, Universit\u00e9 de Bretagne Occidentale, 1976.<\/p>\n\n\n\n<p>[7] Quelques Notions Fondamentales d&rsquo;Alg\u00e8bre et d&rsquo;Analyse, expos\u00e9s de formation continue des professeurs des lyc\u00e9es, Publication de l&rsquo;IREM de Brest , 1976.<\/p>\n\n\n\n<p>[6] Fonctions d\u00e9finies positives sur les vari\u00e9t\u00e9s r\u00e9elles, \u00e9crit en collaboration avec P. Ribenboim, Bull. Sc. Math. Tome 98, 39-47, 1974.<\/p>\n\n\n\n<p>[5] Le 17\u00e8me probl\u00e8me de Hilbert pour les matrices, en collaboration avec P. Ribenboim, Bull. Sc. Math., Tome 98, 49-56, 1974.<\/p>\n\n\n\n<p>[4] Sur le 17\u00e8me probl\u00e8me de Hilbert , Th\u00e8se de 3\u00e8me cycle, Universit\u00e9 de Paris-sud Orsay, soutenue le 24-1-1973 ; Directeur : P. Samuel ; Pr\u00e9sident du jury : G Poitou.<\/p>\n\n\n\n<p>[3] Sur le 17\u00e8me probl\u00e8me de Hilbert dans R(V), C. R. Acad. Sc. Paris, Tome 276, 19-2-1973.<\/p>\n\n\n\n<p>[2] Sur le 17\u00e8me probl\u00e8me de Hilbert, C. R. Acad. Sc. Paris, tome 278, 20-8-1973.<\/p>\n\n\n\n<p>[1] Etude et applications de la th\u00e9orie des corps ordonnables, m\u00e9moire de D.E.A., Universit\u00e9<br>Paris VI ; Directeur : P. Ribenboim, (publi\u00e9 dans \u00ab Arithm\u00e9tique des corps \u00bb, Hermann, 1972)<\/p>\n\n\n\n<p><\/p>\n\n\n\n<p><strong>MISSIONS \u00c0 L&rsquo;\u00c9TRANGER DE DANIELLE GONDARD-COZETTE<\/strong> (<strong>1973-2020<\/strong>)<\/p>\n\n\n\n<p>March 1-7 2020, invited to \u00ab Real Algebraic Geometry with a View Toward Hyperbolic \u00bb, Mathematisches Forschungsinstitut, Oberwolfach, (Germany)<\/p>\n\n\n\n<p>November 3-9 2019, participation to the final conference \u00ab\u00a0Conference on Global Approach to the Gender Gap in Mathematical, Computing and Natural Sciences: How to Measure It, How to Reduce It?\u00a0\u00bb ; ICTP Trieste (Italy)<br>March 29th &#8211; April 7th 2019 : invited speaker, On the number of connected components of smooth projective non empty real varieties., Arctic Applied Algebra, Artic University, Tromso, (Norway)<br>December 6-8 2018 : invited speaker, A Global Approach to the Gender Gap in Mathematical, Computing, and Natural Sciences: How to Measure It, How to Reduce It? ; KWIM-Festtage\u201d Konstantz University (Germany)<\/p>\n\n\n\n<p>November 23-29 2018 : invited speaker, From Orderings to Valuation Fans and Related Topics, Algebra : celebrating Paulo Ribenboim\u2019s ninetieth birthday. https:\/\/www.ime.usp.br\/~eventoribenboim\/, University Sao Paulo, Sao Paulo, Brazil<\/p>\n\n\n\n<p>January 7-13 2018 : Research School, Model Theory, Combinatorics and Valued Fields, CIRM, Luminy.<\/p>\n\n\n\n<p>December 1-3 2017 : Regional meeting of ICSU project \u00ab A Global Approach to the Gender Gap in Mathematical and Natural Sciences: How to Measure It, How to Reduce It? \u00bb, Le cap (Afrique du Sud).<\/p>\n\n\n\n<p>September 17-22 2017 : \u00ab Perspectives in Real Geometry \u00bb, CIRM, Luminy.<\/p>\n\n\n\n<p>August 20-26 2017 : \u00ab Sums of squares \u00bb University if Innsbruck (Autriche).<\/p>\n\n\n\n<p>March 11-19 2017 : \u00ab Topics in Real Geometry \u00bb, Graduate School of Mathematics, Nagoya University (Japon).<br>March 5-10 2017 : \u00ab Real Algebraic Geometry with a view towards moment problems and optimization \u00bb, Mathematisches Forschungsinstitut, Oberwolfach, (Germany)<\/p>\n\n\n\n<p>August 30-31 2016 : \u00ab Marshall\u2019s problem and some further developments \u00bb, invited speaker nineteenth colloquiumfest held in honor of Murray Marshall, University of Saskatchewan, Saskatoon, (Canada).<\/p>\n\n\n\n<p>October 11-17 2015 : \u00ab Oredered Algebraic Structures and related Topics \u00bb, CIRM, Luminy.<\/p>\n\n\n\n<p>June 17-20 2014 : \u00ab\u00a0Olga Taussky-Todd, sums of squares and Hilbert&rsquo;s 17th problem\u00a0\u00bb, invited speaker, Konstantz University (Germany)<\/p>\n\n\n\n<p>April 6-12 2014 : \u00ab Real Algebraic Geometry With A View Toward Systems<br>Control and Free Positivity \u00bb, Mathematisches Forschungsinstitut, Oberwolfach, (Germany)<\/p>\n\n\n\n<p>January 5-18 2014 : Invited Professor : \u00ab R- places and related topics \u00bb, Doctorate course in summer doctoral school. Universidad de Concepcion (Chile).<\/p>\n\n\n\n<p>January 8-9 2014 : \u00ab Hilbert\u2019s 17th problem : an old problem with new developments \u00bb, invited talk for the closure of mini-congreso, Universidad del Bio Bio, Concepcion (Chile)<\/p>\n\n\n\n<p>July 17-20 2013 : Model Theory and Applications to Geometry, CMAF Universidade de Lisboa, Lisbonne (Portugal).<\/p>\n\n\n\n<p>July 14-23 2012 : On valuation fans and related topics, Invited speaker, XXII Brazilian Algebraic Meeting, San Salvador de Bahia (Brazil).<\/p>\n\n\n\n<p>June 18th 2012 : On some elementary field theories, Invited speaker, Konstantz University (Germany).<\/p>\n\n\n\n<p>June 15th 2012 : An Artin\u2019s theorem for symetric matrices, Invited speaker, Konstantz University (Germany).<\/p>\n\n\n\n<p>August 21-28 2011 : Algebra, Combinatorics and Model Theory, Koc University, Istanbul (Turkey).<\/p>\n\n\n\n<p>July 23-29 2011 : \u00ab On R-places and related topics \u00bb, Invited speaker, Second international conference and workshop on Valuations (Universit\u00e9s de Valladolid et de Madrid), El Escorial (Spain).<\/p>\n\n\n\n<p>December 11-23 2010 : \u201cOn valuation fans and some elementary field theories\u201d, Invited speaker, special session \u201c\u201dAlgebra and Model Theory\u201d of the first joint meeting AMS \/ SoMaChi, Universidad de la Frontera, Pucon (Chile)<\/p>\n\n\n\n<p>August 15-27 2010 : participation in ICWM and ICM 2010, Hyderabad (India).<\/p>\n\n\n\n<p>September 30 \u2013 October 6 2009 : Positivity, Valuations and Quadratic Forms, Conference in honor of Alexander Prestel, University of Konstanz, Germany.<\/p>\n\n\n\n<p>August 9-14 february 2009 : ESF-EMS-ERCOM Conference on Model Theory, The Banach Center, Bedlewo, Poland.<\/p>\n\n\n\n<p>February 15-21 2009 : Conference \u201cReal Analytic and Nash Functions and Related Topics\u201d, \u201cOn the number of connected components of smooth real varieties\u201d in memoriam Alberto Tognoli, University of Pisa, Italy.<\/p>\n\n\n\n<p>November 7-8 2008 : Conference in honor of Eberhard Becker, Univ. of Dortmund, Germany.<\/p>\n\n\n\n<p>September 13-15 2008, Conference on Model Theory of Fields. University of Freiburg, Germany.<\/p>\n\n\n\n<p>August 4-18 2008 \u00ab\u00a0On the number of connected components of smooth real varieties\u201d, conferences invit\u00e9es au colloque en l\u2019honneur de J.-J. Risler : \u201cAround Hilbert\u2019s 16th problem\u201d, et \u00e0 l\u2019Escola de Algebra, IMPA, Rio de Janeiro, Brazil.<\/p>\n\n\n\n<p>Mai 26-Juin 02 2008, \u00ab\u00a0Real Holomorphy Rings and the Complete Real Spectrum\u00a0\u00bb, 5th Linear Algebra Workshop, University of Ljublijana, Kranjska Gora, Slovenia.<\/p>\n\n\n\n<p>January 14-21 2008, \u201cFrom Orderings to Valuation Fans\u201d , Colloquium talk et s\u00e9jour de recherche, University of Hawaii at Manoa, USA.<\/p>\n\n\n\n<p>January 8-14 2008, \u201cFrom Artin Schreier to Valuation Fans\u201d ; \u201cReal Holomorphy Rings and the Complete Real Spectrum\u201d, Colloquium and Seminar talks, University of Saskatchewan, Canada.<\/p>\n\n\n\n<p>April 24-30 2007, \u201cOn Real Holomorphy Rings of Rings\u201d, invited speaker in Conference on Oredered Rings, Louisiana State University, Baton Rouge, USA (Honoring Melvin Henriksen on his 80th birthday).<\/p>\n\n\n\n<p>November 25-27 2006, \u201cOn Theories of Closures of fields equipped with valuation fans\u201d, invited conference for the Model Theory of Fields, University of Freiburg, Germany.<\/p>\n\n\n\n<p>October 7-14 2006, invitation workshop \u00ab\u00a0Positive Polynomials\u00a0\u00bb, Pacific Institute for Mathematical Sciences, Banff, Canada.<\/p>\n\n\n\n<p>October 5-6 2006, Invitation mini-conference \u201cTopics in Real Algebraic Geometry\u201d, University of Saskatchewan, Saskatoon, Canada.<\/p>\n\n\n\n<p>Avril 2-8 2006, \u00a0\u00bbReading Stengle\u00a0\u00bb, conference in Worshop \u201cSources for Real Geometry\u00a0\u00bb, Cortona, ENS de Pise, Italy.<\/p>\n\n\n\n<p>March 20-26 2006, \u00ab\u00a0On Valuation Fans\u00a0\u00bb, invited speaker in Workshop on \u00a0\u00bbValuation Theory and its Application\u00a0\u00bb, in memoriam Otto Endler, University of Campinas, Brazil ;<\/p>\n\n\n\n<p>March 17 2006, \u00ab\u00a0Number of connected components of real algebraic varieties\u00a0\u00bb, talk in Algebra Seminar, Universidad de Buenos Aires, Argentina.<\/p>\n\n\n\n<p>4 &#8211; 9 septembre 2005, participant RAAG meeting, University of Passau, Germany.<br>.<br>28 mars -7 avril 2005 : participant in workshop MAAWO1, \u201cAn introduction to recent applications of model theory\u201d, Isaac Newton Institute, Cambridge, United Kingdom.<\/p>\n\n\n\n<p>7-16 Novembre 2004 : conf\u00e9rence invit\u00e9e \u00ab On the number of connected components of real varieties\u201d, University of Saskatchewan, Saskatoon, Canada.<\/p>\n\n\n\n<p>11-16 Septembre 2004 : conf\u00e9rence invit\u00e9e \u00ab Sur le nombre de composantes connexes des vari\u00e9t\u00e9s r\u00e9elles \u00bb, Medhia, Universit\u00e9 de Kenitra, Maroc<\/p>\n\n\n\n<p>14-27 juillet 2004 : conf\u00e9rence invit\u00e9e \u00ab On some elementary theories \u00bb, Escola de Algebra, Universidad de Campinas, Br\u00e9sil.<\/p>\n\n\n\n<p>21-27 Juin 2004 : participante conf\u00e9rence RAAG, Universidad de Salamanca, Espagne.<\/p>\n\n\n\n<p>12-16 April 2004 : conf\u00e9rence invit\u00e9e \u00ab\u00a0Number of connected components and R-places\u00a0\u00bb, Mathematical Sciences Research Institute\u00a0\u00bb, Berkeley, USA.<\/p>\n\n\n\n<p>22-26 mars 2004 : participante au colloque RAAG, european network meeting \u00ab\u00a0Singularity Theory\u00a0\u00bb, \u00e0 la m\u00e9moire de Stanislaw Lojasiewcz, Cracovie, Pologne.<\/p>\n\n\n\n<p>11-12 mars 2004 : participante au congr\u00e8s \u00ab\u00a0representation of semidefinite positive functions as sums of squares and related topics\u201d,. University of Pisa, Italy.<\/p>\n\n\n\n<p>8-20 January 2004 : conf\u00e9rence invit\u00e9e \u00ab\u00a0Towards a theory of R-places in spaces of orderings\u00a0\u00bb, XII\u00b0 Simposio Latinoamericano de Logica matematica, Univ. Costa Rica, San Jose, Costa Rica.<\/p>\n\n\n\n<p>11-18 Novembre 2003 : conf\u00e9rence invit\u00e9e \u00a0\u00bb Higher level orderings and R-places\u00a0\u00bb et collaboration avec le Pr. Murray Marshall, University of Saskatchewan, Saskatoon, Canada.<\/p>\n\n\n\n<p>22- 26 Octobre 2003 : conf\u00e9rence invit\u00e9e \u00ab\u00a0From higher level orderings to R-places\u00a0\u00bb , Conf\u00e9rence \u201cReal Algebra\u201d, European Network RAAG, Universit\u00e4t Dortmund (Allemagne).<\/p>\n\n\n\n<p>Avril 2003 : participante Conf\u00e9rence RAAG, et s\u00e9jour au centro di Ricerca Matematica Ennio de Giorgi, Pisa (Italy).<\/p>\n\n\n\n<p>D\u00e9cembre 2002 : participante conference \u00ab\u00a0Quadratic Forms\u00a0\u00bb, Talca-Pucon, University of Talca (Chile).<\/p>\n\n\n\n<p>Septembre 2002 : invitation Conf\u00e9rence \u00ab Real Algebraic and Analytic geometry\u00bb, r\u00e9seau europ\u00e9en RAAG, Kazimierz, (Pologne).<\/p>\n\n\n\n<p>Ao\u00fbt 2002 : participation ICM 2002, Beijing (Chine).<\/p>\n\n\n\n<p>Mai 2002 : invitation Euro-Conf\u00e9rence in \u00abModel Theory and Applications \u00bb, Universit\u00e9 de Naples, Ravello,( Italie).<\/p>\n\n\n\n<p>Mars 2002 : invit\u00e9e \u00ab Colloquiumfest on Valuation Theory \u00bb, Universit\u00e9 du Saskatchewan, Saskatoon (Canada).<\/p>\n\n\n\n<p>Novembre 2000 : conf\u00e9renci\u00e8re invit\u00e9e, Universit\u00e9 du Saskatchewan, Saskatoon (Canada).<\/p>\n\n\n\n<p>Juillet-Ao\u00fbt 1999 : invitation \u00e0 \u00ab International Conference and Workshop on Valuation Theory \u00bb, Universit\u00e9 du Saskatchewan, Saskatoon (Canada).<\/p>\n\n\n\n<p>Septembre 1998 : invitation du CIRM de Trento au congr\u00e8s \u00ab\u00a0Real Algebraic and Analytic Geometry\u00a0\u00bb, \u00e0 Levico (Italie).<\/p>\n\n\n\n<p>Juin 1998 : invit\u00e9e au Workshop on \u00a0\u00bbModel Theory, Algebra and Arithmetic\u00a0\u00bb, Mathematical Sciences Research Institute, Universit\u00e9 de Berkeley (U.S.A.).<\/p>\n\n\n\n<p>Octobre 1997 : conf\u00e9renci\u00e8re invit\u00e9e, \u00ab Hilbert\u2019s 17th problem for higher levels \u00bb, Universit\u00e9 de Trente (Italie).<\/p>\n\n\n\n<p>Septembre 1997 : invitation au HCM-Workshop \u00ab\u00a0Spectral Spaces in Real and p-adic Geometry\u00a0\u00bb, Universit\u00e9 de Dortmund (Allemagne).<\/p>\n\n\n\n<p>Mai 1997 : conf\u00e9renci\u00e8re invit\u00e9e, \u00ab generalizations of real-closed fields theory \u00bb, Universit\u00e9 de Pise (Italie).<\/p>\n\n\n\n<p>Septembre 1996 : invitation au congr\u00e8s \u00ab Real Algebraic and Analytic Geometry \u00bb, Universit\u00e9 de Gen\u00e8ve (Suisse).<\/p>\n\n\n\n<p>Avril 1996 : conf\u00e9renci\u00e8re invit\u00e9e : special session of AMS meeting on \u00ab\u00a0Real Algebraic Geometry and Ordered Structures\u00a0\u00bb Baton Rouge, Louisiane (U.S.A.), et s\u00e9jour dans le cadre du \u00ab\u00a0special semester\u00a0\u00bb sur le m\u00eame sujet.<\/p>\n\n\n\n<p>Juin 1995 : conf\u00e9renci\u00e8re invit\u00e9e in \u00ab\u00a0School on Model Theory and Real Algebraic Geometry\u00a0\u00bb et invitation au congr\u00e8s \u00ab\u00a0Real Algebraic and Analytic Geometry\u00a0\u00bb organis\u00e9s par les universit\u00e9s de Madrid et Santander \u00e0 Segovia (Espagne).<\/p>\n\n\n\n<p>Juin 1994 : professeure invit\u00e9e \u00e0 l&rsquo;Universit\u00e9 de Dortmund, (Allemagne), coop\u00e9ration Procope.<\/p>\n\n\n\n<p>Mai 1994 : invitation au congr\u00e8s \u00ab\u00a0Real Algebraic and Analytic Geometry\u00a0\u00bb organis\u00e9 par l&rsquo;Universit\u00e9 d&rsquo;Amsterdam \u00e0 Soesterberg (Pays-Bas).<\/p>\n\n\n\n<p>Mars 1993 : professeure invit\u00e9e a l&rsquo;Universit\u00e9 de Dortmund (Allemagne), coop\u00e9ration Procope.<\/p>\n\n\n\n<p>Septembre 1992 : conf\u00e9renci\u00e8re invit\u00e9e au congr\u00e8s \u00a0\u00bbReal Algebraic and Analytic Geometry\u00a0\u00bb, C.I.R.M. Trente (Italie).<\/p>\n\n\n\n<p>Mai 1992 : invitation au congr\u00e8s \u201cQuadratische Formen\u201c Mathematisches Forschungsinstitut Oberwolfach (Allemagne).<\/p>\n\n\n\n<p>Novembre 1991 : professeure invit\u00e9e, Universit\u00e9 de Dortmund (Allemagne).<\/p>\n\n\n\n<p>Juin 1989 : professeure invit\u00e9e, Universit\u00e9 de Dortmund (R.F.A.), coop\u00e9ration Procope.<\/p>\n\n\n\n<p>Octobre 1988 : conf\u00e9renci\u00e8re invit\u00e9e au congr\u00e8s \u00ab\u00a0Real Algebraic and Analytic Geometry\u00a0\u00bb, C.I.R.M. Trente (Italie).<\/p>\n\n\n\n<p>Ao\u00fbt 1988 : invitation au \u00ab\u00a0Logic Colloqium 88\u00a0\u00bb, Padoue (Italie).<\/p>\n\n\n\n<p>Juillet 1987 : conf\u00e9renci\u00e8re invit\u00e9e au \u00ab\u00a0Logic Colloquium 87\u00a0\u00bb, Grenade (Espagne).<\/p>\n\n\n\n<p>Avril 1987 : conf\u00e9renci\u00e8re invit\u00e9e \u00ab\u00a0Reelle Algebraische Geometrie\u00a0\u00bb, Mathematisches Forschungsinstitut Oberwolfach (R.F.A.).<\/p>\n\n\n\n<p>Ao\u00fbt 1986 : participation ICM 1986, Universit\u00e9 de Berkeley, (U.S.A.).<\/p>\n\n\n\n<p>Juillet 1986 : invitation au congr\u00e8s \u00ab\u00a0Quadratic Forms and Real Algebraic Geometry\u00a0\u00bb, Oregon State University, Corvallis (U.S.A.).<\/p>\n\n\n\n<p>Juillet 1983 : invit\u00e9e et membre du Comit\u00e9 d&rsquo;organisation , A.M.S.- N.A.T.O. \u00ab\u00a0Ordered Fields and Real Algebraic Geometry\u00a0\u00bb, Boulder, Colorado (U.S.A.).<\/p>\n\n\n\n<p>Janvier 1981 : conf\u00e9renci\u00e8re invit\u00e9e au 87\u00e8me congr\u00e8s de l&rsquo;A.M.S., special session on \u00ab\u00a0Ordered Fields and Real Algebraic Geometry\u00a0\u00bb, San Francisco, Californie (U.S.A.).<\/p>\n\n\n\n<p>Ao\u00fbt 1978 : participation ICM 1978, Helsinki, (Finlande).<\/p>\n\n\n\n<p>D\u00e9cembre 1973 : invitation au Bedford College de Londres (Grande-Bretagne).<\/p>\n\n\n\n<p>Juin-Juillet 1973 : invitation Open House, Queen&rsquo;s Universit\u00e9, Kingston, Ontario (Canada).<\/p>\n\n\n\n<p><\/p>\n\n\n\n<p><strong>TABLE DES CHAPITRES<\/strong><\/p>\n\n\n\n<p>El\u00e9ments de m\u00e9moire<br>Pourquoi les math\u00e9matiques ?<br>En pr\u00e9pa \u00e0 Janson de Sailly<br>A l\u2019Ecole Normale Sup\u00e9rieure de Cachan<br>Ski-\u00e9tudes<br>De Cachan \u00e0 l\u2019UBO<br>Une carri\u00e8re avec l\u2019aide des hommes !<br>Premiers colloques internationaux<br>Les th\u00e9s math\u00e9matiques<br>Premi\u00e8res missions \u00e0 l\u2019\u00e9tranger<br>Sur la gen\u00e8se des th\u00e9or\u00e8mes<br>Enseigner \u00e0 Paris VI<br>Maths, mets et vins \u2026<br>Ensemble(s)<br>Max Dickmann<br>Structures Alg\u00e9briques ordonn\u00e9es (1984 &#8211; ?)<br>Fran\u00e7oise Delon<br>Le parfum<br>La vie associative<br>Huguette Delavault<br>Des jurys de concours<br>Des travaux d\u2019\u00e9criture et d\u2019\u00e9dition<br>Eberhard Becker<br>Les ICM<br>Les centres de rencontres math\u00e9matiques<br>Marie-Fran\u00e7oise Roy<br>Une belle semaine<br>Le CMJ (1992)<br>En Louisiane (1996 et 2007)<br>Oenologie<br>En Am\u00e9rique Latine<br>La section F<br>Murray Marshall<br>Le M\u00e9rite (2003)<br>\u00catre ou ne pas \u00eatre professeur<br>Le Canada<br>Schizophr\u00e9nie obligatoire !<br>En commission de sp\u00e9cialistes<br>Salma Kuhlmann<br>Un trimestre Borel \u00e0 l\u2019IHP (2005)<br>Avoir 60 ans !<br>Sur les th\u00e9sards<br>CNU (2005-2009)<br>Voyager de &#8211; 25 \u00e0 + 25<br>Autour de l\u2019IEC<br>Le DIU (2004-2014)<br>Coexister<br>C\u00e9l\u00e9brer un 90\u00e8me anniversaire (2018)<br>Retraite, b\u00e9n\u00e9volat et \u00e9m\u00e9ritat (2009 &#8211; ?)<br>A propos des biographies et conclusion<br>Curriculum Vitae<br>Liste de publications<br>Missions \u00e0 l\u2019\u00e9tranger<br>Table des chapitres<br>Index des personnes cit\u00e9es<\/p>\n\n\n\n<p><\/p>\n\n\n\n<p><strong>INDEX DES PERSONNES CIT\u00c9ES<\/strong><\/p>\n\n\n\n<p>Debhia Achab, Math\u00e9maticienne<\/p>\n\n\n\n<p>Claude Alqui\u00e9, Directrice de la Formation Continue UPMC.<\/p>\n\n\n\n<p>Daniel Andler, \u00e9l\u00e8ve de sp\u00e9 X\u20192, Math\u00e9maticien<\/p>\n\n\n\n<p>Roger Apery, Math\u00e9maticien<\/p>\n\n\n\n<p>Francesca Aquistapace, Math\u00e9maticienne<\/p>\n\n\n\n<p>Fran\u00e7ois Aribaud, Math\u00e9maticien<\/p>\n\n\n\n<p>Vincent Astier, Math\u00e9maticien<\/p>\n\n\n\n<p>Thierry Aubin, Math\u00e9maticien<\/p>\n\n\n\n<p>Richard Avedon, Photographe<\/p>\n\n\n\n<p>Ricardo Baeza, Math\u00e9maticien<\/p>\n\n\n\n<p>Olivia Barbarioux, Administratrice<\/p>\n\n\n\n<p>Fran\u00e7oise Barret-Ducrocq, Sp\u00e9cialiste de la civilisation britannique<\/p>\n\n\n\n<p>Daniel Barski, Math\u00e9maticien<\/p>\n\n\n\n<p>Saugata Basu, Math\u00e9maticien<\/p>\n\n\n\n<p>Claudie Baudino, Politologue<\/p>\n\n\n\n<p>Fran\u00e7ois Bayen, Math\u00e9maticien<\/p>\n\n\n\n<p>Dominique Beau, Ing\u00e9nieur<\/p>\n\n\n\n<p>Eberhard Becker, Math\u00e9maticien<\/p>\n\n\n\n<p>Corinne Belliard, Historienne<\/p>\n\n\n\n<p>Thierry Benoit, pr\u00e9sident de l&rsquo;association La Boucle<\/p>\n\n\n\n<p>Ralph Berr, Math\u00e9maticien<\/p>\n\n\n\n<p>Marie-Jos\u00e9 Bertin, Math\u00e9maticien<\/p>\n\n\n\n<p>Christine Bertrand, Math\u00e9maticienne<\/p>\n\n\n\n<p>Daniel Bertrand, Math\u00e9maticien<\/p>\n\n\n\n<p>Jean-Paul Bertrandias, Math\u00e9maticien<\/p>\n\n\n\n<p>Anne-Marie Blandeau \u00e9pouse Charbonnel, camarade de promotion ENS Cachan, Math\u00e9maticienne<\/p>\n\n\n\n<p>Greg Bleckermann, Math\u00e9maticien<\/p>\n\n\n\n<p>Jacques Boulard, Ing\u00e9nieur<\/p>\n\n\n\n<p>Jean-Pierre Bourguignon, Math\u00e9maticien<\/p>\n\n\n\n<p>Louis Boutet de Monvel, Math\u00e9maticien<\/p>\n\n\n\n<p>Anne Boy\u00e9, Math\u00e9maticienne<\/p>\n\n\n\n<p>Monsieur Brille, Professeur de math\u00e9matiques, Sup 1 lyc\u00e9e Janson de Sailly<\/p>\n\n\n\n<p>Ludwig Br\u00f6cker, Math\u00e9maticien<\/p>\n\n\n\n<p>Fabrizio Broglia, Math\u00e9maticien<\/p>\n\n\n\n<p>Ron Brown, Math\u00e9maticien<\/p>\n\n\n\n<p>Marianne Brugui\u00e8re, Historienne, Acad\u00e9micienne<\/p>\n\n\n\n<p>Gregory Brumfiel, Math\u00e9maticien<\/p>\n\n\n\n<p>Sheana Bull, jeune fille au pair, puis Sociologue \u00e0 l\u2019universit\u00e9 de Boulder<\/p>\n\n\n\n<p>Madame Canguilhem, Professeur de Philosophie, lyc\u00e9e de Saint Cloud<\/p>\n\n\n\n<p>Michel Carpentier, Math\u00e9maticien<\/p>\n\n\n\n<p>Pierre Cartier, Math\u00e9maticien<\/p>\n\n\n\n<p>Pierre-Henri Cassou, \u00e9l\u00e8ve de sup 1, X 66<\/p>\n\n\n\n<p>Dominique Castellan, Ing\u00e9nieur<\/p>\n\n\n\n<p>Fabrizio Catenese, Math\u00e9maticien<\/p>\n\n\n\n<p>Jean-Louis Charbonnel, X 65<\/p>\n\n\n\n<p>Marc Chardin, Math\u00e9maticien<\/p>\n\n\n\n<p>Zo\u00e9 Chatzidakis, Math\u00e9maticienne<\/p>\n\n\n\n<p>V\u00e9ronique Chauveau, Professeur de math\u00e9matiques<\/p>\n\n\n\n<p>Mme Choquet, Math\u00e9maticienne, Acad\u00e9micienne<\/p>\n\n\n\n<p>Gille Christol, Math\u00e9maticien<\/p>\n\n\n\n<p>Isabelle Collet, Universit\u00e9 de Gen\u00e8ve<\/p>\n\n\n\n<p>Jean Combes, Math\u00e9maticien<\/p>\n\n\n\n<p>Georges Comte, Math\u00e9maticien<\/p>\n\n\n\n<p>Michel Coste, Math\u00e9maticien<\/p>\n\n\n\n<p>Thierry Coulhon, Math\u00e9maticien<\/p>\n\n\n\n<p>Tom Craven, Math\u00e9maticien<\/p>\n\n\n\n<p>Sylvie Cromer, Sociologue<\/p>\n\n\n\n<p>Pato, Catherine, Christian et Jean-Guy Cupillard, amis d\u2019huizats<\/p>\n\n\n\n<p>H\u00e9di Daboussi, Math\u00e9maticien<\/p>\n\n\n\n<p>Sandrine Dauphin, Sociologie<\/p>\n\n\n\n<p>Huguette Delavault, Math\u00e9maticienne<\/p>\n\n\n\n<p>Fran\u00e7oise Delon, Math\u00e9maticienne<\/p>\n\n\n\n<p>Charles Delorme, Math\u00e9maticien<\/p>\n\n\n\n<p>Chip Delzell, Math\u00e9maticien<\/p>\n\n\n\n<p>Michel Demazure, Math\u00e9maticien<\/p>\n\n\n\n<p>Roger Descombes, Math\u00e9maticien<\/p>\n\n\n\n<p>Jean-Marc Deshouillers, Math\u00e9maticien<\/p>\n\n\n\n<p>Max Dickmann, Math\u00e9maticien<\/p>\n\n\n\n<p>Don Dubois, Math\u00e9maticien<\/p>\n\n\n\n<p>Thierry Dujardin, \u00e9l\u00e8ve de sup 1, X 65<\/p>\n\n\n\n<p>Dominique Dumont, camarade de promotion ENS Cachan, Math\u00e9maticien<\/p>\n\n\n\n<p>Anne Durrande, Administratrice<\/p>\n\n\n\n<p>Marie Duru-Bellat, Sociologue<\/p>\n\n\n\n<p>Monsieur Ecalle, Professeur de Math\u00e9matiques, math Sp\u00e9 X\u20192 lyc\u00e9e Janson de Sailly<\/p>\n\n\n\n<p>Ido Efrat, Math\u00e9maticien<\/p>\n\n\n\n<p>Gus Efroymson, Math\u00e9maticien<\/p>\n\n\n\n<p>Patrick Farg\u00e8s, Historien<\/p>\n\n\n\n<p>Anne-Isabelle Fran\u00e7ois, Litt\u00e9rature compar\u00e9e<\/p>\n\n\n\n<p>Nicole Fouch\u00e9, Historienne<\/p>\n\n\n\n<p>Genevi\u00e8ve Fraisse, Philosophe<\/p>\n\n\n\n<p>A. Gabrielov, Math\u00e9maticien<\/p>\n\n\n\n<p>Natalia Garcia, Math\u00e9maticienne<\/p>\n\n\n\n<p>Ren\u00e9e G\u00e9rard, membre de l&rsquo;AFFDU<\/p>\n\n\n\n<p>Mlle Girard, Professeur de Fran\u00e7ais et Latin, lyc\u00e9e de Saint Cloud<\/p>\n\n\n\n<p>Henri Giraud, Aviateur, sp\u00e9cialiste de la montagne<\/p>\n\n\n\n<p>Irvy Gledhill, Physicienne<\/p>\n\n\n\n<p>Daniel Glushankoff, Math\u00e9maticien<\/p>\n\n\n\n<p>Claude Gondard, \u00e9l\u00e8ve de sp\u00e9 X\u20192, X 65<\/p>\n\n\n\n<p>Lorenzo Gonzalez-Vega, Math\u00e9maticien<\/p>\n\n\n\n<p>Colette Guillop\u00e9, Math\u00e9maticienne<\/p>\n\n\n\n<p>Jonathan Harman, Math\u00e9maticien<\/p>\n\n\n\n<p>Deidre Haskell, Math\u00e9maticienne<\/p>\n\n\n\n<p>Claudine Hermann, Physicienne<\/p>\n\n\n\n<p>Francis Hirsch, Math\u00e9maticien, Directeur des \u00e9tudes ENS Cachan<\/p>\n\n\n\n<p>Emmanuel Hebey, Math\u00e9maticien<\/p>\n\n\n\n<p>Melvin Henriksen, Math\u00e9maticien<\/p>\n\n\n\n<p>Natacha Henry, Journaliste<\/p>\n\n\n\n<p>Madame Herv\u00e9, Math\u00e9maticienne<\/p>\n\n\n\n<p>Johannes Huismann, Math\u00e9maticien<\/p>\n\n\n\n<p>Ilia Itenberg, Math\u00e9maticien<\/p>\n\n\n\n<p>Bill Jacob, Math\u00e9maticien<\/p>\n\n\n\n<p>Henri Jannet, \u00e9l\u00e8ve de sup 1, X 65<\/p>\n\n\n\n<p>Pierre Jarraud, Math\u00e9maticien<\/p>\n\n\n\n<p>Monique Jeanblanc, camarade de promotion ENS Cachan, Math\u00e9maticienne<\/p>\n\n\n\n<p>Madame Janneau, Directrice ENS Cachan<\/p>\n\n\n\n<p>Jean-Ren\u00e9 Joly, Math\u00e9maticien<\/p>\n\n\n\n<p>Hussein de Jordanie, Roi<\/p>\n\n\n\n<p>Jean-Pierre Kahane, Math\u00e9maticien, Acad\u00e9micien<\/p>\n\n\n\n<p>Jean-Michel Kantor, Math\u00e9maticien<\/p>\n\n\n\n<p>Slava Kharlamov, Math\u00e9maticien<\/p>\n\n\n\n<p>Huguette Klein, Professeur de Math\u00e9matiques<\/p>\n\n\n\n<p>Jochen K\u00f6nigsmann, Math\u00e9maticien<\/p>\n\n\n\n<p>Maxim Kontsevick, Math\u00e9maticien, m\u00e9daille fields<\/p>\n\n\n\n<p>Marc Krasner, Math\u00e9maticien<\/p>\n\n\n\n<p>Colette Kreder, Fondatrice du r\u00e9seau demain la parit\u00e9<\/p>\n\n\n\n<p>Paul Kr\u00e9e, Math\u00e9maticien<\/p>\n\n\n\n<p>Jean-Louis Krivine, Math\u00e9maticien<\/p>\n\n\n\n<p>Franz-Viktor Kuhlmann, Math\u00e9maticien<\/p>\n\n\n\n<p>Salma Kuhlmann, Math\u00e9maticienne<\/p>\n\n\n\n<p>Kristof Kurdyka, Math\u00e9maticien<\/p>\n\n\n\n<p>Jean-Pierre Laffon, Math\u00e9maticien<\/p>\n\n\n\n<p>Marie-Odile Lafosse-Marin (ESPCI-Paris Tech)<\/p>\n\n\n\n<p>T. Y. Lam, Math\u00e9maticien<\/p>\n\n\n\n<p>Guy Laroque, \u00e9l\u00e8ve de sup 1, X 65<\/p>\n\n\n\n<p>Daniel Lascar, Math\u00e9maticien<\/p>\n\n\n\n<p>Christine Laurent, Math\u00e9maticienne<\/p>\n\n\n\n<p>Pierre Le Bihan, Math\u00e9maticien<\/p>\n\n\n\n<p>Odile Lecacheux, Math\u00e9maticienne<\/p>\n\n\n\n<p>Mlle de Leiris, Professeur de physique-Chimie, Lyc\u00e9e Janson de Sailly<\/p>\n\n\n\n<p>Catherine Le Magueresse, Avocate)<\/p>\n\n\n\n<p>Ga\u00efd Le Maner-Idrissi (Universit\u00e9 Rennes 2)<\/p>\n\n\n\n<p>Paulette Lieberman, Math\u00e9maticienne<\/p>\n\n\n\n<p>Arileide Lira, Math\u00e9maticienne<\/p>\n\n\n\n<p>Madame Loubiat, Professeur de math\u00e9matiques lyc\u00e9e de Saint Cloud<\/p>\n\n\n\n<p>Catherine Louveau, Sociologus<\/p>\n\n\n\n<p>Fran\u00e7ois Lucas, Math\u00e9maticien<\/p>\n\n\n\n<p>Mlle Lutz, Math\u00e9maticienne<\/p>\n\n\n\n<p>Angus MacIntyre, Math\u00e9maticien<\/p>\n\n\n\n<p>C. MacCrory , Math\u00e9maticien<\/p>\n\n\n\n<p>James Madden, Math\u00e9maticien<\/p>\n\n\n\n<p>Philippe Magnien, \u00e9l\u00e8ve de sup 1, X 66<\/p>\n\n\n\n<p>Louis Mah\u00e9, Math\u00e9maticien<\/p>\n\n\n\n<p>Hermann Maier, Champion de ski<\/p>\n\n\n\n<p>Marie-Paule Malliavin, Math\u00e9maticienne<\/p>\n\n\n\n<p>Paul Malliavin, Math\u00e9maticien, Acad\u00e9micien<\/p>\n\n\n\n<p>Benoit Mandelbrot, Math\u00e9maticien<\/p>\n\n\n\n<p>Christine Mantecon, Administratrice<\/p>\n\n\n\n<p>Christian Margaria (Association Femmes et Sciences)<\/p>\n\n\n\n<p>Maurice Margenstern, camarade de promotion ENS Cachan, Math\u00e9maticien<\/p>\n\n\n\n<p>Charles-Michel Marle, Math\u00e9maticien<\/p>\n\n\n\n<p>Jean Marot, Math\u00e9maticien<\/p>\n\n\n\n<p>Dominique Marre, \u00e9l\u00e8ve de sup 1, X 65<\/p>\n\n\n\n<p>Catherine Marry (CNRS)<\/p>\n\n\n\n<p>Murray Marshall, Math\u00e9maticien<\/p>\n\n\n\n<p>Monsieur Meny, Professeur de math\u00e9matiques, ENS Cachan<\/p>\n\n\n\n<p>Th\u00e9r\u00e8se Merlier, Math\u00e9maticienne<\/p>\n\n\n\n<p>Patrick Merycer, \u00e9l\u00e8ve de Sup 1, normalien<\/p>\n\n\n\n<p>Monsieur Meunier, Instituteur, lyc\u00e9e Corneille \u00e0 Rouen<\/p>\n\n\n\n<p>Yves Meyer, Math\u00e9maticien<\/p>\n\n\n\n<p>Alain M\u00e9zard, Math\u00e9maticien<\/p>\n\n\n\n<p>Ariane M\u00e9zard, Math\u00e9maticienne<\/p>\n\n\n\n<p>Maurice Mignotte, camarade de promotion ENS Cachan, Math\u00e9maticien<\/p>\n\n\n\n<p>G. Mikhalkin, Math\u00e9maticien<\/p>\n\n\n\n<p>Fran\u00e7oise Milewski, Economiste<\/p>\n\n\n\n<p>Chris Miller, Math\u00e9maticien<\/p>\n\n\n\n<p>Maryam Mirzakhani, Math\u00e9maticienne, M\u00e9daille fields<\/p>\n\n\n\n<p>Roger Mohr, camarade de promotion ENS Cachan, Math\u00e9maticien<\/p>\n\n\n\n<p>Catherine Morbois, Directrice de la D\u00e9l\u00e9gation aux Droits des Femmes et \u00e0 l\u2019\u00e9galit\u00e9 d\u2019Ile de France<\/p>\n\n\n\n<p>Nicole Mosconi (Universit\u00e9 Paris Ouest Nanterre)<\/p>\n\n\n\n<p>John Nash, Math\u00e9maticien et \u00e9conomiste, prix Nobel<\/p>\n\n\n\n<p>Anne N\u00e8gre, Juriste<\/p>\n\n\n\n<p>Viviane Neveu \u00e9pouse Durand, camarade de promotion ENS Cachan, Math\u00e9maticienne<\/p>\n\n\n\n<p>Didier Nordon, \u00e9l\u00e8ve de sup 1, camarade de promotion ENS Cachan, Math\u00e9maticien<\/p>\n\n\n\n<p>Joseph Oesterl\u00e9, Math\u00e9maticien<\/p>\n\n\n\n<p>S. Orevkov, Math\u00e9maticien<\/p>\n\n\n\n<p>Jean-Fran\u00e7ois Pacault, Ing\u00e9nieur<\/p>\n\n\n\n<p>P. Parrilo, Math\u00e9maticien<\/p>\n\n\n\n<p>Adam Parusinski, Math\u00e9maticien<\/p>\n\n\n\n<p>Hector Pasten, Math\u00e9maticien<\/p>\n\n\n\n<p>I. Paunescu, Math\u00e9maticien<\/p>\n\n\n\n<p>Michelle Perrot, Historienne<\/p>\n\n\n\n<p>Christian Peskine, Math\u00e9maticien<\/p>\n\n\n\n<p>Olivier Peyon, Cin\u00e9aste<\/p>\n\n\n\n<p>Jo\u00eblle Pichaud, Sp\u00e9 X\u20192, Math\u00e9maticienne<\/p>\n\n\n\n<p>Olivier Pironneau, \u00e9l\u00e8ve de Sup 1, Math\u00e9maticien, Acad\u00e9micien<\/p>\n\n\n\n<p>Gilles Pisier, Math\u00e9maticien, Acad\u00e9micien<\/p>\n\n\n\n<p>Georges Poitou, Math\u00e9maticien<\/p>\n\n\n\n<p>Monique Pontier, Sp\u00e9 X\u20192, Math\u00e9maticienne<\/p>\n\n\n\n<p>Marie-Dominique Popelard, Philosophe<\/p>\n\n\n\n<p>Denis Porg\u00e8s, \u00e9l\u00e8ve de sup 1, X 65<\/p>\n\n\n\n<p>Yves Pourchet, Math\u00e9maticien<\/p>\n\n\n\n<p>Vicky Powers, Math\u00e9maticienne<\/p>\n\n\n\n<p>Alex Prestel, Math\u00e9maticien<\/p>\n\n\n\n<p>Jean Querr\u00e9, Math\u00e9maticien<\/p>\n\n\n\n<p>Yann Quentel, Math\u00e9maticien<\/p>\n\n\n\n<p>Jean-Pierre Raffarin, Premier ministre<\/p>\n\n\n\n<p>G\u00e9rard Rauch, Math\u00e9maticien<\/p>\n\n\n\n<p>Thomas Recio, Math\u00e9maticien<\/p>\n\n\n\n<p>Jean-Pierre Ressayre, Math\u00e9maticien<\/p>\n\n\n\n<p>Paulo Ribenboim, Math\u00e9maticien<\/p>\n\n\n\n<p>Jean-Jacques Risler, Math\u00e9maticien<\/p>\n\n\n\n<p>Charlie Robson, Math\u00e9maticien<\/p>\n\n\n\n<p>Florence Rochefort, Historienne<\/p>\n\n\n\n<p>Jean-Philippe Rollin, Math\u00e9maticien<\/p>\n\n\n\n<p>Fabrice Rouiller, Math\u00e9maticien<\/p>\n\n\n\n<p>Marie-Fran\u00e7oise Roy, Math\u00e9maticienne<\/p>\n\n\n\n<p>Gabriel Sabbagh, Math\u00e9maticien<\/p>\n\n\n\n<p>Pierre Samuel, Math\u00e9maticien<\/p>\n\n\n\n<p>Fran\u00e7oise Sarret, amie d\u2019Huizate<\/p>\n\n\n\n<p>Odile et Fran\u00e7oise Seigle, amies d\u2019Huizates<\/p>\n\n\n\n<p>R\u00e9jane S\u00e9nac, Politologue<\/p>\n\n\n\n<p>Claus Scheiderer, Math\u00e9maticien<\/p>\n\n\n\n<p>Konrad Schmuedgen, Math\u00e9maticien<\/p>\n\n\n\n<p>Laurent Schwartz, Math\u00e9maticien, Acad\u00e9micien<\/p>\n\n\n\n<p>Tamara Servi, Math\u00e9maticienne<\/p>\n\n\n\n<p>Masahiro Shiota, Math\u00e9maticien<\/p>\n\n\n\n<p>E Shustin, Math\u00e9maticien<\/p>\n\n\n\n<p>Hourya Sinaceur, Historienne<\/p>\n\n\n\n<p>Hedi Slimane, directeur de Dior Homme<\/p>\n\n\n\n<p>Emmanuel Smyrnelis, Math\u00e9maticien<\/p>\n\n\n\n<p>Franck Sottile, Math\u00e9maticien<\/p>\n\n\n\n<p>Sergei Starchenko, Math\u00e9maticien<\/p>\n\n\n\n<p>Charles Steinhorn, Math\u00e9maticien<\/p>\n\n\n\n<p>Katrin Tent, Math\u00e9maticien<\/p>\n\n\n\n<p>Alberto Tognoli, Math\u00e9maticien<\/p>\n\n\n\n<p>Olga Taussky-Tood, Math\u00e9maticienne<\/p>\n\n\n\n<p>Bernard Tessier, math\u00e9maticien<\/p>\n\n\n\n<p>Marie-H\u00e9l\u00e8ne Therre (Association Femmes ing\u00e9nieures)<\/p>\n\n\n\n<p>Isabelle This Saint-Jean, Vice-pr\u00e9sidente du Conseil r\u00e9gional d&rsquo;\u00cele-de-France<\/p>\n\n\n\n<p>Alain Tounyol du Clos, Ing\u00e9nieur<\/p>\n\n\n\n<p>Markus Tressl, Math\u00e9maticien<\/p>\n\n\n\n<p>David Trotman, Math\u00e9maticien<\/p>\n\n\n\n<p>Annick Valibouze (Universit\u00e9 Pierre et Marie Curie)<\/p>\n\n\n\n<p>Lou Van den Dries, Math\u00e9maticien<\/p>\n\n\n\n<p>Nicolas Varopoulos, Math\u00e9maticien<\/p>\n\n\n\n<p>Michel Vaugon, Math\u00e9maticien<\/p>\n\n\n\n<p>Jacques Vauthier, Math\u00e9maticien<\/p>\n\n\n\n<p>Catherine Vidal, Neurobiologiste<\/p>\n\n\n\n<p>Xavier Vidaux, Math\u00e9maticien<\/p>\n\n\n\n<p>Eliane Viennot, Historienne<\/p>\n\n\n\n<p>C\u00e9dric Villani, Math\u00e9maticien, Acad\u00e9micien, M\u00e9daille Fields<\/p>\n\n\n\n<p>Victor Vinnikov, Math\u00e9maticien<\/p>\n\n\n\n<p>Fran\u00e7oise Vouillot, Sociologue<\/p>\n\n\n\n<p>Carol Wood, Math\u00e9maticienne<\/p>\n\n\n\n<p>Martin Ziegler, Math\u00e9maticien<\/p>\n","protected":false},"excerpt":{"rendered":"<p>El\u00e9ments de m\u00e9moire \/ \u00c9L\u00c9MENTS DE M\u00c9MOIRE Essai autobiographique DANIELLE GONDARD-COZETTE Ce petit opuscule n&rsquo;est pas vraiment une biographie. Mais celle que mon amie Anne-Marie Blandeau, \u00e9pouse Charbonnel, \u00e9crit &#8211; nous f\u00fbmes ensemble \u00e0 l&rsquo;ENS Cachan &#8211; et qu&rsquo;elle me fait relire par chapitres a motiv\u00e9 mon envie d&rsquo;\u00e9crire ces quelques pages ! Ce n&rsquo;est [&hellip;]<\/p>\n","protected":false},"author":81,"featured_media":0,"parent":0,"menu_order":0,"comment_status":"closed","ping_status":"closed","template":"","meta":{"footnotes":""},"class_list":["post-89","page","type-page","status-publish","hentry"],"_links":{"self":[{"href":"https:\/\/perso.imj-prg.fr\/danielle-gondard\/wp-json\/wp\/v2\/pages\/89","targetHints":{"allow":["GET"]}}],"collection":[{"href":"https:\/\/perso.imj-prg.fr\/danielle-gondard\/wp-json\/wp\/v2\/pages"}],"about":[{"href":"https:\/\/perso.imj-prg.fr\/danielle-gondard\/wp-json\/wp\/v2\/types\/page"}],"author":[{"embeddable":true,"href":"https:\/\/perso.imj-prg.fr\/danielle-gondard\/wp-json\/wp\/v2\/users\/81"}],"replies":[{"embeddable":true,"href":"https:\/\/perso.imj-prg.fr\/danielle-gondard\/wp-json\/wp\/v2\/comments?post=89"}],"version-history":[{"count":5,"href":"https:\/\/perso.imj-prg.fr\/danielle-gondard\/wp-json\/wp\/v2\/pages\/89\/revisions"}],"predecessor-version":[{"id":139,"href":"https:\/\/perso.imj-prg.fr\/danielle-gondard\/wp-json\/wp\/v2\/pages\/89\/revisions\/139"}],"wp:attachment":[{"href":"https:\/\/perso.imj-prg.fr\/danielle-gondard\/wp-json\/wp\/v2\/media?parent=89"}],"curies":[{"name":"wp","href":"https:\/\/api.w.org\/{rel}","templated":true}]}}