{"id":16,"date":"2021-08-26T15:08:53","date_gmt":"2021-08-26T13:08:53","guid":{"rendered":"https:\/\/perso.imj-prg.fr\/catherine-gille\/?page_id=16"},"modified":"2021-08-26T15:13:56","modified_gmt":"2021-08-26T13:13:56","slug":"enseignements","status":"publish","type":"page","link":"https:\/\/perso.imj-prg.fr\/catherine-gille\/enseignements\/","title":{"rendered":"Enseignements"},"content":{"rendered":"\n<h1 class=\"wp-block-heading\">2015-2016<\/h1>\n\n\n\n<p>Cours d&rsquo;alg\u00e8bre \u00e0 la pr\u00e9paration \u00e0 l&rsquo;agr\u00e9gation interne le mercredi de 13h45 \u00e0 16h45 en salle 1021 (Sophie Germain).<\/p>\n\n\n\n<ol class=\"wp-block-list\"><li><a href=\"http:\/\/www.math.univ-paris-diderot.fr\/formations\/prepa\/agreginterne\/index\">Page de la pr\u00e9paration \u00e0 l&rsquo;agr\u00e9gation interne de math\u00e9matiques.<\/a><br><br>Le cours a commenc\u00e9 le 16 septembre.<br>Tous les documents concernant ce cours sont d\u00e9pos\u00e9s dans l&rsquo;<a href=\"http:\/\/didel.script.univ-paris-diderot.fr\/\">espace Didel<\/a><br>de la pr\u00e9paration \u00e0 l&rsquo;agr\u00e9gation interne de math\u00e9matiques.<\/li><\/ol>\n\n\n\n<p>Au 2nd semestre :<\/p>\n\n\n\n<p>Cours-TD de MMAL2 : alg\u00e8bre fondamentale II de la licence de math\u00e9matiques (L1) .<\/p>\n\n\n\n<h1 class=\"wp-block-heading\">2014-2015<\/h1>\n\n\n\n<p>Cours d&rsquo;alg\u00e8bre \u00e0 la pr\u00e9paration \u00e0 l&rsquo;agr\u00e9gation interne le mercredi de 9h30 \u00e0 12h30 en salle 1021 (Sophie Germain).<\/p>\n\n\n\n<p>Au 2nd semestre :<\/p>\n\n\n\n<p>Cours-TD de MMAL2 : alg\u00e8bre fondamentale II de la licence de math\u00e9matiques (L1) .<\/p>\n\n\n\n<h1 class=\"wp-block-heading\">2013-2014<\/h1>\n\n\n\n<p>Au 1er semestre :<\/p>\n\n\n\n<p>Cours d&rsquo;alg\u00e8bre \u00e0 la pr\u00e9paration \u00e0 l&rsquo;agr\u00e9gation interne le mercredi de 9h30 \u00e0 12h30 en salle 2015 (Sophie Germain).<\/p>\n\n\n\n<p>Au 2nd semestre :<\/p>\n\n\n\n<p>Cours-TD de MM2 : alg\u00e8bre et analyse fondamentales II de la licence de math\u00e9matiques (L1) .<\/p>\n\n\n\n<ol class=\"wp-block-list\"><li><a href=\"http:\/\/www.math.univ-paris-diderot.fr\/formations\/prepa\/agreginterne\/index\">Page de la pr\u00e9paration \u00e0 l&rsquo;agr\u00e9gation interne de math\u00e9matiques.<\/a><br><br>Tous les documents concernant ce cours sont d\u00e9pos\u00e9s dans l&rsquo;<a href=\"http:\/\/didel.script.univ-paris-diderot.fr\/\"> espace Didel<\/a><br>de la pr\u00e9paration \u00e0 l&rsquo;agr\u00e9gation interne de math\u00e9matiques.<\/li><\/ol>\n\n\n\n<h1 class=\"wp-block-heading\">2012-2013<\/h1>\n\n\n\n<p>Au 1er semestre :<\/p>\n\n\n\n<p>1) TD de topologie alg\u00e9brique du M2 de math\u00e9matiques le mardi de 13h45 \u00e0 15h45 en salle 1C12.<\/p>\n\n\n\n<p>2) Cours d&rsquo;alg\u00e8bre \u00e0 la pr\u00e9paration \u00e0 l&rsquo;agr\u00e9gation interne le mercredi de 9h45 \u00e0 12h45 en salle 1D23.<\/p>\n\n\n\n<p>Au 2nd semestre :<\/p>\n\n\n\n<p>1) TD de th\u00e9orie des noeuds du M2 de math\u00e9matiques le lundi de 13h45 \u00e0 15h45 en salle 2018 (Sophie Germain).<\/p>\n\n\n\n<p>2) Cours de MI2 : alg\u00e8bre et analyse fondamentales II de la licence d&rsquo;informatique (L1) le mardi de 13h \u00e0 14h30 et le jeudi de 15h \u00e0 16h30 en Amphi 10E (Halle-aux-Farines).<\/p>\n\n\n\n<ol class=\"wp-block-list\"><li><a href=\"http:\/\/www.math.univ-paris-diderot.fr\/formations\/prepa\/agreginterne\/index\">Page de la pr\u00e9paration \u00e0 l&rsquo;agr\u00e9gation interne de math\u00e9matiques<\/a><br><br>Tous les documents concernant ce cours sont d\u00e9pos\u00e9s dans l&rsquo; <a href=\"http:\/\/didel.script.univ-paris-diderot.fr\/\">espace Didel<\/a><br>de la pr\u00e9paration \u00e0 l&rsquo;agr\u00e9gation interne de math\u00e9matiques.<\/li><\/ol>\n\n\n\n<p><a href=\"http:\/\/www.math.univ-paris-diderot.fr\/formations\/masters\/math\/m2-mathfonda\">Page du M2 de math\u00e9matiques fondamentales<\/a><br><br>Ce TD compl\u00e8te le cours de <a href=\"http:\/\/www.math.jussieu.fr\/~blanchet\/\">Christian Blanchet<\/a> qui a lieu les mercredis et jeudis de 16h \u00e0 18h en salle 1C1.<br><br>La derni\u00e8re s\u00e9ance aura lieu le 23 octobre.<br><br>Ci-dessous les documents distribu\u00e9s :<br><a href=\"https:\/\/perso.imj-prg.fr\/catherine-gille\/wp-content\/uploads\/gille-pub\/Td_TopAlg_2012-2013\/exam-oct2011.pdf\">exam-oct2011.pdf<\/a>\u00a0<\/p>\n\n\n\n<p><a href=\"https:\/\/perso.imj-prg.fr\/catherine-gille\/wp-content\/uploads\/gille-pub\/Td_TopAlg_2012-2013\/foncteurExt.pdf\">foncteurExt.pdf<\/a><\/p>\n\n\n\n<p><a href=\"https:\/\/perso.imj-prg.fr\/catherine-gille\/wp-content\/uploads\/gille-pub\/Td_TopAlg_2012-2013\/seance1.pdf\">seance1.pdf<\/a><\/p>\n\n\n\n<p><a href=\"https:\/\/perso.imj-prg.fr\/catherine-gille\/wp-content\/uploads\/gille-pub\/Td_TopAlg_2012-2013\/seance2.pdf\">seance2.pdf<\/a><\/p>\n\n\n\n<p><a href=\"https:\/\/perso.imj-prg.fr\/catherine-gille\/wp-content\/uploads\/gille-pub\/Td_TopAlg_2012-2013\/seance3.pdf\">seance3.pdf<\/a><\/p>\n\n\n\n<p><a href=\"https:\/\/perso.imj-prg.fr\/catherine-gille\/wp-content\/uploads\/gille-pub\/Td_TopAlg_2012-2013\/seance4-5.pdf\">seance4-5.pdf<\/a><\/p>\n\n\n\n<p><a href=\"https:\/\/perso.imj-prg.fr\/catherine-gille\/wp-content\/uploads\/gille-pub\/Td_TopAlg_2012-2013\/seance6.pdf\">seance6.pdf<\/a><\/p>\n\n\n\n<p><a href=\"https:\/\/perso.imj-prg.fr\/catherine-gille\/wp-content\/uploads\/gille-pub\/Td_TopAlg_2012-2013\/seance7.pdf\">seance7.pdf<\/a><\/p>\n\n\n\n<ol class=\"wp-block-list\"><li><a href=\"http:\/\/www.math.univ-paris-diderot.fr\/formations\/prepa\/agreginterne\/index\">Page de la pr\u00e9paration \u00e0 l&rsquo;agr\u00e9gation interne de math\u00e9matiques<\/a><br><br>et acc\u00e8s direct \u00e0 la <a href=\"http:\/\/www.math.univ-paris-diderot.fr\/formations\/prepa\/agreginterne\/algebre\">page du cours d&rsquo;alg\u00e8bre<\/a><\/li><li><a href=\"http:\/\/www.math.univ-paris-diderot.fr\/formations\/masters\/math\/m2-mathfonda\">Page du M2 de math\u00e9matiques fondamentales<\/a><br><br>Ce TD compl\u00e8te le cours de <a href=\"http:\/\/www.math.jussieu.fr\/~dubois\/\">J\u00e9r\u00f4me Dubois<\/a> qui a lieu les mercredis de 13h45 \u00e0 15h45 (salle 2018) et les jeudis de 9h \u00e0 11h (salle 2013).<\/li><\/ol>\n","protected":false},"excerpt":{"rendered":"<p>2015-2016 Cours d&rsquo;alg\u00e8bre \u00e0 la pr\u00e9paration \u00e0 l&rsquo;agr\u00e9gation interne le mercredi de 13h45 \u00e0 16h45 en salle 1021 (Sophie Germain). Page de la pr\u00e9paration \u00e0 l&rsquo;agr\u00e9gation interne de math\u00e9matiques. Le cours a commenc\u00e9 le 16 septembre.Tous les documents concernant ce cours sont d\u00e9pos\u00e9s dans l&rsquo;espace Didelde la pr\u00e9paration \u00e0 l&rsquo;agr\u00e9gation interne de math\u00e9matiques. Au 2nd [&hellip;]<\/p>\n","protected":false},"author":1,"featured_media":0,"parent":0,"menu_order":0,"comment_status":"closed","ping_status":"closed","template":"","meta":{"footnotes":""},"class_list":["post-16","page","type-page","status-publish","hentry"],"_links":{"self":[{"href":"https:\/\/perso.imj-prg.fr\/catherine-gille\/wp-json\/wp\/v2\/pages\/16","targetHints":{"allow":["GET"]}}],"collection":[{"href":"https:\/\/perso.imj-prg.fr\/catherine-gille\/wp-json\/wp\/v2\/pages"}],"about":[{"href":"https:\/\/perso.imj-prg.fr\/catherine-gille\/wp-json\/wp\/v2\/types\/page"}],"author":[{"embeddable":true,"href":"https:\/\/perso.imj-prg.fr\/catherine-gille\/wp-json\/wp\/v2\/users\/1"}],"replies":[{"embeddable":true,"href":"https:\/\/perso.imj-prg.fr\/catherine-gille\/wp-json\/wp\/v2\/comments?post=16"}],"version-history":[{"count":4,"href":"https:\/\/perso.imj-prg.fr\/catherine-gille\/wp-json\/wp\/v2\/pages\/16\/revisions"}],"predecessor-version":[{"id":21,"href":"https:\/\/perso.imj-prg.fr\/catherine-gille\/wp-json\/wp\/v2\/pages\/16\/revisions\/21"}],"wp:attachment":[{"href":"https:\/\/perso.imj-prg.fr\/catherine-gille\/wp-json\/wp\/v2\/media?parent=16"}],"curies":[{"name":"wp","href":"https:\/\/api.w.org\/{rel}","templated":true}]}}